{"id":1091,"date":"2025-10-02T10:50:28","date_gmt":"2025-10-02T08:50:28","guid":{"rendered":"https:\/\/www.moodbites.eu\/lesson\/moodbites-training\/"},"modified":"2025-12-03T10:14:11","modified_gmt":"2025-12-03T09:14:11","slug":"moodbites-training","status":"publish","type":"lesson","link":"https:\/\/www.moodbites.eu\/es\/lesson\/moodbites-training\/","title":{"rendered":"1. Estructura cerebral y su papel en la cognici\u00f3n y c\u00f3mo estas estructuras cambian en la adolescencia y las enfermedades mentales"},"content":{"rendered":"\n<h2 class=\"wp-block-heading has-text-color has-link-color wp-elements-e2f9aa1a085a9c9825fa839ba4c1034a\" style=\"color:#e4493e;font-size:28px\"><strong>1.1. Introducci\u00f3n a la estructura cerebral y los procesos cognitivos<\/strong><\/h2>\n\n\n\n<p class=\"sensei-content-description\">El cerebro es el \u00f3rgano m\u00e1s complejo del cuerpo humano y uno de los sistemas biol\u00f3gicos m\u00e1s avanzados. Controla todas las funciones corporales, como el movimiento, la percepci\u00f3n del entorno, las emociones, el lenguaje, la memoria y el pensamiento. El cerebro es responsable de nuestros pensamientos, sentimientos, memoria y capacidad de aprendizaje. Est\u00e1 compuesto por m\u00e1s de 100 mil millones de neuronas, c\u00e9lulas nerviosas que env\u00edan y procesan informaci\u00f3n. Estas c\u00e9lulas nos ayudan a tomar decisiones, aprender cosas nuevas y responder a lo que sucede a nuestro alrededor. Para comprender mejor c\u00f3mo funciona el cerebro, es \u00fatil conocer su estructura y funciones cognitivas b\u00e1sicas (Maldonado y Alsayouri, 2023).      <\/p>\n\n\n\n<p>La estructura b\u00e1sica del cerebro es la neurona, una c\u00e9lula nerviosa que transmite informaci\u00f3n. Funciona como un cable que transmite se\u00f1ales mediante se\u00f1ales el\u00e9ctricas y qu\u00edmicas.   <\/p>\n\n\n\n<p class=\"sensei-content-description\">Una neurona tiene tres partes principales: <\/p>\n\n\n\n<ol class=\"wp-block-list\">\n<li>Cuerpo celular (soma): Es el centro de la neurona, donde se encuentra el n\u00facleo celular. Procesa la informaci\u00f3n y mantiene viva a la c\u00e9lula.  <\/li>\n\n\n\n<li>Dendritas: Son delgadas \u00abramificaciones\u00bb que reciben se\u00f1ales de otras neuronas y las env\u00edan al cuerpo celular. Se pueden considerar como antenas que captan se\u00f1ales.  <\/li>\n\n\n\n<li>Axon \u2013 This is a long \u201ctube\u201d that carries the signal to other neurons or muscles. The axon is covered with a myelin sheath, which works like insulation on an electric wire, helping the signals travel faster.  <\/li>\n<\/ol>\n\n\n\n<p class=\"has-text-align-left sensei-content-description has-ast-global-color-0-color has-text-color has-link-color has-medium-font-size wp-elements-d45e383a5e23698cb4f216b1065a6118\"><strong>Las neuronas transmiten informaci\u00f3n de dos maneras:<\/strong><\/p>\n\n\n\n<div class=\"wp-block-uagb-container uagb-block-9ebab0a9 alignfull uagb-is-root-container\"><div class=\"uagb-container-inner-blocks-wrap\">\n<figure class=\"wp-block-table is-style-regular\"><table class=\"has-text-color has-background has-link-color has-fixed-layout\" style=\"color:#394c19;background-color:#ddf0be\"><tbody><tr><td class=\"has-text-align-center\" data-align=\"center\"><strong>Impulso el\u00e9ctrico (dentro de la neurona), es decir, una se\u00f1al transmitida dentro de la c\u00e9lula nerviosa.<\/strong> <\/td><td class=\"has-text-align-left\" data-align=\"left\"><strong>Transmisores qu\u00edmicos (entre neuronas)<\/strong> <\/td><\/tr><tr><td class=\"has-text-align-center\" data-align=\"center\">Dentro de la neurona, las se\u00f1ales se transmiten en forma de impulso el\u00e9ctrico, que viaja desde las dendritas, a trav\u00e9s del cuerpo celular, hasta el final del ax\u00f3n. <\/td><td class=\"has-text-align-left\" data-align=\"left\"> <br>\u00b7Las neuronas no est\u00e1n conectadas directamente: existe una sinapsis (un espacio microsc\u00f3pico) entre ellas. <br>\u00b7Cuando un impulso el\u00e9ctrico llega al final del ax\u00f3n, desencadena la liberaci\u00f3n de neurotransmisores, sustancias qu\u00edmicas especiales. <br>\u00b7Estas sustancias qu\u00edmicas (neurotransmisores) cruzan el peque\u00f1o espacio entre las c\u00e9lulas y transmiten la informaci\u00f3n. <\/td><\/tr><\/tbody><\/table><\/figure>\n<\/div><\/div>\n\n\n\n<div class=\"wp-block-uagb-container uagb-block-cd14961e default uagb-is-root-container\">\n<div class=\"wp-block-columns is-layout-flex wp-container-core-columns-is-layout-51c0b34d wp-block-columns-is-layout-flex\" style=\"padding-top:var(--wp--preset--spacing--50);padding-bottom:var(--wp--preset--spacing--50)\">\n<div class=\"wp-block-column is-vertically-aligned-center is-layout-flow wp-block-column-is-layout-flow\" style=\"padding-right:var(--wp--preset--spacing--80);padding-left:var(--wp--preset--spacing--80);flex-basis:60%\">\n<p class=\"has-ast-global-color-0-color has-text-color has-link-color has-medium-font-size wp-elements-6e586bc49d1e1fe895a0cd3f5baf08eb\"><strong>Ejemplo de c\u00f3mo funciona una neurona:<\/strong> <\/p>\n\n\n\n<p><strong>Si tocas algo caliente, las neuronas de tu piel env\u00edan r\u00e1pidamente una se\u00f1al a tu cerebro. Este procesa la informaci\u00f3n y env\u00eda una orden a los m\u00fasculos de tu mano para que la retiren. \u00a1Todo esto ocurre en una fracci\u00f3n de segundo! Gracias a esta red de neuronas conectadas, podemos pensar, sentir, movernos y reaccionar a nuestro entorno.<\/strong> <\/p>\n<\/div>\n\n\n\n<div class=\"wp-block-column is-layout-flow wp-block-column-is-layout-flow\" style=\"flex-basis:40%\">\n<div class=\"wp-block-uagb-container uagb-block-66cc423b\"><\/div>\n<\/div>\n<\/div>\n<\/div>\n\n\n\n<p><\/p>\n\n\n\n<h2 class=\"wp-block-heading has-text-color\" style=\"color:#e4493e;font-size:28px\"><strong>1.2. Fundamentos de las regiones cerebrales <\/strong> <\/h2>\n\n\n\n<p class=\"has-text-align-left has-ast-global-color-3-color has-text-color has-link-color wp-elements-d57cbb8add0eca8bf8bdb44b80599ea1\"><strong>El cerebro se puede dividir en tres partes principales: <\/strong><\/p>\n\n\n\n<div class=\"wp-block-uagb-container uagb-block-5ba9b312 alignfull uagb-is-root-container\"><div class=\"uagb-container-inner-blocks-wrap\">\n<div class=\"wp-block-uagb-container uagb-block-945e99ff\">\n<div class=\"wp-block-uagb-info-box uagb-block-eb0b4505 uagb-infobox__content-wrap  uagb-infobox-icon-above-title uagb-infobox-image-valign-top wp-block-uagb-info-box--has-margin\"><div class=\"uagb-infobox-margin-wrapper\"><div class=\"uagb-ifb-content\"><div class=\"uagb-ifb-icon-wrap\"><svg xmlns=\"https:\/\/www.w3.org\/2000\/svg\" viewBox=\"0 0 256 512\"><path d=\"M256 448c0 17.67-14.33 32-32 32H32c-17.67 0-32-14.33-32-32s14.33-32 32-32h64V123.8L49.75 154.6C35.02 164.5 15.19 160.4 5.375 145.8C-4.422 131.1-.4531 111.2 14.25 101.4l96-64c9.828-6.547 22.45-7.187 32.84-1.594C153.5 41.37 160 52.22 160 64.01v352h64C241.7 416 256 430.3 256 448z\"><\/path><\/svg><\/div><div class=\"uagb-ifb-title-wrap\"><h5 class=\"uagb-ifb-title\">Cerebro (tambi\u00e9n llamado prosenc\u00e9falo)<\/h5><\/div><div class=\"uagb-ifb-separator\"><\/div><p class=\"uagb-ifb-desc\">Esta es la parte m\u00e1s grande del cerebro y se divide en los hemisferios derecho e izquierdo. Su superficie presenta numerosos pliegues llamados circunvoluciones y surcos llamados surcos (los surcos profundos se llaman fisuras).  <br>\u2714\ufe0f Es responsable del pensamiento, la memoria, el lenguaje y el control de los movimientos corporales. <br>\u2714\ufe0f Contiene la corteza cerebral, que es una fina capa de materia gris que procesa la informaci\u00f3n sensorial y gestiona las funciones cognitivas. <\/p><\/div><\/div><\/div>\n<\/div>\n\n\n\n<div class=\"wp-block-uagb-container uagb-block-db81efa8\">\n<div class=\"wp-block-uagb-info-box uagb-block-b597831c uagb-infobox__content-wrap  uagb-infobox-icon-above-title uagb-infobox-image-valign-top wp-block-uagb-info-box--has-margin\"><div class=\"uagb-infobox-margin-wrapper\"><div class=\"uagb-ifb-content\"><div class=\"uagb-ifb-icon-wrap\"><svg xmlns=\"https:\/\/www.w3.org\/2000\/svg\" viewBox=\"0 0 320 512\"><path d=\"M320 448c0 17.67-14.33 32-32 32H32c-13.08 0-24.83-7.953-29.7-20.09c-4.859-12.12-1.859-26 7.594-35.03l193.6-185.1c31.36-30.17 33.95-80 5.812-113.4c-14.91-17.69-35.86-28.12-58.97-29.38C127.4 95.83 105.3 103.9 88.53 119.9L53.52 151.7c-13.08 11.91-33.33 10.89-45.2-2.172C-3.563 136.5-2.594 116.2 10.48 104.3l34.45-31.3c28.67-27.34 68.39-42.11 108.9-39.88c40.33 2.188 78.39 21.16 104.4 52.03c49.8 59.05 45.2 147.3-10.45 200.8l-136 130H288C305.7 416 320 430.3 320 448z\"><\/path><\/svg><\/div><div class=\"uagb-ifb-title-wrap\"><h5 class=\"uagb-ifb-title\">Cerebelo<\/h5><\/div><div class=\"uagb-ifb-separator\"><\/div><p class=\"uagb-ifb-desc\">Est\u00e1 ubicado en la parte posterior del cr\u00e1neo y es responsable de coordinar los movimientos, el equilibrio y la postura corporal. <br>\u2714\ufe0f Est\u00e1 formado por capas de c\u00e9lulas nerviosas: la capa molecular, la capa de c\u00e9lulas de Purkinje y la capa granular. <br>\u2714\ufe0fSe conecta al cerebro a trav\u00e9s de estructuras especiales llamadas ped\u00fanculos cerebelosos. <\/p><\/div><\/div><\/div>\n<\/div>\n\n\n\n<div class=\"wp-block-uagb-container uagb-block-a6d2ba23\">\n<div class=\"wp-block-uagb-info-box uagb-block-ead28a56 uagb-infobox__content-wrap  uagb-infobox-icon-above-title uagb-infobox-image-valign-top wp-block-uagb-info-box--has-margin\"><div class=\"uagb-infobox-margin-wrapper\"><div class=\"uagb-ifb-content\"><div class=\"uagb-ifb-icon-wrap\"><svg xmlns=\"https:\/\/www.w3.org\/2000\/svg\" viewBox=\"0 0 320 512\"><path d=\"M320 344c0 74.98-61.02 136-136 136H103.6c-46.34 0-87.31-29.53-101.1-73.48c-5.594-16.77 3.484-34.88 20.25-40.47c16.75-5.609 34.89 3.484 40.47 20.25c5.922 17.77 22.48 29.7 41.23 29.7H184c39.7 0 72-32.3 72-72s-32.3-72-72-72H80c-13.2 0-25.05-8.094-29.83-20.41C45.39 239.3 48.66 225.3 58.38 216.4l131.4-120.4H32c-17.67 0-32-14.33-32-32s14.33-32 32-32h240c13.2 0 25.05 8.094 29.83 20.41c4.781 12.3 1.516 26.27-8.203 35.19l-131.4 120.4H184C258.1 208 320 269 320 344z\"><\/path><\/svg><\/div><div class=\"uagb-ifb-title-wrap\"><h5 class=\"uagb-ifb-title\">Tronco encef\u00e1lico<\/h5><\/div><div class=\"uagb-ifb-separator\"><\/div><p class=\"uagb-ifb-desc\">\u00c9ste conecta el cerebro con la m\u00e9dula espinal y controla funciones b\u00e1sicas de la vida, como la respiraci\u00f3n y la frecuencia card\u00edaca. <br>\u2714\ufe0f Est\u00e1 formado por el mesenc\u00e9falo, el puente y el bulbo raqu\u00eddeo. <br>\u2714\ufe0f Ayuda a procesar est\u00edmulos visuales y auditivos y controla los reflejos y las respuestas autom\u00e1ticas (Maldonado &amp; Alsayouri, 2023). <\/p><\/div><\/div><\/div>\n<\/div>\n<\/div><\/div>\n\n\n\n<p><\/p>\n\n\n\n<p class=\"has-ast-global-color-0-color has-text-color has-link-color has-medium-font-size wp-elements-fa08b0b273348472f5ebb076e1f50787\" style=\"margin-top:var(--wp--preset--spacing--20);margin-bottom:var(--wp--preset--spacing--20)\"><strong><em>Materia gris y materia blanca: \u00bfc\u00f3mo funcionan?<\/em> <\/strong><\/p>\n\n\n\n<hr class=\"wp-block-separator has-text-color has-ast-global-color-0-color has-alpha-channel-opacity has-ast-global-color-0-background-color has-background is-style-wide\" style=\"margin-top:var(--wp--preset--spacing--20);margin-bottom:var(--wp--preset--spacing--20)\"\/>\n\n\n\n<p class=\"has-ast-global-color-3-color has-text-color has-link-color has-small-font-size wp-elements-e2d101d070c0804a947d14d49e499d1c\">The brain and spinal cord are made up of grey matter and white matter, but it is the grey matter that plays a key role in everyday human functioning (Mercadante &amp; Tadi, 2023). <\/p>\n\n\n\n<p class=\"has-ast-global-color-3-color has-text-color has-link-color has-small-font-size wp-elements-669ff1aba0edb7b1ca239e784c897e54\"><em><strong>Materia gris y materia blanca: \u00bfc\u00f3mo funcionan?<\/strong><\/em> <\/p>\n\n\n\n<ul class=\"wp-block-list\">\n<li>Es la capa externa del cerebro, responsable del pensamiento, la toma de decisiones y el procesamiento de la informaci\u00f3n. <\/li>\n\n\n\n<li>Tambi\u00e9n se encuentra en la m\u00e9dula espinal y ayuda a enviar se\u00f1ales a los m\u00fasculos. <\/li>\n\n\n\n<li>Su color gris se debe a la gran cantidad de cuerpos de c\u00e9lulas nerviosas (neuronas). <\/li>\n<\/ul>\n\n\n\n<p class=\"has-ast-global-color-3-color has-text-color has-link-color has-small-font-size wp-elements-ff1bbafa140721ba66e002d9c13fe4af\"><em><strong>\u00bfQu\u00e9 es la sustancia blanca?<\/strong><\/em> <\/p>\n\n\n\n<ul class=\"wp-block-list\">\n<li>La materia blanca se encuentra debajo de la materia gris y conecta diferentes partes del cerebro, permitiendo que la informaci\u00f3n se transmita entre ellas. <\/li>\n<\/ul>\n\n\n\n<p class=\"has-ast-global-color-0-color has-text-color has-link-color has-medium-font-size wp-elements-c865ff709b18e5e3d6ef095ec89eefbf\" style=\"margin-top:var(--wp--preset--spacing--20);margin-bottom:var(--wp--preset--spacing--20)\"><strong><em>\u00bfC\u00f3mo se desarrolla el cerebro?<\/em><\/strong><\/p>\n\n\n\n<hr class=\"wp-block-separator has-text-color has-ast-global-color-0-color has-alpha-channel-opacity has-ast-global-color-0-background-color has-background is-style-wide\" style=\"margin-top:var(--wp--preset--spacing--20);margin-bottom:var(--wp--preset--spacing--20)\"\/>\n\n\n\n<p>Durante la adolescencia, el cerebro experimenta cambios importantes que afectan nuestra forma de pensar, tomar decisiones y controlar las emociones. Este proceso es fundamental para la formaci\u00f3n de una personalidad madura y el desarrollo de las capacidades intelectuales (Miguel-Hidalgo, 2013). <\/p>\n\n\n\n<div class=\"wp-block-uagb-container uagb-block-5dfce8cc alignfull uagb-is-root-container\"><div class=\"uagb-container-inner-blocks-wrap\">\n<div class=\"wp-block-columns alignfull is-layout-flex wp-container-core-columns-is-layout-28f84493 wp-block-columns-is-layout-flex\">\n<div class=\"wp-block-column is-vertically-aligned-center is-layout-flow wp-block-column-is-layout-flow\" style=\"flex-basis:66.66%\">\n<p class=\"has-medium-font-size\"><strong>Durante la adolescencia, la estructura del cerebro cambia: <\/strong><\/p>\n\n\n\n<p>\u2714\ufe0f Reducci\u00f3n de la materia gris: la materia gris contiene los cuerpos de las c\u00e9lulas nerviosas y es responsable del procesamiento de la informaci\u00f3n. Durante la adolescencia, el cerebro \u00abpoda\u00bb las conexiones neuronales no utilizadas, lo que le ayuda a funcionar con mayor eficiencia.  <\/p>\n\n\n\n<p>\u2714\ufe0f Aumento de la sustancia blanca: la sustancia blanca est\u00e1 compuesta por fibras nerviosas recubiertas por una vaina de mielina, lo que acelera la transmisi\u00f3n de informaci\u00f3n. Una mayor cantidad de sustancia blanca implica una mejor comunicaci\u00f3n entre las diferentes \u00e1reas del cerebro (Miguel-Hidalgo, 2013).  <\/p>\n<\/div>\n\n\n\n<div class=\"wp-block-column is-vertically-aligned-center is-layout-flow wp-block-column-is-layout-flow\" style=\"flex-basis:33.33%\">\n<div class=\"wp-block-uagb-container uagb-block-974e0402\"><\/div>\n<\/div>\n<\/div>\n<\/div><\/div>\n\n\n\n<div class=\"wp-block-uagb-container uagb-block-e340aa57 alignfull uagb-is-root-container\"><div class=\"uagb-container-inner-blocks-wrap\">\n<div class=\"wp-block-columns alignfull is-layout-flex wp-container-core-columns-is-layout-28f84493 wp-block-columns-is-layout-flex\">\n<div class=\"wp-block-column is-vertically-aligned-center is-layout-flow wp-block-column-is-layout-flow\" style=\"flex-basis:66.66%\">\n<p class=\"has-medium-font-size\"><strong>Durante la adolescencia, las capacidades cognitivas y el control emocional contin\u00faan desarroll\u00e1ndose:<\/strong><\/p>\n\n\n\n<p>\u2714\ufe0f La parte del cerebro responsable del pensamiento y la planificaci\u00f3n (la corteza prefrontal) se desarrolla m\u00e1s tarde que la parte responsable de las emociones (el sistema l\u00edmbico). Por eso, los adolescentes pueden reaccionar de forma m\u00e1s impulsiva.  <\/p>\n\n\n\n<p><br>\u2714\ufe0f Las conexiones entre la corteza prefrontal y el sistema l\u00edmbico se desarrollan con el tiempo. A medida que estas conexiones se fortalecen, el control emocional y la capacidad de tomar decisiones racionales mejoran, pero este proceso contin\u00faa hasta aproximadamente los 25 a\u00f1os.  <br>Debido a esto, el cerebro adolescente es m\u00e1s vulnerable a la adicci\u00f3n a sustancias psicoactivas (Miguel-Hidalgo, 2013).<\/p>\n<\/div>\n\n\n\n<div class=\"wp-block-column is-vertically-aligned-center is-layout-flow wp-block-column-is-layout-flow\" style=\"flex-basis:33.33%\">\n<div class=\"wp-block-uagb-container uagb-block-8c36a6af\"><\/div>\n<\/div>\n<\/div>\n<\/div><\/div>\n\n\n\n<div class=\"wp-block-uagb-container uagb-block-79114fe9 alignfull uagb-is-root-container\"><div class=\"uagb-container-inner-blocks-wrap\">\n<div class=\"wp-block-columns alignfull is-layout-flex wp-container-core-columns-is-layout-28f84493 wp-block-columns-is-layout-flex\">\n<div class=\"wp-block-column is-vertically-aligned-center is-layout-flow wp-block-column-is-layout-flow\" style=\"flex-basis:66.66%\">\n<p class=\"has-medium-font-size\"><strong>La adolescencia tambi\u00e9n es un momento en el que las hormonas afectan al cerebro: <\/strong><\/p>\n\n\n\n<p>\u2714\ufe0f Las hormonas sexuales (testosterona, estr\u00f3geno) influyen en el desarrollo del cerebro, lo que puede generar diferencias en el funcionamiento del cerebro en ni\u00f1os y ni\u00f1as. <\/p>\n\n\n\n<p>\u2714\ufe0f Mayor sensibilidad a las emociones y al estr\u00e9s: El sistema nervioso del adolescente es m\u00e1s reactivo al estr\u00e9s y a las emociones fuertes. Esto afecta el comportamiento y la capacidad para afrontar situaciones dif\u00edciles (Miguel-Hidalgo, 2013).  <\/p>\n<\/div>\n\n\n\n<div class=\"wp-block-column is-vertically-aligned-center is-layout-flow wp-block-column-is-layout-flow\" style=\"flex-basis:33.33%\">\n<div class=\"wp-block-uagb-container uagb-block-7880dd6d\"><\/div>\n<\/div>\n<\/div>\n<\/div><\/div>\n\n\n\n<div class=\"wp-block-uagb-container uagb-block-b065c214 alignfull uagb-is-root-container\"><div class=\"uagb-container-inner-blocks-wrap\">\n<div class=\"wp-block-columns alignfull is-layout-flex wp-container-core-columns-is-layout-28f84493 wp-block-columns-is-layout-flex\">\n<div class=\"wp-block-column is-vertically-aligned-center is-layout-flow wp-block-column-is-layout-flow\" style=\"flex-basis:66.66%\">\n<p class=\"has-medium-font-size\"><strong>La importancia de la adolescencia para el aprendizaje y el desarrollo:<\/strong><\/p>\n\n\n\n<p>\u2714\ufe0f El cerebro adolescente es muy pl\u00e1stico, lo que significa que tiene una gran capacidad de aprendizaje y adaptaci\u00f3n. Este es el mejor momento para desarrollar nuevas habilidades, pero tambi\u00e9n es un momento en el que se desarrollan f\u00e1cilmente h\u00e1bitos negativos.  <\/p>\n\n\n\n<p>\u2714\ufe0f La adolescencia es un per\u00edodo clave para la formaci\u00f3n de h\u00e1bitos, estilo de vida y personalidad. Por eso es importante apoyar el desarrollo cognitivo, emocional y social de los j\u00f3venes (Miguel-Hidalgo, 2013). <\/p>\n<\/div>\n\n\n\n<div class=\"wp-block-column is-vertically-aligned-center is-layout-flow wp-block-column-is-layout-flow\" style=\"flex-basis:33.33%\">\n<div class=\"wp-block-uagb-container uagb-block-890e5a4e\"><\/div>\n<\/div>\n<\/div>\n<\/div><\/div>\n\n\n\n<p class=\"has-ast-global-color-0-color has-text-color has-link-color has-medium-font-size wp-elements-9471d635f981f1690cce130c0c05ea40\" style=\"margin-top:var(--wp--preset--spacing--30);margin-bottom:var(--wp--preset--spacing--30)\"><strong><em>\u00bfQu\u00e9 cambios cerebrales son t\u00edpicos en los trastornos mentales?<\/em> <\/strong><\/p>\n\n\n\n<hr class=\"wp-block-separator has-text-color has-ast-global-color-0-color has-alpha-channel-opacity has-ast-global-color-0-background-color has-background is-style-wide\" style=\"margin-top:0;margin-bottom:0\"\/>\n\n\n\n<p style=\"margin-top:var(--wp--preset--spacing--20);margin-bottom:var(--wp--preset--spacing--20)\">Los trastornos mentales suelen estar relacionados con cambios inusuales en la estructura y funci\u00f3n cerebral. Algunas \u00e1reas cerebrales pueden desarrollarse de forma diferente a la de las personas sanas, lo que puede afectar las emociones, el control de los impulsos y la toma de decisiones.  <\/p>\n\n\n\n<div class=\"wp-block-uagb-container uagb-block-f5741a8d alignfull uagb-is-root-container\"><div class=\"uagb-container-inner-blocks-wrap\">\n<div class=\"wp-block-columns alignfull is-layout-flex wp-container-core-columns-is-layout-28f84493 wp-block-columns-is-layout-flex\">\n<div class=\"wp-block-column is-vertically-aligned-center is-layout-flow wp-block-column-is-layout-flow\" style=\"flex-basis:33.33%\">\n<div class=\"wp-block-uagb-container uagb-block-110e559b\"><\/div>\n<\/div>\n\n\n\n<div class=\"wp-block-column is-vertically-aligned-center is-layout-flow wp-block-column-is-layout-flow\" style=\"flex-basis:66.66%\">\n<p class=\"has-medium-font-size\"><strong>1. \u00c1reas cerebrales clave implicadas en los trastornos mentales<\/strong><\/p>\n\n\n\n<p>\u2714\ufe0f Corteza prefrontal: responsable del pensamiento l\u00f3gico, la planificaci\u00f3n y el control de los impulsos. Cuando esta \u00e1rea est\u00e1 poco activa, puede provocar problemas para tomar decisiones racionales y un aumento de la impulsividad.  <\/p>\n\n\n\n<p>\u2714\ufe0f Am\u00edgdala: desempe\u00f1a un papel importante en el procesamiento de las emociones, especialmente el miedo y el estr\u00e9s. La hiperactividad en esta \u00e1rea puede provocar ansiedad, mientras que la disminuci\u00f3n de la actividad puede dificultar la percepci\u00f3n de las emociones.  <\/p>\n\n\n\n<p>\u2714\ufe0f Estriado ventral: parte del sistema de recompensa del cerebro e importante para experimentar placer. Los problemas en esta \u00e1rea pueden aumentar el riesgo de adicci\u00f3n y causar dificultades con la motivaci\u00f3n (Miguel-Hidalgo, 2013). <\/p>\n<\/div>\n<\/div>\n\n\n\n<hr class=\"wp-block-separator has-text-color has-ast-global-color-3-color has-alpha-channel-opacity has-ast-global-color-3-background-color has-background\"\/>\n\n\n\n<div class=\"wp-block-columns alignfull is-layout-flex wp-container-core-columns-is-layout-28f84493 wp-block-columns-is-layout-flex\">\n<div class=\"wp-block-column is-vertically-aligned-center is-layout-flow wp-block-column-is-layout-flow\" style=\"flex-basis:66.66%\">\n<p class=\"has-medium-font-size\"><strong>2. \u00bfC\u00f3mo afectan los cambios cerebrales al comportamiento?<\/strong><\/p>\n\n\n\n<p>\u2714\ufe0f La hiperactividad en ciertas \u00e1reas del cerebro puede conducir a reacciones emocionales m\u00e1s fuertes, niveles m\u00e1s elevados de ansiedad, comportamiento impulsivo o problemas de autocontrol. <\/p>\n\n\n\n<p>\u2714\ufe0f La actividad reducida en algunas estructuras cerebrales puede causar dificultad para manejar las emociones, apat\u00eda, problemas para tomar decisiones y baja tolerancia al estr\u00e9s. <\/p>\n\n\n\n<p>\u2714\ufe0f El desarrollo anormal de las conexiones entre \u00e1reas cerebrales puede dificultar la adaptaci\u00f3n de una persona a diferentes situaciones, aumentando el riesgo de depresi\u00f3n, trastornos de ansiedad o conductas de riesgo (Miguel-Hidalgo, 2013). <\/p>\n<\/div>\n\n\n\n<div class=\"wp-block-column is-vertically-aligned-center is-layout-flow wp-block-column-is-layout-flow\" style=\"flex-basis:33.33%\">\n<div class=\"wp-block-uagb-container uagb-block-2926f238\"><\/div>\n<\/div>\n<\/div>\n\n\n\n<hr class=\"wp-block-separator has-text-color has-ast-global-color-3-color has-alpha-channel-opacity has-ast-global-color-3-background-color has-background\"\/>\n\n\n\n<div class=\"wp-block-columns alignfull is-layout-flex wp-container-core-columns-is-layout-28f84493 wp-block-columns-is-layout-flex\">\n<div class=\"wp-block-column is-vertically-aligned-center is-layout-flow wp-block-column-is-layout-flow\" style=\"flex-basis:66.66%\">\n<p class=\"has-medium-font-size\"><strong>3. La importancia de la investigaci\u00f3n del cerebro en el tratamiento de los trastornos mentales<\/strong><\/p>\n\n\n\n<p>Comprender estos cambios cerebrales ayuda a cient\u00edficos y m\u00e9dicos a desarrollar tratamientos m\u00e1s eficaces, como terapias psicol\u00f3gicas, medicamentos y t\u00e9cnicas que fomentan la neuroplasticidad (la capacidad del cerebro para adaptarse y cambiar). Como resultado, las personas con problemas de salud mental pueden recibir un mejor apoyo y una atenci\u00f3n m\u00e1s eficaz (Miguel-Hidalgo, 2013). <\/p>\n<\/div>\n\n\n\n<div class=\"wp-block-column is-vertically-aligned-center is-layout-flow wp-block-column-is-layout-flow\" style=\"flex-basis:33.33%\">\n<div class=\"wp-block-uagb-container uagb-block-aec8e8e3\"><\/div>\n<\/div>\n<\/div>\n<\/div><\/div>\n\n\n\n<p class=\"has-ast-global-color-3-color has-text-color has-link-color has-small-font-size wp-elements-f2a2336297567fb7bc70e378b548c6e0\" style=\"margin-top:var(--wp--preset--spacing--30);margin-bottom:var(--wp--preset--spacing--30)\"><strong><em>\u00c1reas cerebrales emocionales hiperactivas o hipoactivas<\/em><\/strong>. En los adolescentes, la actividad de la am\u00edgdala (que procesa las emociones) puede ser m\u00e1s intensa que en ni\u00f1os o adultos.  <br>En personas con trastornos del estado de \u00e1nimo (como la depresi\u00f3n), la actividad del cuerpo estriado ventral (el centro de recompensa del cerebro) suele ser demasiado baja. Esto podr\u00eda explicar por qu\u00e9 sienten falta de motivaci\u00f3n y alegr\u00eda (Miguel-Hidalgo, 2013).  <\/p>\n\n\n\n<p style=\"margin-top:var(--wp--preset--spacing--20);margin-bottom:var(--wp--preset--spacing--20)\"><\/p>\n\n\n\n<div class=\"wp-block-uagb-container uagb-block-c5da7b19 alignfull uagb-is-root-container\"><div class=\"uagb-container-inner-blocks-wrap\">\n<p class=\"has-text-color has-link-color wp-elements-fe20183b8f2ac83527698699270301de\" style=\"color:#242e15\"><strong>Ejemplo:<br>Las investigaciones muestran que una mayor actividad en el estriado ventral en adolescentes sanos est\u00e1 relacionada con emociones positivas y un menor riesgo de depresi\u00f3n. <\/strong><\/p>\n<\/div><\/div>\n\n\n\n<p style=\"margin-top:var(--wp--preset--spacing--20);margin-bottom:var(--wp--preset--spacing--20)\"><\/p>\n\n\n\n<p><strong><em>Corteza prefrontal inmadura y falta de control emocional<\/em><\/strong><br>La parte del cerebro responsable del pensamiento y la planificaci\u00f3n se desarrolla m\u00e1s tarde que la que gestiona las emociones. Por ello, los adolescentes pueden reaccionar impulsivamente. En personas con trastornos mentales, este desequilibrio puede ser a\u00fan mayor, provocando comportamientos impulsivos, dificultad para regular las emociones y toma de decisiones arriesgadas (Miguel-Hidalgo, 2013).   <\/p>\n\n\n\n<div class=\"wp-block-uagb-container uagb-block-1655589b alignfull uagb-is-root-container\"><div class=\"uagb-container-inner-blocks-wrap\">\n<p class=\"has-text-color has-link-color wp-elements-70b690d432a560bf1b1cf77cbf3e4fe9\" style=\"color:#242e15\"><strong>Ejemplo:<br>Las personas con adicciones suelen tener una actividad reducida en la corteza prefrontal, lo que les dificulta controlar su comportamiento y evitar situaciones de riesgo. Por ello, la adicci\u00f3n no debe verse como una falta de fuerza de voluntad, sino como un trastorno cerebral.  <\/strong><\/p>\n<\/div><\/div>\n\n\n\n<p><\/p>\n\n\n\n<p><strong><em>Cambios estructurales y funcionales en los trastornos mentales<\/em><\/strong><br>La siguiente tabla presenta los principales cambios estructurales y funcionales observados en trastornos mentales seleccionados, como la esquizofrenia, los trastornos de ansiedad, la depresi\u00f3n y las adicciones. Para facilitar su comprensi\u00f3n, la tabla tambi\u00e9n incluye comentarios con explicaciones.  <\/p>\n\n\n\n<figure class=\"wp-block-table is-style-stripes\" style=\"padding-top:var(--wp--preset--spacing--20);padding-bottom:var(--wp--preset--spacing--20);padding-left:var(--wp--preset--spacing--20)\"><table class=\"has-background has-border-color has-ast-global-color-4-border-color has-fixed-layout\" style=\"background-color:#f6f6f6;border-width:2px\"><tbody><tr><td><strong>Trastorno <\/strong><\/td><td>\u00bfQu\u00e9 cambios se producen en la estructura cerebral? (Cambios estructurales)  <\/td><td>\u00bfC\u00f3mo afecta al comportamiento y a las emociones? (Cambios funcionales)  <\/td><td>Comentario con explicaci\u00f3n <\/td><\/tr><tr><td><strong>Esquizofrenia <\/strong><\/td><td>Algunas \u00e1reas cerebrales (p. ej., los l\u00f3bulos frontal y temporal) son m\u00e1s peque\u00f1as. Las conexiones entre las neuronas son m\u00e1s d\u00e9biles.  <\/td><td>Dificultad para pensar, delirios y alucinaciones (p. ej., o\u00edr voces), problemas con las emociones. <\/td><td>El cerebro no funciona como una \u201cred eficiente\u201d: se hace m\u00e1s dif\u00edcil comprender la realidad y pueden aparecer pensamientos o voces que no son reales. <\/td><\/tr><tr><td><strong>Des\u00f3rdenes de Ansiedad <\/strong><\/td><td>La am\u00edgdala (la zona cerebral implicada en el miedo) est\u00e1 hiperactiva. La corteza prefrontal (responsable del control) est\u00e1 hipoactiva.  <\/td><td>La persona siente miedo f\u00e1cilmente, tiene problemas para calmar la ansiedad y experimenta tensi\u00f3n. <\/td><td>El cerebro reacciona de forma exagerada al estr\u00e9s, como si existiera un peligro constante. La persona puede sentir preocupaci\u00f3n o inquietud constantes.  <\/td><\/tr><tr><td><strong>Depresi\u00f3n <\/strong><\/td><td>El hipocampo (importante para la memoria y las emociones) es m\u00e1s peque\u00f1o. La am\u00edgdala es m\u00e1s activa. Las estructuras de la parte frontal del cerebro muestran cambios.   <\/td><td>Tristeza, falta de energ\u00eda, dificultad para concentrarse, problemas emocionales. <\/td><td>El cerebro tiene dificultades para gestionar las emociones: la persona se siente triste, cansada e incapaz de concentrarse. <\/td><\/tr><tr><td><strong>Adicciones <\/strong><\/td><td>Conexiones cerebrales deterioradas (especialmente en la sustancia blanca), da\u00f1os en el hipocampo y la corteza prefrontal. <\/td><td>Dificultad para controlar la conducta, impulsividad, toma de decisiones arriesgadas. <\/td><td>El \u201csistema de frenado\u201d del cerebro est\u00e1 debilitado: la persona tiene dificultades para decir \u201cbasta\u201d y act\u00faa impulsivamente, incluso cuando sabe que algo es perjudicial. <\/td><\/tr><\/tbody><\/table><\/figure>\n\n\n\n<p class=\"has-text-align-center\">Basado en informaci\u00f3n de: Miguel-Hidalgo JJ. <em>Cambios estructurales y funcionales cerebrales en adolescentes con<\/em> <em>trastornos psiqui\u00e1tricos. Revista Internacional de Medicina y Salud Adolescente. 2013;25(3):245\u2013256.<\/em>  <\/p>\n\n\n\n<p class=\"has-text-align-center has-ast-global-color-1-color has-ast-global-color-5-background-color has-text-color has-background has-medium-font-size\" style=\"padding-top:var(--wp--preset--spacing--40);padding-bottom:var(--wp--preset--spacing--40)\"><strong>ACTIVIDAD INTERACTIVA<\/strong> <strong>5<\/strong><\/p>\n\n\n<div class=\"h5p-iframe-wrapper\"><iframe id=\"h5p-iframe-90\" class=\"h5p-iframe\" data-content-id=\"90\" style=\"height:1px\" src=\"about:blank\" frameBorder=\"0\" scrolling=\"no\" title=\"ACTIVIDAD I 5 Q1-MODULO\"><\/iframe><\/div>\n\n\n\n<div class=\"wp-block-uagb-separator uagb-block-1e5905fc wp-block-uagb-separator--icon\"><div class=\"wp-block-uagb-separator__inner\" style=\"--my-background-image:\"><div class=\"wp-block-uagb-separator-element\"><svg xmlns=\"https:\/\/www.w3.org\/2000\/svg\" viewBox=\"0 0 576 512\"><path d=\"M381.2 150.3L524.9 171.5C536.8 173.2 546.8 181.6 550.6 193.1C554.4 204.7 551.3 217.3 542.7 225.9L438.5 328.1L463.1 474.7C465.1 486.7 460.2 498.9 450.2 506C440.3 513.1 427.2 514 416.5 508.3L288.1 439.8L159.8 508.3C149 514 135.9 513.1 126 506C116.1 498.9 111.1 486.7 113.2 474.7L137.8 328.1L33.58 225.9C24.97 217.3 21.91 204.7 25.69 193.1C29.46 181.6 39.43 173.2 51.42 171.5L195 150.3L259.4 17.97C264.7 6.954 275.9-.0391 288.1-.0391C300.4-.0391 311.6 6.954 316.9 17.97L381.2 150.3z\"><\/path><\/svg><\/div><\/div><\/div>\n\n\n<div class=\"h5p-iframe-wrapper\"><iframe id=\"h5p-iframe-91\" class=\"h5p-iframe\" data-content-id=\"91\" style=\"height:1px\" src=\"about:blank\" frameBorder=\"0\" scrolling=\"no\" title=\"EJERCICIO 5 (B) - MODULO 2\"><\/iframe><\/div>\n\n\n\n<div class=\"wp-block-uagb-separator uagb-block-2e86142e wp-block-uagb-separator--icon\"><div class=\"wp-block-uagb-separator__inner\" style=\"--my-background-image:\"><div class=\"wp-block-uagb-separator-element\"><svg xmlns=\"https:\/\/www.w3.org\/2000\/svg\" viewBox=\"0 0 576 512\"><path d=\"M381.2 150.3L524.9 171.5C536.8 173.2 546.8 181.6 550.6 193.1C554.4 204.7 551.3 217.3 542.7 225.9L438.5 328.1L463.1 474.7C465.1 486.7 460.2 498.9 450.2 506C440.3 513.1 427.2 514 416.5 508.3L288.1 439.8L159.8 508.3C149 514 135.9 513.1 126 506C116.1 498.9 111.1 486.7 113.2 474.7L137.8 328.1L33.58 225.9C24.97 217.3 21.91 204.7 25.69 193.1C29.46 181.6 39.43 173.2 51.42 171.5L195 150.3L259.4 17.97C264.7 6.954 275.9-.0391 288.1-.0391C300.4-.0391 311.6 6.954 316.9 17.97L381.2 150.3z\"><\/path><\/svg><\/div><\/div><\/div>\n\n\n<div class=\"h5p-iframe-wrapper\"><iframe id=\"h5p-iframe-92\" class=\"h5p-iframe\" data-content-id=\"92\" style=\"height:1px\" src=\"about:blank\" frameBorder=\"0\" scrolling=\"no\" title=\"EJERCICIO 5 (C) - MODULE 2\"><\/iframe><\/div>\n\n\n<div class=\"sensei-block-wrapper\">\n<div class=\"wp-block-sensei-lms-lesson-actions\"><div class=\"sensei-buttons-container\">\n\n\n\n\n\n\n\n<\/div><\/div>\n<\/div>\n\n\n<p class=\"sensei-content-description has-text-color\" style=\"color:#e4493e;font-size:28px\"><strong>1.3.  <strong>Funci\u00f3n cognitiva, por ejemplo: memoria, aprendizaje, concentraci\u00f3n.<\/strong><\/strong><\/p>\n\n\n\n<p class=\"has-ast-global-color-0-color has-text-color has-link-color has-medium-font-size wp-elements-999eae9d39bb8893efdd718fbcc14495\" style=\"margin-top:var(--wp--preset--spacing--30);margin-bottom:var(--wp--preset--spacing--30)\"><strong><em>\u00bfQu\u00e9 es la salud cognitiva y c\u00f3mo podemos cuidarla?<\/em><\/strong><\/p>\n\n\n\n<hr class=\"wp-block-separator has-text-color has-ast-global-color-0-color has-alpha-channel-opacity has-ast-global-color-0-background-color has-background is-style-wide\" style=\"margin-top:var(--wp--preset--spacing--20);margin-bottom:var(--wp--preset--spacing--20)\"\/>\n\n\n\n<p>La salud cognitiva nos permite vivir de forma independiente, mantener relaciones sociales y afrontar los retos cotidianos. Seg\u00fan Hendrie et al. (2006), la salud cognitiva ayuda a las personas a mantener su independencia, afrontar mejor las enfermedades y adaptarse a los cambios de la vida.  <\/p>\n\n\n\n<div class=\"wp-block-uagb-container uagb-block-d8542888 alignfull uagb-is-root-container\"><div class=\"uagb-container-inner-blocks-wrap\">\n<div class=\"wp-block-uagb-container uagb-block-4b3a2e81\">\n<p class=\"has-medium-font-size\"><strong>Elementos principales de la salud cognitiva:<\/strong><\/p>\n\n\n\n<p>\u2714\ufe0f Habilidades mentales: como la toma de decisiones y la resoluci\u00f3n de problemas<br>\u2714\ufe0f Habilidades adquiridas: conocimientos y experiencia adquiridos con el tiempo<br>\u2714\ufe0f Aplicaci\u00f3n de las habilidades aprendidas en la pr\u00e1ctica: utilizar el conocimiento para realizar tareas cotidianas (Puri et al., 2023).<\/p>\n<\/div>\n\n\n\n<div class=\"wp-block-uagb-container uagb-block-b1ff0f7f\"><\/div>\n<\/div><\/div>\n\n\n\n<p><\/p>\n\n\n\n<p class=\"has-ast-global-color-0-color has-text-color has-link-color has-medium-font-size wp-elements-52d1c4321d30f9055fe1370464a000c9\" style=\"margin-top:var(--wp--preset--spacing--30);margin-bottom:var(--wp--preset--spacing--30)\"><strong><em><em>\u00bfC\u00f3mo contribuye el cerebro a la salud cognitiva?<\/em><\/em><\/strong><\/p>\n\n\n\n<hr class=\"wp-block-separator has-text-color has-ast-global-color-0-color has-alpha-channel-opacity has-ast-global-color-0-background-color has-background is-style-wide\" style=\"margin-top:var(--wp--preset--spacing--20);margin-bottom:var(--wp--preset--spacing--20)\"\/>\n\n\n\n<div class=\"wp-block-uagb-container uagb-block-3839e075 alignfull uagb-is-root-container\"><div class=\"uagb-container-inner-blocks-wrap\">\n<div class=\"wp-block-uagb-container uagb-block-b8ed17a7\"><\/div>\n\n\n\n<div class=\"wp-block-uagb-container uagb-block-05e55871\">\n<p class=\"has-medium-font-size\"><strong>El cerebro es responsable de:<\/strong><\/p>\n\n\n\n<p>\u2022 <strong>Pensamiento y memoria<\/strong>: nos ayuda a aprender y recordar informaci\u00f3n.<br>\u2022 <strong>Funciones motoras<\/strong>: controla los movimientos corporales y el equilibrio.<br>\u2022 <strong>Funciones emocionales<\/strong>: nos ayuda a comprender y gestionar las emociones.<br>\u2022 <strong>Funciones sensoriales<\/strong>: nos permite sentir y responder a los est\u00edmulos del entorno. <\/p>\n\n\n\n<p>Un cerebro sano nos ayuda a adaptarnos a diferentes situaciones, gestionar las emociones y actuar de forma independiente (Puri et al., 2023). <\/p>\n<\/div>\n<\/div><\/div>\n\n\n\n<p><\/p>\n\n\n\n<p class=\"has-ast-global-color-0-color has-text-color has-link-color has-medium-font-size wp-elements-83b7b510f9c87c8ae3649566153899b3\" style=\"margin-top:var(--wp--preset--spacing--30);margin-bottom:var(--wp--preset--spacing--30)\"><strong><em><em><em>\u00bfQu\u00e9 afecta la salud cognitiva?<\/em><\/em><\/em><\/strong><\/p>\n\n\n\n<hr class=\"wp-block-separator has-text-color has-ast-global-color-0-color has-alpha-channel-opacity has-ast-global-color-0-background-color has-background is-style-wide\" style=\"margin-top:var(--wp--preset--spacing--20);margin-bottom:var(--wp--preset--spacing--20)\"\/>\n\n\n\n<p>Algunos cambios en el cerebro son naturales, pero hay factores que pueden mejorar o empeorar la salud cognitiva:<\/p>\n\n\n\n<div class=\"wp-block-uagb-container uagb-block-74392d71 alignfull uagb-is-root-container\"><div class=\"uagb-container-inner-blocks-wrap\">\n<div class=\"wp-block-uagb-container uagb-block-8be7c269\">\n<p style=\"font-size:17px\"><strong>\ud83d\udd39Factores incontrolables, como la edad, la gen\u00e9tica y las enfermedades.<br>\ud83d\udd39Factores controlables:<\/strong><\/p>\n\n\n\n<p>\u2714\ufe0f Una dieta saludable y la actividad f\u00edsica favorecen la funci\u00f3n cerebral.<br>\u2714\ufe0f Las conexiones sociales ayudan a mantener la agudeza mental.<br>\u2714\ufe0f La actividad intelectual, como aprender cosas nuevas o resolver rompecabezas.<br>\u2714\ufe0f Evitar el tabaco y el consumo excesivo de alcohol reduce el riesgo de problemas cognitivos (Puri et al., 2023).<\/p>\n<\/div>\n\n\n\n<div class=\"wp-block-uagb-container uagb-block-7658cf78\"><\/div>\n<\/div><\/div>\n\n\n\n<div class=\"wp-block-uagb-container uagb-block-c7628a1d alignfull uagb-is-root-container\"><div class=\"uagb-container-inner-blocks-wrap\">\n<p class=\"has-text-color has-link-color wp-elements-a88c40cea385a8c1df956f4f4fed02bf\" style=\"color:#242e15\"><strong>Las personas que llevan un estilo de vida activo y cuidan su mente pueden conservar una buena memoria y capacidad de razonamiento durante m\u00e1s tiempo, incluso a medida que su cerebro experimenta cambios graduales. Si bien el envejecimiento cerebral es un proceso natural, un estilo de vida saludable, la actividad mental y la interacci\u00f3n social pueden mejorar y prolongar la funci\u00f3n cognitiva y reducir el riesgo de enfermedades neurodegenerativas (Puri et al., 2023). <\/strong><\/p>\n<\/div><\/div>\n\n\n\n<p><\/p>\n\n\n\n<p class=\"has-ast-global-color-0-color has-text-color has-link-color has-medium-font-size wp-elements-697a5053d5d0848645086a98c9bd4fd9\" style=\"margin-top:var(--wp--preset--spacing--30);margin-bottom:var(--wp--preset--spacing--30)\"><strong><em><em><em><em>Funciones cognitivas<\/em><\/em><\/em><\/em><\/strong><\/p>\n\n\n\n<hr class=\"wp-block-separator has-text-color has-ast-global-color-0-color has-alpha-channel-opacity has-ast-global-color-0-background-color has-background is-style-wide\" style=\"margin-top:var(--wp--preset--spacing--20);margin-bottom:var(--wp--preset--spacing--20)\"\/>\n\n\n\n<p>Las funciones cognitivas son los procesos que nos permiten aprender, recordar informaci\u00f3n, concentrarnos y resolver problemas. Estas son las m\u00e1s importantes: <\/p>\n\n\n\n<p> <strong>1. Memoria<\/strong>: La memoria nos permite almacenar y recordar informaci\u00f3n. Se divide en&#8230; <\/p>\n\n\n\n<div class=\"wp-block-uagb-container uagb-block-005ef6bd alignfull uagb-is-root-container\"><div class=\"uagb-container-inner-blocks-wrap\">\n<div class=\"wp-block-uagb-container uagb-block-e4803f00\">\n<div class=\"wp-block-uagb-container uagb-block-3ed64643\">\n<div class=\"wp-block-uagb-info-box uagb-block-7edf1046 uagb-infobox__content-wrap  uagb-infobox-icon-above-title uagb-infobox-image-valign-top\"><div class=\"uagb-ifb-content\"><div class=\"uagb-ifb-icon-wrap\"><svg xmlns=\"https:\/\/www.w3.org\/2000\/svg\" viewBox=\"0 0 512 512\"><path d=\"M184 0C214.9 0 240 25.07 240 56V456C240 486.9 214.9 512 184 512C155.1 512 131.3 490.1 128.3 461.9C123.1 463.3 117.6 464 112 464C76.65 464 48 435.3 48 400C48 392.6 49.27 385.4 51.59 378.8C21.43 367.4 0 338.2 0 304C0 272.1 18.71 244.5 45.77 231.7C37.15 220.8 32 206.1 32 192C32 161.3 53.59 135.7 82.41 129.4C80.84 123.9 80 118 80 112C80 82.06 100.6 56.92 128.3 49.93C131.3 21.86 155.1 0 184 0zM383.7 49.93C411.4 56.92 432 82.06 432 112C432 118 431.2 123.9 429.6 129.4C458.4 135.7 480 161.3 480 192C480 206.1 474.9 220.8 466.2 231.7C493.3 244.5 512 272.1 512 304C512 338.2 490.6 367.4 460.4 378.8C462.7 385.4 464 392.6 464 400C464 435.3 435.3 464 400 464C394.4 464 388.9 463.3 383.7 461.9C380.7 490.1 356.9 512 328 512C297.1 512 272 486.9 272 456V56C272 25.07 297.1 0 328 0C356.9 0 380.7 21.86 383.7 49.93z\"><\/path><\/svg><\/div><div class=\"uagb-ifb-title-wrap\"><h3 class=\"uagb-ifb-title\">Memoria a corto plazo<\/h3><\/div><div class=\"uagb-ifb-separator\"><\/div><p class=\"uagb-ifb-desc\">almacena informaci\u00f3n durante un corto per\u00edodo de tiempo (por ejemplo, un n\u00famero de tel\u00e9fono que recordamos durante unos segundos).<\/p><\/div><\/div>\n<\/div>\n<\/div>\n\n\n\n<div class=\"wp-block-uagb-container uagb-block-a1bbbfe9 alignfull uagb-is-root-container\"><div class=\"uagb-container-inner-blocks-wrap\">\n<p class=\"has-text-color has-link-color wp-elements-c801bb97f158bc20fea85d29740020b3\" style=\"color:#242e15\"><strong>Ejemplo: <\/strong> <\/p>\n\n\n\n<p class=\"has-text-color has-link-color wp-elements-99ba7aaeefd36e84db6cb11eb343863c\" style=\"color:#242e15\"><strong>Despu\u00e9s de preparar un desayuno saludable (como avena con fruta) muchas veces, ya no necesitas revisar la receta; simplemente recuerdas c\u00f3mo prepararla. Gracias a este tipo de memoria, tambi\u00e9n recuerdas las reglas generales de una alimentaci\u00f3n saludable. <\/strong> <\/p>\n<\/div><\/div>\n<\/div><\/div>\n\n\n\n<p><\/p>\n\n\n\n<div class=\"wp-block-uagb-container uagb-block-55094f4b alignfull uagb-is-root-container\"><div class=\"uagb-container-inner-blocks-wrap\">\n<div class=\"wp-block-uagb-container uagb-block-8c3f8acd\">\n<div class=\"wp-block-uagb-container uagb-block-6af4c224\">\n<div class=\"wp-block-uagb-info-box uagb-block-39fdf5ad uagb-infobox__content-wrap  uagb-infobox-icon-above-title uagb-infobox-image-valign-top\"><div class=\"uagb-ifb-content\"><div class=\"uagb-ifb-icon-wrap\"><svg xmlns=\"https:\/\/www.w3.org\/2000\/svg\" viewBox=\"0 0 512 512\"><path d=\"M184 0C214.9 0 240 25.07 240 56V456C240 486.9 214.9 512 184 512C155.1 512 131.3 490.1 128.3 461.9C123.1 463.3 117.6 464 112 464C76.65 464 48 435.3 48 400C48 392.6 49.27 385.4 51.59 378.8C21.43 367.4 0 338.2 0 304C0 272.1 18.71 244.5 45.77 231.7C37.15 220.8 32 206.1 32 192C32 161.3 53.59 135.7 82.41 129.4C80.84 123.9 80 118 80 112C80 82.06 100.6 56.92 128.3 49.93C131.3 21.86 155.1 0 184 0zM383.7 49.93C411.4 56.92 432 82.06 432 112C432 118 431.2 123.9 429.6 129.4C458.4 135.7 480 161.3 480 192C480 206.1 474.9 220.8 466.2 231.7C493.3 244.5 512 272.1 512 304C512 338.2 490.6 367.4 460.4 378.8C462.7 385.4 464 392.6 464 400C464 435.3 435.3 464 400 464C394.4 464 388.9 463.3 383.7 461.9C380.7 490.1 356.9 512 328 512C297.1 512 272 486.9 272 456V56C272 25.07 297.1 0 328 0C356.9 0 380.7 21.86 383.7 49.93z\"><\/path><\/svg><\/div><div class=\"uagb-ifb-title-wrap\"><h3 class=\"uagb-ifb-title\">Memoria procedimental<\/h3><\/div><div class=\"uagb-ifb-separator\"><\/div><p class=\"uagb-ifb-desc\"><strong> <\/strong> Memoria a corto plazo<br>Almacena informaci\u00f3n durante un corto periodo de tiempo (por ejemplo, un n\u00famero de tel\u00e9fono que recordamos en unos segundos).<\/p><\/div><\/div>\n<\/div>\n<\/div>\n\n\n\n<div class=\"wp-block-uagb-container uagb-block-f87f3026 alignfull uagb-is-root-container\"><div class=\"uagb-container-inner-blocks-wrap\">\n<p class=\"has-text-color has-link-color wp-elements-c801bb97f158bc20fea85d29740020b3\" style=\"color:#242e15\"><strong>Ejemplo: <\/strong> <\/p>\n\n\n\n<p class=\"has-text-color has-link-color wp-elements-99ba7aaeefd36e84db6cb11eb343863c\" style=\"color:#242e15\"><strong>Despu\u00e9s de preparar un desayuno saludable (como avena con fruta) muchas veces, ya no necesitas revisar la receta; simplemente recuerdas c\u00f3mo prepararla. Gracias a este tipo de memoria, tambi\u00e9n recuerdas las reglas generales de una alimentaci\u00f3n saludable. <\/strong> <\/p>\n<\/div><\/div>\n<\/div><\/div>\n\n\n\n<div class=\"wp-block-uagb-container uagb-block-b7e03445 alignfull uagb-is-root-container\"><div class=\"uagb-container-inner-blocks-wrap\">\n<div class=\"wp-block-uagb-container uagb-block-20c75f57\">\n<div class=\"wp-block-uagb-container uagb-block-c5eb9508\">\n<div class=\"wp-block-uagb-info-box uagb-block-6eb14264 uagb-infobox__content-wrap  uagb-infobox-icon-above-title uagb-infobox-image-valign-top\"><div class=\"uagb-ifb-content\"><div class=\"uagb-ifb-icon-wrap\"><svg xmlns=\"https:\/\/www.w3.org\/2000\/svg\" viewBox=\"0 0 512 512\"><path d=\"M184 0C214.9 0 240 25.07 240 56V456C240 486.9 214.9 512 184 512C155.1 512 131.3 490.1 128.3 461.9C123.1 463.3 117.6 464 112 464C76.65 464 48 435.3 48 400C48 392.6 49.27 385.4 51.59 378.8C21.43 367.4 0 338.2 0 304C0 272.1 18.71 244.5 45.77 231.7C37.15 220.8 32 206.1 32 192C32 161.3 53.59 135.7 82.41 129.4C80.84 123.9 80 118 80 112C80 82.06 100.6 56.92 128.3 49.93C131.3 21.86 155.1 0 184 0zM383.7 49.93C411.4 56.92 432 82.06 432 112C432 118 431.2 123.9 429.6 129.4C458.4 135.7 480 161.3 480 192C480 206.1 474.9 220.8 466.2 231.7C493.3 244.5 512 272.1 512 304C512 338.2 490.6 367.4 460.4 378.8C462.7 385.4 464 392.6 464 400C464 435.3 435.3 464 400 464C394.4 464 388.9 463.3 383.7 461.9C380.7 490.1 356.9 512 328 512C297.1 512 272 486.9 272 456V56C272 25.07 297.1 0 328 0C356.9 0 380.7 21.86 383.7 49.93z\"><\/path><\/svg><\/div><div class=\"uagb-ifb-title-wrap\"><h3 class=\"uagb-ifb-title\">Memoria procedimental<\/h3><\/div><div class=\"uagb-ifb-separator\"><\/div><p class=\"uagb-ifb-desc\">Responsable de las habilidades que realizamos autom\u00e1ticamente (por ejemplo, andar en bicicleta).<\/p><\/div><\/div>\n<\/div>\n<\/div>\n\n\n\n<div class=\"wp-block-uagb-container uagb-block-319a70bf alignfull uagb-is-root-container\"><div class=\"uagb-container-inner-blocks-wrap\">\n<p class=\"has-text-color has-link-color wp-elements-c801bb97f158bc20fea85d29740020b3\" style=\"color:#242e15\"><strong>Ejemplo: <\/strong> <\/p>\n\n\n\n<p class=\"has-text-color has-link-color wp-elements-c76eaf395c79c09e9164ec0fe3d23130\" style=\"color:#242e15\"><strong>Preparas caf\u00e9 o t\u00e9 cada ma\u00f1ana sin pensar en cada paso. Sabes exactamente cu\u00e1nta agua hervir, d\u00f3nde est\u00e1 la taza y c\u00f3mo prepararlo; tus manos lo hacen. Esto es memoria procedimental en acci\u00f3n.<\/strong> <\/p>\n<\/div><\/div>\n<\/div><\/div>\n\n\n\n<p><\/p>\n\n\n\n<p><strong><em>2. Aprendizaje<\/em><\/strong>: El aprendizaje es el proceso de adquirir nuevos conocimientos y habilidades. Nuestro cerebro cambia como resultado de las experiencias. Esto se denomina plasticidad cerebral. El aprendizaje regular fortalece las conexiones neuronales, lo que facilita la memorizaci\u00f3n.    <\/p>\n\n\n\n<p>Ejemplo: Si practicamos vocabulario de un idioma extranjero todos los d\u00edas, nuestro cerebro aprende y reconoce las palabras m\u00e1s r\u00e1pidamente. <\/p>\n\n\n\n<div class=\"wp-block-uagb-container uagb-block-b2e6654a alignfull uagb-is-root-container\"><div class=\"uagb-container-inner-blocks-wrap\">\n<div class=\"wp-block-uagb-container uagb-block-41a61ca1 alignfull uagb-is-root-container\"><div class=\"uagb-container-inner-blocks-wrap\">\n<p class=\"has-text-color has-link-color wp-elements-c801bb97f158bc20fea85d29740020b3\" style=\"color:#242e15\"><strong>Ejemplo: <\/strong> <\/p>\n\n\n\n<p class=\"has-text-color has-link-color wp-elements-c76eaf395c79c09e9164ec0fe3d23130\" style=\"color:#242e15\"><strong>Preparas caf\u00e9 o t\u00e9 cada ma\u00f1ana sin pensar en cada paso. Sabes exactamente cu\u00e1nta agua hervir, d\u00f3nde est\u00e1 la taza y c\u00f3mo prepararlo; tus manos lo hacen. Esto es memoria procedimental en acci\u00f3n.<\/strong> <\/p>\n<\/div><\/div>\n<\/div><\/div>\n\n\n\n<p><\/p>\n\n\n\n<p><strong><em>3. Concentraci\u00f3n<\/em><\/strong><br>La concentraci\u00f3n es la capacidad de centrar la atenci\u00f3n en una tarea espec\u00edfica. Es esencial para un aprendizaje y un trabajo eficaces. Muchos factores afectan la atenci\u00f3n, como el estr\u00e9s, el ruido o las horas de sue\u00f1o.   <\/p>\n\n\n\n<p><em>\u00bfC\u00f3mo mejorar la concentraci\u00f3n?<\/em><br>\u2714\ufe0f Limita las distracciones (p. ej., tel\u00e9fono, redes sociales).<br>\u2714\ufe0f Toma descansos: el cerebro necesita descansar para asimilar la informaci\u00f3n.<br>\u2714\ufe0f Practica la atenci\u00f3n plena: ayuda a mejorar la concentraci\u00f3n. <\/p>\n\n\n\n<p>\u2714\ufe0f Presta atenci\u00f3n a dormir lo suficiente: 8 horas <\/p>\n\n\n\n<p class=\"has-text-align-center has-ast-global-color-1-color has-ast-global-color-5-background-color has-text-color has-background has-medium-font-size\" style=\"padding-top:var(--wp--preset--spacing--40);padding-bottom:var(--wp--preset--spacing--40)\"><strong>ACTIVIDAD INTERACTIVA<\/strong> <strong>6<\/strong><\/p>\n\n\n<div class=\"h5p-iframe-wrapper\"><iframe id=\"h5p-iframe-93\" class=\"h5p-iframe\" data-content-id=\"93\" style=\"height:1px\" src=\"about:blank\" frameBorder=\"0\" scrolling=\"no\" title=\"EJERCICIO 6 (A)- MODULO 2\"><\/iframe><\/div>\n\n\n\n<div class=\"wp-block-uagb-separator uagb-block-e3c734c4\"><div class=\"wp-block-uagb-separator__inner\" style=\"--my-background-image:\"><\/div><\/div>\n\n\n\n<div class=\"wp-block-uagb-separator uagb-block-c0ae2919 wp-block-uagb-separator--icon\"><div class=\"wp-block-uagb-separator__inner\" style=\"--my-background-image:\"><div class=\"wp-block-uagb-separator-element\"><svg xmlns=\"https:\/\/www.w3.org\/2000\/svg\" viewBox=\"0 0 576 512\"><path d=\"M381.2 150.3L524.9 171.5C536.8 173.2 546.8 181.6 550.6 193.1C554.4 204.7 551.3 217.3 542.7 225.9L438.5 328.1L463.1 474.7C465.1 486.7 460.2 498.9 450.2 506C440.3 513.1 427.2 514 416.5 508.3L288.1 439.8L159.8 508.3C149 514 135.9 513.1 126 506C116.1 498.9 111.1 486.7 113.2 474.7L137.8 328.1L33.58 225.9C24.97 217.3 21.91 204.7 25.69 193.1C29.46 181.6 39.43 173.2 51.42 171.5L195 150.3L259.4 17.97C264.7 6.954 275.9-.0391 288.1-.0391C300.4-.0391 311.6 6.954 316.9 17.97L381.2 150.3z\"><\/path><\/svg><\/div><\/div><\/div>\n\n\n<div class=\"h5p-iframe-wrapper\"><iframe id=\"h5p-iframe-94\" class=\"h5p-iframe\" data-content-id=\"94\" style=\"height:1px\" src=\"about:blank\" frameBorder=\"0\" scrolling=\"no\" title=\"EJERCICIO 6 (B) - MODULO 2\"><\/iframe><\/div>\n\n\n\n<div class=\"wp-block-uagb-separator uagb-block-11fdedfd wp-block-uagb-separator--icon\"><div class=\"wp-block-uagb-separator__inner\" style=\"--my-background-image:\"><div class=\"wp-block-uagb-separator-element\"><svg xmlns=\"https:\/\/www.w3.org\/2000\/svg\" viewBox=\"0 0 576 512\"><path d=\"M381.2 150.3L524.9 171.5C536.8 173.2 546.8 181.6 550.6 193.1C554.4 204.7 551.3 217.3 542.7 225.9L438.5 328.1L463.1 474.7C465.1 486.7 460.2 498.9 450.2 506C440.3 513.1 427.2 514 416.5 508.3L288.1 439.8L159.8 508.3C149 514 135.9 513.1 126 506C116.1 498.9 111.1 486.7 113.2 474.7L137.8 328.1L33.58 225.9C24.97 217.3 21.91 204.7 25.69 193.1C29.46 181.6 39.43 173.2 51.42 171.5L195 150.3L259.4 17.97C264.7 6.954 275.9-.0391 288.1-.0391C300.4-.0391 311.6 6.954 316.9 17.97L381.2 150.3z\"><\/path><\/svg><\/div><\/div><\/div>\n\n\n\n<figure class=\"wp-block-table\"><table class=\"has-fixed-layout\"><tbody><tr><td><strong>Referencias<\/strong>  <\/td><\/tr><tr><td>Maldonado, K. A. y Alsayouri, K. (2023). Fisiolog\u00eda cerebral. En StatPearls. StatPearls Publishing. <a href=\"https:\/\/www.ncbi.nlm.nih.gov\/books\/NBK551718\/\" target=\"_blank\" rel=\"noreferrer noopener\">https:\/\/www.ncbi.nlm.nih.gov\/books\/NBK551718\/<\/a> Mercadante, A. A. y Tadi, P. (2023). Neuroanatom\u00eda de la materia gris. En StatPearls. StatPearls Publishing. <a href=\"https:\/\/www.ncbi.nlm.nih.gov\/books\/NBK538304\/\" target=\"_blank\" rel=\"noreferrer noopener\">https:\/\/www.ncbi.nlm.nih.gov\/books\/NBK538304<\/a>\/ LeDoux, J. E. (2012). Evoluci\u00f3n de la emoci\u00f3n humana: Una mirada a trav\u00e9s del miedo. Progress in Brain Research, 195, 431\u2013442. Espa\u00f1ol: <a href=\"https:\/\/doi.org\/10.1016\/B978-0-444-53860-4.00021-0\" target=\"_blank\" rel=\"noreferrer noopener\">https:\/\/doi.org\/10.1016\/B978-0-444-53860-4.00021-0 <\/a>Miguel-Hidalgo, J. J. (2013). Cambios estructurales y funcionales cerebrales en adolescentes con trastornos psiqui\u00e1tricos. Revista Internacional de Medicina y Salud Adolescente, 25(3), 245\u2013256.<a href=\"https:\/\/doi.org\/10.1515\/ijamh-2013-0058\" target=\"_blank\" rel=\"noreferrer noopener\"> https:\/\/doi.org\/10.1515\/ijamh-2013-0058<\/a> Hendrie, H. C., Albert, M. S., Butters, M. A., Gao, S., Knopman, D. S., Launer, L. J., et al. (2006). El proyecto de salud cognitiva y emocional del NIH: Informe del comit\u00e9 de estudio de evaluaci\u00f3n cr\u00edtica. Alzheimer y demencia, 2(1), 12\u201332. <a href=\"https:\/\/doi.org\/10.1016\/j.jalz.2005.11.004\" target=\"_blank\" rel=\"noreferrer noopener\">https:\/\/doi.org\/10.1016\/j.jalz.2005.11.004<\/a> Puri, S., Shaheen, M. y Grover, B. (2023). Nutrici\u00f3n y salud cognitiva: Un enfoque del ciclo de vida. Fronteras en Salud P\u00fablica, 11, 1023907.               https:\/\/doi.org\/10.3389\/fpubh.2023.1023907\n <\/td><\/tr><\/tbody><\/table><\/figure>\n\n\n\n<p><\/p>\n\n\n\n<p><\/p>\n","protected":false},"excerpt":{"rendered":"","protected":false},"featured_media":0,"comment_status":"open","ping_status":"closed","template":"","meta":{"_coblocks_attr":"","_coblocks_dimensions":"","_coblocks_responsive_height":"","_coblocks_accordion_ie_support":"","_uag_custom_page_level_css":"","_uf_show_specific_survey":0,"_uf_disable_surveys":false,"site-sidebar-layout":"default","site-content-layout":"","ast-site-content-layout":"default","site-content-style":"default","site-sidebar-style":"default","ast-global-header-display":"","ast-banner-title-visibility":"","ast-main-header-display":"","ast-hfb-above-header-display":"","ast-hfb-below-header-display":"","ast-hfb-mobile-header-display":"","site-post-title":"","ast-breadcrumbs-content":"","ast-featured-img":"","footer-sml-layout":"","theme-transparent-header-meta":"","adv-header-id-meta":"","stick-header-meta":"","header-above-stick-meta":"","header-main-stick-meta":"","header-below-stick-meta":"","astra-migrate-meta-layouts":"default","ast-page-background-enabled":"default","ast-page-background-meta":{"desktop":{"background-color":"var(--ast-global-color-5)","background-image":"","background-repeat":"repeat","background-position":"center center","background-size":"auto","background-attachment":"scroll","background-type":"","background-media":"","overlay-type":"","overlay-color":"","overlay-opacity":"","overlay-gradient":""},"tablet":{"background-color":"","background-image":"","background-repeat":"repeat","background-position":"center center","background-size":"auto","background-attachment":"scroll","background-type":"","background-media":"","overlay-type":"","overlay-color":"","overlay-opacity":"","overlay-gradient":""},"mobile":{"background-color":"","background-image":"","background-repeat":"repeat","background-position":"center center","background-size":"auto","background-attachment":"scroll","background-type":"","background-media":"","overlay-type":"","overlay-color":"","overlay-opacity":"","overlay-gradient":""}},"ast-content-background-meta":{"desktop":{"background-color":"var(--ast-global-color-4)","background-image":"","background-repeat":"repeat","background-position":"center center","background-size":"auto","background-attachment":"scroll","background-type":"","background-media":"","overlay-type":"","overlay-color":"","overlay-opacity":"","overlay-gradient":""},"tablet":{"background-color":"var(--ast-global-color-4)","background-image":"","background-repeat":"repeat","background-position":"center center","background-size":"auto","background-attachment":"scroll","background-type":"","background-media":"","overlay-type":"","overlay-color":"","overlay-opacity":"","overlay-gradient":""},"mobile":{"background-color":"var(--ast-global-color-4)","background-image":"","background-repeat":"repeat","background-position":"center center","background-size":"auto","background-attachment":"scroll","background-type":"","background-media":"","overlay-type":"","overlay-color":"","overlay-opacity":"","overlay-gradient":""}},"_initial_content":"","_new_post":false,"footnotes":"","_quiz_has_questions":false,"_lesson_complexity":"easy","_lesson_length":10,"_lesson_course":1078,"_lesson_preview":""},"lesson-tag":[],"class_list":["post-1091","lesson","type-lesson","status-publish","hentry","module-modulo-2","post"],"aioseo_notices":[],"yoast_head":"<!-- This site is optimized with the Yoast SEO plugin v27.3 - https:\/\/yoast.com\/product\/yoast-seo-wordpress\/ -->\n<title>1. Estructura cerebral y su papel en la cognici\u00f3n y c\u00f3mo estas estructuras cambian en la adolescencia y las enfermedades mentales -<\/title>\n<meta name=\"description\" content=\"Adquiera conocimientos b\u00e1sicos sobre el cerebro y sus neuronas, c\u00f3mo hace funcionar nuestro cuerpo y controla nuestros sentimientos.\" \/>\n<meta name=\"robots\" content=\"index, follow, max-snippet:-1, max-image-preview:large, max-video-preview:-1\" \/>\n<link rel=\"canonical\" href=\"https:\/\/www.moodbites.eu\/es\/lesson\/moodbites-training\/\" \/>\n<meta property=\"og:locale\" content=\"es_ES\" \/>\n<meta property=\"og:type\" content=\"article\" \/>\n<meta property=\"og:title\" content=\"1. Estructura cerebral y su papel en la cognici\u00f3n y c\u00f3mo estas estructuras cambian en la adolescencia y las enfermedades mentales -\" \/>\n<meta property=\"og:description\" content=\"Adquiera conocimientos b\u00e1sicos sobre el cerebro y sus neuronas, c\u00f3mo hace funcionar nuestro cuerpo y controla nuestros sentimientos.\" \/>\n<meta property=\"og:url\" content=\"https:\/\/www.moodbites.eu\/es\/lesson\/moodbites-training\/\" \/>\n<meta property=\"article:modified_time\" content=\"2025-12-03T09:14:11+00:00\" \/>\n<meta name=\"twitter:card\" content=\"summary_large_image\" \/>\n<meta name=\"twitter:label1\" content=\"Tiempo de lectura\" \/>\n\t<meta name=\"twitter:data1\" content=\"13 minutos\" \/>\n<script type=\"application\/ld+json\" class=\"yoast-schema-graph\">{\"@context\":\"https:\\\/\\\/schema.org\",\"@graph\":[{\"@type\":\"WebPage\",\"@id\":\"https:\\\/\\\/www.moodbites.eu\\\/es\\\/lesson\\\/moodbites-training\\\/\",\"url\":\"https:\\\/\\\/www.moodbites.eu\\\/es\\\/lesson\\\/moodbites-training\\\/\",\"name\":\"1. Estructura cerebral y su papel en la cognici\u00f3n y c\u00f3mo estas estructuras cambian en la adolescencia y las enfermedades mentales -\",\"isPartOf\":{\"@id\":\"https:\\\/\\\/www.moodbites.eu\\\/es\\\/#website\"},\"datePublished\":\"2025-10-02T08:50:28+00:00\",\"dateModified\":\"2025-12-03T09:14:11+00:00\",\"description\":\"Adquiera conocimientos b\u00e1sicos sobre el cerebro y sus neuronas, c\u00f3mo hace funcionar nuestro cuerpo y controla nuestros sentimientos.\",\"breadcrumb\":{\"@id\":\"https:\\\/\\\/www.moodbites.eu\\\/es\\\/lesson\\\/moodbites-training\\\/#breadcrumb\"},\"inLanguage\":\"es\",\"potentialAction\":[{\"@type\":\"ReadAction\",\"target\":[\"https:\\\/\\\/www.moodbites.eu\\\/es\\\/lesson\\\/moodbites-training\\\/\"]}]},{\"@type\":\"BreadcrumbList\",\"@id\":\"https:\\\/\\\/www.moodbites.eu\\\/es\\\/lesson\\\/moodbites-training\\\/#breadcrumb\",\"itemListElement\":[{\"@type\":\"ListItem\",\"position\":1,\"name\":\"Portada\",\"item\":\"https:\\\/\\\/www.moodbites.eu\\\/es\\\/\"},{\"@type\":\"ListItem\",\"position\":2,\"name\":\"1. Estructura cerebral y su papel en la cognici\u00f3n y c\u00f3mo estas estructuras cambian en la adolescencia y las enfermedades mentales\"}]},{\"@type\":\"WebSite\",\"@id\":\"https:\\\/\\\/www.moodbites.eu\\\/es\\\/#website\",\"url\":\"https:\\\/\\\/www.moodbites.eu\\\/es\\\/\",\"name\":\"Moodbites\",\"description\":\"Tailored training program that helps mental health professionals use nutrition to support the well-being of people with mental disorders.\",\"publisher\":{\"@id\":\"https:\\\/\\\/www.moodbites.eu\\\/es\\\/#organization\"},\"potentialAction\":[{\"@type\":\"SearchAction\",\"target\":{\"@type\":\"EntryPoint\",\"urlTemplate\":\"https:\\\/\\\/www.moodbites.eu\\\/es\\\/?s={search_term_string}\"},\"query-input\":{\"@type\":\"PropertyValueSpecification\",\"valueRequired\":true,\"valueName\":\"search_term_string\"}}],\"inLanguage\":\"es\"},{\"@type\":\"Organization\",\"@id\":\"https:\\\/\\\/www.moodbites.eu\\\/es\\\/#organization\",\"name\":\"Moodbites\",\"url\":\"https:\\\/\\\/www.moodbites.eu\\\/es\\\/\",\"logo\":{\"@type\":\"ImageObject\",\"inLanguage\":\"es\",\"@id\":\"https:\\\/\\\/www.moodbites.eu\\\/es\\\/#\\\/schema\\\/logo\\\/image\\\/\",\"url\":\"https:\\\/\\\/www.moodbites.eu\\\/wp-content\\\/uploads\\\/2025\\\/05\\\/logo.png\",\"contentUrl\":\"https:\\\/\\\/www.moodbites.eu\\\/wp-content\\\/uploads\\\/2025\\\/05\\\/logo.png\",\"width\":160,\"height\":68,\"caption\":\"Moodbites\"},\"image\":{\"@id\":\"https:\\\/\\\/www.moodbites.eu\\\/es\\\/#\\\/schema\\\/logo\\\/image\\\/\"}}]}<\/script>\n<!-- \/ Yoast SEO plugin. -->","yoast_head_json":{"title":"1. Estructura cerebral y su papel en la cognici\u00f3n y c\u00f3mo estas estructuras cambian en la adolescencia y las enfermedades mentales -","description":"Adquiera conocimientos b\u00e1sicos sobre el cerebro y sus neuronas, c\u00f3mo hace funcionar nuestro cuerpo y controla nuestros sentimientos.","robots":{"index":"index","follow":"follow","max-snippet":"max-snippet:-1","max-image-preview":"max-image-preview:large","max-video-preview":"max-video-preview:-1"},"canonical":"https:\/\/www.moodbites.eu\/es\/lesson\/moodbites-training\/","og_locale":"es_ES","og_type":"article","og_title":"1. Estructura cerebral y su papel en la cognici\u00f3n y c\u00f3mo estas estructuras cambian en la adolescencia y las enfermedades mentales -","og_description":"Adquiera conocimientos b\u00e1sicos sobre el cerebro y sus neuronas, c\u00f3mo hace funcionar nuestro cuerpo y controla nuestros sentimientos.","og_url":"https:\/\/www.moodbites.eu\/es\/lesson\/moodbites-training\/","article_modified_time":"2025-12-03T09:14:11+00:00","twitter_card":"summary_large_image","twitter_misc":{"Tiempo de lectura":"13 minutos"},"schema":{"@context":"https:\/\/schema.org","@graph":[{"@type":"WebPage","@id":"https:\/\/www.moodbites.eu\/es\/lesson\/moodbites-training\/","url":"https:\/\/www.moodbites.eu\/es\/lesson\/moodbites-training\/","name":"1. Estructura cerebral y su papel en la cognici\u00f3n y c\u00f3mo estas estructuras cambian en la adolescencia y las enfermedades mentales -","isPartOf":{"@id":"https:\/\/www.moodbites.eu\/es\/#website"},"datePublished":"2025-10-02T08:50:28+00:00","dateModified":"2025-12-03T09:14:11+00:00","description":"Adquiera conocimientos b\u00e1sicos sobre el cerebro y sus neuronas, c\u00f3mo hace funcionar nuestro cuerpo y controla nuestros sentimientos.","breadcrumb":{"@id":"https:\/\/www.moodbites.eu\/es\/lesson\/moodbites-training\/#breadcrumb"},"inLanguage":"es","potentialAction":[{"@type":"ReadAction","target":["https:\/\/www.moodbites.eu\/es\/lesson\/moodbites-training\/"]}]},{"@type":"BreadcrumbList","@id":"https:\/\/www.moodbites.eu\/es\/lesson\/moodbites-training\/#breadcrumb","itemListElement":[{"@type":"ListItem","position":1,"name":"Portada","item":"https:\/\/www.moodbites.eu\/es\/"},{"@type":"ListItem","position":2,"name":"1. Estructura cerebral y su papel en la cognici\u00f3n y c\u00f3mo estas estructuras cambian en la adolescencia y las enfermedades mentales"}]},{"@type":"WebSite","@id":"https:\/\/www.moodbites.eu\/es\/#website","url":"https:\/\/www.moodbites.eu\/es\/","name":"Moodbites","description":"Tailored training program that helps mental health professionals use nutrition to support the well-being of people with mental disorders.","publisher":{"@id":"https:\/\/www.moodbites.eu\/es\/#organization"},"potentialAction":[{"@type":"SearchAction","target":{"@type":"EntryPoint","urlTemplate":"https:\/\/www.moodbites.eu\/es\/?s={search_term_string}"},"query-input":{"@type":"PropertyValueSpecification","valueRequired":true,"valueName":"search_term_string"}}],"inLanguage":"es"},{"@type":"Organization","@id":"https:\/\/www.moodbites.eu\/es\/#organization","name":"Moodbites","url":"https:\/\/www.moodbites.eu\/es\/","logo":{"@type":"ImageObject","inLanguage":"es","@id":"https:\/\/www.moodbites.eu\/es\/#\/schema\/logo\/image\/","url":"https:\/\/www.moodbites.eu\/wp-content\/uploads\/2025\/05\/logo.png","contentUrl":"https:\/\/www.moodbites.eu\/wp-content\/uploads\/2025\/05\/logo.png","width":160,"height":68,"caption":"Moodbites"},"image":{"@id":"https:\/\/www.moodbites.eu\/es\/#\/schema\/logo\/image\/"}}]}},"uagb_featured_image_src":{"full":false,"thumbnail":false,"medium":false,"medium_large":false,"large":false,"course_archive_thumbnail":false,"course_single_thumbnail":false,"lesson_archive_thumbnail":false,"lesson_single_thumbnail":false,"1536x1536":false,"2048x2048":false},"uagb_author_info":{"display_name":"juliacunyADMIN","author_link":"https:\/\/www.moodbites.eu\/es\/author\/"},"uagb_comment_info":0,"uagb_excerpt":"1.1. Introducci\u00f3n a la estructura cerebral y los procesos cognitivos El cerebro es el \u00f3rgano m\u00e1s complejo del cuerpo humano [&hellip;]","_links":{"self":[{"href":"https:\/\/www.moodbites.eu\/es\/wp-json\/wp\/v2\/lessons\/1091","targetHints":{"allow":["GET"]}}],"collection":[{"href":"https:\/\/www.moodbites.eu\/es\/wp-json\/wp\/v2\/lessons"}],"about":[{"href":"https:\/\/www.moodbites.eu\/es\/wp-json\/wp\/v2\/types\/lesson"}],"replies":[{"embeddable":true,"href":"https:\/\/www.moodbites.eu\/es\/wp-json\/wp\/v2\/comments?post=1091"}],"version-history":[{"count":9,"href":"https:\/\/www.moodbites.eu\/es\/wp-json\/wp\/v2\/lessons\/1091\/revisions"}],"predecessor-version":[{"id":1835,"href":"https:\/\/www.moodbites.eu\/es\/wp-json\/wp\/v2\/lessons\/1091\/revisions\/1835"}],"wp:attachment":[{"href":"https:\/\/www.moodbites.eu\/es\/wp-json\/wp\/v2\/media?parent=1091"}],"wp:term":[{"taxonomy":"lesson-tag","embeddable":true,"href":"https:\/\/www.moodbites.eu\/es\/wp-json\/wp\/v2\/lesson-tag?post=1091"}],"curies":[{"name":"wp","href":"https:\/\/api.w.org\/{rel}","templated":true}]}}