{"id":1096,"date":"2025-10-06T11:02:59","date_gmt":"2025-10-06T09:02:59","guid":{"rendered":"https:\/\/www.moodbites.eu\/lesson\/4-the-gut-brain-axis-and-its-role-in-mental-health\/"},"modified":"2025-12-03T12:13:00","modified_gmt":"2025-12-03T11:13:00","slug":"4-the-gut-brain-axis-and-its-role-in-mental-health","status":"publish","type":"lesson","link":"https:\/\/www.moodbites.eu\/es\/lesson\/4-the-gut-brain-axis-and-its-role-in-mental-health\/","title":{"rendered":"4. El eje intestino-cerebro y su papel en la salud mental, incluidos los cambios en el microbioma inducidos por la dieta en los trastornos psiqui\u00e1tricos"},"content":{"rendered":"\n<p class=\"sensei-content-description\"><\/p>\n\n\n\n<div class=\"wp-block-uagb-container uagb-block-a22b4ddf alignfull uagb-is-root-container\"><div class=\"uagb-container-inner-blocks-wrap\">\n<div class=\"wp-block-uagb-container uagb-block-c7acd585\">\n<p class=\"has-ast-global-color-0-color has-text-color\" style=\"font-size:28px\"><em><strong>\u00bfQu\u00e9 son las emociones?<\/strong><\/em><\/p>\n\n\n\n<p>Las emociones son reacciones a corto plazo del cuerpo a diferentes situaciones que nos ayudan a responder al mundo que nos rodea. Suceden autom\u00e1ticamente y a menudo no tenemos control total sobre ellos. Las emociones pueden ser desencadenadas por eventos externos (por ejemplo, hablar con alguien, una situaci\u00f3n en la escuela) o experiencias internas (por ejemplo, recuerdos, pensamientos). <\/p>\n<\/div>\n\n\n\n<div class=\"wp-block-uagb-container uagb-block-fbc85549\"><\/div>\n<\/div><\/div>\n\n\n<div class=\"sensei-block-wrapper\">\n<div class=\"wp-block-sensei-lms-lesson-actions\"><div class=\"sensei-buttons-container\">\n\n\n\n\n\n<\/div><\/div>\n<\/div>\n\n\n<p><\/p>\n\n\n\n<p class=\"has-medium-font-size\"><strong>Ejemplo de emociones:<\/strong><\/p>\n\n\n\n<div class=\"wp-block-uagb-container uagb-block-ef942f19 alignfull uagb-is-root-container\"><div class=\"uagb-container-inner-blocks-wrap\">\n<div class=\"wp-block-uagb-container uagb-block-c752ea11\">\n<div class=\"wp-block-uagb-info-box uagb-block-a1efcf6c uagb-infobox__content-wrap  uagb-infobox-icon-above-title uagb-infobox-image-valign-top\"><div class=\"uagb-ifb-content\"><div class=\"uagb-ifb-icon-wrap\"><svg xmlns=\"https:\/\/www.w3.org\/2000\/svg\" viewBox=\"0 0 512 512\"><path d=\"M0 256C0 114.6 114.6 0 256 0C397.4 0 512 114.6 512 256C512 397.4 397.4 512 256 512C114.6 512 0 397.4 0 256zM164.1 325.5C158.3 318.8 148.2 318.1 141.5 323.9C134.8 329.7 134.1 339.8 139.9 346.5C162.1 372.1 200.9 400 255.1 400C311.1 400 349.8 372.1 372.1 346.5C377.9 339.8 377.2 329.7 370.5 323.9C363.8 318.1 353.7 318.8 347.9 325.5C329.9 346.2 299.4 368 255.1 368C212.6 368 182 346.2 164.1 325.5H164.1zM176.4 176C158.7 176 144.4 190.3 144.4 208C144.4 225.7 158.7 240 176.4 240C194 240 208.4 225.7 208.4 208C208.4 190.3 194 176 176.4 176zM336.4 240C354 240 368.4 225.7 368.4 208C368.4 190.3 354 176 336.4 176C318.7 176 304.4 190.3 304.4 208C304.4 225.7 318.7 240 336.4 240z\"><\/path><\/svg><\/div><div class=\"uagb-ifb-title-wrap\"><h3 class=\"uagb-ifb-title\">Alegr\u00eda<\/h3><\/div><div class=\"uagb-ifb-separator\"><\/div><p class=\"uagb-ifb-desc\">por ejemplo, cuando recibimos un regalo de alguien cercano a nosotros.<\/p><\/div><\/div>\n<\/div>\n\n\n\n<div class=\"wp-block-uagb-container uagb-block-8afb48c3\">\n<div class=\"wp-block-uagb-info-box uagb-block-c07427ad uagb-infobox__content-wrap  uagb-infobox-icon-above-title uagb-infobox-image-valign-top wp-block-uagb-info-box--has-margin\"><div class=\"uagb-infobox-margin-wrapper\"><div class=\"uagb-ifb-content\"><div class=\"uagb-ifb-icon-wrap\"><svg xmlns=\"https:\/\/www.w3.org\/2000\/svg\" viewBox=\"0 0 512 512\"><path d=\"M0 256C0 114.6 114.6 0 256 0C397.4 0 512 114.6 512 256C512 397.4 397.4 512 256 512C114.6 512 0 397.4 0 256zM399.3 360H344V400H352C375.8 400 395.5 382.7 399.3 360zM352 304H344V344H399.3C395.5 321.3 375.8 304 352 304zM328 344V304H264V344H328zM328 400V360H264V400H328zM184 304V344H248V304H184zM184 360V400H248V360H184zM168 344V304H160C136.2 304 116.5 321.3 112.7 344H168zM168 400V360H112.7C116.5 382.7 136.2 400 160 400H168zM176.4 176C158.7 176 144.4 190.3 144.4 208C144.4 225.7 158.7 240 176.4 240C194 240 208.4 225.7 208.4 208C208.4 190.3 194 176 176.4 176zM336.4 240C354 240 368.4 225.7 368.4 208C368.4 190.3 354 176 336.4 176C318.7 176 304.4 190.3 304.4 208C304.4 225.7 318.7 240 336.4 240z\"><\/path><\/svg><\/div><div class=\"uagb-ifb-title-wrap\"><h3 class=\"uagb-ifb-title\">Miedo<\/h3><\/div><div class=\"uagb-ifb-separator\"><\/div><p class=\"uagb-ifb-desc\">por ejemplo, cuando caminamos por una calle oscura y o\u00edmos pasos desconocidos.<\/p><\/div><\/div><\/div>\n<\/div>\n\n\n\n<div class=\"wp-block-uagb-container uagb-block-a00414cf\">\n<div class=\"wp-block-uagb-info-box uagb-block-18cab8f4 uagb-infobox__content-wrap  uagb-infobox-icon-above-title uagb-infobox-image-valign-top\"><div class=\"uagb-ifb-content\"><div class=\"uagb-ifb-icon-wrap\"><svg xmlns=\"https:\/\/www.w3.org\/2000\/svg\" viewBox=\"0 0 512 512\"><path d=\"M352 493.4C322.4 505.4 289.9 512 256 512C222.1 512 189.6 505.4 160 493.4V288C160 279.2 152.8 272 144 272C135.2 272 128 279.2 128 288V477.8C51.48 433.5 0 350.8 0 256C0 114.6 114.6 0 256 0C397.4 0 512 114.6 512 256C512 350.8 460.5 433.5 384 477.8V288C384 279.2 376.8 272 368 272C359.2 272 352 279.2 352 288V493.4zM217.6 236.8C224.7 231.5 226.1 221.5 220.8 214.4C190.4 173.9 129.6 173.9 99.2 214.4C93.9 221.5 95.33 231.5 102.4 236.8C109.5 242.1 119.5 240.7 124.8 233.6C142.4 210.1 177.6 210.1 195.2 233.6C200.5 240.7 210.5 242.1 217.6 236.8zM316.8 233.6C334.4 210.1 369.6 210.1 387.2 233.6C392.5 240.7 402.5 242.1 409.6 236.8C416.7 231.5 418.1 221.5 412.8 214.4C382.4 173.9 321.6 173.9 291.2 214.4C285.9 221.5 287.3 231.5 294.4 236.8C301.5 242.1 311.5 240.7 316.8 233.6zM208 368C208 394.5 229.5 416 256 416C282.5 416 304 394.5 304 368V336C304 309.5 282.5 288 256 288C229.5 288 208 309.5 208 336V368z\"><\/path><\/svg><\/div><div class=\"uagb-ifb-title-wrap\"><h3 class=\"uagb-ifb-title\">Tristeza<\/h3><\/div><div class=\"uagb-ifb-separator\"><\/div><p class=\"uagb-ifb-desc\">por ejemplo, cuando suspendemos un examen importante.<\/p><\/div><\/div>\n<\/div>\n\n\n\n<div class=\"wp-block-uagb-container uagb-block-d4daff67\">\n<div class=\"wp-block-uagb-info-box uagb-block-e19f4d77 uagb-infobox__content-wrap  uagb-infobox-icon-above-title uagb-infobox-image-valign-top\"><div class=\"uagb-ifb-content\"><div class=\"uagb-ifb-icon-wrap\"><svg xmlns=\"https:\/\/www.w3.org\/2000\/svg\" viewBox=\"0 0 512 512\"><path d=\"M0 256C0 114.6 114.6 0 256 0C397.4 0 512 114.6 512 256C512 397.4 397.4 512 256 512C114.6 512 0 397.4 0 256zM138.3 364.1C132.2 375.8 128 388.4 128 400C128 405.2 130.6 410.2 134.9 413.2C139.2 416.1 144.7 416.8 149.6 414.1L170.2 407.3C197.1 397.2 225.6 392 254.4 392H257.6C286.4 392 314.9 397.2 341.8 407.3L362.4 414.1C367.3 416.8 372.8 416.1 377.1 413.2C381.4 410.2 384 405.2 384 400C384 388.4 379.8 375.8 373.7 364.1C367.4 352.1 358.4 339.8 347.3 328.7C325.3 306.7 293.4 287.1 256 287.1C218.6 287.1 186.7 306.7 164.7 328.7C153.6 339.8 144.6 352.1 138.3 364.1H138.3zM133.5 146.7C125.6 142.4 116 148.2 116 157.1C116 159.9 116.1 162.6 118.8 164.8L154.8 208L118.8 251.2C116.1 253.4 116 256.1 116 258.9C116 267.8 125.6 273.6 133.5 269.3L223.4 221.4C234.1 215.7 234.1 200.3 223.4 194.6L133.5 146.7zM396 157.1C396 148.2 386.4 142.4 378.5 146.7L288.6 194.6C277.9 200.3 277.9 215.7 288.6 221.4L378.5 269.3C386.4 273.6 396 267.8 396 258.9C396 256.1 395 253.4 393.2 251.2L357.2 208L393.2 164.8C395 162.6 396 159.9 396 157.1V157.1z\"><\/path><\/svg><\/div><div class=\"uagb-ifb-title-wrap\"><h3 class=\"uagb-ifb-title\">Enfado<\/h3><\/div><div class=\"uagb-ifb-separator\"><\/div><p class=\"uagb-ifb-desc\">por ejemplo, cuando alguien nos juzga injustamente.<\/p><\/div><\/div>\n<\/div>\n<\/div><\/div>\n\n\n\n<p><\/p>\n\n\n\n<p class=\"has-ast-global-color-0-color has-text-color\" style=\"font-size:28px\"><em><strong>El papel de las emociones en la vida<\/strong><\/em><\/p>\n\n\n\n<ul class=\"wp-block-list\">\n<li> La emoci\u00f3n es una reacci\u00f3n f\u00edsica que sentimos en el cuerpo, como la alegr\u00eda, la tristeza o el miedo. <\/li>\n\n\n\n<li> El pensamiento es una interpretaci\u00f3n de una situaci\u00f3n, como por ejemplo: \u201cNo podr\u00e9 hacer esto\u201d o \u201cNo le gusto\u201d.<\/li>\n<\/ul>\n\n\n\n<div class=\"wp-block-uagb-container uagb-block-ac00fda8 alignfull uagb-is-root-container\"><div class=\"uagb-container-inner-blocks-wrap\">\n<p class=\"has-medium-font-size\"><strong>Ejemplo:<\/strong> <\/p>\n\n\n\n<ul class=\"wp-block-list\">\n<li><strong>Pensamiento: \u00abNadie me entiende\u00bb<\/strong> <\/li>\n\n\n\n<li><strong>\ufe0f Emoci\u00f3n: Tristeza, sentimiento de soledad.<\/strong> <\/li>\n\n\n\n<li><strong>\ufe0f Reacci\u00f3n: P\u00e9rdida de apetito o antojo de algo dulce para mejorar el estado de \u00e1nimo.<\/strong> <\/li>\n<\/ul>\n\n\n\n<p><strong>La gente a menudo piensa que sus pensamientos son emociones, por ejemplo: \u201cSiento que no puedo manejar esto\u201d. Pero en realidad esto es un pensamiento: la emoci\u00f3n podr\u00eda ser el miedo al fracaso.<\/strong> <\/p>\n<\/div><\/div>\n\n\n\n<p><\/p>\n\n\n\n<div class=\"wp-block-group is-layout-constrained wp-block-group-is-layout-constrained\">\n<p class=\"has-text-align-center has-ast-global-color-1-color has-ast-global-color-5-background-color has-text-color has-background has-medium-font-size\" style=\"padding-top:var(--wp--preset--spacing--40);padding-bottom:var(--wp--preset--spacing--40)\"><strong><strong>ACTIVIDAD INTERACTIVA<\/strong> 17<\/strong><\/p>\n\n\n<div class=\"h5p-iframe-wrapper\"><iframe id=\"h5p-iframe-110\" class=\"h5p-iframe\" data-content-id=\"110\" style=\"height:1px\" src=\"about:blank\" frameBorder=\"0\" scrolling=\"no\" title=\"EJERCICIO 17\"><\/iframe><\/div>\n\n\n\n<div class=\"wp-block-uagb-separator uagb-block-223515cb wp-block-uagb-separator--icon\"><div class=\"wp-block-uagb-separator__inner\" style=\"--my-background-image:\"><div class=\"wp-block-uagb-separator-element\"><svg xmlns=\"https:\/\/www.w3.org\/2000\/svg\" viewBox=\"0 0 576 512\"><path d=\"M381.2 150.3L524.9 171.5C536.8 173.2 546.8 181.6 550.6 193.1C554.4 204.7 551.3 217.3 542.7 225.9L438.5 328.1L463.1 474.7C465.1 486.7 460.2 498.9 450.2 506C440.3 513.1 427.2 514 416.5 508.3L288.1 439.8L159.8 508.3C149 514 135.9 513.1 126 506C116.1 498.9 111.1 486.7 113.2 474.7L137.8 328.1L33.58 225.9C24.97 217.3 21.91 204.7 25.69 193.1C29.46 181.6 39.43 173.2 51.42 171.5L195 150.3L259.4 17.97C264.7 6.954 275.9-.0391 288.1-.0391C300.4-.0391 311.6 6.954 316.9 17.97L381.2 150.3z\"><\/path><\/svg><\/div><\/div><\/div>\n<\/div>\n\n\n\n<p>Las investigaciones sobre la relaci\u00f3n entre el hambre y los estados mentales generalmente se han llevado a cabo en entornos de laboratorio o entre personas con trastornos alimentarios. <\/p>\n\n\n\n<p>Rivaz et al. (2022) realizaron un experimento para examinar c\u00f3mo el hambre y la alimentaci\u00f3n afectan las emociones diarias en m\u00e1s de 700 adultos. Durante una semana, los participantes informaron sus niveles de hambre, ingesta de alimentos y estado de \u00e1nimo cuatro veces al d\u00eda. <\/p>\n\n\n\n<p>Los resultados mostraron que el hambre podr\u00eda aumentar la sensaci\u00f3n de energ\u00eda y actividad, adem\u00e1s de mejorar el estado de alerta. Las personas que ten\u00edan hambre reportaron menor lentitud mental. Por otro lado, comer hizo que las personas se sintieran m\u00e1s activas m\u00e1s tarde en el d\u00eda. <\/p>\n\n\n\n<p>El estudio tambi\u00e9n encontr\u00f3 que las emociones pueden influir en el hambre: las personas que se sent\u00edan en\u00e9rgicas, animadas o inquietas tend\u00edan a experimentar hambre m\u00e1s r\u00e1pidamente. Por el contrario, aquellos que se sent\u00edan distra\u00eddos o mentalmente lentos experimentaron una reducci\u00f3n del hambre. <\/p>\n\n\n\n<p>Curiosamente, no se encontr\u00f3 relaci\u00f3n entre el hambre y las emociones negativas como la tristeza, la ansiedad o la ira. Esto sugiere que el hambre puede tener un efecto m\u00e1s fuerte en nuestros niveles de energ\u00eda y actividad que en el estado de \u00e1nimo negativo. <\/p>\n\n\n\n<p class=\"has-text-color\" style=\"color:#e4493e;font-size:28px\"><strong>4.1. Una breve historia del cerebro emocional: la teor\u00eda del sistema l\u00edmbico<\/strong><\/p>\n\n\n\n<div class=\"wp-block-uagb-container uagb-block-dab6e7ad alignfull uagb-is-root-container\"><div class=\"uagb-container-inner-blocks-wrap\">\n<div class=\"wp-block-uagb-container uagb-block-4b1724b5\">\n<p class=\"has-text-align-left\">Todo organismo, incluso uno unicelular, debe responder a su entorno para sobrevivir. Por ejemplo, las bacterias se mueven hacia los nutrientes y se alejan de las toxinas. A medida que la evoluci\u00f3n progres\u00f3, los organismos multicelulares, especialmente aquellos con sistema nervioso, desarrollaron formas m\u00e1s avanzadas de responder a su entorno.<\/p>\n<\/div>\n\n\n\n<div class=\"wp-block-uagb-container uagb-block-37ad983a\"><\/div>\n<\/div><\/div>\n\n\n\n<p><\/p>\n\n\n\n<p class=\"has-ast-global-color-0-color has-text-color\" style=\"font-size:28px\"><em><strong>\u00bfC\u00f3mo se desarroll\u00f3 el cerebro?<\/strong><\/em><\/p>\n\n\n\n<p>Los vertebrados (animales con columna vertebral) comparten una estructura cerebral general similar, que consta de tres partes principales:<\/p>\n\n\n\n<div class=\"wp-block-uagb-container uagb-block-dc759087 alignfull uagb-is-root-container\"><div class=\"uagb-container-inner-blocks-wrap\">\n<div class=\"wp-block-uagb-container uagb-block-dd094f84\">\n<div class=\"wp-block-uagb-info-box uagb-block-0722892b uagb-infobox__content-wrap  uagb-infobox-icon-above-title uagb-infobox-image-valign-top\"><div class=\"uagb-ifb-content\"><div class=\"uagb-ifb-icon-wrap\"><svg xmlns=\"https:\/\/www.w3.org\/2000\/svg\" viewBox=\"0 0 512 512\"><path d=\"M184 0C214.9 0 240 25.07 240 56V456C240 486.9 214.9 512 184 512C155.1 512 131.3 490.1 128.3 461.9C123.1 463.3 117.6 464 112 464C76.65 464 48 435.3 48 400C48 392.6 49.27 385.4 51.59 378.8C21.43 367.4 0 338.2 0 304C0 272.1 18.71 244.5 45.77 231.7C37.15 220.8 32 206.1 32 192C32 161.3 53.59 135.7 82.41 129.4C80.84 123.9 80 118 80 112C80 82.06 100.6 56.92 128.3 49.93C131.3 21.86 155.1 0 184 0zM383.7 49.93C411.4 56.92 432 82.06 432 112C432 118 431.2 123.9 429.6 129.4C458.4 135.7 480 161.3 480 192C480 206.1 474.9 220.8 466.2 231.7C493.3 244.5 512 272.1 512 304C512 338.2 490.6 367.4 460.4 378.8C462.7 385.4 464 392.6 464 400C464 435.3 435.3 464 400 464C394.4 464 388.9 463.3 383.7 461.9C380.7 490.1 356.9 512 328 512C297.1 512 272 486.9 272 456V56C272 25.07 297.1 0 328 0C356.9 0 380.7 21.86 383.7 49.93z\"><\/path><\/svg><\/div><div class=\"uagb-ifb-title-wrap\"><h3 class=\"uagb-ifb-title\">Cerebro posterior<\/h3><\/div><p class=\"uagb-ifb-desc\">Responsable de las funciones b\u00e1sicas de la vida, como la respiraci\u00f3n.<\/p><\/div><\/div>\n<\/div>\n\n\n\n<div class=\"wp-block-uagb-container uagb-block-618b3ad2\">\n<div class=\"wp-block-uagb-info-box uagb-block-55849a45 uagb-infobox__content-wrap  uagb-infobox-icon-above-title uagb-infobox-image-valign-top\"><div class=\"uagb-ifb-content\"><div class=\"uagb-ifb-icon-wrap\"><svg xmlns=\"https:\/\/www.w3.org\/2000\/svg\" viewBox=\"0 0 512 512\"><path d=\"M184 0C214.9 0 240 25.07 240 56V456C240 486.9 214.9 512 184 512C155.1 512 131.3 490.1 128.3 461.9C123.1 463.3 117.6 464 112 464C76.65 464 48 435.3 48 400C48 392.6 49.27 385.4 51.59 378.8C21.43 367.4 0 338.2 0 304C0 272.1 18.71 244.5 45.77 231.7C37.15 220.8 32 206.1 32 192C32 161.3 53.59 135.7 82.41 129.4C80.84 123.9 80 118 80 112C80 82.06 100.6 56.92 128.3 49.93C131.3 21.86 155.1 0 184 0zM383.7 49.93C411.4 56.92 432 82.06 432 112C432 118 431.2 123.9 429.6 129.4C458.4 135.7 480 161.3 480 192C480 206.1 474.9 220.8 466.2 231.7C493.3 244.5 512 272.1 512 304C512 338.2 490.6 367.4 460.4 378.8C462.7 385.4 464 392.6 464 400C464 435.3 435.3 464 400 464C394.4 464 388.9 463.3 383.7 461.9C380.7 490.1 356.9 512 328 512C297.1 512 272 486.9 272 456V56C272 25.07 297.1 0 328 0C356.9 0 380.7 21.86 383.7 49.93z\"><\/path><\/svg><\/div><div class=\"uagb-ifb-title-wrap\"><h3 class=\"uagb-ifb-title\">Mesenc\u00e9falo<\/h3><\/div><p class=\"uagb-ifb-desc\">Participa en el procesamiento de la informaci\u00f3n sensorial y el control del movimiento.<\/p><\/div><\/div>\n<\/div>\n\n\n\n<div class=\"wp-block-uagb-container uagb-block-c0368bfd\">\n<div class=\"wp-block-uagb-info-box uagb-block-0d8c8567 uagb-infobox__content-wrap  uagb-infobox-icon-above-title uagb-infobox-image-valign-top\"><div class=\"uagb-ifb-content\"><div class=\"uagb-ifb-icon-wrap\"><svg xmlns=\"https:\/\/www.w3.org\/2000\/svg\" viewBox=\"0 0 512 512\"><path d=\"M184 0C214.9 0 240 25.07 240 56V456C240 486.9 214.9 512 184 512C155.1 512 131.3 490.1 128.3 461.9C123.1 463.3 117.6 464 112 464C76.65 464 48 435.3 48 400C48 392.6 49.27 385.4 51.59 378.8C21.43 367.4 0 338.2 0 304C0 272.1 18.71 244.5 45.77 231.7C37.15 220.8 32 206.1 32 192C32 161.3 53.59 135.7 82.41 129.4C80.84 123.9 80 118 80 112C80 82.06 100.6 56.92 128.3 49.93C131.3 21.86 155.1 0 184 0zM383.7 49.93C411.4 56.92 432 82.06 432 112C432 118 431.2 123.9 429.6 129.4C458.4 135.7 480 161.3 480 192C480 206.1 474.9 220.8 466.2 231.7C493.3 244.5 512 272.1 512 304C512 338.2 490.6 367.4 460.4 378.8C462.7 385.4 464 392.6 464 400C464 435.3 435.3 464 400 464C394.4 464 388.9 463.3 383.7 461.9C380.7 490.1 356.9 512 328 512C297.1 512 272 486.9 272 456V56C272 25.07 297.1 0 328 0C356.9 0 380.7 21.86 383.7 49.93z\"><\/path><\/svg><\/div><div class=\"uagb-ifb-title-wrap\"><h3 class=\"uagb-ifb-title\">Prosenc\u00e9falo<\/h3><\/div><p class=\"uagb-ifb-desc\">La parte m\u00e1s desarrollada del cerebro, que contiene estructuras responsables de las emociones, el pensamiento y la memoria.<\/p><\/div><\/div>\n<\/div>\n<\/div><\/div>\n\n\n\n<p><\/p>\n\n\n\n<p>Las diferencias en la estructura del cerebro entre especies llevaron al desarrollo de la teor\u00eda del cerebro trino en el siglo XX. Esta teor\u00eda propuso que con la aparici\u00f3n de los mam\u00edferos, el prosenc\u00e9falo experiment\u00f3 una expansi\u00f3n significativa. Se desarrollaron nuevas estructuras, como el neoc\u00f3rtex, que sustenta procesos mentales m\u00e1s avanzados, como el aprendizaje, la planificaci\u00f3n y, en los humanos, el lenguaje. <\/p>\n\n\n\n<div class=\"wp-block-uagb-container uagb-block-e23e0ead alignfull uagb-is-root-container\"><div class=\"uagb-container-inner-blocks-wrap\">\n<div class=\"wp-block-uagb-container uagb-block-07bec41c\">\n<div data-aos= \"zoom-in\" data-aos-duration=\"400\" data-aos-delay=\"0\" data-aos-easing=\"ease\" data-aos-once=\"true\" class=\"wp-block-uagb-container uagb-layout-flex uagb-block-ef9bf491\"><\/div>\n\n\n\n<p class=\"has-medium-font-size\"><em><strong>La teor\u00eda del sistema l\u00edmbico de Paul MacLean<\/strong><\/em><\/p>\n\n\n\n<p>A mediados del siglo XX, el neurobi\u00f3logo Paul MacLean propuso una teor\u00eda que sugiere que el cerebro est\u00e1 compuesto de tres capas evolutivas:<\/p>\n<\/div>\n\n\n\n<div class=\"wp-block-uagb-container uagb-block-994a74c8\">\n<p>1\ufe0f. Cerebro reptil: la parte m\u00e1s antigua del cerebro evolutivamente, responsable de las funciones b\u00e1sicas y los comportamientos instintivos. <br>2\ufe0f. Cerebro paleomam\u00edfero (sistema l\u00edmbico): responsable de las emociones. <br>3\ufe0f. Neoc\u00f3rtex (cerebro de los mam\u00edferos superiores): permite el pensamiento racional y la regulaci\u00f3n emocional. <\/p>\n<\/div>\n<\/div><\/div>\n\n\n\n<div class=\"wp-block-uagb-container uagb-block-8454dd5a alignwide uagb-is-root-container\">\n<p>Seg\u00fan MacLean, el sistema l\u00edmbico, que incluye estructuras como la am\u00edgdala y el hipocampo, nos ayuda a sentir y recordar las emociones. Cre\u00eda que este sistema desempe\u00f1aba un papel central en las reacciones emocionales y las vinculaba con los olores y la memoria. MacLean argument\u00f3 que a lo largo de la evoluci\u00f3n, el neoc\u00f3rtex gradualmente comenz\u00f3 a tomar m\u00e1s control sobre las emociones, permitiendo a los humanos regular mejor sus sentimientos y tomar decisiones racionales. <\/p>\n\n\n\n<p><strong><em>\u00bfEra exacta la teor\u00eda de MacLean?<\/em> <\/strong><br>Aunque la teor\u00eda del sistema l\u00edmbico se hizo muy popular en las d\u00e9cadas de 1950 y 1970, investigaciones posteriores han demostrado que no es del todo precisa. Estas son las principales razones por las que los cient\u00edficos modernos se han alejado de este modelo: <\/p>\n<\/div>\n\n\n\n<div class=\"wp-block-uagb-container uagb-block-7d5ed6a1 alignwide uagb-is-root-container\">\n<div class=\"wp-block-uagb-container uagb-block-50aca3b7\">      \n\t\t\t<div class=\"uagb-icon-wrapper uagb-block-793d1148      \"\n\t\t\tstyle=\"\" >\n\t\t\t\t\t\t\t\t\t<span class=\"uagb-svg-wrapper\" \n\t\t\t\t\t aria-label=\"1\"\t\t\t\t\ttabindex=\"0\">\t\t\n\t\t\t\t\t\t\t\t\t\t<svg xmlns=\"https:\/\/www.w3.org\/2000\/svg\" viewBox= \"0 0 256 512\" role=\"graphics-symbol\" aria-hidden=\"false\" aria-label=\"\"><path d=\"M256 448c0 17.67-14.33 32-32 32H32c-17.67 0-32-14.33-32-32s14.33-32 32-32h64V123.8L49.75 154.6C35.02 164.5 15.19 160.4 5.375 145.8C-4.422 131.1-.4531 111.2 14.25 101.4l96-64c9.828-6.547 22.45-7.187 32.84-1.594C153.5 41.37 160 52.22 160 64.01v352h64C241.7 416 256 430.3 256 448z\"><\/path><\/svg>\n\t\t\t\t\t\t\t\t\t<\/span>\n\t\t\t\t\t\t\t<\/div>\n\t\t\t\n\n\n<p><strong>Las estructuras similares al sistema l\u00edmbico no son exclusivas de los mam\u00edferos<\/strong>. MacLean cre\u00eda que el sistema l\u00edmbico era exclusivo de los mam\u00edferos, pero las investigaciones han demostrado que las aves y los reptiles tambi\u00e9n tienen estructuras similares; <strong>por ejemplo<\/strong>, equivalentes al hipocampo y la am\u00edgdala. <\/p>\n<\/div>\n\n\n\n<div class=\"wp-block-uagb-container uagb-block-dbae3cba\">      \n\t\t\t<div class=\"uagb-icon-wrapper uagb-block-2054c17c      \"\n\t\t\tstyle=\"\" >\n\t\t\t\t\t\t\t\t\t<span class=\"uagb-svg-wrapper\" \n\t\t\t\t\t aria-label=\"2\"\t\t\t\t\ttabindex=\"0\">\t\t\n\t\t\t\t\t\t\t\t\t\t<svg xmlns=\"https:\/\/www.w3.org\/2000\/svg\" viewBox= \"0 0 320 512\" role=\"graphics-symbol\" aria-hidden=\"false\" aria-label=\"\"><path d=\"M320 448c0 17.67-14.33 32-32 32H32c-13.08 0-24.83-7.953-29.7-20.09c-4.859-12.12-1.859-26 7.594-35.03l193.6-185.1c31.36-30.17 33.95-80 5.812-113.4c-14.91-17.69-35.86-28.12-58.97-29.38C127.4 95.83 105.3 103.9 88.53 119.9L53.52 151.7c-13.08 11.91-33.33 10.89-45.2-2.172C-3.563 136.5-2.594 116.2 10.48 104.3l34.45-31.3c28.67-27.34 68.39-42.11 108.9-39.88c40.33 2.188 78.39 21.16 104.4 52.03c49.8 59.05 45.2 147.3-10.45 200.8l-136 130H288C305.7 416 320 430.3 320 448z\"><\/path><\/svg>\n\t\t\t\t\t\t\t\t\t<\/span>\n\t\t\t\t\t\t\t<\/div>\n\t\t\t\n\n\n<p><strong>El hipocampo no es el principal responsable de las emociones<\/strong>. MacLean consideraba que el hipocampo era fundamental para el procesamiento emocional. Sin embargo, las investigaciones actuales muestran que su papel principal est\u00e1 en la memoria y la navegaci\u00f3n espacial. Su influencia sobre las emociones es mucho menor de lo que se pensaba. <\/p>\n<\/div>\n\n\n\n<div class=\"wp-block-uagb-container uagb-block-ff874e50\">      \n\t\t\t<div class=\"uagb-icon-wrapper uagb-block-fc841240      \"\n\t\t\tstyle=\"\" >\n\t\t\t\t\t\t\t\t\t<span class=\"uagb-svg-wrapper\" \n\t\t\t\t\t aria-label=\"3\"\t\t\t\t\ttabindex=\"0\">\t\t\n\t\t\t\t\t\t\t\t\t\t<svg xmlns=\"https:\/\/www.w3.org\/2000\/svg\" viewBox= \"0 0 320 512\" role=\"graphics-symbol\" aria-hidden=\"false\" aria-label=\"\"><path d=\"M320 344c0 74.98-61.02 136-136 136H103.6c-46.34 0-87.31-29.53-101.1-73.48c-5.594-16.77 3.484-34.88 20.25-40.47c16.75-5.609 34.89 3.484 40.47 20.25c5.922 17.77 22.48 29.7 41.23 29.7H184c39.7 0 72-32.3 72-72s-32.3-72-72-72H80c-13.2 0-25.05-8.094-29.83-20.41C45.39 239.3 48.66 225.3 58.38 216.4l131.4-120.4H32c-17.67 0-32-14.33-32-32s14.33-32 32-32h240c13.2 0 25.05 8.094 29.83 20.41c4.781 12.3 1.516 26.27-8.203 35.19l-131.4 120.4H184C258.1 208 320 269 320 344z\"><\/path><\/svg>\n\t\t\t\t\t\t\t\t\t<\/span>\n\t\t\t\t\t\t\t<\/div>\n\t\t\t\n\n\n<p><strong>El sistema l\u00edmbico no funciona como un \u00fanico sistema unificado. <\/strong><br>La teor\u00eda de MacLean propuso que el sistema l\u00edmbico es una unidad coherente responsable de las emociones. En realidad, las emociones no est\u00e1n controladas por una \u00fanica zona del cerebro, sino por una red de regiones que trabajan juntas, incluida la neocorteza. <\/p>\n<\/div>\n\n\n\n<div class=\"wp-block-uagb-container uagb-block-a768bcf3\">      \n\t\t\t<div class=\"uagb-icon-wrapper uagb-block-d35ceedd      \"\n\t\t\tstyle=\"\" >\n\t\t\t\t\t\t\t\t\t<span class=\"uagb-svg-wrapper\" \n\t\t\t\t\t aria-label=\"4\"\t\t\t\t\ttabindex=\"0\">\t\t\n\t\t\t\t\t\t\t\t\t\t<svg xmlns=\"https:\/\/www.w3.org\/2000\/svg\" viewBox= \"0 0 384 512\" role=\"graphics-symbol\" aria-hidden=\"false\" aria-label=\"\"><path d=\"M384 334.2c0 17.67-14.33 32-32 32h-32v81.78c0 17.67-14.33 32-32 32s-32-14.33-32-32v-81.78H32c-10.97 0-21.17-5.625-27.05-14.89c-5.859-9.266-6.562-20.89-1.875-30.81l128-270.2C138.6 34.33 157.8 27.56 173.7 35.09c15.97 7.562 22.78 26.66 15.22 42.63L82.56 302.2H256V160c0-17.67 14.33-32 32-32s32 14.33 32 32v142.2h32C369.7 302.2 384 316.6 384 334.2z\"><\/path><\/svg>\n\t\t\t\t\t\t\t\t\t<\/span>\n\t\t\t\t\t\t\t<\/div>\n\t\t\t\n\n\n<p><strong>El neoc\u00f3rtex est\u00e1 involucrado tanto en el pensamiento como en las emociones. <\/strong><br>MacLean sugiri\u00f3 que el neoc\u00f3rtex era el principal responsable del pensamiento racional, mientras que las emociones estaban controladas por regiones cerebrales m\u00e1s antiguas. Sin embargo, las investigaciones actuales muestran que el neoc\u00f3rtex tambi\u00e9n desempe\u00f1a un papel en los procesos emocionales: por ejemplo, ayudando a regular e interpretar las respuestas emocionales. <\/p>\n<\/div>\n<\/div>\n\n\n\n<p><\/p>\n\n\n\n<div class=\"wp-block-uagb-container uagb-block-5a02ed0d alignfull uagb-is-root-container\"><div class=\"uagb-container-inner-blocks-wrap\">\n<p class=\"has-ast-global-color-0-color has-text-color\" style=\"font-size:28px\"><em><em><strong>\u00bfC\u00f3mo entendemos hoy las emociones en el cerebro?<\/strong><\/em><\/em><\/p>\n\n\n\n<div class=\"wp-block-uagb-container uagb-block-764e2b4e\">\n<p>Hoy en d\u00eda, los cient\u00edficos ya no intentan explicar las emociones utilizando un \u00fanico \u201csistema emocional\u201d, como propone la teor\u00eda del sistema l\u00edmbico. En cambio, estudian emociones espec\u00edficas y sus mecanismos subyacentes en el cerebro. Cada emoci\u00f3n involucra diferentes estructuras cerebrales y sus interacciones son mucho m\u00e1s complejas de lo que se pensaba anteriormente. <br>El sistema l\u00edmbico jug\u00f3 un papel importante en el estudio temprano de las emociones, pero no es el \u00fanico responsable de su generaci\u00f3n. Ahora sabemos que las emociones surgen de la cooperaci\u00f3n de m\u00faltiples \u00e1reas del cerebro y su regulaci\u00f3n es m\u00e1s compleja de lo que supon\u00eda la teor\u00eda original.<\/p>\n<\/div>\n\n\n\n<div class=\"wp-block-uagb-container uagb-block-93776615\"><\/div>\n<\/div><\/div>\n\n\n\n<p><\/p>\n\n\n\n<p class=\"has-text-color\" style=\"color:#e4493e;font-size:28px\"><strong>4.2.  <strong>Comer emocionalmente vs. hambre f\u00edsica<\/strong><\/strong><\/p>\n\n\n\n<p><em><em><strong>\u00bfC\u00f3mo entendemos hoy las emociones en el cerebro?<\/strong><\/em><\/em><\/p>\n\n\n\n<p>No siempre comemos porque tengamos hambre f\u00edsica. A veces recurrimos a la comida por otras razones, como las emociones. El hambre f\u00edsica es la se\u00f1al natural del cuerpo de que necesita energ\u00eda, mientras que el hambre emocional est\u00e1 impulsada por nuestros sentimientos y nuestro estado de \u00e1nimo. <\/p>\n\n\n\n<p>Las diferencias m\u00e1s importantes se presentan en la siguiente tabla. <\/p>\n\n\n\n<figure class=\"wp-block-table is-style-stripes\" style=\"padding-top:0;padding-bottom:0\"><table class=\"has-text-color has-background has-link-color has-border-color has-ast-global-color-4-border-color has-fixed-layout\" style=\"color:#344714;background-color:#f4fbe6;border-width:2px\"><thead><tr><th><strong>Caracter\u00edstica<\/strong> <\/th><th><strong>Hambre f\u00edsica<\/strong> <\/th><th><strong>Hambre emocional<\/strong> <\/th><\/tr><\/thead><tbody><tr><td>\u00bfSe desarrolla gradualmente? <\/td><td>\u2705 Yes <\/td><td>\u274c No \u2013 aparece de repente <\/td><\/tr><tr><td>\u00bfSientes como contracciones enel est\u00f3mago? <\/td><td>\u2705 Yes <\/td><td>\u274c No <\/td><\/tr><tr><td>\u00bfDesaparecen despu\u00e9s de una comida normal? <\/td><td>\u2705 Yes <\/td><td>\u274c No \u2013 quieres seguir comiendo <\/td><\/tr><tr><td>\u00bfTienes antojo de ciertos tipos de alimentos? <\/td><td>\u274c No \u2013 comes lo que tengas a mano <\/td><td>\u2705 Yes \u2013 sobre todo dulces y comida r\u00e1pida <\/td><\/tr><tr><td>\u00bfTe sientes culpable despu\u00e9s de comer? <\/td><td>\u274c No <\/td><td>\u2705 Yes <\/td><\/tr><tr><td>\u00bfTe dejas guiar por el cuerpo? <\/td><td>\u2705 S\u00ed, controlado por el cerebro y las hormonas del hambre. <\/td><td>\u274c No, impulsado por las emociones <\/td><\/tr><\/tbody><\/table><\/figure>\n\n\n\n<p style=\"margin-top:0;margin-bottom:0\"><\/p>\n\n\n\n<p><strong>Ejemplo:<\/strong><\/p>\n\n\n\n<ul class=\"wp-block-list\">\n<li>Si realmente tienes hambre podr\u00e1s comer una comida saludable, como un s\u00e1ndwich o una ensalada. <\/li>\n\n\n\n<li>Si es hambre emocional, anhelas algo espec\u00edfico, como chocolate o patatas fritas.<\/li>\n<\/ul>\n\n\n\n<div class=\"wp-block-uagb-container uagb-block-29a7c77a alignfull uagb-is-root-container\"><div class=\"uagb-container-inner-blocks-wrap\">\n<div class=\"wp-block-uagb-container uagb-block-c05c64c6\">\n<div class=\"wp-block-uagb-container uagb-block-47422a27\">\n<div class=\"wp-block-media-text is-stacked-on-mobile\" style=\"grid-template-columns:46% auto\"><figure class=\"wp-block-media-text__media\"><img loading=\"lazy\" decoding=\"async\" width=\"768\" height=\"1024\" src=\"https:\/\/www.moodbites.eu\/wp-content\/uploads\/2025\/10\/gc0fa3dc25c8511b2ab1b6ea180b83d9750095a26684308a1b7cf4e30708addd5a0ba167e52cdfb021b6033c448cc58d3d5c2c45e82df58bfb256e4c5e2a53c43_1280-5376971-768x1024.jpg\" alt=\"vegano, sopa, comida, saludable, legumbres, comida, verduras, vegetariano, almorzando, delicioso, cocinar, alimento, fresco, plato, vegano bahrein\u00ed\" class=\"wp-image-680 size-full\" srcset=\"https:\/\/www.moodbites.eu\/wp-content\/uploads\/2025\/10\/gc0fa3dc25c8511b2ab1b6ea180b83d9750095a26684308a1b7cf4e30708addd5a0ba167e52cdfb021b6033c448cc58d3d5c2c45e82df58bfb256e4c5e2a53c43_1280-5376971-768x1024.jpg 768w, https:\/\/www.moodbites.eu\/wp-content\/uploads\/2025\/10\/gc0fa3dc25c8511b2ab1b6ea180b83d9750095a26684308a1b7cf4e30708addd5a0ba167e52cdfb021b6033c448cc58d3d5c2c45e82df58bfb256e4c5e2a53c43_1280-5376971-225x300.jpg 225w, https:\/\/www.moodbites.eu\/wp-content\/uploads\/2025\/10\/gc0fa3dc25c8511b2ab1b6ea180b83d9750095a26684308a1b7cf4e30708addd5a0ba167e52cdfb021b6033c448cc58d3d5c2c45e82df58bfb256e4c5e2a53c43_1280-5376971-75x100.jpg 75w, https:\/\/www.moodbites.eu\/wp-content\/uploads\/2025\/10\/gc0fa3dc25c8511b2ab1b6ea180b83d9750095a26684308a1b7cf4e30708addd5a0ba167e52cdfb021b6033c448cc58d3d5c2c45e82df58bfb256e4c5e2a53c43_1280-5376971.jpg 960w\" sizes=\"auto, (max-width: 768px) 100vw, 768px\" \/><\/figure><div class=\"wp-block-media-text__content\">\n<p><strong><strong>El hambre f\u00edsica se desarrolla gradualmente, est\u00e1 vinculada a las necesidades reales del cuerpo y desaparece despu\u00e9s de comer.<\/strong><\/strong><\/p>\n<\/div><\/div>\n<\/div>\n<\/div>\n\n\n\n<div class=\"wp-block-uagb-container uagb-block-3c7aceb8\">\n<div class=\"wp-block-uagb-container uagb-block-23ac22ef\">\n<div class=\"wp-block-media-text is-stacked-on-mobile\" style=\"grid-template-columns:60% auto\"><figure class=\"wp-block-media-text__media\"><img loading=\"lazy\" decoding=\"async\" width=\"650\" height=\"650\" src=\"https:\/\/www.moodbites.eu\/wp-content\/uploads\/2025\/10\/pexels-photo-9201333-9201333.jpg\" alt=\"Deliciosa hamburguesa con queso gourmet servida con crujientes papas fritas y salsa para mojar sobre una tabla de madera.\" class=\"wp-image-682 size-full\" srcset=\"https:\/\/www.moodbites.eu\/wp-content\/uploads\/2025\/10\/pexels-photo-9201333-9201333.jpg 650w, https:\/\/www.moodbites.eu\/wp-content\/uploads\/2025\/10\/pexels-photo-9201333-9201333-300x300.jpg 300w, https:\/\/www.moodbites.eu\/wp-content\/uploads\/2025\/10\/pexels-photo-9201333-9201333-150x150.jpg 150w, https:\/\/www.moodbites.eu\/wp-content\/uploads\/2025\/10\/pexels-photo-9201333-9201333-100x100.jpg 100w\" sizes=\"auto, (max-width: 650px) 100vw, 650px\" \/><\/figure><div class=\"wp-block-media-text__content\">\n<p><strong><strong><strong>El hambre emocional aparece de repente, crea antojos de alimentos espec\u00edficos y no est\u00e1 relacionada con una necesidad f\u00edsica.<\/strong><\/strong><\/strong><\/p>\n<\/div><\/div>\n<\/div>\n<\/div>\n<\/div><\/div>\n\n\n\n<p><\/p>\n\n\n\n<p class=\"has-ast-global-color-0-color has-text-color\" style=\"font-size:28px\"><em><em><strong>Teor\u00edas de la alimentaci\u00f3n emocional: \u00bfc\u00f3mo influyen las emociones en lo que comemos?<\/strong><\/em><\/em><\/p>\n\n\n\n<p>Los investigadores identifican tres enfoques principales para explicar por qu\u00e9 las personas comen en respuesta a las emociones. Cada uno se centra en un mecanismo diferente (Reichenberger et al., 2020):<br>1\ufe0f. Percepci\u00f3n de se\u00f1ales corporales (interocepci\u00f3n)<br>2. Procesos cognitivos<br>3\ufe0f. Aprendizaje basado en experiencias pasadas <\/p>\n\n\n\n<div class=\"wp-block-uagb-container uagb-block-d937cef0 alignfull uagb-is-root-container\"><div class=\"uagb-container-inner-blocks-wrap\">\n<div class=\"wp-block-uagb-container uagb-block-4a8a294c\">\n<p><strong><em>1. Teor\u00eda psicosom\u00e1tica: confundir las emociones con el hambre<\/em><\/strong><br>Seg\u00fan esta teor\u00eda, algunas personas tienen dificultad para reconocer con precisi\u00f3n las se\u00f1ales de su cuerpo. Esto significa que pueden confundir estados emocionales con hambre f\u00edsica. Por ejemplo, cuando sienten estr\u00e9s, tristeza o ansiedad, su cuerpo reacciona con tensi\u00f3n, lo que interpretan como hambre, lo que los lleva a comer (Reichenberger et al., 2020). <\/p>\n<\/div>\n\n\n\n<div class=\"wp-block-uagb-container uagb-block-c44db356\">\n<p class=\"has-ast-global-color-1-color has-text-color has-link-color wp-elements-02604699174cbc7bce1f2b6827caa68f\"><strong>Ejemplo: Mar\u00eda se siente estresada antes de un examen. En lugar de reconocer que est\u00e1 tensa y ansiosa, cree tener hambre y toma una barra de chocolate. Antiguamente se utilizaba para explicar la obesidad, pero hoy en d\u00eda los investigadores coinciden en que no explica completamente el fen\u00f3meno. Sin embargo, la percepci\u00f3n de las se\u00f1ales corporales sigue desempe\u00f1ando un papel importante en la investigaci\u00f3n nutricional.<\/strong>  <\/p>\n<\/div>\n<\/div><\/div>\n\n\n\n<p><\/p>\n\n\n\n<div class=\"wp-block-uagb-container uagb-block-02ad42d0 alignfull uagb-is-root-container\"><div class=\"uagb-container-inner-blocks-wrap\">\n<div class=\"wp-block-uagb-container uagb-block-f2548c65\">\n<p><strong><em>2. Teor\u00eda de la restricci\u00f3n: las reglas r\u00edgidas conducen a comer en exceso.<\/em><\/strong><br>Esta teor\u00eda sugiere que las personas que siguen dietas muy estrictas son m\u00e1s propensas a sufrir episodios de alimentaci\u00f3n emocional. Cuando alguien se proh\u00edbe comer ciertos alimentos (por ejemplo, \u201cnunca como chocolate\u201d) y luego rompe esa regla, puede pensar: \u201cYa he fracasado, as\u00ed que mejor como m\u00e1s\u201d. Esto se conoce como el \u201cefecto \u2018qu\u00e9 diablos\u2019\u201d (Reichenberger et al., 2020).<\/p>\n<\/div>\n\n\n\n<div class=\"wp-block-uagb-container uagb-block-467f0152\">\n<p class=\"has-ast-global-color-1-color has-text-color has-link-color wp-elements-89ab762b95e346bc528fc406095020f4\"><strong>Ejemplo:<br>Tomek decidi\u00f3 evitar los dulces. Sin embargo, en la fiesta de cumplea\u00f1os de su amigo, comi\u00f3 un trozo de pastel. En lugar de detenerse ah\u00ed, pens\u00f3: \u00abYa que ya he comido dulces, mejor me como el paquete entero de galletas\u00bb. Las emociones pueden debilitar el control sobre estas reglas, por lo que a las personas que siguen dietas demasiado estrictas a menudo les cuesta mantenerlas a largo plazo.<\/strong> <\/p>\n<\/div>\n<\/div><\/div>\n\n\n\n<p><\/p>\n\n\n\n<div class=\"wp-block-uagb-container uagb-block-c1485dd3 alignfull uagb-is-root-container\"><div class=\"uagb-container-inner-blocks-wrap\">\n<div class=\"wp-block-uagb-container uagb-block-a79678cc\">\n<p><strong><em>3. Teor\u00eda del aprendizaje: la comida como recompensa para el cerebro<\/em><\/strong><br>Esta teor\u00eda explica que comer puede convertirse en una forma de mejorar el estado de \u00e1nimo. Si alguien ha aprendido por experiencias pasadas que, por ejemplo, el chocolate le hace sentir mejor, su cerebro empieza a asociar emociones negativas con la comida. Como resultado, cuando en el futuro se sientan tristes o estresados, es posible que autom\u00e1ticamente busquen comida, incluso si no tienen hambre f\u00edsica.<\/p>\n\n\n\n<p> \u00bfC\u00f3mo funciona? <\/p>\n\n\n\n<ul class=\"wp-block-list\">\n<li> Cada vez que comemos algo sabroso, el cerebro recibe la se\u00f1al: \u00ab\u00a1esto se siente bien!\u00bb <\/li>\n\n\n\n<li>Si comemos durante un momento estresante, el sentimiento negativo desaparece temporalmente. <\/li>\n\n\n\n<li>El cerebro aprende que la comida ayuda a \u201cvencer\u201d el estr\u00e9s, por lo que la pr\u00f3xima vez que ocurre una situaci\u00f3n similar, nos impulsa a tomar un refrigerio nuevamente (Reichenberger et al., 2020). <\/li>\n<\/ul>\n<\/div>\n\n\n\n<div class=\"wp-block-uagb-container uagb-block-bc933928\">\n<p class=\"has-ast-global-color-1-color has-text-color has-link-color wp-elements-8d8130c00969bef8764ead908a01c5ab\"><strong>Ejemplo:<br>Despu\u00e9s de un d\u00eda dif\u00edcil en la escuela, Kasia siempre come helado. Como resultado, su cerebro empieza a asociar el helado con sentirse mejor, y la pr\u00f3xima vez que se sienta triste, autom\u00e1ticamente lo anhelar\u00e1.<\/strong> <\/p>\n\n\n\n<p class=\"has-ast-global-color-1-color has-text-color has-link-color wp-elements-8e3b9651703d3458d2b1558ed6e2ba72\"><strong>Esto explica por qu\u00e9 es tan dif\u00edcil romper el h\u00e1bito de comer emocionalmente: el cerebro se acostumbra a la recompensa que proporciona la comida sabrosa.<\/strong> <\/p>\n<\/div>\n<\/div><\/div>\n\n\n\n<p><\/p>\n\n\n\n<p class=\"has-ast-global-color-0-color has-text-color\" style=\"font-size:28px\"><em><strong>\u00bfLa alimentaci\u00f3n emocional est\u00e1 relacionada con las hormonas?<\/strong><\/em><\/p>\n\n\n\n<p>Algunas teor\u00edas tambi\u00e9n apuntan al papel de las hormonas en la alimentaci\u00f3n emocional. El estr\u00e9s provoca cambios en los niveles de cortisol, insulina y glucosa, lo que puede influir en el apetito. Ciertos nutrientes tambi\u00e9n pueden afectar las sustancias qu\u00edmicas del cerebro que mejoran el estado de \u00e1nimo, lo que ayuda a explicar por qu\u00e9 comer puede brindar un alivio temporal (Reichenberger et al., 2020).<\/p>\n\n\n\n<div class=\"wp-block-uagb-container uagb-block-2107303a alignfull uagb-is-root-container\"><div class=\"uagb-container-inner-blocks-wrap\">\n<p class=\"has-ast-global-color-1-color has-text-color\"><strong>Ejemplo:<br>El chocolate contiene compuestos que aumentan los niveles de serotonina, la \u00abhormona de la felicidad\u00bb. Es por eso que muchas personas recurren a \u00e9l cuando se sienten tristes. <\/strong><\/p>\n<\/div><\/div>\n\n\n\n<p><\/p>\n\n\n\n<div class=\"wp-block-group is-layout-constrained wp-block-group-is-layout-constrained\">\n<p class=\"has-text-align-center has-ast-global-color-1-color has-ast-global-color-5-background-color has-text-color has-background has-medium-font-size\" style=\"padding-top:var(--wp--preset--spacing--40);padding-bottom:var(--wp--preset--spacing--40)\"><strong><strong>INTERACTIVE ACTIVITY<\/strong> 18<\/strong><\/p>\n\n\n<div class=\"h5p-iframe-wrapper\"><iframe id=\"h5p-iframe-111\" class=\"h5p-iframe\" data-content-id=\"111\" style=\"height:1px\" src=\"about:blank\" frameBorder=\"0\" scrolling=\"no\" title=\"EJERCICIO 18-MODULO 2\"><\/iframe><\/div>\n\n\n\n<div class=\"wp-block-uagb-separator uagb-block-eaaf612a wp-block-uagb-separator--icon\"><div class=\"wp-block-uagb-separator__inner\" style=\"--my-background-image:\"><div class=\"wp-block-uagb-separator-element\"><svg xmlns=\"https:\/\/www.w3.org\/2000\/svg\" viewBox=\"0 0 576 512\"><path d=\"M381.2 150.3L524.9 171.5C536.8 173.2 546.8 181.6 550.6 193.1C554.4 204.7 551.3 217.3 542.7 225.9L438.5 328.1L463.1 474.7C465.1 486.7 460.2 498.9 450.2 506C440.3 513.1 427.2 514 416.5 508.3L288.1 439.8L159.8 508.3C149 514 135.9 513.1 126 506C116.1 498.9 111.1 486.7 113.2 474.7L137.8 328.1L33.58 225.9C24.97 217.3 21.91 204.7 25.69 193.1C29.46 181.6 39.43 173.2 51.42 171.5L195 150.3L259.4 17.97C264.7 6.954 275.9-.0391 288.1-.0391C300.4-.0391 311.6 6.954 316.9 17.97L381.2 150.3z\"><\/path><\/svg><\/div><\/div><\/div>\n<\/div>\n\n\n\n<p class=\"has-ast-global-color-0-color has-text-color\" style=\"font-size:28px\"><strong><em>\u00bfPor qu\u00e9 comemos cuando estamos tristes, aburridos o estresados?<\/em> <\/strong><\/p>\n\n\n\n<p><br>Las emociones influyen en la forma en que comemos. La comida a menudo sirve como un mecanismo de afrontamiento de las emociones m\u00e1s que como una respuesta a las necesidades fisiol\u00f3gicas del cuerpo. \u00bfC\u00f3mo afectan las diferentes emociones a nuestro comportamiento alimentario? <br>\u2714\ufe0f Tristeza: a menudo conduce a antojos de dulces y alimentos ricos en carbohidratos, que mejoran temporalmente el estado de \u00e1nimo. <br>\u2714\ufe0f Aburrimiento: com\u00fanmente desencadena el \u201ccomer para tener algo que hacer\u201d, incluso cuando el cuerpo no necesita calor\u00edas. <br>\u2714\ufe0f Alegr\u00eda: puede llevarnos a comer en entornos sociales y celebraciones, lo que a veces puede resultar en comer en exceso. <br>\u2714\ufe0f Ira: puede provocar una alimentaci\u00f3n impulsiva, con poco control sobre la cantidad consumida. <\/p>\n\n\n\n<p>Desmet y Schifferstein (2008) caracterizaron una gama de emociones que pueden estar asociadas con el consumo de alimentos. Los investigadores identificaron un total de 22 emociones, algunas de las cuales son positivas y otras negativas. En la siguiente tabla se presenta una descripci\u00f3n detallada de estas emociones relacionadas con la comida. <\/p>\n\n\n\n<div class=\"wp-block-uagb-container uagb-block-b789aa29 alignfull uagb-is-root-container\"><div class=\"uagb-container-inner-blocks-wrap\">\n<p><strong>Emociones relacionadas con el consumo de alimentos.<\/strong> Fuente: Desmet y Schifferstein (2008) <\/p>\n\n\n\n<figure class=\"wp-block-table is-style-stripes\"><table class=\"has-ast-global-color-7-background-color has-background has-border-color has-ast-global-color-4-border-color has-fixed-layout\" style=\"border-width:2px\"><tbody><tr><td><strong>Emociones positivas<\/strong> <\/td><td><strong>Ejemplo<\/strong> <\/td><td><strong>Emociones negativas<\/strong> <\/td><td><strong>Ejemplo<\/strong> <\/td><\/tr><tr><td><strong>Satisfacci\u00f3n<\/strong> <\/td><td>Sentirse lleno despu\u00e9s de comer. <\/td><td><strong>Aburrimiento<\/strong> <\/td><td>Relacionado con dietas mon\u00f3tonas o comer por aburrimiento. <\/td><\/tr><tr><td><strong>Placer<\/strong> <\/td><td>Usualmente cuando se consumen dulces <\/td><td><strong>Decepci\u00f3n<\/strong> <\/td><td>Cuando el sabor de la comida es diferente al esperado. <\/td><\/tr><tr><td><strong>Deseo<\/strong> <\/td><td>A menudo relacionado con la apariencia o el sabor de la comida. <\/td><td><strong>Falta de satisfacci\u00f3n<\/strong> <\/td><td>Com\u00fanmente relacionado con la comida consumida fuera de casa (por ejemplo, en un restaurante) cuando la calidad es inferior a las expectativas. <\/td><\/tr><tr><td><strong>Diversi\u00f3n<\/strong> <\/td><td>A menudo vinculado al aspecto social de la comida. <\/td><td><strong>Disgusto<\/strong> <\/td><td>Puede sentirse en relaci\u00f3n con alimentos o productos alimenticios espec\u00edficos (por ejemplo, despojos). <\/td><\/tr><tr><td><strong>Admiraci\u00f3n<\/strong> <\/td><td>El sabor favorito aumenta la frecuencia de consumo. <\/td><td><strong>Sorpresa desagradable<\/strong> <\/td><td>A menudo en el contexto de un sabor inesperadamente malo o de una baja calidad (por ejemplo, comida en mal estado). <\/td><\/tr><tr><td><strong>Excitaci\u00f3n<\/strong> <\/td><td>Generalmente asociado con alimentos energizantes (por ejemplo, manzanas) o cafe\u00edna. <\/td><td><strong>Verg\u00fcenza<\/strong> <\/td><td>Relacionado con un comportamiento alimentario inadecuado (por ejemplo, comer pasta o langosta de forma incorrecta). <\/td><\/tr><tr><td><strong>Sorpresa grata<\/strong> <\/td><td>Descubriendo un sabor inesperadamente bueno. <\/td><td><strong>Desprecio<\/strong> <\/td><td>Sentimientos hacia ciertos h\u00e1bitos alimenticios (por ejemplo, consumir carne o alimentos poco saludables). <\/td><\/tr><tr><td><strong>Alivio<\/strong> <\/td><td>Beber algo refrescante cuando tenemos mucha sed (por ejemplo en un d\u00eda caluroso). <\/td><td><strong>Miedo<\/strong> <\/td><td>A menudo vinculado a alimentos nuevos o inusuales o a problemas de seguridad alimentaria. <\/td><\/tr><tr><td><strong>Admiraci\u00f3n<\/strong> <\/td><td>Admiraci\u00f3n hacia el chef por las cualidades sensoriales del plato. <\/td><td><strong>Tristeza<\/strong> <\/td><td>Asociado a alimentos consumidos durante experiencias tristes. <\/td><\/tr><tr><td><strong>Esperanza<\/strong> <\/td><td>A menudo asociado con los dulces o el atractivo visual de un plato. <\/td><td><strong>Enojo<\/strong> <\/td><td>Se siente cuando la comida no sale como se esperaba a pesar del gran esfuerzo. <\/td><\/tr><tr><td><strong>Orgullo<\/strong> <\/td><td>Orgullo de preparar un plato que era complejo o que requer\u00eda mucho tiempo de preparaci\u00f3n. <\/td><td><strong>Celos<\/strong> <\/td><td>Envidia hacia otros que consumen productos exclusivos (por ejemplo, caviar). <\/td><\/tr><\/tbody><\/table><\/figure>\n<\/div><\/div>\n\n\n\n<p><\/p>\n\n\n\n<p class=\"has-ast-global-color-0-color has-text-color\" style=\"font-size:28px\"><strong><em>\u00bfPor qu\u00e9 comemos diferente seg\u00fan nuestras emociones?<\/em> <\/strong><\/p>\n\n\n\n<ul class=\"wp-block-list\">\n<li>Cuando nos sentimos tristes, a menudo buscamos consuelo en la comida; es por eso que tendemos a elegir dulces y comida r\u00e1pida, que desencadenan una r\u00e1pida liberaci\u00f3n de dopamina (la \u201chormona de la felicidad\u201d). <\/li>\n<\/ul>\n\n\n\n<ul class=\"wp-block-list\">\n<li>Cuando nos sentimos alegres, comer se convierte en parte de la celebraci\u00f3n, a menudo en entornos sociales, lo que puede llevarnos a comer porciones m\u00e1s grandes. <\/li>\n<\/ul>\n\n\n\n<ul class=\"wp-block-list\">\n<li>Cuando estamos estresados, el cuerpo activa la respuesta de \u201clucha o huida\u201d, lo que puede suprimir el apetito en algunas personas, mientras que en otras aumenta los antojos de alimentos poco saludables. <\/li>\n<\/ul>\n\n\n\n<figure class=\"wp-block-table is-style-stripes\"><table class=\"has-background has-border-color has-ast-global-color-4-border-color has-fixed-layout\" style=\"background-color:#e9f3d9;border-width:2px\"><tbody><tr><td><strong>Referencias<\/strong>  <\/td><\/tr><tr><td>de Rivaz, R., Swendsen, J., Berthoz, S., Husky, M., Merikangas, K., &amp; Marques-Vidal, P. (2022). <em>Asociaciones entre el hambre y los efectos psicol\u00f3gicos: Un estudio de evaluaci\u00f3n ecol\u00f3gica moment\u00e1nea a gran escala. Nutrients, 14(23), 5167.<\/em> https:\/\/doi.org\/10.3390\/nu14235167<br>Reichenberger, J., Schnepper, R., Arend, AK y Blechert, J. (2020). Alimentaci\u00f3n emocional en personas sanas y pacientes con trastornos de la conducta alimentaria: Evidencia de estudios psicom\u00e9tricos, experimentales y naturalistas. <em>Actas de la Sociedad de Nutrici\u00f3n<\/em>, 79(3), 290\u2013299. https:\/\/doi.org\/10.1017\/S0029665120007004<br>Desmet, P. y Schifferstein, H. (2008). Fuentes de emociones positivas y negativas en la experiencia alimentaria<em>. Appetite, 50<\/em>(2\u20133), 290\u2013301.  https:\/\/doi.org\/10.1016\/j.appet.2007.08.003\n <\/td><\/tr><\/tbody><\/table><\/figure>\n","protected":false},"excerpt":{"rendered":"","protected":false},"featured_media":0,"comment_status":"open","ping_status":"closed","template":"","meta":{"_coblocks_attr":"","_coblocks_dimensions":"","_coblocks_responsive_height":"","_coblocks_accordion_ie_support":"","_uag_custom_page_level_css":"","_uf_show_specific_survey":0,"_uf_disable_surveys":false,"site-sidebar-layout":"default","site-content-layout":"","ast-site-content-layout":"default","site-content-style":"default","site-sidebar-style":"default","ast-global-header-display":"","ast-banner-title-visibility":"","ast-main-header-display":"","ast-hfb-above-header-display":"","ast-hfb-below-header-display":"","ast-hfb-mobile-header-display":"","site-post-title":"","ast-breadcrumbs-content":"","ast-featured-img":"","footer-sml-layout":"","theme-transparent-header-meta":"","adv-header-id-meta":"","stick-header-meta":"","header-above-stick-meta":"","header-main-stick-meta":"","header-below-stick-meta":"","astra-migrate-meta-layouts":"default","ast-page-background-enabled":"default","ast-page-background-meta":{"desktop":{"background-color":"var(--ast-global-color-5)","background-image":"","background-repeat":"repeat","background-position":"center center","background-size":"auto","background-attachment":"scroll","background-type":"","background-media":"","overlay-type":"","overlay-color":"","overlay-opacity":"","overlay-gradient":""},"tablet":{"background-color":"","background-image":"","background-repeat":"repeat","background-position":"center center","background-size":"auto","background-attachment":"scroll","background-type":"","background-media":"","overlay-type":"","overlay-color":"","overlay-opacity":"","overlay-gradient":""},"mobile":{"background-color":"","background-image":"","background-repeat":"repeat","background-position":"center center","background-size":"auto","background-attachment":"scroll","background-type":"","background-media":"","overlay-type":"","overlay-color":"","overlay-opacity":"","overlay-gradient":""}},"ast-content-background-meta":{"desktop":{"background-color":"var(--ast-global-color-4)","background-image":"","background-repeat":"repeat","background-position":"center center","background-size":"auto","background-attachment":"scroll","background-type":"","background-media":"","overlay-type":"","overlay-color":"","overlay-opacity":"","overlay-gradient":""},"tablet":{"background-color":"var(--ast-global-color-4)","background-image":"","background-repeat":"repeat","background-position":"center center","background-size":"auto","background-attachment":"scroll","background-type":"","background-media":"","overlay-type":"","overlay-color":"","overlay-opacity":"","overlay-gradient":""},"mobile":{"background-color":"var(--ast-global-color-4)","background-image":"","background-repeat":"repeat","background-position":"center center","background-size":"auto","background-attachment":"scroll","background-type":"","background-media":"","overlay-type":"","overlay-color":"","overlay-opacity":"","overlay-gradient":""}},"_initial_content":"","_new_post":false,"footnotes":"","_quiz_has_questions":false,"_lesson_complexity":"easy","_lesson_length":10,"_lesson_course":1078,"_lesson_preview":""},"lesson-tag":[],"class_list":["post-1096","lesson","type-lesson","status-publish","hentry","module-modulo-2","post"],"aioseo_notices":[],"yoast_head":"<!-- This site is optimized with the Yoast SEO plugin v27.3 - https:\/\/yoast.com\/product\/yoast-seo-wordpress\/ -->\n<title>4. El eje intestino-cerebro y su papel en la salud mental, incluidos los cambios en el microbioma inducidos por la dieta en los trastornos psiqui\u00e1tricos -<\/title>\n<meta name=\"robots\" content=\"index, follow, max-snippet:-1, max-image-preview:large, max-video-preview:-1\" \/>\n<link rel=\"canonical\" href=\"https:\/\/www.moodbites.eu\/es\/lesson\/4-the-gut-brain-axis-and-its-role-in-mental-health\/\" \/>\n<meta property=\"og:locale\" content=\"es_ES\" \/>\n<meta property=\"og:type\" content=\"article\" \/>\n<meta property=\"og:title\" content=\"4. El eje intestino-cerebro y su papel en la salud mental, incluidos los cambios en el microbioma inducidos por la dieta en los trastornos psiqui\u00e1tricos -\" \/>\n<meta property=\"og:description\" content=\"\u00bfQu\u00e9 son las emociones? Las emociones son reacciones a corto plazo del cuerpo a diferentes situaciones que nos ayudan a [&hellip;]\" \/>\n<meta property=\"og:url\" content=\"https:\/\/www.moodbites.eu\/es\/lesson\/4-the-gut-brain-axis-and-its-role-in-mental-health\/\" \/>\n<meta property=\"article:modified_time\" content=\"2025-12-03T11:13:00+00:00\" \/>\n<meta property=\"og:image\" content=\"https:\/\/www.moodbites.eu\/wp-content\/uploads\/2025\/10\/gc0fa3dc25c8511b2ab1b6ea180b83d9750095a26684308a1b7cf4e30708addd5a0ba167e52cdfb021b6033c448cc58d3d5c2c45e82df58bfb256e4c5e2a53c43_1280-5376971.jpg\" \/>\n\t<meta property=\"og:image:width\" content=\"960\" \/>\n\t<meta property=\"og:image:height\" content=\"1280\" \/>\n\t<meta property=\"og:image:type\" content=\"image\/jpeg\" \/>\n<meta name=\"twitter:card\" content=\"summary_large_image\" \/>\n<meta name=\"twitter:label1\" content=\"Tiempo de lectura\" \/>\n\t<meta name=\"twitter:data1\" content=\"13 minutos\" \/>\n<script type=\"application\/ld+json\" class=\"yoast-schema-graph\">{\"@context\":\"https:\\\/\\\/schema.org\",\"@graph\":[{\"@type\":\"WebPage\",\"@id\":\"https:\\\/\\\/www.moodbites.eu\\\/es\\\/lesson\\\/4-the-gut-brain-axis-and-its-role-in-mental-health\\\/\",\"url\":\"https:\\\/\\\/www.moodbites.eu\\\/es\\\/lesson\\\/4-the-gut-brain-axis-and-its-role-in-mental-health\\\/\",\"name\":\"4. El eje intestino-cerebro y su papel en la salud mental, incluidos los cambios en el microbioma inducidos por la dieta en los trastornos psiqui\u00e1tricos -\",\"isPartOf\":{\"@id\":\"https:\\\/\\\/www.moodbites.eu\\\/es\\\/#website\"},\"primaryImageOfPage\":{\"@id\":\"https:\\\/\\\/www.moodbites.eu\\\/es\\\/lesson\\\/4-the-gut-brain-axis-and-its-role-in-mental-health\\\/#primaryimage\"},\"image\":{\"@id\":\"https:\\\/\\\/www.moodbites.eu\\\/es\\\/lesson\\\/4-the-gut-brain-axis-and-its-role-in-mental-health\\\/#primaryimage\"},\"thumbnailUrl\":\"https:\\\/\\\/www.moodbites.eu\\\/wp-content\\\/uploads\\\/2025\\\/10\\\/gc0fa3dc25c8511b2ab1b6ea180b83d9750095a26684308a1b7cf4e30708addd5a0ba167e52cdfb021b6033c448cc58d3d5c2c45e82df58bfb256e4c5e2a53c43_1280-5376971-768x1024.jpg\",\"datePublished\":\"2025-10-06T09:02:59+00:00\",\"dateModified\":\"2025-12-03T11:13:00+00:00\",\"breadcrumb\":{\"@id\":\"https:\\\/\\\/www.moodbites.eu\\\/es\\\/lesson\\\/4-the-gut-brain-axis-and-its-role-in-mental-health\\\/#breadcrumb\"},\"inLanguage\":\"es\",\"potentialAction\":[{\"@type\":\"ReadAction\",\"target\":[\"https:\\\/\\\/www.moodbites.eu\\\/es\\\/lesson\\\/4-the-gut-brain-axis-and-its-role-in-mental-health\\\/\"]}]},{\"@type\":\"ImageObject\",\"inLanguage\":\"es\",\"@id\":\"https:\\\/\\\/www.moodbites.eu\\\/es\\\/lesson\\\/4-the-gut-brain-axis-and-its-role-in-mental-health\\\/#primaryimage\",\"url\":\"https:\\\/\\\/www.moodbites.eu\\\/wp-content\\\/uploads\\\/2025\\\/10\\\/gc0fa3dc25c8511b2ab1b6ea180b83d9750095a26684308a1b7cf4e30708addd5a0ba167e52cdfb021b6033c448cc58d3d5c2c45e82df58bfb256e4c5e2a53c43_1280-5376971-768x1024.jpg\",\"contentUrl\":\"https:\\\/\\\/www.moodbites.eu\\\/wp-content\\\/uploads\\\/2025\\\/10\\\/gc0fa3dc25c8511b2ab1b6ea180b83d9750095a26684308a1b7cf4e30708addd5a0ba167e52cdfb021b6033c448cc58d3d5c2c45e82df58bfb256e4c5e2a53c43_1280-5376971-768x1024.jpg\"},{\"@type\":\"BreadcrumbList\",\"@id\":\"https:\\\/\\\/www.moodbites.eu\\\/es\\\/lesson\\\/4-the-gut-brain-axis-and-its-role-in-mental-health\\\/#breadcrumb\",\"itemListElement\":[{\"@type\":\"ListItem\",\"position\":1,\"name\":\"Portada\",\"item\":\"https:\\\/\\\/www.moodbites.eu\\\/es\\\/\"},{\"@type\":\"ListItem\",\"position\":2,\"name\":\"4. El eje intestino-cerebro y su papel en la salud mental, incluidos los cambios en el microbioma inducidos por la dieta en los trastornos psiqui\u00e1tricos\"}]},{\"@type\":\"WebSite\",\"@id\":\"https:\\\/\\\/www.moodbites.eu\\\/es\\\/#website\",\"url\":\"https:\\\/\\\/www.moodbites.eu\\\/es\\\/\",\"name\":\"Moodbites\",\"description\":\"Tailored training program that helps mental health professionals use nutrition to support the well-being of people with mental disorders.\",\"publisher\":{\"@id\":\"https:\\\/\\\/www.moodbites.eu\\\/es\\\/#organization\"},\"potentialAction\":[{\"@type\":\"SearchAction\",\"target\":{\"@type\":\"EntryPoint\",\"urlTemplate\":\"https:\\\/\\\/www.moodbites.eu\\\/es\\\/?s={search_term_string}\"},\"query-input\":{\"@type\":\"PropertyValueSpecification\",\"valueRequired\":true,\"valueName\":\"search_term_string\"}}],\"inLanguage\":\"es\"},{\"@type\":\"Organization\",\"@id\":\"https:\\\/\\\/www.moodbites.eu\\\/es\\\/#organization\",\"name\":\"Moodbites\",\"url\":\"https:\\\/\\\/www.moodbites.eu\\\/es\\\/\",\"logo\":{\"@type\":\"ImageObject\",\"inLanguage\":\"es\",\"@id\":\"https:\\\/\\\/www.moodbites.eu\\\/es\\\/#\\\/schema\\\/logo\\\/image\\\/\",\"url\":\"https:\\\/\\\/www.moodbites.eu\\\/wp-content\\\/uploads\\\/2025\\\/05\\\/logo.png\",\"contentUrl\":\"https:\\\/\\\/www.moodbites.eu\\\/wp-content\\\/uploads\\\/2025\\\/05\\\/logo.png\",\"width\":160,\"height\":68,\"caption\":\"Moodbites\"},\"image\":{\"@id\":\"https:\\\/\\\/www.moodbites.eu\\\/es\\\/#\\\/schema\\\/logo\\\/image\\\/\"}}]}<\/script>\n<!-- \/ Yoast SEO plugin. -->","yoast_head_json":{"title":"4. El eje intestino-cerebro y su papel en la salud mental, incluidos los cambios en el microbioma inducidos por la dieta en los trastornos psiqui\u00e1tricos -","robots":{"index":"index","follow":"follow","max-snippet":"max-snippet:-1","max-image-preview":"max-image-preview:large","max-video-preview":"max-video-preview:-1"},"canonical":"https:\/\/www.moodbites.eu\/es\/lesson\/4-the-gut-brain-axis-and-its-role-in-mental-health\/","og_locale":"es_ES","og_type":"article","og_title":"4. El eje intestino-cerebro y su papel en la salud mental, incluidos los cambios en el microbioma inducidos por la dieta en los trastornos psiqui\u00e1tricos -","og_description":"\u00bfQu\u00e9 son las emociones? Las emociones son reacciones a corto plazo del cuerpo a diferentes situaciones que nos ayudan a [&hellip;]","og_url":"https:\/\/www.moodbites.eu\/es\/lesson\/4-the-gut-brain-axis-and-its-role-in-mental-health\/","article_modified_time":"2025-12-03T11:13:00+00:00","og_image":[{"width":960,"height":1280,"url":"https:\/\/www.moodbites.eu\/wp-content\/uploads\/2025\/10\/gc0fa3dc25c8511b2ab1b6ea180b83d9750095a26684308a1b7cf4e30708addd5a0ba167e52cdfb021b6033c448cc58d3d5c2c45e82df58bfb256e4c5e2a53c43_1280-5376971.jpg","type":"image\/jpeg"}],"twitter_card":"summary_large_image","twitter_misc":{"Tiempo de lectura":"13 minutos"},"schema":{"@context":"https:\/\/schema.org","@graph":[{"@type":"WebPage","@id":"https:\/\/www.moodbites.eu\/es\/lesson\/4-the-gut-brain-axis-and-its-role-in-mental-health\/","url":"https:\/\/www.moodbites.eu\/es\/lesson\/4-the-gut-brain-axis-and-its-role-in-mental-health\/","name":"4. El eje intestino-cerebro y su papel en la salud mental, incluidos los cambios en el microbioma inducidos por la dieta en los trastornos psiqui\u00e1tricos -","isPartOf":{"@id":"https:\/\/www.moodbites.eu\/es\/#website"},"primaryImageOfPage":{"@id":"https:\/\/www.moodbites.eu\/es\/lesson\/4-the-gut-brain-axis-and-its-role-in-mental-health\/#primaryimage"},"image":{"@id":"https:\/\/www.moodbites.eu\/es\/lesson\/4-the-gut-brain-axis-and-its-role-in-mental-health\/#primaryimage"},"thumbnailUrl":"https:\/\/www.moodbites.eu\/wp-content\/uploads\/2025\/10\/gc0fa3dc25c8511b2ab1b6ea180b83d9750095a26684308a1b7cf4e30708addd5a0ba167e52cdfb021b6033c448cc58d3d5c2c45e82df58bfb256e4c5e2a53c43_1280-5376971-768x1024.jpg","datePublished":"2025-10-06T09:02:59+00:00","dateModified":"2025-12-03T11:13:00+00:00","breadcrumb":{"@id":"https:\/\/www.moodbites.eu\/es\/lesson\/4-the-gut-brain-axis-and-its-role-in-mental-health\/#breadcrumb"},"inLanguage":"es","potentialAction":[{"@type":"ReadAction","target":["https:\/\/www.moodbites.eu\/es\/lesson\/4-the-gut-brain-axis-and-its-role-in-mental-health\/"]}]},{"@type":"ImageObject","inLanguage":"es","@id":"https:\/\/www.moodbites.eu\/es\/lesson\/4-the-gut-brain-axis-and-its-role-in-mental-health\/#primaryimage","url":"https:\/\/www.moodbites.eu\/wp-content\/uploads\/2025\/10\/gc0fa3dc25c8511b2ab1b6ea180b83d9750095a26684308a1b7cf4e30708addd5a0ba167e52cdfb021b6033c448cc58d3d5c2c45e82df58bfb256e4c5e2a53c43_1280-5376971-768x1024.jpg","contentUrl":"https:\/\/www.moodbites.eu\/wp-content\/uploads\/2025\/10\/gc0fa3dc25c8511b2ab1b6ea180b83d9750095a26684308a1b7cf4e30708addd5a0ba167e52cdfb021b6033c448cc58d3d5c2c45e82df58bfb256e4c5e2a53c43_1280-5376971-768x1024.jpg"},{"@type":"BreadcrumbList","@id":"https:\/\/www.moodbites.eu\/es\/lesson\/4-the-gut-brain-axis-and-its-role-in-mental-health\/#breadcrumb","itemListElement":[{"@type":"ListItem","position":1,"name":"Portada","item":"https:\/\/www.moodbites.eu\/es\/"},{"@type":"ListItem","position":2,"name":"4. El eje intestino-cerebro y su papel en la salud mental, incluidos los cambios en el microbioma inducidos por la dieta en los trastornos psiqui\u00e1tricos"}]},{"@type":"WebSite","@id":"https:\/\/www.moodbites.eu\/es\/#website","url":"https:\/\/www.moodbites.eu\/es\/","name":"Moodbites","description":"Tailored training program that helps mental health professionals use nutrition to support the well-being of people with mental disorders.","publisher":{"@id":"https:\/\/www.moodbites.eu\/es\/#organization"},"potentialAction":[{"@type":"SearchAction","target":{"@type":"EntryPoint","urlTemplate":"https:\/\/www.moodbites.eu\/es\/?s={search_term_string}"},"query-input":{"@type":"PropertyValueSpecification","valueRequired":true,"valueName":"search_term_string"}}],"inLanguage":"es"},{"@type":"Organization","@id":"https:\/\/www.moodbites.eu\/es\/#organization","name":"Moodbites","url":"https:\/\/www.moodbites.eu\/es\/","logo":{"@type":"ImageObject","inLanguage":"es","@id":"https:\/\/www.moodbites.eu\/es\/#\/schema\/logo\/image\/","url":"https:\/\/www.moodbites.eu\/wp-content\/uploads\/2025\/05\/logo.png","contentUrl":"https:\/\/www.moodbites.eu\/wp-content\/uploads\/2025\/05\/logo.png","width":160,"height":68,"caption":"Moodbites"},"image":{"@id":"https:\/\/www.moodbites.eu\/es\/#\/schema\/logo\/image\/"}}]}},"uagb_featured_image_src":{"full":false,"thumbnail":false,"medium":false,"medium_large":false,"large":false,"course_archive_thumbnail":false,"course_single_thumbnail":false,"lesson_archive_thumbnail":false,"lesson_single_thumbnail":false,"1536x1536":false,"2048x2048":false},"uagb_author_info":{"display_name":"juliacunyADMIN","author_link":"https:\/\/www.moodbites.eu\/es\/author\/"},"uagb_comment_info":0,"uagb_excerpt":"\u00bfQu\u00e9 son las emociones? Las emociones son reacciones a corto plazo del cuerpo a diferentes situaciones que nos ayudan a [&hellip;]","_links":{"self":[{"href":"https:\/\/www.moodbites.eu\/es\/wp-json\/wp\/v2\/lessons\/1096","targetHints":{"allow":["GET"]}}],"collection":[{"href":"https:\/\/www.moodbites.eu\/es\/wp-json\/wp\/v2\/lessons"}],"about":[{"href":"https:\/\/www.moodbites.eu\/es\/wp-json\/wp\/v2\/types\/lesson"}],"replies":[{"embeddable":true,"href":"https:\/\/www.moodbites.eu\/es\/wp-json\/wp\/v2\/comments?post=1096"}],"version-history":[{"count":5,"href":"https:\/\/www.moodbites.eu\/es\/wp-json\/wp\/v2\/lessons\/1096\/revisions"}],"predecessor-version":[{"id":1873,"href":"https:\/\/www.moodbites.eu\/es\/wp-json\/wp\/v2\/lessons\/1096\/revisions\/1873"}],"wp:attachment":[{"href":"https:\/\/www.moodbites.eu\/es\/wp-json\/wp\/v2\/media?parent=1096"}],"wp:term":[{"taxonomy":"lesson-tag","embeddable":true,"href":"https:\/\/www.moodbites.eu\/es\/wp-json\/wp\/v2\/lesson-tag?post=1096"}],"curies":[{"name":"wp","href":"https:\/\/api.w.org\/{rel}","templated":true}]}}