{"id":1101,"date":"2025-10-08T10:36:49","date_gmt":"2025-10-08T08:36:49","guid":{"rendered":"https:\/\/www.moodbites.eu\/lesson\/deficiencies-commonly-found-in-patients-with-mental-disorders\/"},"modified":"2025-12-05T13:28:08","modified_gmt":"2025-12-05T12:28:08","slug":"deficiencies-commonly-found-in-patients-with-mental-disorders","status":"publish","type":"lesson","link":"https:\/\/www.moodbites.eu\/es\/lesson\/deficiencies-commonly-found-in-patients-with-mental-disorders\/","title":{"rendered":"3. Deficiencias que se encuentran com\u00fanmente en pacientes con trastornos mentales"},"content":{"rendered":"\n<p class=\"sensei-content-description has-text-color\" style=\"color:#e4493e;font-size:28px\"><strong>Deficiencias nutricionales comunes en pacientes psiqui\u00e1tricos <\/strong><\/p>\n\n\n\n<div class=\"wp-block-uagb-container uagb-block-34fd9bed alignfull uagb-is-root-container\"><div class=\"uagb-container-inner-blocks-wrap\"><\/div><\/div>\n\n\n\n<p><\/p>\n\n\n\n<p class=\"sensei-content-description has-ast-global-color-0-color has-text-color\" style=\"font-size:20px\"><strong><em>Mecanismos que conducen a deficiencias de nutrientes en pacientes con trastornos mentales<\/em> <\/strong><\/p>\n\n\n\n<p class=\"sensei-content-description has-ast-global-color-3-color has-text-color\" style=\"font-size:14px\">Las deficiencias nutricionales en pacientes con trastornos mentales se deben no solo a una dieta inadecuada, sino tambi\u00e9n a mecanismos biol\u00f3gicos que alteran la absorci\u00f3n y el metabolismo de los nutrientes. En esta secci\u00f3n, presentaremos una explicaci\u00f3n detallada de por qu\u00e9 las personas con trastornos mentales suelen sufrir deficiencias de vitaminas y minerales, y los procesos que las provocan (Zieli\u0144ska et al., 2023; Onaolapo y Onaolapo, 2021; Rao et al., 2008).  <\/p>\n\n\n\n<p class=\"sensei-content-description has-ast-global-color-3-color has-text-color\" style=\"font-size:14px\"><\/p>\n\n\n\n<div class=\"wp-block-uagb-container uagb-block-9187f8ca alignfull uagb-is-root-container\"><div class=\"uagb-container-inner-blocks-wrap\">\n<div class=\"wp-block-uagb-container uagb-block-0c54da90 alignfull uagb-is-root-container\"><div class=\"uagb-container-inner-blocks-wrap\">\n<div class=\"wp-block-uagb-container uagb-block-b6f0666b\">\n<p style=\"font-size:16px\"><strong>1. Trastornos de la absorci\u00f3n y el metabolismo de nutrientes <\/strong><\/p>\n\n\n\n<p>La absorci\u00f3n de nutrientes es el proceso mediante el cual los intestinos absorben vitaminas, minerales y otras sustancias esenciales para el correcto funcionamiento del organismo. Una vez absorbidos, estos nutrientes se transportan a diversos tejidos, donde desempe\u00f1an funciones clave, como apoyar la funci\u00f3n cerebral, regular el metabolismo y contribuir a la producci\u00f3n de neurotransmisores. Sin embargo, en personas con trastornos mentales, este proceso puede verse afectado. La malabsorci\u00f3n puede significar que un paciente consume una cantidad adecuada de nutrientes, pero el cuerpo no puede absorberlos eficazmente. Como resultado, pueden producirse deficiencias que pueden exacerbar los s\u00edntomas de la enfermedad mental.     <\/p>\n<\/div>\n\n\n\n<div class=\"wp-block-uagb-container uagb-block-88cef6ca\">\n<p>Principales causas de alteraci\u00f3n de la absorci\u00f3n y metabolismo de nutrientes en pacientes psiqui\u00e1tricos: <\/p>\n\n\n\n<ul class=\"wp-block-list\">\n<li>Cambios en el microbioma intestinal (disbiosis); <\/li>\n\n\n\n<li>Inflamaci\u00f3n intestinal: La inflamaci\u00f3n de los intestinos es una sobreactivaci\u00f3n del sistema inmunol\u00f3gico, que da\u00f1a el revestimiento intestinal y perjudica su funci\u00f3n de absorci\u00f3n.<\/li>\n\n\n\n<li>Intolerancias alimentarias y enfermedades autoinmunes (por ejemplo, enfermedad cel\u00edaca); <\/li>\n\n\n\n<li>Trastornos en el transporte de nutrientes al cerebro. <\/li>\n<\/ul>\n<\/div>\n<\/div><\/div>\n\n\n\n<div class=\"wp-block-uagb-container uagb-block-f0ed868c\">\n<p class=\"has-text-color has-link-color wp-elements-915d2d194f4b383e02ffabb227ef12c0\" style=\"color:#5a5e62;font-size:16px\"><strong>Los problemas de absorci\u00f3n m\u00e1s comunes incluyen: <\/strong><\/p>\n\n\n\n<div class=\"wp-block-columns has-background is-layout-flex wp-container-core-columns-is-layout-28f84493 wp-block-columns-is-layout-flex\" style=\"border-style:none;border-width:0px;border-radius:0px;background-color:#e1e1db;box-shadow:var(--wp--preset--shadow--natural)\">\n<div class=\"wp-block-column has-background is-layout-flow wp-block-column-is-layout-flow\" style=\"background-color:#f7f7ed;flex-basis:50%\">\n<div class=\"wp-block-uagb-container uagb-block-d5862db9\">\n<p><strong>A. Intolerancia al gluten y enfermedad cel\u00edaca en pacientes con esquizofrenia (Onaolapo y Onaolapo 2021): <\/strong><\/p>\n\n\n\n<ul class=\"wp-block-list\">\n<li><strong>La enfermedad cel\u00edaca<\/strong> es una enfermedad autoinmune en la que el consumo de gluten (una prote\u00edna presente en el trigo, el centeno y la cebada) desencadena una respuesta inmunitaria que da\u00f1a las vellosidades del intestino delgado. Estas vellosidades son responsables de la absorci\u00f3n de nutrientes, por lo que su da\u00f1o provoca deficiencias de hierro, zinc, calcio, magnesio, vitaminas del complejo B y vitamina D.  <\/li>\n<\/ul>\n\n\n\n<ul class=\"wp-block-list\">\n<li><strong>La intolerancia al gluten<\/strong> es una afecci\u00f3n ligeramente m\u00e1s leve en la que el gluten provoca reacciones inflamatorias en los intestinos, pero no provoca da\u00f1o permanente a las vellosidades intestinales. Sin embargo, la inflamaci\u00f3n cr\u00f3nica puede limitar la absorci\u00f3n de vitaminas y minerales esenciales, lo que aumenta el riesgo de deficiencias nutricionales.  <\/li>\n<\/ul>\n<\/div>\n<\/div>\n\n\n\n<div class=\"wp-block-column is-layout-flow wp-block-column-is-layout-flow\" style=\"flex-basis:50%\">\n<p><strong>La inflamaci\u00f3n cr\u00f3nica<\/strong>, especialmente en el intestino, puede afectar negativamente la capacidad del cuerpo para absorber nutrientes. Causas de la inflamaci\u00f3n (Onaolapo y Onaolapo, 2021):  <\/p>\n\n\n\n<ul class=\"wp-block-list\">\n<li>Aumento de la permeabilidad intestinal (el llamado \u00abintestino permeable\u00bb), lo que significa que los nutrientes no se absorben adecuadamente y las sustancias nocivas pueden pasar al torrente sangu\u00edneo, lo que desencadena m\u00e1s respuestas inflamatorias; <\/li>\n<\/ul>\n\n\n\n<ul class=\"wp-block-list\">\n<li>Producci\u00f3n deficiente de enzimas digestivas, lo que dificulta la digesti\u00f3n adecuada y la absorci\u00f3n de nutrientes. <\/li>\n<\/ul>\n\n\n\t\t\t\t\t<div\n\t\t\t\t\t\tclass=\"wp-block-uagb-image-gallery uagb-block-c925a959     \"\n\t\t\t\t\t\tstyle=\"\"\n\t\t\t\t\t>\n\t\t\t\t\t\t\t\t\t\t\t<div class=\"spectra-image-gallery spectra-image-gallery__layout--grid spectra-image-gallery__layout--grid-col-3 spectra-image-gallery__layout--grid-col-tab-3 spectra-image-gallery__layout--grid-col-mob-2\">\n\t\t\t\t\t\t\t\t\t\t\t<div class='spectra-image-gallery__media-wrapper' data-spectra-gallery-image-id='753' tabindex=\"0\">\n\t\t\t\t\t\t\t<div class=\"spectra-image-gallery__media spectra-image-gallery__media--grid\">\n\t\t\t\t<picture>\n\t\t\t\t\t<source media=\"(min-width: 1024px)\" srcset=\"https:\/\/www.moodbites.eu\/wp-content\/uploads\/2025\/10\/pexels-photo-1974627-1974627.jpg\">\n\t\t\t\t\t<source media=\"(min-width: 768px)\" srcset=\"https:\/\/www.moodbites.eu\/wp-content\/uploads\/2025\/10\/pexels-photo-1974627-1974627.jpg\">\n\t\t\t\t\t<img decoding=\"async\" class=\"spectra-image-gallery__media-thumbnail spectra-image-gallery__media-thumbnail--grid\" src=\"https:\/\/www.moodbites.eu\/wp-content\/uploads\/2025\/10\/pexels-photo-1974627-1974627-225x300.jpg\" alt=\"A detailed close-up photo of wheat stalks, showcasing their texture and natural color against a neutral background.\" loading=\"lazy\" \/>\n\t\t\t\t<\/picture>\n\t\t\t\t<div class=\"spectra-image-gallery__media-thumbnail-blurrer\"><\/div>\n\t\t\t\t\t\t\t\t\t\t\t<div class=\"spectra-image-gallery__media-thumbnail-caption-wrapper spectra-image-gallery__media-thumbnail-caption-wrapper--overlay\"><\/div>\n\t\t\t\t\t\t\t\t<\/div>\n\t\t\t\t\t\t<\/div>\n\t\t\t\t\t\t<div class='spectra-image-gallery__media-wrapper' data-spectra-gallery-image-id='754' tabindex=\"0\">\n\t\t\t\t\t\t\t<div class=\"spectra-image-gallery__media spectra-image-gallery__media--grid\">\n\t\t\t\t<picture>\n\t\t\t\t\t<source media=\"(min-width: 1024px)\" srcset=\"https:\/\/www.moodbites.eu\/wp-content\/uploads\/2025\/10\/pexels-photo-5938354-5938354.jpg\">\n\t\t\t\t\t<source media=\"(min-width: 768px)\" srcset=\"https:\/\/www.moodbites.eu\/wp-content\/uploads\/2025\/10\/pexels-photo-5938354-5938354.jpg\">\n\t\t\t\t\t<img decoding=\"async\" class=\"spectra-image-gallery__media-thumbnail spectra-image-gallery__media-thumbnail--grid\" src=\"https:\/\/www.moodbites.eu\/wp-content\/uploads\/2025\/10\/pexels-photo-5938354-5938354-200x300.jpg\" alt=\"Young African American female sitting on couch at home while having acute pain in stomach\" loading=\"lazy\" \/>\n\t\t\t\t<\/picture>\n\t\t\t\t<div class=\"spectra-image-gallery__media-thumbnail-blurrer\"><\/div>\n\t\t\t\t\t\t\t\t\t\t\t<div class=\"spectra-image-gallery__media-thumbnail-caption-wrapper spectra-image-gallery__media-thumbnail-caption-wrapper--overlay\"><\/div>\n\t\t\t\t\t\t\t\t<\/div>\n\t\t\t\t\t\t<\/div>\n\t\t\t\t\t\t<div class='spectra-image-gallery__media-wrapper' data-spectra-gallery-image-id='755' tabindex=\"0\">\n\t\t\t\t\t\t\t<div class=\"spectra-image-gallery__media spectra-image-gallery__media--grid\">\n\t\t\t\t<picture>\n\t\t\t\t\t<source media=\"(min-width: 1024px)\" srcset=\"https:\/\/www.moodbites.eu\/wp-content\/uploads\/2025\/10\/pexels-photo-6626846-6626846.jpg\">\n\t\t\t\t\t<source media=\"(min-width: 768px)\" srcset=\"https:\/\/www.moodbites.eu\/wp-content\/uploads\/2025\/10\/pexels-photo-6626846-6626846.jpg\">\n\t\t\t\t\t<img decoding=\"async\" class=\"spectra-image-gallery__media-thumbnail spectra-image-gallery__media-thumbnail--grid\" src=\"https:\/\/www.moodbites.eu\/wp-content\/uploads\/2025\/10\/pexels-photo-6626846-6626846-200x300.jpg\" alt=\"A close-up of dessert preparation with a whisk in a mixing bowl, showcasing textured ingredients.\" loading=\"lazy\" \/>\n\t\t\t\t<\/picture>\n\t\t\t\t<div class=\"spectra-image-gallery__media-thumbnail-blurrer\"><\/div>\n\t\t\t\t\t\t\t\t\t\t\t<div class=\"spectra-image-gallery__media-thumbnail-caption-wrapper spectra-image-gallery__media-thumbnail-caption-wrapper--overlay\"><\/div>\n\t\t\t\t\t\t\t\t<\/div>\n\t\t\t\t\t\t<\/div>\n\t\t\t\t\t\t\t\t\t\t<\/div>\n\t\t\t\t\t\t\t\t\t\t\t\t\t\t\t\t\t\t<\/div>\n\t\t\t\t\t\t\t\t\t<\/div>\n<\/div>\n\n\n\n<hr class=\"wp-block-separator has-alpha-channel-opacity\"\/>\n\n\n\n<div class=\"wp-block-group is-layout-constrained wp-block-group-is-layout-constrained\">\n<div class=\"wp-block-columns has-background is-layout-flex wp-container-core-columns-is-layout-28f84493 wp-block-columns-is-layout-flex\" style=\"background-color:#e1e1db;box-shadow:var(--wp--preset--shadow--natural)\">\n<div class=\"wp-block-column is-vertically-aligned-center has-background is-layout-flow wp-block-column-is-layout-flow\" style=\"background-color:#f7f7ed;flex-basis:50%\">\n<div class=\"wp-block-uagb-container uagb-block-6b23db03\">\n<p><strong>B. Alteraciones del microbioma intestinal (disbiosis)<\/strong> en pacientes con depresi\u00f3n y esquizofrenia<strong> <\/strong>El microbioma intestinal \u2014el conjunto de bacterias que residen en el tracto gastrointestinal\u2014 desempe\u00f1a un papel fundamental en la salud mental y el metabolismo de los nutrientes. En pacientes con trastornos mentales, se observan con frecuencia las siguientes caracter\u00edsticas:  <\/p>\n\n\n\n<ul class=\"wp-block-list\">\n<li><strong>Niveles reducidos de bacterias beneficiosas<\/strong>: las bacterias intestinales contribuyen a la producci\u00f3n de ciertas vitaminas como la vitamina K, la biotina y el \u00e1cido f\u00f3lico (B9). Las deficiencias de estos nutrientes pueden afectar el metabolismo de neurotransmisores como la serotonina y la dopamina, lo que aumenta el riesgo de depresi\u00f3n y trastornos de ansiedad.  <\/li>\n<\/ul>\n\n\n\n<ul class=\"wp-block-list\">\n<li><strong>Aumento de los niveles de bacterias pat\u00f3genas<\/strong>: algunas bacterias da\u00f1inas pueden causar inflamaci\u00f3n cr\u00f3nica, da\u00f1ar el revestimiento intestinal y debilitar la capacidad del cuerpo para absorber nutrientes, lo que puede exacerbar los s\u00edntomas de enfermedades mentales (Onaolapo y Onaolapo 2021). <\/li>\n<\/ul>\n<\/div>\n<\/div>\n\n\n\n<div class=\"wp-block-column is-vertically-aligned-center has-background is-layout-constrained wp-block-column-is-layout-constrained\" style=\"background-color:#f7f7ed;flex-basis:50%\">\t\t\t\t\t<div\n\t\t\t\t\t\tclass=\"wp-block-uagb-image-gallery uagb-block-35babf4b     \"\n\t\t\t\t\t\tstyle=\"\"\n\t\t\t\t\t>\n\t\t\t\t\t\t\t\t\t\t\t<div class=\"spectra-image-gallery spectra-image-gallery__layout--grid spectra-image-gallery__layout--grid-col-3 spectra-image-gallery__layout--grid-col-tab-3 spectra-image-gallery__layout--grid-col-mob-2\">\n\t\t\t\t\t\t\t\t\t\t\t<div class='spectra-image-gallery__media-wrapper' data-spectra-gallery-image-id='757' tabindex=\"0\">\n\t\t\t\t\t\t\t<div class=\"spectra-image-gallery__media spectra-image-gallery__media--grid\">\n\t\t\t\t<picture>\n\t\t\t\t\t<source media=\"(min-width: 1024px)\" srcset=\"https:\/\/www.moodbites.eu\/wp-content\/uploads\/2025\/10\/pexels-photo-5846883-5846883.jpg\">\n\t\t\t\t\t<source media=\"(min-width: 768px)\" srcset=\"https:\/\/www.moodbites.eu\/wp-content\/uploads\/2025\/10\/pexels-photo-5846883-5846883.jpg\">\n\t\t\t\t\t<img decoding=\"async\" class=\"spectra-image-gallery__media-thumbnail spectra-image-gallery__media-thumbnail--grid\" src=\"https:\/\/www.moodbites.eu\/wp-content\/uploads\/2025\/10\/pexels-photo-5846883-5846883-300x200.jpg\" alt=\"A detailed close-up image of a human belly with water droplets on the skin, showcasing texture.\" loading=\"lazy\" \/>\n\t\t\t\t<\/picture>\n\t\t\t\t<div class=\"spectra-image-gallery__media-thumbnail-blurrer\"><\/div>\n\t\t\t\t\t\t\t\t\t\t\t<div class=\"spectra-image-gallery__media-thumbnail-caption-wrapper spectra-image-gallery__media-thumbnail-caption-wrapper--overlay\"><\/div>\n\t\t\t\t\t\t\t\t<\/div>\n\t\t\t\t\t\t<\/div>\n\t\t\t\t\t\t<div class='spectra-image-gallery__media-wrapper' data-spectra-gallery-image-id='759' tabindex=\"0\">\n\t\t\t\t\t\t\t<div class=\"spectra-image-gallery__media spectra-image-gallery__media--grid\">\n\t\t\t\t<picture>\n\t\t\t\t\t<source media=\"(min-width: 1024px)\" srcset=\"https:\/\/www.moodbites.eu\/wp-content\/uploads\/2025\/10\/pexels-photo-5841803-5841803.jpg\">\n\t\t\t\t\t<source media=\"(min-width: 768px)\" srcset=\"https:\/\/www.moodbites.eu\/wp-content\/uploads\/2025\/10\/pexels-photo-5841803-5841803.jpg\">\n\t\t\t\t\t<img decoding=\"async\" class=\"spectra-image-gallery__media-thumbnail spectra-image-gallery__media-thumbnail--grid\" src=\"https:\/\/www.moodbites.eu\/wp-content\/uploads\/2025\/10\/pexels-photo-5841803-5841803-169x300.jpg\" alt=\"Illustration depicting microbiome within a human silhouette on a textured background.\" loading=\"lazy\" \/>\n\t\t\t\t<\/picture>\n\t\t\t\t<div class=\"spectra-image-gallery__media-thumbnail-blurrer\"><\/div>\n\t\t\t\t\t\t\t\t\t\t\t<div class=\"spectra-image-gallery__media-thumbnail-caption-wrapper spectra-image-gallery__media-thumbnail-caption-wrapper--overlay\"><\/div>\n\t\t\t\t\t\t\t\t<\/div>\n\t\t\t\t\t\t<\/div>\n\t\t\t\t\t\t<div class='spectra-image-gallery__media-wrapper' data-spectra-gallery-image-id='758' tabindex=\"0\">\n\t\t\t\t\t\t\t<div class=\"spectra-image-gallery__media spectra-image-gallery__media--grid\">\n\t\t\t\t<picture>\n\t\t\t\t\t<source media=\"(min-width: 1024px)\" srcset=\"https:\/\/www.moodbites.eu\/wp-content\/uploads\/2025\/10\/g45157c4318ccb7ca9599d8d39e7c0d973b8851ae52ffaafc058aa46eff4ff788370c0bda986b477c1140db703e9c22905e99de0cfaf3c5ae6bea49dcfdf14121_1280-3658992-1024x563.jpg\">\n\t\t\t\t\t<source media=\"(min-width: 768px)\" srcset=\"https:\/\/www.moodbites.eu\/wp-content\/uploads\/2025\/10\/g45157c4318ccb7ca9599d8d39e7c0d973b8851ae52ffaafc058aa46eff4ff788370c0bda986b477c1140db703e9c22905e99de0cfaf3c5ae6bea49dcfdf14121_1280-3658992-1024x563.jpg\">\n\t\t\t\t\t<img decoding=\"async\" class=\"spectra-image-gallery__media-thumbnail spectra-image-gallery__media-thumbnail--grid\" src=\"https:\/\/www.moodbites.eu\/wp-content\/uploads\/2025\/10\/g45157c4318ccb7ca9599d8d39e7c0d973b8851ae52ffaafc058aa46eff4ff788370c0bda986b477c1140db703e9c22905e99de0cfaf3c5ae6bea49dcfdf14121_1280-3658992-300x165.jpg\" alt=\"bacteria, microbiology, organism, biology, science, medicine, healthcare, microscopic, disease, genetic, bacteria, bacteria, bacteria, bacteria, bacteria\" loading=\"lazy\" \/>\n\t\t\t\t<\/picture>\n\t\t\t\t<div class=\"spectra-image-gallery__media-thumbnail-blurrer\"><\/div>\n\t\t\t\t\t\t\t\t\t\t\t<div class=\"spectra-image-gallery__media-thumbnail-caption-wrapper spectra-image-gallery__media-thumbnail-caption-wrapper--overlay\"><\/div>\n\t\t\t\t\t\t\t\t<\/div>\n\t\t\t\t\t\t<\/div>\n\t\t\t\t\t\t\t\t\t\t<\/div>\n\t\t\t\t\t\t\t\t\t\t\t\t\t\t\t\t\t\t<\/div>\n\t\t\t\t\t\t\t\t\t<\/div>\n<\/div>\n\n\n\n<hr class=\"wp-block-separator has-alpha-channel-opacity\"\/>\n<\/div>\n\n\n\n<div class=\"wp-block-group is-layout-constrained wp-block-group-is-layout-constrained\">\n<div class=\"wp-block-columns has-background is-layout-flex wp-container-core-columns-is-layout-28f84493 wp-block-columns-is-layout-flex\" style=\"background-color:#e1e1db;box-shadow:var(--wp--preset--shadow--natural)\">\n<div class=\"wp-block-column is-vertically-aligned-center has-background is-layout-flow wp-block-column-is-layout-flow\" style=\"background-color:#f7f7ed;flex-basis:50%\">\n<div class=\"wp-block-uagb-container uagb-block-acf7c453\">\n<p><strong>C. Niveles elevados de homociste\u00edna en pacientes con esquizofrenia <\/strong><\/p>\n\n\n\n<ul class=\"wp-block-list\">\n<li><strong>La homociste\u00edna <\/strong>es un amino\u00e1cido que se produce durante el metabolismo proteico. Niveles altos de homociste\u00edna se asocian con un mayor riesgo de enfermedades card\u00edacas y trastornos neurol\u00f3gicos. Los pacientes con depresi\u00f3n y esquizofrenia suelen presentar niveles elevados de homociste\u00edna, lo que sugiere una deficiencia de vitaminas B6, B9 y B12, todas esenciales para neutralizar la homociste\u00edna. El exceso de homociste\u00edna puede da\u00f1ar los vasos sangu\u00edneos del cerebro, aumentando el riesgo de trastornos del estado de \u00e1nimo, problemas de memoria y empeoramiento de los s\u00edntomas de la esquizofrenia (Onaolapo y Onaolapo 2021).    <\/li>\n<\/ul>\n<\/div>\n<\/div>\n\n\n\n<div class=\"wp-block-column is-vertically-aligned-center is-layout-flow wp-block-column-is-layout-flow\" style=\"flex-basis:50%\">\t\t\t\t\t<div\n\t\t\t\t\t\tclass=\"wp-block-uagb-image-gallery uagb-block-7abfc66b     \"\n\t\t\t\t\t\tstyle=\"\"\n\t\t\t\t\t>\n\t\t\t\t\t\t\t\t\t\t\t<div class=\"spectra-image-gallery spectra-image-gallery__layout--grid spectra-image-gallery__layout--grid-col-3 spectra-image-gallery__layout--grid-col-tab-3 spectra-image-gallery__layout--grid-col-mob-2\">\n\t\t\t\t\t\t\t\t\t\t\t<div class='spectra-image-gallery__media-wrapper' data-spectra-gallery-image-id='760' tabindex=\"0\">\n\t\t\t\t\t\t\t<div class=\"spectra-image-gallery__media spectra-image-gallery__media--grid\">\n\t\t\t\t<picture>\n\t\t\t\t\t<source media=\"(min-width: 1024px)\" srcset=\"https:\/\/www.moodbites.eu\/wp-content\/uploads\/2025\/10\/pexels-photo-3683099-3683099.jpg\">\n\t\t\t\t\t<source media=\"(min-width: 768px)\" srcset=\"https:\/\/www.moodbites.eu\/wp-content\/uploads\/2025\/10\/pexels-photo-3683099-3683099.jpg\">\n\t\t\t\t\t<img decoding=\"async\" class=\"spectra-image-gallery__media-thumbnail spectra-image-gallery__media-thumbnail--grid\" src=\"https:\/\/www.moodbites.eu\/wp-content\/uploads\/2025\/10\/pexels-photo-3683099-3683099-200x300.jpg\" alt=\"A collection of diverse tablets and capsules on a vibrant yellow background, symbolizing healthcare and medication.\" loading=\"lazy\" \/>\n\t\t\t\t<\/picture>\n\t\t\t\t<div class=\"spectra-image-gallery__media-thumbnail-blurrer\"><\/div>\n\t\t\t\t\t\t\t\t\t\t\t<div class=\"spectra-image-gallery__media-thumbnail-caption-wrapper spectra-image-gallery__media-thumbnail-caption-wrapper--overlay\"><\/div>\n\t\t\t\t\t\t\t\t<\/div>\n\t\t\t\t\t\t<\/div>\n\t\t\t\t\t\t<div class='spectra-image-gallery__media-wrapper' data-spectra-gallery-image-id='761' tabindex=\"0\">\n\t\t\t\t\t\t\t<div class=\"spectra-image-gallery__media spectra-image-gallery__media--grid\">\n\t\t\t\t<picture>\n\t\t\t\t\t<source media=\"(min-width: 1024px)\" srcset=\"https:\/\/www.moodbites.eu\/wp-content\/uploads\/2025\/10\/g6b393474917ad815510e1e72a82587df462ed223144c146eca6514be04575942d7d814cdfca4c64c2bd72ed0c363eba748bdbd484e306bd9ea7e5fc29f424580_1280-3323062-1024x768.jpg\">\n\t\t\t\t\t<source media=\"(min-width: 768px)\" srcset=\"https:\/\/www.moodbites.eu\/wp-content\/uploads\/2025\/10\/g6b393474917ad815510e1e72a82587df462ed223144c146eca6514be04575942d7d814cdfca4c64c2bd72ed0c363eba748bdbd484e306bd9ea7e5fc29f424580_1280-3323062-1024x768.jpg\">\n\t\t\t\t\t<img decoding=\"async\" class=\"spectra-image-gallery__media-thumbnail spectra-image-gallery__media-thumbnail--grid\" src=\"https:\/\/www.moodbites.eu\/wp-content\/uploads\/2025\/10\/g6b393474917ad815510e1e72a82587df462ed223144c146eca6514be04575942d7d814cdfca4c64c2bd72ed0c363eba748bdbd484e306bd9ea7e5fc29f424580_1280-3323062-300x225.jpg\" alt=\"seed, food, dried, healthy, snack, pistachios, fruit, tasty, delicious, dessert, breakfast, health, berry, nuts, texture, tropical, nature, tropical fruit, vegetable, green, greece, syria, turkey, kyrgyzstan, turkmenistan, iran, pakistan and afghanistan, diet, calories, fresh, exotic, caro, natural, plant, power, organic, healthy food, vegetables, traditional, wild fruit, farming, tree, appetizer, still life, dried fruit, almonds, earth, field, cultivation, colour, maturation, grain, ingredient, variety, photo, armenia, images, freshness, photography, free, shell, shells, pistachios, peeled, the weight, without shell, pistachios without shell, pistacia vera, pistachio, alf\u00f3ncigo, alf\u00f3nsigo, vitamins, vitamin a, vitamin c, vitamin d, vitamin b6, vitamin b12, calcium, magnesium, iron, anacardiaceae, sapindales, magnoliopsida, magnoliophyta, western asia, botany, savann, pistachios, pistachios, pistachio, pistachio, pistachio, pistachio, pistachio, vitamin b12, magnesium\" loading=\"lazy\" \/>\n\t\t\t\t<\/picture>\n\t\t\t\t<div class=\"spectra-image-gallery__media-thumbnail-blurrer\"><\/div>\n\t\t\t\t\t\t\t\t\t\t\t<div class=\"spectra-image-gallery__media-thumbnail-caption-wrapper spectra-image-gallery__media-thumbnail-caption-wrapper--overlay\"><\/div>\n\t\t\t\t\t\t\t\t<\/div>\n\t\t\t\t\t\t<\/div>\n\t\t\t\t\t\t<div class='spectra-image-gallery__media-wrapper' data-spectra-gallery-image-id='762' tabindex=\"0\">\n\t\t\t\t\t\t\t<div class=\"spectra-image-gallery__media spectra-image-gallery__media--grid\">\n\t\t\t\t<picture>\n\t\t\t\t\t<source media=\"(min-width: 1024px)\" srcset=\"https:\/\/www.moodbites.eu\/wp-content\/uploads\/2025\/10\/pexels-photo-3873135-3873135.jpg\">\n\t\t\t\t\t<source media=\"(min-width: 768px)\" srcset=\"https:\/\/www.moodbites.eu\/wp-content\/uploads\/2025\/10\/pexels-photo-3873135-3873135.jpg\">\n\t\t\t\t\t<img decoding=\"async\" class=\"spectra-image-gallery__media-thumbnail spectra-image-gallery__media-thumbnail--grid\" src=\"https:\/\/www.moodbites.eu\/wp-content\/uploads\/2025\/10\/pexels-photo-3873135-3873135-300x200.jpg\" alt=\"A plate of fresh citrus fruits and blister packs of pills, highlighting nutrition and healthcare.\" loading=\"lazy\" \/>\n\t\t\t\t<\/picture>\n\t\t\t\t<div class=\"spectra-image-gallery__media-thumbnail-blurrer\"><\/div>\n\t\t\t\t\t\t\t\t\t\t\t<div class=\"spectra-image-gallery__media-thumbnail-caption-wrapper spectra-image-gallery__media-thumbnail-caption-wrapper--overlay\"><\/div>\n\t\t\t\t\t\t\t\t<\/div>\n\t\t\t\t\t\t<\/div>\n\t\t\t\t\t\t\t\t\t\t<\/div>\n\t\t\t\t\t\t\t\t\t\t\t\t\t\t\t\t\t\t<\/div>\n\t\t\t\t\t\t\t\t\t<\/div>\n<\/div>\n<\/div>\n<\/div>\n<\/div><\/div>\n\n\n\n<p><\/p>\n\n\n\n<div class=\"wp-block-uagb-container uagb-block-fa338988 alignfull uagb-is-root-container\"><div class=\"uagb-container-inner-blocks-wrap\">\n<div class=\"wp-block-uagb-container uagb-block-1c31fef2 alignfull uagb-is-root-container\"><div class=\"uagb-container-inner-blocks-wrap\">\n<div class=\"wp-block-uagb-container uagb-block-1047619b\">\n<p style=\"font-size:16px\"><strong>2. Aumento de los requerimientos de nutrientes<\/strong><\/p>\n\n\n\n<p>Las personas que padecen enfermedades mentales suelen tener mayores necesidades nutricionales que las personas sanas. Esto puede deberse a diversos factores, como:  <\/p>\n\n\n\n<ol start=\"1\" class=\"wp-block-list\">\n<li>Niveles elevados de hormonas del estr\u00e9s, como el cortisol.<\/li>\n\n\n\n<li>Aumento de la tasa metab\u00f3lica cerebral.<\/li>\n\n\n\n<li>El impacto de los medicamentos psicotr\u00f3picos en el equilibrio nutricional.<\/li>\n\n\n\n<li>Fatiga cr\u00f3nica y deficiencias derivadas de una mala alimentaci\u00f3n.<\/li>\n\n\n\n<li>Aumento de la actividad inflamatoria y del estr\u00e9s oxidativo. <\/li>\n<\/ol>\n<\/div>\n\n\n\n<div class=\"wp-block-uagb-container uagb-block-95934bae\">\n<p>Estos factores significan que los pacientes psiqui\u00e1tricos pueden necesitar m\u00e1s vitaminas, minerales y \u00e1cidos grasos omega-3 que los individuos sanos para mantener el funcionamiento adecuado del cerebro y del sistema nervioso (Onaolapo y Onaolapo 2021). <\/p>\n<\/div>\n<\/div><\/div>\n\n\n\n<div class=\"wp-block-uagb-container uagb-block-dbb5850c\">\n<div class=\"wp-block-columns has-background is-layout-flex wp-container-core-columns-is-layout-ec2e7a44 wp-block-columns-is-layout-flex\" style=\"border-style:none;border-width:0px;border-radius:0px;background-color:#e1e1db;padding-top:0;padding-bottom:0;box-shadow:var(--wp--preset--shadow--natural)\">\n<div class=\"wp-block-column has-background is-layout-flow wp-block-column-is-layout-flow\" style=\"background-color:#f7f7ed;flex-basis:50%\">\n<div class=\"wp-block-uagb-container uagb-block-f84dd939\">\n<p><strong><em>Aumento de la actividad inflamatoria y del estr\u00e9s oxidativo<\/em> <\/strong><\/p>\n\n\n\n<ul class=\"wp-block-list\">\n<li><strong>La enfermedad cel\u00edaca<\/strong> es una enfermedad autoinmune en la que el consumo de gluten (una prote\u00edna que se encuentra en el trigo, el centeno y la cebada) desencadena una reacci\u00f3n inmunol\u00f3gica. El estr\u00e9s oxidativo es una enfermedad en la que hay un exceso de radicales libres en el cuerpo: mol\u00e9culas reactivas que pueden da\u00f1ar las c\u00e9lulas, incluidas las neuronas del cerebro. <\/li>\n\n\n\n<li>Las investigaciones muestran que las personas que padecen esquizofrenia, depresi\u00f3n y trastorno bipolar tienen niveles m\u00e1s elevados de estr\u00e9s oxidativo, lo que provoca da\u00f1o neuronal y deterioro de la funci\u00f3n cognitiva. <\/li>\n\n\n\n<li>El cerebro es particularmente vulnerable a los efectos de los radicales libres porque consume grandes cantidades de ox\u00edgeno y contiene altas concentraciones de \u00e1cidos grasos poliinsaturados, que son propensos a la oxidaci\u00f3n. <\/li>\n<\/ul>\n\n\n\n<ul class=\"wp-block-list\">\n<li><\/li>\n<\/ul>\n<\/div>\n<\/div>\n\n\n\n<div class=\"wp-block-column is-layout-flow wp-block-column-is-layout-flow\" style=\"padding-top:var(--wp--preset--spacing--60);padding-bottom:var(--wp--preset--spacing--60);flex-basis:50%\">\n<p><strong>\u00bfQu\u00e9 nutrientes ayudan a combatir el estr\u00e9s oxidativo?<\/strong> <\/p>\n\n\n\n<ul class=\"wp-block-list\">\n<li><strong>Vitaminas antioxidantes (vitamina C, vitamina E, betacaroteno): neutralizan los radicales libres y protegen las neuronas del da\u00f1o.<\/strong> <\/li>\n<\/ul>\n\n\n\n<ul class=\"wp-block-list\">\n<li><strong>Zinc y selenio: apoyan la actividad de enzimas antioxidantes como la super\u00f3xido dismutasa, que protege las c\u00e9lulas cerebrales.<\/strong> <\/li>\n<\/ul>\n\n\n\n<ul class=\"wp-block-list\">\n<li><strong>\u00c1cidos grasos omega-3: reducen la inflamaci\u00f3n en el cerebro y apoyan la regeneraci\u00f3n neuronal (Onaolapo y Onaolapo, 2021).<\/strong> <\/li>\n<\/ul>\n\n\n\t\t\t\t\t<div\n\t\t\t\t\t\tclass=\"wp-block-uagb-image-gallery uagb-block-8de02d33     \"\n\t\t\t\t\t\tstyle=\"\"\n\t\t\t\t\t>\n\t\t\t\t\t\t\t\t\t\t\t<div class=\"spectra-image-gallery spectra-image-gallery__layout--grid spectra-image-gallery__layout--grid-col-3 spectra-image-gallery__layout--grid-col-tab-3 spectra-image-gallery__layout--grid-col-mob-2\">\n\t\t\t\t\t\t\t\t\t\t\t<div class='spectra-image-gallery__media-wrapper' data-spectra-gallery-image-id='763' tabindex=\"0\">\n\t\t\t\t\t\t\t<div class=\"spectra-image-gallery__media spectra-image-gallery__media--grid\">\n\t\t\t\t<picture>\n\t\t\t\t\t<source media=\"(min-width: 1024px)\" srcset=\"https:\/\/www.moodbites.eu\/wp-content\/uploads\/2025\/10\/pexels-photo-10432745-10432745.jpg\">\n\t\t\t\t\t<source media=\"(min-width: 768px)\" srcset=\"https:\/\/www.moodbites.eu\/wp-content\/uploads\/2025\/10\/pexels-photo-10432745-10432745.jpg\">\n\t\t\t\t\t<img decoding=\"async\" class=\"spectra-image-gallery__media-thumbnail spectra-image-gallery__media-thumbnail--grid\" src=\"https:\/\/www.moodbites.eu\/wp-content\/uploads\/2025\/10\/pexels-photo-10432745-10432745-300x200.jpg\" alt=\"Close-up of fresh oysters served on ice with a lime wedge.\" loading=\"lazy\" \/>\n\t\t\t\t<\/picture>\n\t\t\t\t<div class=\"spectra-image-gallery__media-thumbnail-blurrer\"><\/div>\n\t\t\t\t\t\t\t\t\t\t\t<div class=\"spectra-image-gallery__media-thumbnail-caption-wrapper spectra-image-gallery__media-thumbnail-caption-wrapper--overlay\">\n\t\t\t\t\t\t\t\t\t\t\t<div class=\"spectra-image-gallery__media-thumbnail-caption spectra-image-gallery__media-thumbnail-caption--overlay\">\n\t\t\t\t\tZinc and selenium \t\t\t\t<\/div>\n\t\t\t\t\t\t\t\t\t\t<\/div>\n\t\t\t\t\t\t\t\t\t<\/div>\n\t\t\t\t\t\t<\/div>\n\t\t\t\t\t\t<div class='spectra-image-gallery__media-wrapper' data-spectra-gallery-image-id='764' tabindex=\"0\">\n\t\t\t\t\t\t\t<div class=\"spectra-image-gallery__media spectra-image-gallery__media--grid\">\n\t\t\t\t<picture>\n\t\t\t\t\t<source media=\"(min-width: 1024px)\" srcset=\"https:\/\/www.moodbites.eu\/wp-content\/uploads\/2025\/10\/pexels-photo-18139200-18139200.jpg\">\n\t\t\t\t\t<source media=\"(min-width: 768px)\" srcset=\"https:\/\/www.moodbites.eu\/wp-content\/uploads\/2025\/10\/pexels-photo-18139200-18139200.jpg\">\n\t\t\t\t\t<img decoding=\"async\" class=\"spectra-image-gallery__media-thumbnail spectra-image-gallery__media-thumbnail--grid\" src=\"https:\/\/www.moodbites.eu\/wp-content\/uploads\/2025\/10\/pexels-photo-18139200-18139200-225x300.jpg\" alt=\"Sardines in a tin with greens and bread on a white plate, perfect for gourmet cuisine.\" loading=\"lazy\" \/>\n\t\t\t\t<\/picture>\n\t\t\t\t<div class=\"spectra-image-gallery__media-thumbnail-blurrer\"><\/div>\n\t\t\t\t\t\t\t\t\t\t\t<div class=\"spectra-image-gallery__media-thumbnail-caption-wrapper spectra-image-gallery__media-thumbnail-caption-wrapper--overlay\">\n\t\t\t\t\t\t\t\t\t\t\t<div class=\"spectra-image-gallery__media-thumbnail-caption spectra-image-gallery__media-thumbnail-caption--overlay\">\n\t\t\t\t\tOmega-3 fatty acids\t\t\t\t<\/div>\n\t\t\t\t\t\t\t\t\t\t<\/div>\n\t\t\t\t\t\t\t\t\t<\/div>\n\t\t\t\t\t\t<\/div>\n\t\t\t\t\t\t<div class='spectra-image-gallery__media-wrapper' data-spectra-gallery-image-id='765' tabindex=\"0\">\n\t\t\t\t\t\t\t<div class=\"spectra-image-gallery__media spectra-image-gallery__media--grid\">\n\t\t\t\t<picture>\n\t\t\t\t\t<source media=\"(min-width: 1024px)\" srcset=\"https:\/\/www.moodbites.eu\/wp-content\/uploads\/2025\/10\/pexels-photo-4443450-4443450.jpg\">\n\t\t\t\t\t<source media=\"(min-width: 768px)\" srcset=\"https:\/\/www.moodbites.eu\/wp-content\/uploads\/2025\/10\/pexels-photo-4443450-4443450.jpg\">\n\t\t\t\t\t<img decoding=\"async\" class=\"spectra-image-gallery__media-thumbnail spectra-image-gallery__media-thumbnail--grid\" src=\"https:\/\/www.moodbites.eu\/wp-content\/uploads\/2025\/10\/pexels-photo-4443450-4443450-300x200.jpg\" alt=\"Carrot and orange juice with fresh carrots and sliced orange on a white background.\" loading=\"lazy\" \/>\n\t\t\t\t<\/picture>\n\t\t\t\t<div class=\"spectra-image-gallery__media-thumbnail-blurrer\"><\/div>\n\t\t\t\t\t\t\t\t\t\t\t<div class=\"spectra-image-gallery__media-thumbnail-caption-wrapper spectra-image-gallery__media-thumbnail-caption-wrapper--overlay\">\n\t\t\t\t\t\t\t\t\t\t\t<div class=\"spectra-image-gallery__media-thumbnail-caption spectra-image-gallery__media-thumbnail-caption--overlay\">\n\t\t\t\t\tAntioxidant vitamins \t\t\t\t<\/div>\n\t\t\t\t\t\t\t\t\t\t<\/div>\n\t\t\t\t\t\t\t\t\t<\/div>\n\t\t\t\t\t\t<\/div>\n\t\t\t\t\t\t\t\t\t\t<\/div>\n\t\t\t\t\t\t\t\t\t\t\t\t\t\t\t\t\t\t<\/div>\n\t\t\t\t\t\t\t\t\t<\/div>\n<\/div>\n\n\n\n<hr class=\"wp-block-separator has-alpha-channel-opacity\"\/>\n\n\n\n<div class=\"wp-block-group is-layout-constrained wp-block-group-is-layout-constrained\">\n<div class=\"wp-block-columns has-background is-layout-flex wp-container-core-columns-is-layout-28f84493 wp-block-columns-is-layout-flex\" style=\"background-color:#e1e1db;box-shadow:var(--wp--preset--shadow--natural)\">\n<div class=\"wp-block-column is-vertically-aligned-center has-background is-layout-flow wp-block-column-is-layout-flow\" style=\"background-color:#f7f7ed;flex-basis:50%\">\n<div class=\"wp-block-uagb-container uagb-block-47587a6e\">\n<p><strong><em>Niveles elevados de hormonas del estr\u00e9s como el cortisol<\/em>  <\/strong><\/p>\n\n\n\n<ul class=\"wp-block-list\">\n<li><strong>El cortisol<\/strong> es una hormona del estr\u00e9s que es esencial para el funcionamiento normal del cuerpo en cantidades adecuadas, pero los niveles cr\u00f3nicamente elevados de cortisol pueden provocar trastornos de salud mental como depresi\u00f3n y ansiedad (Zieli\u0144ska et al., 2023). <\/li>\n<\/ul>\n\n\n\n<ul class=\"wp-block-list\">\n<li><strong>Los niveles altos de cortisol pueden provocar:<\/strong><br>\u2714 un aumento de la depleci\u00f3n de magnesio, fundamental para el funcionamiento del sistema nervioso;<br>\u2714 una deficiencia de vitaminas del complejo B, necesarias para la producci\u00f3n de neurotransmisores como la serotonina;<br>\u2714 una alteraci\u00f3n del equilibrio calcio-magnesio, lo que puede agravar los s\u00edntomas de ansiedad e irritabilidad (Zieli\u0144ska et al., 2023). <\/li>\n<\/ul>\n<\/div>\n<\/div>\n\n\n\n<div class=\"wp-block-column is-vertically-aligned-center is-layout-constrained wp-block-column-is-layout-constrained\" style=\"padding-top:var(--wp--preset--spacing--60);padding-bottom:var(--wp--preset--spacing--60);flex-basis:50%\">\n<ul class=\"wp-block-list\">\n<li><strong>\u00bfQu\u00e9 nutrientes ayudan a regular los niveles de cortisol? <\/strong><\/li>\n\n\n\n<li><strong>Magnesio: tiene un efecto calmante sobre el sistema nervioso y reduce el impacto del estr\u00e9s cr\u00f3nico. <\/strong><\/li>\n\n\n\n<li><strong>Vitaminas B (B6, B9, B12): apoyan el funcionamiento del sistema nervioso y ayudan a regular los niveles de cortisol. <\/strong><\/li>\n\n\n\n<li><strong>\u00c1cidos grasos omega-3: pueden reducir los niveles de cortisol y mejorar la resistencia al estr\u00e9s (Zieli\u0144ska et al., 2023). <\/strong><\/li>\n<\/ul>\n\n\n\t\t\t\t\t<div\n\t\t\t\t\t\tclass=\"wp-block-uagb-image-gallery uagb-block-100a95ba     \"\n\t\t\t\t\t\tstyle=\"\"\n\t\t\t\t\t>\n\t\t\t\t\t\t\t\t\t\t\t<div class=\"spectra-image-gallery spectra-image-gallery__layout--grid spectra-image-gallery__layout--grid-col-3 spectra-image-gallery__layout--grid-col-tab-3 spectra-image-gallery__layout--grid-col-mob-2\">\n\t\t\t\t\t\t\t\t\t\t\t<div class='spectra-image-gallery__media-wrapper' data-spectra-gallery-image-id='766' tabindex=\"0\">\n\t\t\t\t\t\t\t<div class=\"spectra-image-gallery__media spectra-image-gallery__media--grid\">\n\t\t\t\t<picture>\n\t\t\t\t\t<source media=\"(min-width: 1024px)\" srcset=\"https:\/\/www.moodbites.eu\/wp-content\/uploads\/2025\/10\/pexels-photo-1683545-1683545.jpg\">\n\t\t\t\t\t<source media=\"(min-width: 768px)\" srcset=\"https:\/\/www.moodbites.eu\/wp-content\/uploads\/2025\/10\/pexels-photo-1683545-1683545.jpg\">\n\t\t\t\t\t<img decoding=\"async\" class=\"spectra-image-gallery__media-thumbnail spectra-image-gallery__media-thumbnail--grid\" src=\"https:\/\/www.moodbites.eu\/wp-content\/uploads\/2025\/10\/pexels-photo-1683545-1683545-300x200.jpg\" alt=\"Close-up of fresh salmon sashimi topped with bright red caviar and garnished with lemon slices.\" loading=\"lazy\" \/>\n\t\t\t\t<\/picture>\n\t\t\t\t<div class=\"spectra-image-gallery__media-thumbnail-blurrer\"><\/div>\n\t\t\t\t\t\t\t\t\t\t\t<div class=\"spectra-image-gallery__media-thumbnail-caption-wrapper spectra-image-gallery__media-thumbnail-caption-wrapper--overlay\">\n\t\t\t\t\t\t\t\t\t\t\t<div class=\"spectra-image-gallery__media-thumbnail-caption spectra-image-gallery__media-thumbnail-caption--overlay\">\n\t\t\t\t\tOmega 3\t\t\t\t<\/div>\n\t\t\t\t\t\t\t\t\t\t<\/div>\n\t\t\t\t\t\t\t\t\t<\/div>\n\t\t\t\t\t\t<\/div>\n\t\t\t\t\t\t<div class='spectra-image-gallery__media-wrapper' data-spectra-gallery-image-id='767' tabindex=\"0\">\n\t\t\t\t\t\t\t<div class=\"spectra-image-gallery__media spectra-image-gallery__media--grid\">\n\t\t\t\t<picture>\n\t\t\t\t\t<source media=\"(min-width: 1024px)\" srcset=\"https:\/\/www.moodbites.eu\/wp-content\/uploads\/2025\/10\/pexels-photo-29959940-29959940.jpg\">\n\t\t\t\t\t<source media=\"(min-width: 768px)\" srcset=\"https:\/\/www.moodbites.eu\/wp-content\/uploads\/2025\/10\/pexels-photo-29959940-29959940.jpg\">\n\t\t\t\t\t<img decoding=\"async\" class=\"spectra-image-gallery__media-thumbnail spectra-image-gallery__media-thumbnail--grid\" src=\"https:\/\/www.moodbites.eu\/wp-content\/uploads\/2025\/10\/pexels-photo-29959940-29959940-300x225.jpg\" alt=\"An arrangement of fresh fruits including oranges, apples, bananas, and lemons on a dark background.\" loading=\"lazy\" \/>\n\t\t\t\t<\/picture>\n\t\t\t\t<div class=\"spectra-image-gallery__media-thumbnail-blurrer\"><\/div>\n\t\t\t\t\t\t\t\t\t\t\t<div class=\"spectra-image-gallery__media-thumbnail-caption-wrapper spectra-image-gallery__media-thumbnail-caption-wrapper--overlay\">\n\t\t\t\t\t\t\t\t\t\t\t<div class=\"spectra-image-gallery__media-thumbnail-caption spectra-image-gallery__media-thumbnail-caption--overlay\">\n\t\t\t\t\tB vitamins\t\t\t\t<\/div>\n\t\t\t\t\t\t\t\t\t\t<\/div>\n\t\t\t\t\t\t\t\t\t<\/div>\n\t\t\t\t\t\t<\/div>\n\t\t\t\t\t\t<div class='spectra-image-gallery__media-wrapper' data-spectra-gallery-image-id='768' tabindex=\"0\">\n\t\t\t\t\t\t\t<div class=\"spectra-image-gallery__media spectra-image-gallery__media--grid\">\n\t\t\t\t<picture>\n\t\t\t\t\t<source media=\"(min-width: 1024px)\" srcset=\"https:\/\/www.moodbites.eu\/wp-content\/uploads\/2025\/10\/g0ba7d1923f0d0dc54c2301924d65b68429dddc3ac1e019c620a6aa59482ccfa4e3ad0671b0124016ce8bdb9eb384ed1fd05a5a3c4881d6ba41b4b97a88a3036d_1280-1001032-1024x682.jpg\">\n\t\t\t\t\t<source media=\"(min-width: 768px)\" srcset=\"https:\/\/www.moodbites.eu\/wp-content\/uploads\/2025\/10\/g0ba7d1923f0d0dc54c2301924d65b68429dddc3ac1e019c620a6aa59482ccfa4e3ad0671b0124016ce8bdb9eb384ed1fd05a5a3c4881d6ba41b4b97a88a3036d_1280-1001032-1024x682.jpg\">\n\t\t\t\t\t<img decoding=\"async\" class=\"spectra-image-gallery__media-thumbnail spectra-image-gallery__media-thumbnail--grid\" src=\"https:\/\/www.moodbites.eu\/wp-content\/uploads\/2025\/10\/g0ba7d1923f0d0dc54c2301924d65b68429dddc3ac1e019c620a6aa59482ccfa4e3ad0671b0124016ce8bdb9eb384ed1fd05a5a3c4881d6ba41b4b97a88a3036d_1280-1001032-300x200.jpg\" alt=\"beans, legumes, food, protein, vegetable, legume, brown bean, uncooked, dried beans, beans, beans, beans, beans, beans, legumes, legumes, protein\" loading=\"lazy\" \/>\n\t\t\t\t<\/picture>\n\t\t\t\t<div class=\"spectra-image-gallery__media-thumbnail-blurrer\"><\/div>\n\t\t\t\t\t\t\t\t\t\t\t<div class=\"spectra-image-gallery__media-thumbnail-caption-wrapper spectra-image-gallery__media-thumbnail-caption-wrapper--overlay\">\n\t\t\t\t\t\t\t\t\t\t\t<div class=\"spectra-image-gallery__media-thumbnail-caption spectra-image-gallery__media-thumbnail-caption--overlay\">\n\t\t\t\t\tMagnesium\t\t\t\t<\/div>\n\t\t\t\t\t\t\t\t\t\t<\/div>\n\t\t\t\t\t\t\t\t\t<\/div>\n\t\t\t\t\t\t<\/div>\n\t\t\t\t\t\t\t\t\t\t<\/div>\n\t\t\t\t\t\t\t\t\t\t\t\t\t\t\t\t\t\t<\/div>\n\t\t\t\t\t\t\t\t\t<\/div>\n<\/div>\n<\/div>\n\n\n\n<div class=\"wp-block-group is-layout-constrained wp-block-group-is-layout-constrained\">\n<div class=\"wp-block-columns has-background is-layout-flex wp-container-core-columns-is-layout-28f84493 wp-block-columns-is-layout-flex\" style=\"background-color:#e1e1db;box-shadow:var(--wp--preset--shadow--natural)\">\n<div class=\"wp-block-column is-vertically-aligned-center has-background is-layout-flow wp-block-column-is-layout-flow\" style=\"background-color:#f7f7ed;flex-basis:50%\">\n<div class=\"wp-block-uagb-container uagb-block-ddaff371\">\n<p><strong><em>Aumento del metabolismo cerebral y de la demanda energ\u00e9tica.<\/em> <\/strong><\/p>\n\n\n\n<ul class=\"wp-block-list\">\n<li>El cerebro consume alrededor del 20% de la energ\u00eda total del cuerpo, pero en personas con trastornos mentales puede requerir incluso m\u00e1s energ\u00eda y nutrientes. <\/li>\n\n\n\n<li>En la depresi\u00f3n y la esquizofrenia, el metabolismo de la glucosa suele estar alterado, lo que significa que las c\u00e9lulas cerebrales pueden tener dificultades para obtener energ\u00eda. Esto puede provocar:<br>\u2714 deterioro de la funci\u00f3n cognitiva (problemas de memoria y concentraci\u00f3n);<br>\u2714 bajo estado de \u00e1nimo y mayor irritabilidad;<br>\u2714 alteraci\u00f3n de la producci\u00f3n de neurotransmisores (Onaolapo y Onaolapo, 2021).  <\/li>\n<\/ul>\n<\/div>\n<\/div>\n\n\n\n<div class=\"wp-block-column is-vertically-aligned-center is-layout-flow wp-block-column-is-layout-flow\" style=\"flex-basis:50%\">\n<p><strong>\u00bfQu\u00e9 nutrientes apoyan el metabolismo cerebral? <br>\u2714 \u00c1cidos grasos omega-3: proporcionan energ\u00eda y apoyan las membranas de las c\u00e9lulas neuronales. <br>\u2714 Coenzima Q10: favorece la producci\u00f3n de energ\u00eda en las mitocondrias, las \u00abcentrales energ\u00e9ticas\u00bb de las c\u00e9lulas cerebrales. <br>\u2714 Vitaminas B: ayudan a convertir la glucosa en energ\u00eda (Onaolapo y Onaolapo, 2021). <\/strong><\/p>\n\n\n\t\t\t\t\t<div\n\t\t\t\t\t\tclass=\"wp-block-uagb-image-gallery uagb-block-f79180b3     \"\n\t\t\t\t\t\tstyle=\"\"\n\t\t\t\t\t>\n\t\t\t\t\t\t\t\t\t\t\t<div class=\"spectra-image-gallery spectra-image-gallery__layout--grid spectra-image-gallery__layout--grid-col-3 spectra-image-gallery__layout--grid-col-tab-3 spectra-image-gallery__layout--grid-col-mob-2\">\n\t\t\t\t\t\t\t\t\t\t\t<div class='spectra-image-gallery__media-wrapper' data-spectra-gallery-image-id='771' tabindex=\"0\">\n\t\t\t\t\t\t\t<div class=\"spectra-image-gallery__media spectra-image-gallery__media--grid\">\n\t\t\t\t<picture>\n\t\t\t\t\t<source media=\"(min-width: 1024px)\" srcset=\"https:\/\/www.moodbites.eu\/wp-content\/uploads\/2025\/10\/pexels-photo-4720411-4720411.jpg\">\n\t\t\t\t\t<source media=\"(min-width: 768px)\" srcset=\"https:\/\/www.moodbites.eu\/wp-content\/uploads\/2025\/10\/pexels-photo-4720411-4720411.jpg\">\n\t\t\t\t\t<img decoding=\"async\" class=\"spectra-image-gallery__media-thumbnail spectra-image-gallery__media-thumbnail--grid\" src=\"https:\/\/www.moodbites.eu\/wp-content\/uploads\/2025\/10\/pexels-photo-4720411-4720411-200x300.jpg\" alt=\"A cheerful young boy holds fresh broccoli, promoting healthy eating against a vibrant orange backdrop.\" loading=\"lazy\" \/>\n\t\t\t\t<\/picture>\n\t\t\t\t<div class=\"spectra-image-gallery__media-thumbnail-blurrer\"><\/div>\n\t\t\t\t\t\t\t\t\t\t\t<div class=\"spectra-image-gallery__media-thumbnail-caption-wrapper spectra-image-gallery__media-thumbnail-caption-wrapper--overlay\">\n\t\t\t\t\t\t\t\t\t\t\t<div class=\"spectra-image-gallery__media-thumbnail-caption spectra-image-gallery__media-thumbnail-caption--overlay\">\n\t\t\t\t\tCoenzyme Q10\t\t\t\t<\/div>\n\t\t\t\t\t\t\t\t\t\t<\/div>\n\t\t\t\t\t\t\t\t\t<\/div>\n\t\t\t\t\t\t<\/div>\n\t\t\t\t\t\t<div class='spectra-image-gallery__media-wrapper' data-spectra-gallery-image-id='769' tabindex=\"0\">\n\t\t\t\t\t\t\t<div class=\"spectra-image-gallery__media spectra-image-gallery__media--grid\">\n\t\t\t\t<picture>\n\t\t\t\t\t<source media=\"(min-width: 1024px)\" srcset=\"https:\/\/www.moodbites.eu\/wp-content\/uploads\/2025\/10\/pexels-photo-1321124-1321124.jpg\">\n\t\t\t\t\t<source media=\"(min-width: 768px)\" srcset=\"https:\/\/www.moodbites.eu\/wp-content\/uploads\/2025\/10\/pexels-photo-1321124-1321124.jpg\">\n\t\t\t\t\t<img decoding=\"async\" class=\"spectra-image-gallery__media-thumbnail spectra-image-gallery__media-thumbnail--grid\" src=\"https:\/\/www.moodbites.eu\/wp-content\/uploads\/2025\/10\/pexels-photo-1321124-1321124-300x199.jpg\" alt=\"Close-up of sardines being grilled, perfect for healthy seafood cuisine.\" loading=\"lazy\" \/>\n\t\t\t\t<\/picture>\n\t\t\t\t<div class=\"spectra-image-gallery__media-thumbnail-blurrer\"><\/div>\n\t\t\t\t\t\t\t\t\t\t\t<div class=\"spectra-image-gallery__media-thumbnail-caption-wrapper spectra-image-gallery__media-thumbnail-caption-wrapper--overlay\">\n\t\t\t\t\t\t\t\t\t\t\t<div class=\"spectra-image-gallery__media-thumbnail-caption spectra-image-gallery__media-thumbnail-caption--overlay\">\n\t\t\t\t\tOmega 3\t\t\t\t<\/div>\n\t\t\t\t\t\t\t\t\t\t<\/div>\n\t\t\t\t\t\t\t\t\t<\/div>\n\t\t\t\t\t\t<\/div>\n\t\t\t\t\t\t<div class='spectra-image-gallery__media-wrapper' data-spectra-gallery-image-id='770' tabindex=\"0\">\n\t\t\t\t\t\t\t<div class=\"spectra-image-gallery__media spectra-image-gallery__media--grid\">\n\t\t\t\t<picture>\n\t\t\t\t\t<source media=\"(min-width: 1024px)\" srcset=\"https:\/\/www.moodbites.eu\/wp-content\/uploads\/2025\/10\/pexels-photo-2171077-2171077.jpg\">\n\t\t\t\t\t<source media=\"(min-width: 768px)\" srcset=\"https:\/\/www.moodbites.eu\/wp-content\/uploads\/2025\/10\/pexels-photo-2171077-2171077.jpg\">\n\t\t\t\t\t<img decoding=\"async\" class=\"spectra-image-gallery__media-thumbnail spectra-image-gallery__media-thumbnail--grid\" src=\"https:\/\/www.moodbites.eu\/wp-content\/uploads\/2025\/10\/pexels-photo-2171077-2171077-300x200.jpg\" alt=\"Close-up of fresh citrus and kiwi slices showcasing vibrant textures and colors.\" loading=\"lazy\" \/>\n\t\t\t\t<\/picture>\n\t\t\t\t<div class=\"spectra-image-gallery__media-thumbnail-blurrer\"><\/div>\n\t\t\t\t\t\t\t\t\t\t\t<div class=\"spectra-image-gallery__media-thumbnail-caption-wrapper spectra-image-gallery__media-thumbnail-caption-wrapper--overlay\">\n\t\t\t\t\t\t\t\t\t\t\t<div class=\"spectra-image-gallery__media-thumbnail-caption spectra-image-gallery__media-thumbnail-caption--overlay\">\n\t\t\t\t\tB vitamin\t\t\t\t<\/div>\n\t\t\t\t\t\t\t\t\t\t<\/div>\n\t\t\t\t\t\t\t\t\t<\/div>\n\t\t\t\t\t\t<\/div>\n\t\t\t\t\t\t\t\t\t\t<\/div>\n\t\t\t\t\t\t\t\t\t\t\t\t\t\t\t\t\t\t<\/div>\n\t\t\t\t\t\t\t\t\t<\/div>\n<\/div>\n<\/div>\n<\/div>\n<\/div><\/div>\n\n\n\n<p><\/p>\n\n\n\n<div class=\"wp-block-uagb-container uagb-block-1a92d249 alignfull uagb-is-root-container\"><div class=\"uagb-container-inner-blocks-wrap\">\n<div class=\"wp-block-uagb-container uagb-block-61da53d0 alignfull uagb-is-root-container\"><div class=\"uagb-container-inner-blocks-wrap\">\n<div class=\"wp-block-uagb-container uagb-block-5c64c3cc\">\n<p style=\"font-size:16px\"><strong>3. Efectos secundarios de los medicamentos psicotr\u00f3picos y deficiencias nutricionales<\/strong><\/p>\n\n\n\n<p>Los f\u00e1rmacos psicotr\u00f3picos utilizados para tratar afecciones como la esquizofrenia, la depresi\u00f3n, el trastorno bipolar y la ansiedad son esenciales para la terapia, pero pueden provocar deficiencias de nutrientes a trav\u00e9s de varios mecanismos:<\/p>\n\n\n\n<p>\u2022 Absorci\u00f3n deficiente de vitaminas y minerales;<br>\u2022 Aumento de la excreci\u00f3n de nutrientes;<br>\u2022 Cambios metab\u00f3licos que conducen a resistencia a la insulina y obesidad;<br>\u2022 Efectos sobre el apetito, lo que resulta en una nutrici\u00f3n inadecuada.<\/p>\n<\/div>\n\n\n\n<div class=\"wp-block-uagb-container uagb-block-fe225f66\">\n<p>Cada uno de estos mecanismos puede provocar deficiencias que pueden debilitar la eficacia del tratamiento psiqui\u00e1trico y afectar negativamente la calidad de vida del cliente\/paciente. <\/p>\n<\/div>\n<\/div><\/div>\n\n\n\n<div class=\"wp-block-uagb-container uagb-block-dbf4aa25\">\n<div class=\"wp-block-columns has-background is-layout-flex wp-container-core-columns-is-layout-ec2e7a44 wp-block-columns-is-layout-flex\" style=\"border-style:none;border-width:0px;border-radius:0px;background-color:#e1e1db;padding-top:0;padding-bottom:0;box-shadow:var(--wp--preset--shadow--natural)\">\n<div class=\"wp-block-column has-background is-layout-flow wp-block-column-is-layout-flow\" style=\"background-color:#f7f7ed;flex-basis:50%\">\n<div class=\"wp-block-uagb-container uagb-block-6467473a\">\n<p><strong>\u00bfQu\u00e9 nutrientes pueden agotarse debido al uso de medicamentos psicotr\u00f3picos?<\/strong><\/p>\n\n\n\n<p><strong> <\/strong>\u2714 Medicamentos antipsic\u00f3ticos (utilizados en la esquizofrenia y el trastorno bipolar). Algunos de ellos:  <\/p>\n\n\n\n<p> <strong>Alteran el metabolismo de la glucosa y la insulina<\/strong><\/p>\n\n\n\n<ul class=\"wp-block-list\">\n<li><strong>Consecuencias<\/strong>: Puede provocar resistencia a la insulina, diabetes tipo 2 y obesidad. La resistencia a la insulina puede causar fatiga cr\u00f3nica, problemas de concentraci\u00f3n y un mayor riesgo de depresi\u00f3n.  <\/li>\n\n\n\n<li>Impact on nutrients:&nbsp;\n<ul class=\"wp-block-list\">\n<li>niveles m\u00e1s bajos de magnesio, que es esencial para la regulaci\u00f3n de la glucosa en sangre y el funcionamiento adecuado del sistema nervioso; <\/li>\n\n\n\n<li>reducir la sensibilidad a la leptina, lo que conduce a un aumento del apetito y a una ingesta excesiva de carbohidratos procesados \u200b\u200b(Onaolapo y Onaolapo, 2021). <\/li>\n<\/ul>\n<\/li>\n\n\n\n<li><strong>Aumentar la excreci\u00f3n de vitaminas y minerales. <\/strong><\/li>\n\n\n\n<li>Afecta los niveles de zinc y selenio, esenciales para el funcionamiento del sistema inmunitario y los procesos neuroprotectores. La deficiencia de zinc puede aumentar la susceptibilidad a la depresi\u00f3n y deteriorar la memoria.  <\/li>\n\n\n\n<li>Vitamina B12: el uso prolongado de ciertos antipsic\u00f3ticos puede provocar una deficiencia de esta vitamina, lo que puede causar fatiga, problemas de concentraci\u00f3n y deterioro de la funci\u00f3n cognitiva (Rao et al., 2008). <\/li>\n<\/ul>\n\n\n\n<p><\/p>\n<\/div>\n<\/div>\n\n\n\n<div class=\"wp-block-column is-layout-flow wp-block-column-is-layout-flow\" style=\"padding-top:var(--wp--preset--spacing--60);padding-bottom:var(--wp--preset--spacing--60);flex-basis:50%\">\n<p><strong> Puede causar deficiencias de antioxidantes.<\/strong><\/p>\n\n\n\n<ul class=\"wp-block-list\">\n<li>Vitaminas C y E: los pacientes que toman antipsic\u00f3ticos presentan un mayor estr\u00e9s oxidativo, lo que incrementa la demanda de estas vitaminas. Su deficiencia puede acelerar el da\u00f1o neuronal (Onaolapo y Onaolapo, 2021).  <\/li>\n<\/ul>\n\n\n\n<p>\u2714 Antidepresivos (ISRS, IRSN, antidepresivos tric\u00edclicos). Algunos de ellos pueden:  <\/p>\n\n\n\n<p><strong>Afecta el metabolismo de la serotonina y el equilibrio de nutrientes.<\/strong> <\/p>\n\n\n\n<ul class=\"wp-block-list\">\n<li>Consecuencias: El uso prolongado de antidepresivos puede afectar el equilibrio de los neurotransmisores y aumentar la demanda de nutrientes involucrados en su s\u00edntesis. <\/li>\n<\/ul>\n\n\n\n<ul class=\"wp-block-list\">\n<li>Niveles bajos de zinc y magnesio: ambos elementos son esenciales para regular el estado de \u00e1nimo y reducir la ansiedad. Su deficiencia puede causar fatiga cr\u00f3nica e inquietud (Rao et al., 2008).  <\/li>\n<\/ul>\n\n\n\n<ul class=\"wp-block-list\">\n<li>Reduce los niveles de vitamina B6, crucial para la s\u00edntesis de serotonina (la hormona de la felicidad). Una deficiencia de esta vitamina puede reducir la eficacia del tratamiento de la depresi\u00f3n.  <\/li>\n<\/ul>\n\n\n\n<p><strong>Alterar el microbioma intestinal <\/strong><\/p>\n\n\n\n<ul class=\"wp-block-list\">\n<li>La serotonina se produce no solo en el cerebro, sino tambi\u00e9n en el intestino. Los medicamentos ISRS pueden alterar la composici\u00f3n de la microbiota intestinal, lo que puede reducir la capacidad del cuerpo para sintetizar neurotransmisores (Onaolapo y Onaolapo, 2021).  <\/li>\n<\/ul>\n\n\n\n<p>\u2714 El litio se utiliza en el trastorno bipolar. El litio puede afectar:  <\/p>\n\n\n\n<p><strong>equilibrio electrol\u00edtico <\/strong><\/p>\n\n\n\n<ul class=\"wp-block-list\">\n<li>Consecuencias: El litio afecta los niveles de calcio, magnesio y sodio en el organismo. Puede provocar disfunci\u00f3n tiroidea y renal, lo que puede empeorar la salud mental del paciente (Rao et al., 2008).  <\/li>\n<\/ul>\n\n\n\n<p><strong>Deficiencias de nutrientes. <\/strong><\/p>\n\n\n\n<ul class=\"wp-block-list\">\n<li>Puede reducir los niveles de yodo, aumentando el riesgo de problemas de tiroides y ralentizando el metabolismo. <\/li>\n<\/ul>\n\n\n\n<ul class=\"wp-block-list\">\n<li>Puede reducir los niveles de vitamina B12, lo que puede provocar fatiga y neuropat\u00edas. <\/li>\n<\/ul>\n<\/div>\n<\/div>\n\n\n\n<hr class=\"wp-block-separator has-alpha-channel-opacity\"\/>\n<\/div>\n<\/div><\/div>\n\n\n\n<p><\/p>\n\n\n\n<div class=\"wp-block-uagb-container uagb-block-571f1fd5 alignfull uagb-is-root-container\"><div class=\"uagb-container-inner-blocks-wrap\">\n<div class=\"wp-block-uagb-container uagb-block-1c3d7b57\">\n<p style=\"font-size:16px\"><strong>4. Malos h\u00e1bitos alimentarios y estilo de vida<\/strong><\/p>\n\n\n\n<p>La dieta occidental es baja en nutrientes. Una dieta rica en comida r\u00e1pida, az\u00facares simples y grasas trans puede provocar deficiencias nutricionales e inflamaci\u00f3n, lo que afecta negativamente la salud mental.  <\/p>\n<\/div>\n\n\n\n<div class=\"wp-block-uagb-container uagb-block-8ac9d3a2\">\n<p><strong>Sumario:<\/strong><\/p>\n\n\n\n<p>Las deficiencias nutricionales en pacientes con trastornos mentales se deben a m\u00faltiples mecanismos, como la absorci\u00f3n deficiente, el aumento de las necesidades nutricionales, los efectos secundarios de los medicamentos y los malos h\u00e1bitos alimenticios. El apoyo diet\u00e9tico profesional y un plan de nutrici\u00f3n individualizado pueden complementar la terapia farmacol\u00f3gica y mejorar la calidad de vida de los pacientes.  <\/p>\n<\/div>\n<\/div><\/div>\n\n\n\n<p><\/p>\n\n\n\n<div class=\"wp-block-group is-layout-constrained wp-block-group-is-layout-constrained\">\n<p class=\"has-text-align-center has-ast-global-color-1-color has-ast-global-color-5-background-color has-text-color has-background has-medium-font-size\" style=\"padding-top:var(--wp--preset--spacing--40);padding-bottom:var(--wp--preset--spacing--40)\"><strong><strong>ACTIVIDAD INTERACTIVA<\/strong> 28<\/strong><\/p>\n\n\n<div class=\"h5p-iframe-wrapper\"><iframe id=\"h5p-iframe-195\" class=\"h5p-iframe\" data-content-id=\"195\" style=\"height:1px\" src=\"about:blank\" frameBorder=\"0\" scrolling=\"no\" title=\"EJERCICIO 28-Q1-MODULO 3\"><\/iframe><\/div>\n\n\n\n<div class=\"wp-block-uagb-separator uagb-block-0d80d88e\"><div class=\"wp-block-uagb-separator__inner\" style=\"--my-background-image:\"><\/div><\/div>\n\n\n<div class=\"h5p-iframe-wrapper\"><iframe id=\"h5p-iframe-196\" class=\"h5p-iframe\" data-content-id=\"196\" style=\"height:1px\" src=\"about:blank\" frameBorder=\"0\" scrolling=\"no\" title=\"EJERCICIO 28 - Q2 - MODULO 3\"><\/iframe><\/div>\n\n\n\n<div class=\"wp-block-uagb-separator uagb-block-b59e6286\"><div class=\"wp-block-uagb-separator__inner\" style=\"--my-background-image:\"><\/div><\/div>\n\n\n<div class=\"h5p-iframe-wrapper\"><iframe id=\"h5p-iframe-197\" class=\"h5p-iframe\" data-content-id=\"197\" style=\"height:1px\" src=\"about:blank\" frameBorder=\"0\" scrolling=\"no\" title=\"EJERCICIO 28-Q3-MODULO 3\"><\/iframe><\/div>\n\n\n\n<div class=\"wp-block-uagb-separator uagb-block-cea26634 wp-block-uagb-separator--icon\"><div class=\"wp-block-uagb-separator__inner\" style=\"--my-background-image:\"><div class=\"wp-block-uagb-separator-element\"><svg xmlns=\"https:\/\/www.w3.org\/2000\/svg\" viewBox=\"0 0 576 512\"><path d=\"M381.2 150.3L524.9 171.5C536.8 173.2 546.8 181.6 550.6 193.1C554.4 204.7 551.3 217.3 542.7 225.9L438.5 328.1L463.1 474.7C465.1 486.7 460.2 498.9 450.2 506C440.3 513.1 427.2 514 416.5 508.3L288.1 439.8L159.8 508.3C149 514 135.9 513.1 126 506C116.1 498.9 111.1 486.7 113.2 474.7L137.8 328.1L33.58 225.9C24.97 217.3 21.91 204.7 25.69 193.1C29.46 181.6 39.43 173.2 51.42 171.5L195 150.3L259.4 17.97C264.7 6.954 275.9-.0391 288.1-.0391C300.4-.0391 311.6 6.954 316.9 17.97L381.2 150.3z\"><\/path><\/svg><\/div><\/div><\/div>\n<\/div>\n\n\n\n<figure class=\"wp-block-table is-style-stripes\"><table class=\"has-background has-border-color has-ast-global-color-4-border-color has-fixed-layout\" style=\"background-color:#e9f3d9;border-width:2px\"><tbody><tr><td><strong>Bibliograf\u00eda<\/strong>  <\/td><\/tr><tr><td>Zieli\u0144ska, M., \u0141uszczki, E. y Dere\u0144, K. (2023). Deficiencias nutricionales diet\u00e9ticas y riesgo de depresi\u00f3n (Art\u00edculo de revisi\u00f3n 2018-2023). Nutrients, 15(11), 2433. https:\/\/doi.org\/10.3390\/nu15112433. Onaolapo, O. J. y Onaolapo, A. Y. (2021). Nutrici\u00f3n, deficiencias nutricionales y esquizofrenia: Una asociaci\u00f3n que merece una reevaluaci\u00f3n constante. World Journal of Clinical Cases, 9(28), 8295\u20138311. Espa\u00f1ol: https:\/\/doi.org\/10.12998\/wjcc.v9.i28.8295 Rao, T. S., Asha, M. R., Ramesh, B. N., y Rao, K. S. (2008). Comprensi\u00f3n de la nutrici\u00f3n, la depresi\u00f3n y las enfermedades mentales. Revista India de Psiquiatr\u00eda, 50(2), 77\u201382.         https:\/\/doi.org\/10.4103\/0019-5545.42391\n <\/td><\/tr><\/tbody><\/table><\/figure>\n\n\n<div class=\"sensei-block-wrapper\">\n<div class=\"wp-block-sensei-lms-lesson-actions\"><div class=\"sensei-buttons-container\">\n\n\n\n\n\n\n\n<\/div><\/div>\n<\/div>","protected":false},"excerpt":{"rendered":"","protected":false},"featured_media":0,"comment_status":"open","ping_status":"closed","template":"","meta":{"_coblocks_attr":"","_coblocks_dimensions":"","_coblocks_responsive_height":"","_coblocks_accordion_ie_support":"","_uag_custom_page_level_css":"","_uf_show_specific_survey":0,"_uf_disable_surveys":false,"site-sidebar-layout":"default","site-content-layout":"","ast-site-content-layout":"default","site-content-style":"default","site-sidebar-style":"default","ast-global-header-display":"","ast-banner-title-visibility":"","ast-main-header-display":"","ast-hfb-above-header-display":"","ast-hfb-below-header-display":"","ast-hfb-mobile-header-display":"","site-post-title":"","ast-breadcrumbs-content":"","ast-featured-img":"","footer-sml-layout":"","theme-transparent-header-meta":"","adv-header-id-meta":"","stick-header-meta":"","header-above-stick-meta":"","header-main-stick-meta":"","header-below-stick-meta":"","astra-migrate-meta-layouts":"default","ast-page-background-enabled":"default","ast-page-background-meta":{"desktop":{"background-color":"var(--ast-global-color-5)","background-image":"","background-repeat":"repeat","background-position":"center center","background-size":"auto","background-attachment":"scroll","background-type":"","background-media":"","overlay-type":"","overlay-color":"","overlay-opacity":"","overlay-gradient":""},"tablet":{"background-color":"","background-image":"","background-repeat":"repeat","background-position":"center center","background-size":"auto","background-attachment":"scroll","background-type":"","background-media":"","overlay-type":"","overlay-color":"","overlay-opacity":"","overlay-gradient":""},"mobile":{"background-color":"","background-image":"","background-repeat":"repeat","background-position":"center center","background-size":"auto","background-attachment":"scroll","background-type":"","background-media":"","overlay-type":"","overlay-color":"","overlay-opacity":"","overlay-gradient":""}},"ast-content-background-meta":{"desktop":{"background-color":"var(--ast-global-color-4)","background-image":"","background-repeat":"repeat","background-position":"center center","background-size":"auto","background-attachment":"scroll","background-type":"","background-media":"","overlay-type":"","overlay-color":"","overlay-opacity":"","overlay-gradient":""},"tablet":{"background-color":"var(--ast-global-color-4)","background-image":"","background-repeat":"repeat","background-position":"center center","background-size":"auto","background-attachment":"scroll","background-type":"","background-media":"","overlay-type":"","overlay-color":"","overlay-opacity":"","overlay-gradient":""},"mobile":{"background-color":"var(--ast-global-color-4)","background-image":"","background-repeat":"repeat","background-position":"center center","background-size":"auto","background-attachment":"scroll","background-type":"","background-media":"","overlay-type":"","overlay-color":"","overlay-opacity":"","overlay-gradient":""}},"_initial_content":"","_new_post":false,"footnotes":"","_quiz_has_questions":false,"_lesson_complexity":"easy","_lesson_length":10,"_lesson_course":1078,"_lesson_preview":""},"lesson-tag":[],"class_list":["post-1101","lesson","type-lesson","status-publish","hentry","module-modulo-3","post"],"aioseo_notices":[],"yoast_head":"<!-- This site is optimized with the Yoast SEO plugin v27.3 - https:\/\/yoast.com\/product\/yoast-seo-wordpress\/ -->\n<title>3. Deficiencias que se encuentran com\u00fanmente en pacientes con trastornos mentales -<\/title>\n<meta name=\"robots\" content=\"index, follow, max-snippet:-1, max-image-preview:large, max-video-preview:-1\" \/>\n<link rel=\"canonical\" href=\"https:\/\/www.moodbites.eu\/es\/lesson\/deficiencies-commonly-found-in-patients-with-mental-disorders\/\" \/>\n<meta property=\"og:locale\" content=\"es_ES\" \/>\n<meta property=\"og:type\" content=\"article\" \/>\n<meta property=\"og:title\" content=\"3. Deficiencias que se encuentran com\u00fanmente en pacientes con trastornos mentales -\" \/>\n<meta property=\"og:description\" content=\"Deficiencias nutricionales comunes en pacientes psiqui\u00e1tricos Mecanismos que conducen a deficiencias de nutrientes en pacientes con trastornos mentales Las deficiencias [&hellip;]\" \/>\n<meta property=\"og:url\" content=\"https:\/\/www.moodbites.eu\/es\/lesson\/deficiencies-commonly-found-in-patients-with-mental-disorders\/\" \/>\n<meta property=\"article:modified_time\" content=\"2025-12-05T12:28:08+00:00\" \/>\n<meta name=\"twitter:card\" content=\"summary_large_image\" \/>\n<meta name=\"twitter:label1\" content=\"Tiempo de lectura\" \/>\n\t<meta name=\"twitter:data1\" content=\"10 minutos\" \/>\n<script type=\"application\/ld+json\" class=\"yoast-schema-graph\">{\"@context\":\"https:\\\/\\\/schema.org\",\"@graph\":[{\"@type\":\"WebPage\",\"@id\":\"https:\\\/\\\/www.moodbites.eu\\\/es\\\/lesson\\\/deficiencies-commonly-found-in-patients-with-mental-disorders\\\/\",\"url\":\"https:\\\/\\\/www.moodbites.eu\\\/es\\\/lesson\\\/deficiencies-commonly-found-in-patients-with-mental-disorders\\\/\",\"name\":\"3. Deficiencias que se encuentran com\u00fanmente en pacientes con trastornos mentales -\",\"isPartOf\":{\"@id\":\"https:\\\/\\\/www.moodbites.eu\\\/es\\\/#website\"},\"datePublished\":\"2025-10-08T08:36:49+00:00\",\"dateModified\":\"2025-12-05T12:28:08+00:00\",\"breadcrumb\":{\"@id\":\"https:\\\/\\\/www.moodbites.eu\\\/es\\\/lesson\\\/deficiencies-commonly-found-in-patients-with-mental-disorders\\\/#breadcrumb\"},\"inLanguage\":\"es\",\"potentialAction\":[{\"@type\":\"ReadAction\",\"target\":[\"https:\\\/\\\/www.moodbites.eu\\\/es\\\/lesson\\\/deficiencies-commonly-found-in-patients-with-mental-disorders\\\/\"]}]},{\"@type\":\"BreadcrumbList\",\"@id\":\"https:\\\/\\\/www.moodbites.eu\\\/es\\\/lesson\\\/deficiencies-commonly-found-in-patients-with-mental-disorders\\\/#breadcrumb\",\"itemListElement\":[{\"@type\":\"ListItem\",\"position\":1,\"name\":\"Portada\",\"item\":\"https:\\\/\\\/www.moodbites.eu\\\/es\\\/\"},{\"@type\":\"ListItem\",\"position\":2,\"name\":\"3. Deficiencias que se encuentran com\u00fanmente en pacientes con trastornos mentales\"}]},{\"@type\":\"WebSite\",\"@id\":\"https:\\\/\\\/www.moodbites.eu\\\/es\\\/#website\",\"url\":\"https:\\\/\\\/www.moodbites.eu\\\/es\\\/\",\"name\":\"Moodbites\",\"description\":\"Tailored training program that helps mental health professionals use nutrition to support the well-being of people with mental disorders.\",\"publisher\":{\"@id\":\"https:\\\/\\\/www.moodbites.eu\\\/es\\\/#organization\"},\"potentialAction\":[{\"@type\":\"SearchAction\",\"target\":{\"@type\":\"EntryPoint\",\"urlTemplate\":\"https:\\\/\\\/www.moodbites.eu\\\/es\\\/?s={search_term_string}\"},\"query-input\":{\"@type\":\"PropertyValueSpecification\",\"valueRequired\":true,\"valueName\":\"search_term_string\"}}],\"inLanguage\":\"es\"},{\"@type\":\"Organization\",\"@id\":\"https:\\\/\\\/www.moodbites.eu\\\/es\\\/#organization\",\"name\":\"Moodbites\",\"url\":\"https:\\\/\\\/www.moodbites.eu\\\/es\\\/\",\"logo\":{\"@type\":\"ImageObject\",\"inLanguage\":\"es\",\"@id\":\"https:\\\/\\\/www.moodbites.eu\\\/es\\\/#\\\/schema\\\/logo\\\/image\\\/\",\"url\":\"https:\\\/\\\/www.moodbites.eu\\\/wp-content\\\/uploads\\\/2025\\\/05\\\/logo.png\",\"contentUrl\":\"https:\\\/\\\/www.moodbites.eu\\\/wp-content\\\/uploads\\\/2025\\\/05\\\/logo.png\",\"width\":160,\"height\":68,\"caption\":\"Moodbites\"},\"image\":{\"@id\":\"https:\\\/\\\/www.moodbites.eu\\\/es\\\/#\\\/schema\\\/logo\\\/image\\\/\"}}]}<\/script>\n<!-- \/ Yoast SEO plugin. -->","yoast_head_json":{"title":"3. Deficiencias que se encuentran com\u00fanmente en pacientes con trastornos mentales -","robots":{"index":"index","follow":"follow","max-snippet":"max-snippet:-1","max-image-preview":"max-image-preview:large","max-video-preview":"max-video-preview:-1"},"canonical":"https:\/\/www.moodbites.eu\/es\/lesson\/deficiencies-commonly-found-in-patients-with-mental-disorders\/","og_locale":"es_ES","og_type":"article","og_title":"3. Deficiencias que se encuentran com\u00fanmente en pacientes con trastornos mentales -","og_description":"Deficiencias nutricionales comunes en pacientes psiqui\u00e1tricos Mecanismos que conducen a deficiencias de nutrientes en pacientes con trastornos mentales Las deficiencias [&hellip;]","og_url":"https:\/\/www.moodbites.eu\/es\/lesson\/deficiencies-commonly-found-in-patients-with-mental-disorders\/","article_modified_time":"2025-12-05T12:28:08+00:00","twitter_card":"summary_large_image","twitter_misc":{"Tiempo de lectura":"10 minutos"},"schema":{"@context":"https:\/\/schema.org","@graph":[{"@type":"WebPage","@id":"https:\/\/www.moodbites.eu\/es\/lesson\/deficiencies-commonly-found-in-patients-with-mental-disorders\/","url":"https:\/\/www.moodbites.eu\/es\/lesson\/deficiencies-commonly-found-in-patients-with-mental-disorders\/","name":"3. Deficiencias que se encuentran com\u00fanmente en pacientes con trastornos mentales -","isPartOf":{"@id":"https:\/\/www.moodbites.eu\/es\/#website"},"datePublished":"2025-10-08T08:36:49+00:00","dateModified":"2025-12-05T12:28:08+00:00","breadcrumb":{"@id":"https:\/\/www.moodbites.eu\/es\/lesson\/deficiencies-commonly-found-in-patients-with-mental-disorders\/#breadcrumb"},"inLanguage":"es","potentialAction":[{"@type":"ReadAction","target":["https:\/\/www.moodbites.eu\/es\/lesson\/deficiencies-commonly-found-in-patients-with-mental-disorders\/"]}]},{"@type":"BreadcrumbList","@id":"https:\/\/www.moodbites.eu\/es\/lesson\/deficiencies-commonly-found-in-patients-with-mental-disorders\/#breadcrumb","itemListElement":[{"@type":"ListItem","position":1,"name":"Portada","item":"https:\/\/www.moodbites.eu\/es\/"},{"@type":"ListItem","position":2,"name":"3. Deficiencias que se encuentran com\u00fanmente en pacientes con trastornos mentales"}]},{"@type":"WebSite","@id":"https:\/\/www.moodbites.eu\/es\/#website","url":"https:\/\/www.moodbites.eu\/es\/","name":"Moodbites","description":"Tailored training program that helps mental health professionals use nutrition to support the well-being of people with mental disorders.","publisher":{"@id":"https:\/\/www.moodbites.eu\/es\/#organization"},"potentialAction":[{"@type":"SearchAction","target":{"@type":"EntryPoint","urlTemplate":"https:\/\/www.moodbites.eu\/es\/?s={search_term_string}"},"query-input":{"@type":"PropertyValueSpecification","valueRequired":true,"valueName":"search_term_string"}}],"inLanguage":"es"},{"@type":"Organization","@id":"https:\/\/www.moodbites.eu\/es\/#organization","name":"Moodbites","url":"https:\/\/www.moodbites.eu\/es\/","logo":{"@type":"ImageObject","inLanguage":"es","@id":"https:\/\/www.moodbites.eu\/es\/#\/schema\/logo\/image\/","url":"https:\/\/www.moodbites.eu\/wp-content\/uploads\/2025\/05\/logo.png","contentUrl":"https:\/\/www.moodbites.eu\/wp-content\/uploads\/2025\/05\/logo.png","width":160,"height":68,"caption":"Moodbites"},"image":{"@id":"https:\/\/www.moodbites.eu\/es\/#\/schema\/logo\/image\/"}}]}},"uagb_featured_image_src":{"full":false,"thumbnail":false,"medium":false,"medium_large":false,"large":false,"course_archive_thumbnail":false,"course_single_thumbnail":false,"lesson_archive_thumbnail":false,"lesson_single_thumbnail":false,"1536x1536":false,"2048x2048":false},"uagb_author_info":{"display_name":"juliacunyADMIN","author_link":"https:\/\/www.moodbites.eu\/es\/author\/"},"uagb_comment_info":0,"uagb_excerpt":"Deficiencias nutricionales comunes en pacientes psiqui\u00e1tricos Mecanismos que conducen a deficiencias de nutrientes en pacientes con trastornos mentales Las deficiencias [&hellip;]","_links":{"self":[{"href":"https:\/\/www.moodbites.eu\/es\/wp-json\/wp\/v2\/lessons\/1101","targetHints":{"allow":["GET"]}}],"collection":[{"href":"https:\/\/www.moodbites.eu\/es\/wp-json\/wp\/v2\/lessons"}],"about":[{"href":"https:\/\/www.moodbites.eu\/es\/wp-json\/wp\/v2\/types\/lesson"}],"replies":[{"embeddable":true,"href":"https:\/\/www.moodbites.eu\/es\/wp-json\/wp\/v2\/comments?post=1101"}],"version-history":[{"count":4,"href":"https:\/\/www.moodbites.eu\/es\/wp-json\/wp\/v2\/lessons\/1101\/revisions"}],"predecessor-version":[{"id":2017,"href":"https:\/\/www.moodbites.eu\/es\/wp-json\/wp\/v2\/lessons\/1101\/revisions\/2017"}],"wp:attachment":[{"href":"https:\/\/www.moodbites.eu\/es\/wp-json\/wp\/v2\/media?parent=1101"}],"wp:term":[{"taxonomy":"lesson-tag","embeddable":true,"href":"https:\/\/www.moodbites.eu\/es\/wp-json\/wp\/v2\/lesson-tag?post=1101"}],"curies":[{"name":"wp","href":"https:\/\/api.w.org\/{rel}","templated":true}]}}