{"id":1257,"date":"2025-10-08T10:52:06","date_gmt":"2025-10-08T08:52:06","guid":{"rendered":"https:\/\/www.moodbites.eu\/lesson\/4-common-dietary-mistakes-and-challenges\/"},"modified":"2026-01-16T11:03:41","modified_gmt":"2026-01-16T10:03:41","slug":"4-common-dietary-mistakes-and-challenges","status":"publish","type":"lesson","link":"https:\/\/www.moodbites.eu\/pt-pt\/lesson\/4-common-dietary-mistakes-and-challenges\/","title":{"rendered":"4. Erros e desafios alimentares comuns"},"content":{"rendered":"\n<div class=\"wp-block-uagb-container uagb-block-1f07faeb alignfull uagb-is-root-container\"><div class=\"uagb-container-inner-blocks-wrap\"><\/div><\/div>\n\n\n\n<p><\/p>\n\n\n\n<p class=\"sensei-content-description\">Uma alimenta\u00e7\u00e3o saud\u00e1vel desempenha um papel fundamental na manuten\u00e7\u00e3o da sa\u00fade mental. Numerosos estudos indicam que os h\u00e1bitos alimentares influenciam o funcionamento cerebral, os n\u00edveis de energia, o humor e a efic\u00e1cia do tratamento farmacol\u00f3gico. Infelizmente, as pessoas com doen\u00e7as mentais t\u00eam frequentemente dificuldade em manter um estilo de vida saud\u00e1vel, o que pode agravar os sintomas de depress\u00e3o, esquizofrenia, perturba\u00e7\u00f5es de ansiedade e outras condi\u00e7\u00f5es. Nesta sec\u00e7\u00e3o, discutiremos os erros nutricionais mais comuns, o seu impacto na sa\u00fade mental e exemplos de a\u00e7\u00f5es que os assistentes sociais e especialistas podem tomar para apoiar os doentes.    <\/p>\n\n\n<div class=\"sensei-block-wrapper\">\n<div class=\"wp-block-sensei-lms-lesson-actions\"><div class=\"sensei-buttons-container\">\n\n\n\n\n\n<\/div><\/div>\n<\/div>\n\n\n<div class=\"wp-block-uagb-container uagb-block-df05427e alignfull uagb-is-root-container\"><div class=\"uagb-container-inner-blocks-wrap\">\n<p class=\"sensei-content-description has-text-color\" style=\"color:#e4493e;font-size:28px\"><strong>Alimentos ultraprocessados \u200b\u200be o seu impacto na sa\u00fade mental<\/strong><\/p>\n\n\n\n<p>Os alimentos ultraprocessados, como a fast food, as batatas fritas, as refei\u00e7\u00f5es prontas a consumir e as bebidas a\u00e7ucaradas, s\u00e3o ricos em gorduras trans, conservantes artificiais e aditivos, oferecendo pouco valor nutricional. Os doentes com doen\u00e7as mentais recorrem frequentemente a este tipo de produtos por serem f\u00e1ceis de preparar e terem um baixo custo. O consumo excessivo destes alimentos afeta negativamente a sa\u00fade mental, pois contribui para:   <\/p>\n\n\n\n<div class=\"wp-block-uagb-container uagb-block-cc60738a alignfull uagb-is-root-container\"><div class=\"uagb-container-inner-blocks-wrap\">\n<div class=\"wp-block-uagb-container uagb-block-09df89f1\">\n<p>Aumento da inflama\u00e7\u00e3o \u2013 as gorduras trans e os aditivos alimentares artificiais podem prejudicar a fun\u00e7\u00e3o cerebral e agravar os sintomas da depress\u00e3o; <\/p>\n<\/div>\n\n\n\n<div class=\"wp-block-uagb-container uagb-block-ade456ae\">\n<p>Defici\u00eancias de vitaminas do complexo B, \u00e1cidos gordos \u00f3mega-3 e magn\u00e9sio podem levar a um aumento da irritabilidade e a uma diminui\u00e7\u00e3o da energia; <\/p>\n<\/div>\n\n\n\n<div class=\"wp-block-uagb-container uagb-block-d3c9593d\">\n<p>Altera\u00e7\u00f5es na microbiota intestinal \u2013 o intestino afeta diretamente a sa\u00fade mental, e uma dieta pobre em fibras e probi\u00f3ticos pode intensificar os sintomas de depress\u00e3o e ansiedade. <\/p>\n<\/div>\n<\/div><\/div>\n\n\n\n<hr class=\"wp-block-separator has-alpha-channel-opacity\"\/>\n\n\n\n<div class=\"wp-block-uagb-container uagb-block-6521f282 alignfull uagb-is-root-container\"><div class=\"uagb-container-inner-blocks-wrap\">\n<div class=\"wp-block-uagb-container uagb-block-4f1ef470\">\n<p>Os alimentos ultraprocessados \u200b\u200b(AUP) referem-se a produtos que passam por um processamento industrial intensivo e cont\u00eam aditivos para real\u00e7ar o sabor, a textura e o prazo de validade, tais como conservantes, emulsionantes, intensificadores de sabor, corantes artificiais ou ado\u00e7antes. Esta categoria inclui bebidas a\u00e7ucaradas, refei\u00e7\u00f5es prontas a consumir, snacks altamente processados, doces e alimentos instant\u00e2neos. Estes itens s\u00e3o tipicamente ricos em calorias, gorduras saturadas, sal e a\u00e7\u00facares, e pobres em fibras e nutrientes essenciais (Lane et al., 2024).   <br><br>Pesquisas mostram que uma dieta rica em alimentos ultraprocessados \u200b\u200best\u00e1 associada a um risco aumentado de perturba\u00e7\u00f5es mentais, como a depress\u00e3o e a ansiedade. Uma meta-an\u00e1lise constatou que o maior consumo de alimentos ultraprocessados \u200b\u200baumenta o risco de perturba\u00e7\u00f5es de ansiedade em 48% e de perturba\u00e7\u00f5es depressivas em 22% (Lane et al., 2024). Al\u00e9m disso, o consumo de produtos ultraprocessados \u200b\u200btem um impacto negativo na qualidade do sono, o que pode agravar ainda mais o bem-estar mental.   <br><br>Os cientistas realizaram um estudo analisando a dieta de mais de 14.000 indiv\u00edduos em rela\u00e7\u00e3o ao risco de desenvolver problemas de mem\u00f3ria. Os participantes foram divididos em grupos com base na quantidade de alimentos ultraprocessados \u200b\u200bconsumidos (Bhave et al., 2024).  <\/p>\n<\/div>\n\n\n\n<div class=\"wp-block-uagb-container uagb-block-7ed07eb1\">\n<p><strong>\u2714 As pessoas que consumiam mais alimentos processados \u200b\u200bapresentavam um maior risco de problemas de mem\u00f3ria e concentra\u00e7\u00e3o. Um aumento de apenas 10% na ingest\u00e3o destes produtos elevava o risco de perturba\u00e7\u00f5es da mem\u00f3ria em 16%.  <br>\u2714 Os indiv\u00edduos que consumiam mais alimentos naturais e n\u00e3o processados \u200b\u200b(e.g., vegetais, fruta, cereais integrais) apresentavam menor risco de problemas de mem\u00f3ria (Bhave et al., 2024) <\/strong><\/p>\n<\/div>\n<\/div><\/div>\n\n\n\n<div class=\"wp-block-columns are-vertically-aligned-center is-layout-flex wp-container-core-columns-is-layout-28f84493 wp-block-columns-is-layout-flex\">\n<div class=\"wp-block-column is-vertically-aligned-center is-layout-flow wp-block-column-is-layout-flow\">\n<div class=\"wp-block-uagb-image uagb-block-3f0659c9 wp-block-uagb-image--layout-default wp-block-uagb-image--effect-static wp-block-uagb-image--align-none\"><figure class=\"wp-block-uagb-image__figure\"><img decoding=\"async\" srcset=\"https:\/\/www.moodbites.eu\/wp-content\/uploads\/2025\/10\/pexels-photo-2725744-2725744.jpg ,https:\/\/www.moodbites.eu\/wp-content\/uploads\/2025\/10\/pexels-photo-2725744-2725744.jpg 780w, https:\/\/www.moodbites.eu\/wp-content\/uploads\/2025\/10\/pexels-photo-2725744-2725744.jpg 360w\" sizes=\"auto, (max-width: 480px) 150px\" src=\"https:\/\/www.moodbites.eu\/wp-content\/uploads\/2025\/10\/pexels-photo-2725744-2725744.jpg\" alt=\"Delicious gourmet cheeseburger with crispy french fries and fresh salad on a wooden board.\" class=\"uag-image-786\" width=\"501\" height=\"246\" title=\"pexels-photo-2725744-2725744\" loading=\"lazy\" role=\"img\"\/><\/figure><\/div>\n<\/div>\n\n\n\n<div class=\"wp-block-column is-vertically-aligned-center is-layout-flow wp-block-column-is-layout-flow\">\n<p>Uma dieta rica em alimentos ultraprocessados \u200b\u200btem sido associada \u00e0 redu\u00e7\u00e3o do volume em certas regi\u00f5es cerebrais, particularmente aquelas envolvidas na regula\u00e7\u00e3o emocional e na tomada de decis\u00f5es (por exemplo, o c\u00f3rtex cingulado e a am\u00edgdala). Isto sugere que o consumo de grandes quantidades de alimentos processados \u200b\u200bpode afetar a estrutura e fun\u00e7\u00e3o do c\u00e9rebro (Contreras-Rodriguez et al., 2023).  <\/p>\n<\/div>\n<\/div>\n\n\n\n<hr class=\"wp-block-separator has-alpha-channel-opacity\"\/>\n\n\n\n<p><strong><em>Porque \u00e9 que os alimentos ultraprocessados \u200b\u200bpodem afetar negativamente o c\u00e9rebro?<\/em><\/strong><br><strong> <\/strong>Os produtos ultraprocessados \u200b\u200bcont\u00eam geralmente: <\/p>\n\n\n\n<div class=\"wp-block-columns alignwide are-vertically-aligned-center is-layout-flex wp-container-core-columns-is-layout-28f84493 wp-block-columns-is-layout-flex\">\n<div class=\"wp-block-column is-vertically-aligned-center has-background is-layout-flow wp-block-column-is-layout-flow\" style=\"background-color:#e5f9c2;padding-top:var(--wp--preset--spacing--30);padding-bottom:var(--wp--preset--spacing--30);box-shadow:var(--wp--preset--shadow--natural)\">\n<p class=\"has-text-align-center\"><strong>Os n\u00edveis elevados de a\u00e7\u00facar e gorduras trans<\/strong> podem levar \u00e0 inflama\u00e7\u00e3o cerebral, prejudicando a mem\u00f3ria e a concentra\u00e7\u00e3o.<\/p>\n<\/div>\n\n\n\n<div class=\"wp-block-column is-vertically-aligned-center has-background is-layout-flow wp-block-column-is-layout-flow\" style=\"background-color:#e5f9c2;padding-top:var(--wp--preset--spacing--30);padding-bottom:var(--wp--preset--spacing--30);box-shadow:var(--wp--preset--shadow--natural)\">\n<p class=\"has-text-align-center\"><strong>Aditivos e conservantes artificiais<\/strong>, alguns dos quais podem afetar negativamente o sistema nervoso.<\/p>\n<\/div>\n\n\n\n<div class=\"wp-block-column is-vertically-aligned-center has-background is-layout-flow wp-block-column-is-layout-flow\" style=\"background-color:#e5f9c2;padding-top:var(--wp--preset--spacing--30);padding-bottom:var(--wp--preset--spacing--30);box-shadow:var(--wp--preset--shadow--natural)\">\n<p class=\"has-text-align-center\"><strong>N\u00edveis baixos de nutrientes essenciais<\/strong>, com car\u00eancia de vitaminas e minerais necess\u00e1rios para o bom funcionamento do c\u00e9rebro.<\/p>\n<\/div>\n<\/div>\n<\/div><\/div>\n\n\n\n<p><\/p>\n\n\n\n<div class=\"wp-block-group is-layout-constrained wp-block-group-is-layout-constrained\">\n<p class=\"has-text-align-center has-ast-global-color-1-color has-ast-global-color-5-background-color has-text-color has-background has-medium-font-size\" style=\"padding-top:var(--wp--preset--spacing--40);padding-bottom:var(--wp--preset--spacing--40)\"><strong><strong>ATIVIDADE INTERATIVA 29<\/strong><\/strong><\/p>\n\n\n<div class=\"h5p-iframe-wrapper\"><iframe id=\"h5p-iframe-639\" class=\"h5p-iframe\" data-content-id=\"639\" style=\"height:1px\" src=\"about:blank\" frameBorder=\"0\" scrolling=\"no\" title=\"EXERC\u00cdCIO 29-Q1- M\u00d3DULO 3\"><\/iframe><\/div>\n\n\n\n<div class=\"wp-block-uagb-separator uagb-block-0d80d88e\"><div class=\"wp-block-uagb-separator__inner\" style=\"--my-background-image:\"><\/div><\/div>\n\n\n<div class=\"h5p-iframe-wrapper\"><iframe id=\"h5p-iframe-640\" class=\"h5p-iframe\" data-content-id=\"640\" style=\"height:1px\" src=\"about:blank\" frameBorder=\"0\" scrolling=\"no\" title=\"EXERC\u00cdCIO 29-Q2-M\u00d3DULO 3\"><\/iframe><\/div>\n\n\n\n<div class=\"wp-block-uagb-separator uagb-block-cea26634 wp-block-uagb-separator--icon\"><div class=\"wp-block-uagb-separator__inner\" style=\"--my-background-image:\"><div class=\"wp-block-uagb-separator-element\"><svg xmlns=\"https:\/\/www.w3.org\/2000\/svg\" viewBox=\"0 0 576 512\"><path d=\"M381.2 150.3L524.9 171.5C536.8 173.2 546.8 181.6 550.6 193.1C554.4 204.7 551.3 217.3 542.7 225.9L438.5 328.1L463.1 474.7C465.1 486.7 460.2 498.9 450.2 506C440.3 513.1 427.2 514 416.5 508.3L288.1 439.8L159.8 508.3C149 514 135.9 513.1 126 506C116.1 498.9 111.1 486.7 113.2 474.7L137.8 328.1L33.58 225.9C24.97 217.3 21.91 204.7 25.69 193.1C29.46 181.6 39.43 173.2 51.42 171.5L195 150.3L259.4 17.97C264.7 6.954 275.9-.0391 288.1-.0391C300.4-.0391 311.6 6.954 316.9 17.97L381.2 150.3z\"><\/path><\/svg><\/div><\/div><\/div>\n<\/div>\n\n\n\n<div class=\"wp-block-uagb-container uagb-block-265e2151 alignfull uagb-is-root-container\"><div class=\"uagb-container-inner-blocks-wrap\">\n<div class=\"wp-block-uagb-container uagb-block-91af0eab\">\n<p class=\"sensei-content-description has-text-color\" style=\"color:#e4493e;font-size:28px\"><strong>Consumo excessivo de a\u00e7\u00facar<\/strong><\/p>\n\n\n\n<div class=\"wp-block-uagb-container uagb-block-51c8302a\"><\/div>\n\n\n\n<p>Os doentes com perturba\u00e7\u00f5es mentais recorrem frequentemente a bebidas a\u00e7ucaradas, bolachas, chocolate e outros produtos ricos em a\u00e7\u00facar, pois estes podem melhorar temporariamente o humor.<br> <br>Infelizmente, este efeito \u00e9 de curta dura\u00e7\u00e3o e, com o tempo, o consumo excessivo de a\u00e7\u00facar leva a um comprometimento da fun\u00e7\u00e3o cerebral. Pessoas com doen\u00e7as mentais graves, como esquizofrenia ou doen\u00e7a bipolar, s\u00e3o frequentemente caracterizadas por um elevado consumo de a\u00e7\u00facar, particularmente sob a forma de bebidas a\u00e7ucaradas e ch\u00e1\/caf\u00e9 com adi\u00e7\u00e3o de a\u00e7\u00facar (Lambert et al., 2024).  <\/p>\n<\/div>\n\n\n\n<div class=\"wp-block-uagb-container uagb-block-ee0fc7a2\">\n<p style=\"padding-top:0;padding-bottom:0\">Estudos demonstraram que os indiv\u00edduos em tratamento psiqui\u00e1trico consomem at\u00e9 quatro vezes mais a\u00e7\u00facar proveniente de bebidas do que a popula\u00e7\u00e3o em geral.<br>Isto pode levar a uma deteriora\u00e7\u00e3o da sa\u00fade f\u00edsica e mental.<br>Principais conclus\u00f5es (Lambert et al., 2024):<br>\u2022 66% dos doentes consumiram pelo menos uma bebida a\u00e7ucarada ou ch\u00e1\/caf\u00e9 com adi\u00e7\u00e3o de a\u00e7\u00facar por semana.<br>\u2022 56,5% dos doentes consumiam regularmente bebidas a\u00e7ucaradas (por exemplo, refrigerantes de cola, bebidas energ\u00e9ticas, sumos com adi\u00e7\u00e3o de a\u00e7\u00facar).<br>\u2022 35,4% dos doentes consumiram caf\u00e9 ou ch\u00e1 com a\u00e7\u00facar.<br>\u2022 A ingest\u00e3o m\u00e9dia di\u00e1ria de a\u00e7\u00facar adicionado foi de 86,2 g\/dia, o que excede significativamente as orienta\u00e7\u00f5es recomendadas. <\/p>\n<\/div>\n<\/div><\/div>\n\n\n\n<div class=\"wp-block-uagb-container uagb-block-aa64d3f7 alignfull uagb-is-root-container\"><div class=\"uagb-container-inner-blocks-wrap\">\n<p><strong><em>Ser\u00e1 que as pessoas com doen\u00e7as mentais consomem mais bebidas a\u00e7ucaradas?<\/em> <\/strong><\/p>\n\n\n\n<ol start=\"1\" class=\"wp-block-list\">\n<li><strong>Baixa literacia em sa\u00fade<\/strong> \u2013 As pessoas com perturba\u00e7\u00f5es mentais graves est\u00e3o geralmente conscientes dos riscos do tabagismo e do \u00e1lcool, mas t\u00eam conhecimentos limitados sobre a dieta e a sa\u00fade metab\u00f3lica. Pesquisas mostram que os indiv\u00edduos com menor consci\u00eancia em sa\u00fade s\u00e3o mais propensos a consumir bebidas a\u00e7ucaradas.  <\/li>\n\n\n\n<li><strong>Efeito dos medicamentos antipsic\u00f3ticos<\/strong> \u2013 Alguns medicamentos utilizados para tratar a esquizofrenia podem aumentar a vontade de comer doces. <\/li>\n\n\n\n<li><strong>Melhoria tempor\u00e1ria do humor<\/strong> \u2013 O a\u00e7\u00facar estimula a produ\u00e7\u00e3o de dopamina, levando a uma breve sensa\u00e7\u00e3o de recompensa e a uma melhoria do humor. No entanto, isto \u00e9 seguido por uma falha de energia e agravamento do humor. (Lambert et al., 2024).   <\/li>\n\n\n\n<li><strong>F\u00e1cil acesso e baixo custo<\/strong> \u2013 As bebidas a\u00e7ucaradas s\u00e3o baratas, amplamente dispon\u00edveis e n\u00e3o requerem prepara\u00e7\u00e3o, o que as torna mais atrativas para pessoas com rendimentos limitados. <\/li>\n<\/ol>\n<\/div><\/div>\n\n\n\n<hr class=\"wp-block-separator has-alpha-channel-opacity is-style-wide\"\/>\n\n\n\n<div class=\"wp-block-uagb-container uagb-block-cea10728 alignfull uagb-is-root-container\"><div class=\"uagb-container-inner-blocks-wrap\">\n<div class=\"wp-block-uagb-container uagb-block-011e0eaf\">\n<div class=\"wp-block-uagb-container uagb-block-7c8f46a1\"><\/div>\n\n\n\n<p class=\"has-ast-global-color-0-color has-text-color has-link-color has-medium-font-size wp-elements-cb4e778b5edd84d5d85a2f09058c2afd\"><strong><em>O a\u00e7\u00facar pode aumentar o risco de depress\u00e3o?<\/em> <\/strong><\/p>\n\n\n\n<p>A investiga\u00e7\u00e3o sobre a rela\u00e7\u00e3o entre o consumo de a\u00e7\u00facar e a depress\u00e3o apresentou resultados contradit\u00f3rios. No entanto, uma an\u00e1lise de dados do Inqu\u00e9rito Nacional de Sa\u00fade e Nutri\u00e7\u00e3o (NHANES, na sigla em ingl\u00eas), realizado junto de 18.439 adultos nos Estados Unidos, constatou que uma maior ingest\u00e3o de a\u00e7\u00facar est\u00e1 associada a um risco acrescido de depress\u00e3o. Especificamente, o estudo mostrou:   <\/p>\n\n\n\n<ul class=\"wp-block-list\">\n<li>Cada 100 gramas adicionais de a\u00e7\u00facar por dia aumentam o risco de depress\u00e3o em 28%. <\/li>\n\n\n\n<li>Esta associa\u00e7\u00e3o manteve-se significativa mesmo ap\u00f3s o ajuste para fatores como a idade, o sexo, o n\u00edvel de rendimento, o estado de sa\u00fade e o estilo de vida (Zhang et al., 2024). <\/li>\n<\/ul>\n\n\n\n<p>Pesquisas sugerem que uma dieta rica em a\u00e7\u00facar pode ser um fator de risco para o surgimento de problemas de sa\u00fade mental. Uma revis\u00e3o sistem\u00e1tica de estudos envolvendo 1.212.107 participantes de 40 estudos diferentes, constatou que o elevado consumo de a\u00e7\u00facar estava associado a um aumento de 21% no risco de depress\u00e3o, enquanto o seu impacto nas perturba\u00e7\u00f5es de ansiedade permanece incerto. O a\u00e7\u00facar pode agravar a sa\u00fade mental atrav\u00e9s de flutua\u00e7\u00f5es na glicemia, inflama\u00e7\u00e3o cr\u00f3nica, perturba\u00e7\u00e3o da microbiota intestinal e efeitos sobre os neurotransmissores (Xiong et al., 2024). Isto real\u00e7a a import\u00e2ncia de os assistentes sociais apoiarem os doentes na redu\u00e7\u00e3o da ingest\u00e3o de a\u00e7\u00facar, educ\u00e1-los sobre o seu impacto na sa\u00fade mental e incentivar um estilo de vida mais saud\u00e1vel. Uma abordagem consciente em rela\u00e7\u00e3o \u00e0 alimenta\u00e7\u00e3o pode ser um elemento importante na preven\u00e7\u00e3o da depress\u00e3o e na melhoria do bem-estar geral dos indiv\u00edduos com perturba\u00e7\u00f5es mentais. <\/p>\n<\/div>\n<\/div><\/div>\n\n\n\n<hr class=\"wp-block-separator has-alpha-channel-opacity is-style-wide\"\/>\n\n\n\n<div class=\"wp-block-uagb-container uagb-block-2781bd4c alignfull uagb-is-root-container\"><div class=\"uagb-container-inner-blocks-wrap\">\n<div class=\"wp-block-uagb-container uagb-block-68dcc99d\"><\/div>\n\n\n\n<div class=\"wp-block-uagb-container uagb-block-de943aae alignfull uagb-is-root-container\"><div class=\"uagb-container-inner-blocks-wrap\">\n<p class=\"has-ast-global-color-0-color has-text-color has-link-color has-medium-font-size wp-elements-94439204bdeaf18c031642dec1f2953a\"><strong><em><em>O a\u00e7\u00facar afeta as perturba\u00e7\u00f5es de ansiedade?<\/em> <\/em> <\/strong><\/p>\n\n\n\n<p>\u00c9 de notar que a an\u00e1lise geral dos resultados da investiga\u00e7\u00e3o cient\u00edfica n\u00e3o mostrou uma associa\u00e7\u00e3o significativa entre o a\u00e7\u00facar e o risco de perturba\u00e7\u00f5es de ansiedade. No entanto, em alguns subgrupos (por exemplo, estudos com um n\u00famero mais reduzido de participantes), observou-se uma tend\u00eancia que indica um poss\u00edvel impacto do a\u00e7\u00facar no aumento do risco de ansiedade. Mais investiga\u00e7\u00e3o \u00e9 ainda necess\u00e1ria para determinar claramente esta rela\u00e7\u00e3o (Xiong et al., 2024).   <\/p>\n<\/div><\/div>\n<\/div><\/div>\n\n\n\n<hr class=\"wp-block-separator has-alpha-channel-opacity is-style-wide\"\/>\n\n\n\n<div class=\"wp-block-uagb-container uagb-block-abdc4207 alignfull uagb-is-root-container\"><div class=\"uagb-container-inner-blocks-wrap\">\n<div class=\"wp-block-uagb-container uagb-block-22c05834 alignfull uagb-is-root-container\"><div class=\"uagb-container-inner-blocks-wrap\">\n<p class=\"has-ast-global-color-0-color has-text-color has-link-color has-medium-font-size wp-elements-49da5f8549859b8eab3f7ba306db7297\"><strong><em>Como pode um assistente social ajudar os doentes a reduzir o consumo de bebidas a\u00e7ucaradas?<\/em> <\/strong><\/p>\n\n\n\n<ol class=\"wp-block-list\">\n<li>Perguntas simples sobre dieta.<strong> <\/strong>Como os doentes psiqui\u00e1tricos t\u00eam frequentemente dificuldade em descrever com precis\u00e3o a sua dieta, \u00e9 \u00fatil perguntar sobre o consumo de refrigerantes e bebidas energ\u00e9ticas, que s\u00e3o mais f\u00e1ceis de recordar. <\/li>\n<\/ol>\n\n\n\n<ul class=\"wp-block-list\">\n<li><strong>Exemplo de pergunta:<em> &#8220;Quantas bebidas a\u00e7ucaradas consome por semana?&#8221;<\/em> <\/strong><\/li>\n<\/ul>\n\n\n\n<ol start=\"2\" class=\"wp-block-list\">\n<li>Educa\u00e7\u00e3o sobre os efeitos do consumo excessivo de a\u00e7\u00facar. \u00c9 \u00fatil explicar as coisas de forma simples aos doentes, por exemplo: <em>&#8220;Uma lata de refrigerante cont\u00e9m cerca de 10 colheres de ch\u00e1 de a\u00e7\u00facar \u2013 isto \u00e9 mais do que a ingest\u00e3o di\u00e1ria recomendada.&#8221;<\/em>  <\/li>\n<\/ol>\n\n\n\n<ol start=\"3\" class=\"wp-block-list\">\n<li>Encouraging alternatives, such as:&nbsp;<br>\n<ul class=\"wp-block-list\">\n<li>\u00c1gua com lim\u00e3o ou hortel\u00e3 em vez de refrigerante de cola; <\/li>\n\n\n\n<li>Ch\u00e1 de fruta sem a\u00e7\u00facar em vez de bebidas energ\u00e9ticas; <\/li>\n\n\n\n<li>Reduzir gradualmente a quantidade de a\u00e7\u00facar no caf\u00e9 e no ch\u00e1.<br><\/li>\n<\/ul>\n<\/li>\n\n\n\n<li>Colabora\u00e7\u00e3o com psic\u00f3logos e especialistas em toxicodepend\u00eancia \u2013 Os indiv\u00edduos com duplo diagn\u00f3stico (perturba\u00e7\u00e3o de sa\u00fade mental + depend\u00eancia do \u00e1lcool) necessitam de apoio integral por parte dos profissionais. <\/li>\n<\/ol>\n<\/div><\/div>\n\n\n\n<div class=\"wp-block-uagb-container uagb-block-77d51ca4\">\n<div class=\"wp-block-uagb-container uagb-block-56339339\"><\/div>\n\n\n\n<ol start=\"4\" class=\"wp-block-list\">\n<li>Helping to plan simple changes. The goal is not to eliminate sugar completely right away \u2013 gradually reducing the amount of sugary drinks can bring long-term benefits. For example, you can suggest limiting sugary drinks to twice a week instead of daily.  <\/li>\n<\/ol>\n\n\n\n<p>Coopera\u00e7\u00e3o com m\u00e9dicos e nutricionistas. Se n\u00e3o estiver dispon\u00edvel um nutricionista, o consumo de bebidas a\u00e7ucaradas pode ser considerado um indicador de risco alimentar, o que pode sinalizar a necessidade de uma maior interven\u00e7\u00e3o (Lambert et al., 2024).  <\/p>\n<\/div>\n<\/div><\/div>\n\n\n\n<p><\/p>\n\n\n\n<div class=\"wp-block-group is-layout-constrained wp-block-group-is-layout-constrained\">\n<p class=\"has-text-align-center has-ast-global-color-1-color has-ast-global-color-5-background-color has-text-color has-background has-medium-font-size\" style=\"padding-top:var(--wp--preset--spacing--40);padding-bottom:var(--wp--preset--spacing--40)\"><strong><strong>ATIVIDADE INTERATIVA 30<\/strong><\/strong><\/p>\n\n\n<div class=\"h5p-iframe-wrapper\"><iframe id=\"h5p-iframe-641\" class=\"h5p-iframe\" data-content-id=\"641\" style=\"height:1px\" src=\"about:blank\" frameBorder=\"0\" scrolling=\"no\" title=\"EXERC\u00cdCIO 30-Q1- M\u00d3DULO 3\"><\/iframe><\/div>\n\n\n\n<div class=\"wp-block-uagb-separator uagb-block-08542d34 wp-block-uagb-separator--icon\"><div class=\"wp-block-uagb-separator__inner\" style=\"--my-background-image:\"><div class=\"wp-block-uagb-separator-element\"><svg xmlns=\"https:\/\/www.w3.org\/2000\/svg\" viewBox=\"0 0 576 512\"><path d=\"M381.2 150.3L524.9 171.5C536.8 173.2 546.8 181.6 550.6 193.1C554.4 204.7 551.3 217.3 542.7 225.9L438.5 328.1L463.1 474.7C465.1 486.7 460.2 498.9 450.2 506C440.3 513.1 427.2 514 416.5 508.3L288.1 439.8L159.8 508.3C149 514 135.9 513.1 126 506C116.1 498.9 111.1 486.7 113.2 474.7L137.8 328.1L33.58 225.9C24.97 217.3 21.91 204.7 25.69 193.1C29.46 181.6 39.43 173.2 51.42 171.5L195 150.3L259.4 17.97C264.7 6.954 275.9-.0391 288.1-.0391C300.4-.0391 311.6 6.954 316.9 17.97L381.2 150.3z\"><\/path><\/svg><\/div><\/div><\/div>\n<\/div>\n\n\n\n<figure class=\"wp-block-table is-style-stripes\"><table class=\"has-background has-border-color has-ast-global-color-4-border-color has-fixed-layout\" style=\"background-color:#e9f3d9;border-width:2px\"><tbody><tr><td><strong>Bibliografia<\/strong>  <\/td><\/tr><tr><td>Zhang, L., Sun, H., Liu, Z., Yang, J., &amp; Liu, Y. (2024). Associa\u00e7\u00e3o entre a ingest\u00e3o de a\u00e7\u00facar na dieta e a depress\u00e3o em adultos dos EUA: um estudo transversal utilizando dados do Inqu\u00e9rito Nacional de Sa\u00fade e Nutri\u00e7\u00e3o de 2011\u20132018. BMC Psychiatry, 24(1), 110. https:\/\/doi.org\/10.1186\/s12888-024-05531-7 Xiong, J., Wang, L., Huang, H., Xiong, S., Zhang, S., Fu, Q., Tang, R., &amp; Zhang, Q. (2024). Associa\u00e7\u00e3o do consumo de a\u00e7\u00facar com o risco de depress\u00e3o e ansiedade: uma revis\u00e3o sistem\u00e1tica e meta-an\u00e1lise. Frontiers in Nutrition, 11, 1472612. https:\/\/doi.org\/10.3389\/fnut.2024.1472612 Lambert, T. J., Jay, M., Hennessy, E., Smith, K., &amp; Sureshkumar, P. (2024). Consumo de bebidas ado\u00e7adas com a\u00e7\u00facar em pessoas com doen\u00e7a mental grave: um estudo de coorte baseado na comunidade. Journal of Multidisciplinary Healthcare, 17, 5887\u20135899.         https:\/\/doi.org\/10.2147\/JMDH.S479281\n <\/td><\/tr><\/tbody><\/table><\/figure>\n\n\n\n<div class=\"wp-block-uagb-container uagb-block-089c0bd4 alignfull uagb-is-root-container\"><div class=\"uagb-container-inner-blocks-wrap\">\n<div class=\"wp-block-uagb-container uagb-block-d30f17a2\">\n<p class=\"sensei-content-description has-text-color\" style=\"color:#e4493e;font-size:28px\"><strong><strong>Consumo de \u00e1lcool<\/strong> <\/strong><\/p>\n\n\n\n<p>As pessoas com perturba\u00e7\u00f5es mentais t\u00eam maior probabilidade de consumir \u00e1lcool de forma arriscada, o que pode levar \u00e0 deteriora\u00e7\u00e3o da sua sa\u00fade e a dificuldades no funcionamento di\u00e1rio. Por conseguinte, \u00e9 crucial que os assistentes sociais estejam cientes deste problema e apoiem os seus clientes na procura de formas mais saud\u00e1veis \u200b\u200bde lidar com os desafios de sa\u00fade mental (Guckel et al., 2022).  <br><br><em>Porque \u00e9 que as pessoas com problemas de sa\u00fade mental s\u00e3o particularmente vulner\u00e1veis \u200b\u200baos efeitos das intera\u00e7\u00f5es entre o \u00e1lcool e os medicamentos?<\/em> <br><br>As pessoas com perturba\u00e7\u00f5es mentais tomam frequentemente medicamentos psicotr\u00f3picos (por exemplo, antidepressivos, ansiol\u00edticos, antipsic\u00f3ticos) que atuam no sistema nervoso central. Quando combinados com \u00e1lcool, podem causar efeitos secund\u00e1rios graves (Cheng et al., 2018).  <\/p>\n<\/div>\n\n\n\n<div class=\"wp-block-uagb-container uagb-block-bf7c7bca\">\n<p class=\"has-ast-global-color-0-color has-text-color has-link-color has-medium-font-size wp-elements-14622dc4cb5b6dc291258d50918e7294\"><strong>O \u00e1lcool pode afetar os medicamentos de duas formas: <\/strong><\/p>\n\n\n\n<ol start=\"1\" class=\"wp-block-list\">\n<li>Alterar o metabolismo dos medicamentos \u2013 Pode enfraquecer ou intensificar os efeitos dos medicamentos, levando a resultados imprevis\u00edveis; <\/li>\n<\/ol>\n\n\n\n<ol start=\"2\" class=\"wp-block-list\">\n<li>potenciar os efeitos dos medicamentos no sistema nervoso \u2013 Isto pode provocar um aumento da sonol\u00eancia, tonturas, comprometimento da concentra\u00e7\u00e3o e da coordena\u00e7\u00e3o, podendo mesmo levar \u00e0 perda de consci\u00eancia (Cheng et al., 2018). <\/li>\n<\/ol>\n<\/div>\n<\/div><\/div>\n\n\n\n<div class=\"wp-block-uagb-container uagb-block-ccf3897a alignfull uagb-is-root-container\"><div class=\"uagb-container-inner-blocks-wrap\">\n<div class=\"wp-block-uagb-container uagb-block-9bb4163c\"><\/div>\n\n\n\n<div class=\"wp-block-uagb-container uagb-block-c65be777\">\n<p><strong><em>Quais as consequ\u00eancias da combina\u00e7\u00e3o de \u00e1lcool com medicamentos psicotr\u00f3picos?<\/em> <\/strong><\/p>\n\n\n\n<ul class=\"wp-block-list\">\n<li>Agravamento dos sintomas de sa\u00fade mental \u2013 O \u00e1lcool pode intensificar a depress\u00e3o, a ansiedade e at\u00e9 desencadear epis\u00f3dios psic\u00f3ticos. <\/li>\n\n\n\n<li>Efeitos secund\u00e1rios imprevis\u00edveis \u2013 Estes podem incluir sonol\u00eancia excessiva, dificuldades respirat\u00f3rias, perturba\u00e7\u00f5es do ritmo card\u00edaco e, em casos extremos, coma ou morte. <\/li>\n\n\n\n<li>Risco de hospitaliza\u00e7\u00e3o \u2013 Os indiv\u00edduos que combinam \u00e1lcool com medicamentos t\u00eam maior probabilidade de serem hospitalizados devido ao agravamento da doen\u00e7a ou a complica\u00e7\u00f5es de sa\u00fade. <\/li>\n<\/ul>\n\n\n\n<p>redu\u00e7\u00e3o da efic\u00e1cia do tratamento \u2013 O consumo cr\u00f3nico de \u00e1lcool pode prejudicar a forma como os medicamentos atuam ou fazer com que sejam eliminados do organismo mais rapidamente (Cheng et al., 2018). <\/p>\n<\/div>\n<\/div><\/div>\n\n\n\n<div class=\"wp-block-uagb-container uagb-block-993caef1 alignfull uagb-is-root-container\"><div class=\"uagb-container-inner-blocks-wrap\">\n<p><em><strong>Os clientes\/doentes est\u00e3o conscientes dos riscos?<\/strong><\/em> <br><br>Estudos mostram que a maioria dos doentes (75%) recebeu informa\u00e7\u00e3o de um m\u00e9dico ou farmac\u00eautico sobre as intera\u00e7\u00f5es entre o \u00e1lcool e os medicamentos psicotr\u00f3picos (Cheng et al., 2018). No entanto:  <\/p>\n\n\n\n<ul class=\"wp-block-list\">\n<li>Apenas metade dos doentes segue as recomenda\u00e7\u00f5es para evitar o \u00e1lcool; <\/li>\n\n\n\n<li>Quase 1 em cada 4 pessoas (23%) experimentou efeitos secund\u00e1rios graves ap\u00f3s consumir \u00e1lcool enquanto tomava medicamentos; <\/li>\n\n\n\n<li>Os doentes consideram, geralmente, os m\u00e9dicos a melhor fonte de informa\u00e7\u00e3o sobre as intera\u00e7\u00f5es medicamentosas, mas nem sempre seguem os seus conselhos. <\/li>\n<\/ul>\n<\/div><\/div>\n\n\n\n<div class=\"wp-block-uagb-container uagb-block-d4dbd354 alignfull uagb-is-root-container\"><div class=\"uagb-container-inner-blocks-wrap\">\n<div class=\"wp-block-uagb-container uagb-block-1bd1e380\">\n<p><strong><em>Porque \u00e9 que as pessoas com problemas de sa\u00fade mental recorrem ao \u00e1lcool?<\/em> <\/strong><\/p>\n\n\n\n<p>Pesquisas confirmam que os indiv\u00edduos que sofrem de perturba\u00e7\u00f5es mentais comuns, como depress\u00e3o, ansiedade ou fobias, t\u00eam o dobro da probabilidade de apresentar problemas com o uso abusivo de \u00e1lcool em compara\u00e7\u00e3o com aqueles sem estas condi\u00e7\u00f5es. Isto indica uma forte liga\u00e7\u00e3o entre os problemas de sa\u00fade mental e o consumo de \u00e1lcool de risco (Puddephatt et al., 2022). As pessoas com perturba\u00e7\u00f5es mentais utilizam frequentemente o \u00e1lcool como forma de lidar com as dificuldades emocionais. Esta pode decorrer de diversos fatores:    <br><\/p>\n\n\n\n<ul class=\"wp-block-list\">\n<li>Desejo de aliviar o stress e a ansiedade \u2013 O \u00e1lcool tem um efeito relaxante tempor\u00e1rio, que pode proporcionar al\u00edvio aos indiv\u00edduos que lidam com depress\u00e3o, ansiedade ou outros problemas de sa\u00fade mental. <\/li>\n\n\n\n<li>Tentativa de melhorar o humor \u2013 Pessoas com depress\u00e3o ou outros problemas de sa\u00fade podem usar o \u00e1lcool para se sentirem melhor. Embora o \u00e1lcool possa proporcionar uma melhoria de humor a curto prazo, acaba por piorar a situa\u00e7\u00e3o a longo prazo.  <\/li>\n\n\n\n<li>Evitar sintomas de doen\u00e7as \u2013 Algumas pessoas bebem para atenuar sintomas como agita\u00e7\u00e3o, ansiedade ou pensamentos intrusivos. Por exemplo, quem sofre de ansiedade social pode beber antes de eventos sociais para se sentir mais \u00e0 vontade, enquanto quem sofre de depress\u00e3o pode usar o \u00e1lcool como \u201crem\u00e9dio\u201d para o seu humor.  <\/li>\n\n\n\n<li>Influ\u00eancias ambientais \u2013 A falta de apoio social, a solid\u00e3o ou viver em condi\u00e7\u00f5es de stress podem aumentar o risco de recorrer ao \u00e1lcool. <\/li>\n\n\n\n<li>Mecanismos biol\u00f3gicos \u2013 O \u00e1lcool afeta as mesmas \u00e1reas do c\u00e9rebro envolvidas na regula\u00e7\u00e3o do humor, tornando as pessoas com problemas de sa\u00fade mental mais suscet\u00edveis aos seus efeitos. <\/li>\n\n\n\n<li>O ciclo vicioso da adi\u00e7\u00e3o \u2013 Embora o \u00e1lcool possa inicialmente trazer al\u00edvio, o seu uso indevido leva ao agravamento da sa\u00fade mental, aumentando a probabilidade de consumo adicional (Guckel et al., 2022; Puddephatt et al., 2022). <\/li>\n<\/ul>\n<\/div>\n\n\n\n<div class=\"wp-block-uagb-container uagb-block-2f2f0ab7\"><\/div>\n<\/div><\/div>\n\n\n\n<div class=\"wp-block-uagb-container uagb-block-e708c4b1 alignfull uagb-is-root-container\"><div class=\"uagb-container-inner-blocks-wrap\">\n<div class=\"wp-block-uagb-container uagb-block-75f661f9\">\n<p><strong><em>Com que frequ\u00eancia as pessoas com problemas de sa\u00fade mental consomem \u00e1lcool em n\u00edveis de risco?<\/em><\/strong><\/p>\n\n\n\n<p><strong> <\/strong>Estudos mostram que os indiv\u00edduos com perturba\u00e7\u00f5es mentais s\u00e3o mais propensos a envolver-se em consumo de \u00e1lcool de risco em compara\u00e7\u00e3o com aqueles sem tais condi\u00e7\u00f5es. Observou-se que as pessoas com depress\u00e3o, ansiedade e fobias t\u00eam o dobro da probabilidade de desenvolver perturba\u00e7\u00e3o por uso de \u00e1lcool (TUA) do que aquelas sem problemas de sa\u00fade mental (Guckel et al., 2022; Puddephatt et al., 2022).  <\/p>\n<\/div>\n\n\n\n<div class=\"wp-block-uagb-container uagb-block-ccd90a79\">\n<p>Guckel e colegas (2022) observaram que: <\/p>\n\n\n\n<ul class=\"wp-block-list\">\n<li>Homens e mulheres com perturba\u00e7\u00f5es mentais t\u00eam maior probabilidade de consumir regularmente doses de \u00e1lcool superiores ao limite di\u00e1rio recomendado; <\/li>\n\n\n\n<li>Os homens com problemas de sa\u00fade mental mais graves s\u00e3o mais propensos a envolver-se no consumo excessivo de \u00e1lcool (i.e., consumir mais de 4 bebidas numa \u00fanica ocasi\u00e3o); <\/li>\n\n\n\n<li>As mulheres com perturba\u00e7\u00f5es mentais apresentam um maior risco de ultrapassar os limites de consumo de \u00e1lcool recomendados a longo prazo (s\u00e3o mais propensas ao consumo excessivo e regular de \u00e1lcool). <\/li>\n<\/ul>\n<\/div>\n<\/div><\/div>\n\n\n\n<p><\/p>\n\n\n\n<p>De salientar que o risco de depend\u00eancia \u00e9 semelhante, independentemente do tipo de perturba\u00e7\u00e3o mental \u2013 os indiv\u00edduos com depress\u00e3o e os que t\u00eam perturba\u00e7\u00f5es de ansiedade t\u00eam probabilidades compar\u00e1veis \u200b\u200bde desenvolver depend\u00eancia do \u00e1lcool (Puddephatt et al., 2022). <\/p>\n\n\n\n<p>N\u00e3o existem dados claros sobre a frequ\u00eancia do chamado consumo excessivo de \u00e1lcool (consumo r\u00e1pido de grandes quantidades de \u00e1lcool) entre pessoas com problemas de sa\u00fade mental, mas o uso indevido de \u00e1lcool \u00e9 um problema comum neste grupo (Puddephatt et al., 2022). <\/p>\n\n\n\n<div class=\"wp-block-uagb-container uagb-block-c2933ebd alignfull uagb-is-root-container\"><div class=\"uagb-container-inner-blocks-wrap\">\n<div class=\"wp-block-uagb-container uagb-block-545b88a3\"><\/div>\n\n\n\n<div class=\"wp-block-uagb-container uagb-block-574de6e9\">\n<p><strong><em>O que significa para o servi\u00e7o social?<\/em> <\/strong><\/p>\n\n\n\n<ol start=\"1\" class=\"wp-block-list\">\n<li><strong>Identificar o problema<\/strong> \u2013 Os assistentes sociais devem estar cientes de que os indiv\u00edduos com depress\u00e3o, ansiedade e fobias podem fazer um uso indevido do \u00e1lcool como mecanismo de coping. <\/li>\n<\/ol>\n\n\n\n<ol start=\"2\" class=\"wp-block-list\">\n<li><strong>Educa\u00e7\u00e3o e apoio<\/strong> \u2013 \u00c9 importante ajudar os clientes a compreender que o \u00e1lcool n\u00e3o \u00e9 uma forma eficaz de melhorar o bem-estar e pode, na verdade, agravar o seu estado de sa\u00fade mental. <\/li>\n<\/ol>\n\n\n\n<ol start=\"3\" class=\"wp-block-list\">\n<li><strong>Incentivar estrat\u00e9gias de coping alternativas <\/strong>\u2013 A terapia, as t\u00e9cnicas de relaxamento e o apoio social podem ajudar os clientes a lidar com o stress e as emo\u00e7\u00f5es de forma mais eficaz. <\/li>\n<\/ol>\n\n\n\n<ol start=\"4\" class=\"wp-block-list\">\n<li><strong>Colabora\u00e7\u00e3o com psic\u00f3logos e especialistas em toxicodepend\u00eancia<\/strong> \u2013 Os indiv\u00edduos com duplo diagn\u00f3stico (perturba\u00e7\u00e3o de sa\u00fade mental + depend\u00eancia do \u00e1lcool) necessitam de apoio integral por parte dos profissionais. <\/li>\n<\/ol>\n<\/div>\n<\/div><\/div>\n\n\n\n<p><\/p>\n\n\n\n<div class=\"wp-block-group is-layout-constrained wp-block-group-is-layout-constrained\">\n<p class=\"has-text-align-center has-ast-global-color-1-color has-ast-global-color-5-background-color has-text-color has-background has-medium-font-size\" style=\"padding-top:var(--wp--preset--spacing--40);padding-bottom:var(--wp--preset--spacing--40)\"><strong><strong>ATIVIDADE INTERATIVA 31<\/strong><\/strong><\/p>\n\n\n<div class=\"h5p-iframe-wrapper\"><iframe id=\"h5p-iframe-642\" class=\"h5p-iframe\" data-content-id=\"642\" style=\"height:1px\" src=\"about:blank\" frameBorder=\"0\" scrolling=\"no\" title=\"EXERC\u00cdCIO 31-Q1- M\u00d3DULO 3\"><\/iframe><\/div>\n\n\n\n<div class=\"wp-block-uagb-separator uagb-block-909df8ea wp-block-uagb-separator--icon\"><div class=\"wp-block-uagb-separator__inner\" style=\"--my-background-image:\"><div class=\"wp-block-uagb-separator-element\"><svg xmlns=\"https:\/\/www.w3.org\/2000\/svg\" viewBox=\"0 0 576 512\"><path d=\"M381.2 150.3L524.9 171.5C536.8 173.2 546.8 181.6 550.6 193.1C554.4 204.7 551.3 217.3 542.7 225.9L438.5 328.1L463.1 474.7C465.1 486.7 460.2 498.9 450.2 506C440.3 513.1 427.2 514 416.5 508.3L288.1 439.8L159.8 508.3C149 514 135.9 513.1 126 506C116.1 498.9 111.1 486.7 113.2 474.7L137.8 328.1L33.58 225.9C24.97 217.3 21.91 204.7 25.69 193.1C29.46 181.6 39.43 173.2 51.42 171.5L195 150.3L259.4 17.97C264.7 6.954 275.9-.0391 288.1-.0391C300.4-.0391 311.6 6.954 316.9 17.97L381.2 150.3z\"><\/path><\/svg><\/div><\/div><\/div>\n<\/div>\n\n\n\n<div class=\"wp-block-uagb-container uagb-block-67fc3f09 alignfull uagb-is-root-container\"><div class=\"uagb-container-inner-blocks-wrap\">\n<div class=\"wp-block-uagb-container uagb-block-b719ffae\">\n<p class=\"sensei-content-description has-text-color\" style=\"color:#e4493e;font-size:28px\"><strong>Consumo excessivo de <strong>cafe\u00edna<\/strong><\/strong><\/p>\n\n\n\n<p>A cafe\u00edna \u00e9 uma subst\u00e2ncia psicoativa que tem um efeito estimulante sobre o sistema nervoso. \u00c9 um ingrediente presente em muitas bebidas e medicamentos populares, incluindo:  <\/p>\n\n\n\n<ul class=\"wp-block-list\">\n<li>Caf\u00e9 e ch\u00e1 <\/li>\n\n\n\n<li>Bebidas energ\u00e9ticas (BEs) \u2013 O teor de cafe\u00edna nestas bebidas pode variar entre os 80 mg e os 320 mg por por\u00e7\u00e3o e, nos chamados &#8220;shots energ\u00e9ticos&#8221;, pode chegar aos 350 mg por por\u00e7\u00e3o. <\/li>\n\n\n\n<li>Suplementos alimentares (por exemplo, guaran\u00e1, erva-mate) <\/li>\n\n\n\n<li>Certos analg\u00e9sicos e medicamentos para a enxaqueca (Hladun et al., 2021) <\/li>\n<\/ul>\n<\/div>\n\n\n\n<div class=\"wp-block-uagb-container uagb-block-2ecedc45\">\n<p class=\"has-ast-global-color-0-color has-text-color has-link-color has-medium-font-size wp-elements-83de6ad4eb1e7f21015516ffaf822c20\"><strong><em>Como atua a cafe\u00edna?<\/em> <\/strong><\/p>\n\n\n\n<ul class=\"wp-block-list\">\n<li>Estimula\u00e7\u00e3o cerebral \u2013 A cafe\u00edna bloqueia os recetores de adenosina, reduzindo a sensa\u00e7\u00e3o de fadiga e melhorando a concentra\u00e7\u00e3o. <\/li>\n\n\n\n<li>Aumento dos n\u00edveis de dopamina e noradrenalina \u2013 Pode melhorar o humor e ter um efeito estimulante no organismo. <\/li>\n\n\n\n<li>Efeitos no cora\u00e7\u00e3o e na press\u00e3o arterial \u2013 Pode provocar um aumento da frequ\u00eancia card\u00edaca (taquicardia) e pode elevar ou diminuir a press\u00e3o arterial. <\/li>\n\n\n\n<li>Efeito diur\u00e9tico \u2013 Pode levar \u00e0 desidrata\u00e7\u00e3o e a desequil\u00edbrios eletrol\u00edticos.<\/li>\n\n\n\n<li>Impacto no metabolismo \u2013 Pode provocar uma produ\u00e7\u00e3o excessiva de \u00e1cido no est\u00f4mago e aumentar o risco de problemas digestivos (Hladun et al., 2021) <\/li>\n<\/ul>\n<\/div>\n<\/div><\/div>\n\n\n\n<div class=\"wp-block-uagb-container uagb-block-d49033e4 alignfull uagb-is-root-container\"><div class=\"uagb-container-inner-blocks-wrap\">\n<div class=\"wp-block-uagb-container uagb-block-48dd649c\">\n<p>A cafe\u00edna, especialmente quando consumida em grandes quantidades, pode levar a problemas de sa\u00fade graves, incluindo dist\u00farbios cardiovasculares, neurol\u00f3gicos e psiqui\u00e1tricos. \u00c9 particularmente perigosa para indiv\u00edduos com problemas de sa\u00fade mental e para aqueles que tomam medicamentos psicotr\u00f3picos. Os assistentes sociais devem orientar os seus clientes sobre o consumo seguro de cafe\u00edna e os seus potenciais riscos, bem como monitorizar o seu impacto na sa\u00fade e no funcionamento di\u00e1rio.   <br><br>Falar sobre bebidas energ\u00e9ticas \u2013 Isto \u00e9 especialmente importante para os jovens, que podem n\u00e3o estar cientes do elevado teor de cafe\u00edna nestas bebidas e dos seus efeitos negativos para a sa\u00fade (Hladun et al., 2021). <br><br>As bebidas energ\u00e9ticas s\u00e3o produtos l\u00edquidos que cont\u00eam ingredientes estimulantes, concebidos para aumentar os n\u00edveis de energia, melhorar a concentra\u00e7\u00e3o e otimizar o desempenho f\u00edsico e mental. O principal ingrediente ativo destas bebidas \u00e9 a cafe\u00edna, mas tamb\u00e9m podem incluir outros estimulantes, como a taurina, o guaran\u00e1, a L-carnitina e diversas vitaminas do complexo B (Costantino et al., 2023).  <br><\/p>\n<\/div>\n\n\n\n<div class=\"wp-block-uagb-container uagb-block-24cce1ad\"><\/div>\n<\/div><\/div>\n\n\n\n<div class=\"wp-block-uagb-container uagb-block-7b5c6c93 alignfull uagb-is-root-container\"><div class=\"uagb-container-inner-blocks-wrap\">\n<div class=\"wp-block-uagb-container uagb-block-50f00daf\"><\/div>\n\n\n\n<div class=\"wp-block-uagb-container uagb-block-c2f42c83\">\n<p>Quando s\u00e3o consumidas grandes quantidades de cafe\u00edna, o organismo pode ter dificuldade em metaboliz\u00e1-la adequadamente, levando \u00e0 acumula\u00e7\u00e3o e a um risco acrescido de toxicidade. Os sintomas de sobredosagem de cafe\u00edna podem incluir:  <\/p>\n\n\n\n<ul class=\"wp-block-list\">\n<li>Perturba\u00e7\u00f5es cardiovasculares \u2013 hipertens\u00e3o arterial, arritmias, espasmos da art\u00e9ria coron\u00e1ria e, em casos extremos, at\u00e9 mesmo ataques card\u00edacos. <\/li>\n\n\n\n<li>Problemas digestivos e renais \u2013 v\u00f3mitos, les\u00f5es hep\u00e1ticas, insufici\u00eancia renal e rutura muscular. <\/li>\n\n\n\n<li>Problemas neurol\u00f3gicos e psiqui\u00e1tricos \u2013 convuls\u00f5es, vasoconstri\u00e7\u00e3o cerebral, hemorragias intracranianas e epis\u00f3dios psic\u00f3ticos. <\/li>\n\n\n\n<li>Comportamentos de risco \u2013 o efeito estimulante da cafe\u00edna e a redu\u00e7\u00e3o do autocontrolo podem levar a a\u00e7\u00f5es imprudentes, como conduzir a alta velocidade, envolver-se em comportamentos sexuais de risco ou utilizar outras subst\u00e2ncias psicoativas (Hladun et al., 2021). <\/li>\n<\/ul>\n<\/div>\n<\/div><\/div>\n\n\n\n<p><\/p>\n\n\n\n<hr class=\"wp-block-separator has-alpha-channel-opacity is-style-wide\"\/>\n\n\n\n<p>Teor m\u00e9dio de cafe\u00edna, a\u00e7\u00facar e outros ingredientes nas bebidas energ\u00e9ticas (Costantino et al., 2023): <\/p>\n\n\n\n<ul class=\"wp-block-list\">\n<li><strong>cafe\u00edna <\/strong>\u2013 o teor m\u00e9dio de cafe\u00edna numa bebida energ\u00e9tica \u00e9 de 80 a 160 mg por 500 ml, mas alguns produtos podem conter at\u00e9 505 mg de cafe\u00edna por lata. Para compara\u00e7\u00e3o, uma ch\u00e1vena padr\u00e3o de caf\u00e9 (170 ml) cont\u00e9m entre 77 e 150 mg de cafe\u00edna;  <\/li>\n<\/ul>\n\n\n\n<ul class=\"wp-block-list\">\n<li><strong>guaran\u00e1<\/strong> \u2013 algumas bebidas energ\u00e9ticas cont\u00eam cafe\u00edna sob a forma de guaran\u00e1, o que pode aumentar o efeito estimulante; <\/li>\n<\/ul>\n\n\n\n<ul class=\"wp-block-list\">\n<li><strong>A\u00e7\u00facar <\/strong>\u2013 muitas bebidas energ\u00e9ticas cont\u00eam grandes quantidades de a\u00e7\u00facar, frequentemente entre 50 e 62 gramas por lata de 500 ml. Isto equivale a cerca de 12 a 15 colheres de ch\u00e1 de a\u00e7\u00facar, excedendo significativamente a ingest\u00e3o di\u00e1ria recomendada;  <\/li>\n<\/ul>\n\n\n\n<ul class=\"wp-block-list\">\n<li><strong>Taurina <\/strong>\u2013 um amino\u00e1cido envolvido no funcionamento dos sistemas nervoso e cardiovascular. Alguns estudos sugerem que pode ter um efeito protetor sobre o cora\u00e7\u00e3o, embora as suas intera\u00e7\u00f5es com a cafe\u00edna n\u00e3o sejam totalmente compreendidas;  <\/li>\n<\/ul>\n\n\n\n<ul class=\"wp-block-list\">\n<li>guaran\u00e1 \u2013 potencia o efeito estimulante da bebida; <\/li>\n<\/ul>\n\n\n\n<ul class=\"wp-block-list\">\n<li><strong>L-carnitina<\/strong> \u2013 um composto respons\u00e1vel pelo transporte de \u00e1cidos gordos para as mitoc\u00f4ndrias, onde s\u00e3o convertidos em energia. <\/li>\n<\/ul>\n\n\n\n<div class=\"wp-block-uagb-container uagb-block-80afc913 alignfull uagb-is-root-container\"><div class=\"uagb-container-inner-blocks-wrap\">\t\t\t\t\t<div\n\t\t\t\t\t\tclass=\"wp-block-uagb-image-gallery uagb-block-b8076f54     \"\n\t\t\t\t\t\tstyle=\"\"\n\t\t\t\t\t>\n\t\t\t\t\t\t\t\t\t\t\t<div class=\"spectra-image-gallery spectra-image-gallery__layout--grid spectra-image-gallery__layout--grid-col-5 spectra-image-gallery__layout--grid-col-tab-3 spectra-image-gallery__layout--grid-col-mob-2\">\n\t\t\t\t\t\t\t\t\t\t\t<div class='spectra-image-gallery__media-wrapper' data-spectra-gallery-image-id='809' tabindex=\"0\">\n\t\t\t\t\t\t\t<div class=\"spectra-image-gallery__media spectra-image-gallery__media--grid\">\n\t\t\t\t<picture>\n\t\t\t\t\t<source media=\"(min-width: 1024px)\" srcset=\"https:\/\/www.moodbites.eu\/wp-content\/uploads\/2025\/10\/download.jpg\">\n\t\t\t\t\t<source media=\"(min-width: 768px)\" srcset=\"https:\/\/www.moodbites.eu\/wp-content\/uploads\/2025\/10\/download.jpg\">\n\t\t\t\t\t<img decoding=\"async\" class=\"spectra-image-gallery__media-thumbnail spectra-image-gallery__media-thumbnail--grid\" src=\"https:\/\/www.moodbites.eu\/wp-content\/uploads\/2025\/10\/download.jpg\" alt=\"\" loading=\"lazy\" \/>\n\t\t\t\t<\/picture>\n\t\t\t\t<div class=\"spectra-image-gallery__media-thumbnail-blurrer\"><\/div>\n\t\t\t\t\t\t\t\t\t\t\t<div class=\"spectra-image-gallery__media-thumbnail-caption-wrapper spectra-image-gallery__media-thumbnail-caption-wrapper--overlay\">\n\t\t\t\t\t\t\t\t\t\t\t<div class=\"spectra-image-gallery__media-thumbnail-caption spectra-image-gallery__media-thumbnail-caption--overlay\">\n\t\t\t\t\tOmega 3\t\t\t\t<\/div>\n\t\t\t\t\t\t\t\t\t\t<\/div>\n\t\t\t\t\t\t\t\t\t<\/div>\n\t\t\t\t\t\t<\/div>\n\t\t\t\t\t\t<div class='spectra-image-gallery__media-wrapper' data-spectra-gallery-image-id='813' tabindex=\"0\">\n\t\t\t\t\t\t\t<div class=\"spectra-image-gallery__media spectra-image-gallery__media--grid\">\n\t\t\t\t<picture>\n\t\t\t\t\t<source media=\"(min-width: 1024px)\" srcset=\"https:\/\/www.moodbites.eu\/wp-content\/uploads\/2025\/10\/ga36d73dacd5db44b6285a7fbed0e20d2e3bb8605a389f4daab2cfdd0c464561f794d2b5f5fd2ccd3c07e7bd9fa1d2be02529e08c666af9d8ef6a37fb9a7d5ef2_1280-5040276-1024x682.jpg\">\n\t\t\t\t\t<source media=\"(min-width: 768px)\" srcset=\"https:\/\/www.moodbites.eu\/wp-content\/uploads\/2025\/10\/ga36d73dacd5db44b6285a7fbed0e20d2e3bb8605a389f4daab2cfdd0c464561f794d2b5f5fd2ccd3c07e7bd9fa1d2be02529e08c666af9d8ef6a37fb9a7d5ef2_1280-5040276-1024x682.jpg\">\n\t\t\t\t\t<img decoding=\"async\" class=\"spectra-image-gallery__media-thumbnail spectra-image-gallery__media-thumbnail--grid\" src=\"https:\/\/www.moodbites.eu\/wp-content\/uploads\/2025\/10\/ga36d73dacd5db44b6285a7fbed0e20d2e3bb8605a389f4daab2cfdd0c464561f794d2b5f5fd2ccd3c07e7bd9fa1d2be02529e08c666af9d8ef6a37fb9a7d5ef2_1280-5040276-300x200.jpg\" alt=\"sugar, sweet, cubes, calories, white sugar, carbohydrate, sugar cubes, sugar, sugar, sugar, sugar, sugar\" loading=\"lazy\" \/>\n\t\t\t\t<\/picture>\n\t\t\t\t<div class=\"spectra-image-gallery__media-thumbnail-blurrer\"><\/div>\n\t\t\t\t\t\t\t\t\t\t\t<div class=\"spectra-image-gallery__media-thumbnail-caption-wrapper spectra-image-gallery__media-thumbnail-caption-wrapper--overlay\">\n\t\t\t\t\t\t\t\t\t\t\t<div class=\"spectra-image-gallery__media-thumbnail-caption spectra-image-gallery__media-thumbnail-caption--overlay\">\n\t\t\t\t\tSugar\t\t\t\t<\/div>\n\t\t\t\t\t\t\t\t\t\t<\/div>\n\t\t\t\t\t\t\t\t\t<\/div>\n\t\t\t\t\t\t<\/div>\n\t\t\t\t\t\t<div class='spectra-image-gallery__media-wrapper' data-spectra-gallery-image-id='810' tabindex=\"0\">\n\t\t\t\t\t\t\t<div class=\"spectra-image-gallery__media spectra-image-gallery__media--grid\">\n\t\t\t\t<picture>\n\t\t\t\t\t<source media=\"(min-width: 1024px)\" srcset=\"https:\/\/www.moodbites.eu\/wp-content\/uploads\/2025\/10\/GUARANA.jpg\">\n\t\t\t\t\t<source media=\"(min-width: 768px)\" srcset=\"https:\/\/www.moodbites.eu\/wp-content\/uploads\/2025\/10\/GUARANA.jpg\">\n\t\t\t\t\t<img decoding=\"async\" class=\"spectra-image-gallery__media-thumbnail spectra-image-gallery__media-thumbnail--grid\" src=\"https:\/\/www.moodbites.eu\/wp-content\/uploads\/2025\/10\/GUARANA.jpg\" alt=\"\" loading=\"lazy\" \/>\n\t\t\t\t<\/picture>\n\t\t\t\t<div class=\"spectra-image-gallery__media-thumbnail-blurrer\"><\/div>\n\t\t\t\t\t\t\t\t\t\t\t<div class=\"spectra-image-gallery__media-thumbnail-caption-wrapper spectra-image-gallery__media-thumbnail-caption-wrapper--overlay\">\n\t\t\t\t\t\t\t\t\t\t\t<div class=\"spectra-image-gallery__media-thumbnail-caption spectra-image-gallery__media-thumbnail-caption--overlay\">\n\t\t\t\t\tGuarana\t\t\t\t<\/div>\n\t\t\t\t\t\t\t\t\t\t<\/div>\n\t\t\t\t\t\t\t\t\t<\/div>\n\t\t\t\t\t\t<\/div>\n\t\t\t\t\t\t<div class='spectra-image-gallery__media-wrapper' data-spectra-gallery-image-id='812' tabindex=\"0\">\n\t\t\t\t\t\t\t<div class=\"spectra-image-gallery__media spectra-image-gallery__media--grid\">\n\t\t\t\t<picture>\n\t\t\t\t\t<source media=\"(min-width: 1024px)\" srcset=\"https:\/\/www.moodbites.eu\/wp-content\/uploads\/2025\/10\/molecula-del-cafeina-6971540.webp\">\n\t\t\t\t\t<source media=\"(min-width: 768px)\" srcset=\"https:\/\/www.moodbites.eu\/wp-content\/uploads\/2025\/10\/molecula-del-cafeina-6971540.webp\">\n\t\t\t\t\t<img decoding=\"async\" class=\"spectra-image-gallery__media-thumbnail spectra-image-gallery__media-thumbnail--grid\" src=\"https:\/\/www.moodbites.eu\/wp-content\/uploads\/2025\/10\/molecula-del-cafeina-6971540-300x260.webp\" alt=\"\" loading=\"lazy\" \/>\n\t\t\t\t<\/picture>\n\t\t\t\t<div class=\"spectra-image-gallery__media-thumbnail-blurrer\"><\/div>\n\t\t\t\t\t\t\t\t\t\t\t<div class=\"spectra-image-gallery__media-thumbnail-caption-wrapper spectra-image-gallery__media-thumbnail-caption-wrapper--overlay\">\n\t\t\t\t\t\t\t\t\t\t\t<div class=\"spectra-image-gallery__media-thumbnail-caption spectra-image-gallery__media-thumbnail-caption--overlay\">\n\t\t\t\t\tCaffeine\t\t\t\t<\/div>\n\t\t\t\t\t\t\t\t\t\t<\/div>\n\t\t\t\t\t\t\t\t\t<\/div>\n\t\t\t\t\t\t<\/div>\n\t\t\t\t\t\t<div class='spectra-image-gallery__media-wrapper' data-spectra-gallery-image-id='811' tabindex=\"0\">\n\t\t\t\t\t\t\t<div class=\"spectra-image-gallery__media spectra-image-gallery__media--grid\">\n\t\t\t\t<picture>\n\t\t\t\t\t<source media=\"(min-width: 1024px)\" srcset=\"https:\/\/www.moodbites.eu\/wp-content\/uploads\/2025\/10\/images.jpg\">\n\t\t\t\t\t<source media=\"(min-width: 768px)\" srcset=\"https:\/\/www.moodbites.eu\/wp-content\/uploads\/2025\/10\/images.jpg\">\n\t\t\t\t\t<img decoding=\"async\" class=\"spectra-image-gallery__media-thumbnail spectra-image-gallery__media-thumbnail--grid\" src=\"https:\/\/www.moodbites.eu\/wp-content\/uploads\/2025\/10\/images-300x150.jpg\" alt=\"\" loading=\"lazy\" \/>\n\t\t\t\t<\/picture>\n\t\t\t\t<div class=\"spectra-image-gallery__media-thumbnail-blurrer\"><\/div>\n\t\t\t\t\t\t\t\t\t\t\t<div class=\"spectra-image-gallery__media-thumbnail-caption-wrapper spectra-image-gallery__media-thumbnail-caption-wrapper--overlay\">\n\t\t\t\t\t\t\t\t\t\t\t<div class=\"spectra-image-gallery__media-thumbnail-caption spectra-image-gallery__media-thumbnail-caption--overlay\">\n\t\t\t\t\tL- Carnitina\t\t\t\t<\/div>\n\t\t\t\t\t\t\t\t\t\t<\/div>\n\t\t\t\t\t\t\t\t\t<\/div>\n\t\t\t\t\t\t<\/div>\n\t\t\t\t\t\t\t\t\t\t<\/div>\n\t\t\t\t\t\t\t\t\t\t\t\t\t\t\t\t\t\t<\/div>\n\t\t\t\t\t\t\t\t\t<\/div><\/div>\n\n\n\n<hr class=\"wp-block-separator has-alpha-channel-opacity is-style-wide\"\/>\n\n\n\n<p><strong>O consumo de bebidas energ\u00e9ticas<\/strong> \u2013 especialmente em grandes quantidades \u2013 pode ter efeitos graves no c\u00e9rebro e no sistema nervoso. As principais consequ\u00eancias incluem:  <\/p>\n\n\n\n<div class=\"wp-block-uagb-container uagb-block-0ba34a24 alignfull uagb-is-root-container\"><div class=\"uagb-container-inner-blocks-wrap\">\n<div class=\"wp-block-uagb-container uagb-block-c26367ff\">\n<p><strong>1. Dist\u00farbios da neurotransmiss\u00e3o <\/strong><\/p>\n<\/div>\n\n\n\n<div class=\"wp-block-uagb-container uagb-block-11ae162c\">\n<ul class=\"wp-block-list\">\n<li>A cafe\u00edna atua como antagonista dos recetores de adenosina (A1 e A2A) no c\u00e9rebro, levando a um aumento da estimula\u00e7\u00e3o neuronal e \u00e0 redu\u00e7\u00e3o da sensa\u00e7\u00e3o de fadiga. <\/li>\n\n\n\n<li>A cafe\u00edna tamb\u00e9m aumenta os n\u00edveis de dopamina e noradrenalina, o que pode melhorar temporariamente o humor, mas, com o tempo, pode contribuir para dificuldades na regula\u00e7\u00e3o emocional. <\/li>\n\n\n\n<li>Isto pode resultar numa hiperativa\u00e7\u00e3o do sistema nervoso, manifestando-se como ansiedade, irritabilidade e perturba\u00e7\u00f5es do sono. <\/li>\n<\/ul>\n<\/div>\n<\/div><\/div>\n\n\n\n<div class=\"wp-block-uagb-container uagb-block-3cf7384b alignfull uagb-is-root-container\"><div class=\"uagb-container-inner-blocks-wrap\">\n<div class=\"wp-block-uagb-container uagb-block-573390e3\">\n<p class=\"has-ast-global-color-4-color has-text-color has-link-color wp-elements-f4b2e241fd981364e4df403065d9f3fa\"><strong>2. Risco aumentado de perturba\u00e7\u00f5es mentais<\/strong><\/p>\n<\/div>\n\n\n\n<div class=\"wp-block-uagb-container uagb-block-458ffd91\">\n<ul class=\"wp-block-list\">\n<li>Estudos mostram que os indiv\u00edduos que consomem regularmente grandes quantidades de bebidas energ\u00e9ticas t\u00eam maior probabilidade de desenvolver perturba\u00e7\u00f5es de ansiedade, depress\u00e3o e epis\u00f3dios psic\u00f3ticos. <\/li>\n\n\n\n<li>As pessoas com esquizofrenia podem apresentar um agravamento dos sintomas psic\u00f3ticos, como alucina\u00e7\u00f5es e del\u00edrios. <\/li>\n\n\n\n<li>O elevado teor de cafe\u00edna pode desencadear estados man\u00edacos, especialmente em indiv\u00edduos predispostos para a doen\u00e7a bipolar. <\/li>\n<\/ul>\n<\/div>\n<\/div><\/div>\n\n\n\n<div class=\"wp-block-uagb-container uagb-block-cabd922f alignfull uagb-is-root-container\"><div class=\"uagb-container-inner-blocks-wrap\">\n<div class=\"wp-block-uagb-container uagb-block-62e5845f\">\n<p><strong>3. Impacto na mem\u00f3ria e nas capacidades cognitivas<\/strong><\/p>\n<\/div>\n\n\n\n<div class=\"wp-block-uagb-container uagb-block-a9f9d7b3\">\n<ul class=\"wp-block-list\">\n<li>A cafe\u00edna pode melhorar temporariamente a concentra\u00e7\u00e3o e a velocidade de rea\u00e7\u00e3o, mas o consumo excessivo pode levar a problemas de mem\u00f3ria e dificuldades de aprendizagem. <\/li>\n\n\n\n<li>A estimula\u00e7\u00e3o cr\u00f3nica do sistema nervoso pode perturbar a plasticidade sin\u00e1ptica, afetando negativamente a capacidade do c\u00e9rebro de processar informa\u00e7\u00e3o e aprender eficazmente. <\/li>\n<\/ul>\n<\/div>\n<\/div><\/div>\n\n\n\n<div class=\"wp-block-uagb-container uagb-block-623d1702 alignfull uagb-is-root-container\"><div class=\"uagb-container-inner-blocks-wrap\">\n<div class=\"wp-block-uagb-container uagb-block-ceafc45a\">\n<p class=\"has-ast-global-color-4-color has-text-color has-link-color wp-elements-cd8df5d9025b693f2b9ceaf601969b24\"><strong>4. Risco de convuls\u00f5es <\/strong><\/p>\n<\/div>\n\n\n\n<div class=\"wp-block-uagb-container uagb-block-103e079d\">\n<ul class=\"wp-block-list\">\n<li>Estudos em animais demonstraram que a ingest\u00e3o excessiva de cafe\u00edna pode causar descargas neuronais descontroladas, levando a convuls\u00f5es. <\/li>\n\n\n\n<li>Doses elevadas de cafe\u00edna podem desencadear convuls\u00f5es, mesmo em indiv\u00edduos sem hist\u00f3ria pr\u00e9via de epilepsia. <\/li>\n<\/ul>\n<\/div>\n<\/div><\/div>\n\n\n\n<div class=\"wp-block-uagb-container uagb-block-3a14124e alignfull uagb-is-root-container\"><div class=\"uagb-container-inner-blocks-wrap\">\n<div class=\"wp-block-uagb-container uagb-block-ebe4bedf\">\n<p><strong>5. Risco aumentado de AVC <\/strong><\/p>\n<\/div>\n\n\n\n<div class=\"wp-block-uagb-container uagb-block-0f70dcba\">\n<ul class=\"wp-block-list\">\n<li>A press\u00e3o arterial elevada e a tend\u00eancia para a desidrata\u00e7\u00e3o sobrecarregam ainda mais o sistema cardiovascular e o c\u00e9rebro, aumentando o risco de acidente vascular cerebral. <\/li>\n\n\n\n<li>O consumo de grandes quantidades de bebidas energ\u00e9ticas pode causar vasoconstri\u00e7\u00e3o nos vasos sangu\u00edneos cerebrais, aumentando o risco de acidente vascular cerebral isqu\u00e9mico. <\/li>\n<\/ul>\n<\/div>\n<\/div><\/div>\n\n\n\n<div class=\"wp-block-uagb-container uagb-block-106c1b15 alignfull uagb-is-root-container\"><div class=\"uagb-container-inner-blocks-wrap\">\n<div class=\"wp-block-uagb-container uagb-block-65cfb5f4\">\n<p class=\"has-ast-global-color-4-color has-text-color has-link-color wp-elements-3db363e2119e956c92629a4067f5376c\"><strong>6.\u00ba Maior suscetibilidade \u00e0 adi\u00e7\u00e3o e risco de convuls\u00f5es. <\/strong><\/p>\n<\/div>\n\n\n\n<div class=\"wp-block-uagb-container uagb-block-eae0e221\">\n<ul class=\"wp-block-list\">\n<li>Os indiv\u00edduos que consomem bebidas energ\u00e9ticas regularmente podem desenvolver toler\u00e2ncia \u00e0 cafe\u00edna, o que significa que necessitam de doses cada vez maiores para obter o mesmo efeito estimulante. <\/li>\n\n\n\n<li>Isto pode levar \u00e0 depend\u00eancia de cafe\u00edna, com sintomas de abstin\u00eancia como irritabilidade, dores de cabe\u00e7a e fadiga quando a ingest\u00e3o \u00e9 reduzida ou interrompida. <\/li>\n\n\n\n<li>Al\u00e9m disso, para alguns indiv\u00edduos, as bebidas energ\u00e9ticas podem servir como porta de entrada para o uso de outras subst\u00e2ncias psicoativas, como o \u00e1lcool ou as drogas (Costantino et al., 2023). <\/li>\n<\/ul>\n<\/div>\n<\/div><\/div>\n\n\n\n<p><\/p>\n\n\n\n<hr class=\"wp-block-separator has-alpha-channel-opacity is-style-wide\"\/>\n\n\n\n<div class=\"wp-block-uagb-container uagb-block-42bab2fe alignfull uagb-is-root-container\"><div class=\"uagb-container-inner-blocks-wrap\">\n<div class=\"wp-block-uagb-container uagb-block-2b49c617\">\n<p><strong><em>Porque \u00e9 que a cafe\u00edna pode afetar a a\u00e7\u00e3o dos medicamentos antidepressivos?<\/em> <\/strong><\/p>\n\n\n\n<p>A cafe\u00edna, devido aos seus efeitos no sistema nervoso e no metabolismo dos medicamentos, pode interagir com os antidepressivos, o que pode alterar a sua efic\u00e1cia e causar efeitos secund\u00e1rios (Truong et al., 2025). <br><br>Estas intera\u00e7\u00f5es podem ser farmacocin\u00e9ticas (afetando a taxa de metaboliza\u00e7\u00e3o do medicamento) ou farmacodin\u00e2micas (alterando a forma como os medicamentos atuam no organismo). Em alguns casos, a cafe\u00edna pode potenciar ou atenuar a a\u00e7\u00e3o dos antidepressivos, o que pode ter consequ\u00eancias para os doentes que utilizam estes medicamentos regularmente (Truong et al., 2025).  <\/p>\n<\/div>\n\n\n\n<div class=\"wp-block-uagb-container uagb-block-bbe8f3ca\"><\/div>\n<\/div><\/div>\n\n\n\n<p class=\"has-text-align-right\"><strong>Fonte: Costantino i wsp. (2023)  <\/strong><\/p>\n\n\n\n<p class=\"has-ast-global-color-0-color has-text-color has-link-color has-medium-font-size wp-elements-7f94927800dd64abf120b7e1b0c94049\"><strong><em>Que antidepressivos podem interagir com a cafe\u00edna?<\/em> <\/strong><\/p>\n\n\n\n<ol start=\"1\" class=\"wp-block-list\">\n<li><strong>Inibidores Seletivos da Recapta\u00e7\u00e3o da Serotonina (ISRS): <\/strong><\/li>\n<\/ol>\n\n\n\n<ul class=\"wp-block-list\">\n<li>A cafe\u00edna pode aumentar a concentra\u00e7\u00e3o destes medicamentos no organismo, resultando em efeitos mais fortes e maior dura\u00e7\u00e3o de a\u00e7\u00e3o. <\/li>\n<\/ul>\n\n\n\n<ul class=\"wp-block-list\">\n<li>Isto pode aumentar o risco de efeitos secund\u00e1rios como ansiedade, dist\u00farbios do sono e agita\u00e7\u00e3o. <\/li>\n<\/ul>\n\n\n\n<ul class=\"wp-block-list\">\n<li>A fluvoxamina, em particular, atrasa significativamente o metabolismo da cafe\u00edna, o que pode levar \u00e0 sua acumula\u00e7\u00e3o e a sintomas como ins\u00f3nia ou palpita\u00e7\u00f5es card\u00edacas. <\/li>\n<\/ul>\n\n\n\n<ol start=\"2\" class=\"wp-block-list\">\n<li><strong>Antidepressivos tric\u00edclicos (ADTs): <\/strong><\/li>\n<\/ol>\n\n\n\n<ul class=\"wp-block-list\">\n<li>Os antidepressivos tric\u00edclicos (TCAs) podem atrasar o metabolismo da cafe\u00edna, prolongando os seus efeitos no organismo. <\/li>\n<\/ul>\n\n\n\n<ul class=\"wp-block-list\">\n<li>No entanto, a cafe\u00edna n\u00e3o afeta significativamente a a\u00e7\u00e3o destes medicamentos. <\/li>\n<\/ul>\n\n\n\n<ol start=\"3\" class=\"wp-block-list\">\n<li><strong>Inibidores da Recapta\u00e7\u00e3o de Serotonina e Noradrenalina (IRSNs): <\/strong><\/li>\n<\/ol>\n\n\n\n<ul class=\"wp-block-list\">\n<li>Estudos indicam que a cafe\u00edna n\u00e3o afeta significativamente a a\u00e7\u00e3o da venlafaxina, o que significa que as pessoas que tomam este medicamento n\u00e3o precisam de se preocupar com intera\u00e7\u00f5es importantes. <\/li>\n<\/ul>\n\n\n\n<ol start=\"4\" class=\"wp-block-list\">\n<li><strong>Inibidores da monoaminoxidase (IMAOs): <\/strong><\/li>\n<\/ol>\n\n\n\n<ul class=\"wp-block-list\">\n<li>Quando combinadas com doses elevadas de cafe\u00edna, podem levar \u00e0 hipertens\u00e3o, o que \u00e9 perigoso para os doentes sens\u00edveis \u00e0 press\u00e3o arterial elevada. <\/li>\n<\/ul>\n\n\n\n<ol start=\"5\" class=\"wp-block-list\">\n<li><strong>Outros antidepressivos:<\/strong> <\/li>\n<\/ol>\n\n\n\n<ul class=\"wp-block-list\">\n<li>Alguns destes medicamentos podem potenciar os efeitos da cafe\u00edna, levando a um aumento da estimula\u00e7\u00e3o. <\/li>\n<\/ul>\n\n\n\n<ul class=\"wp-block-list\">\n<li>A vortioxetina, a maprotilina e a mirtazapina n\u00e3o apresentaram intera\u00e7\u00f5es significativas com a cafe\u00edna (Truong et al., 2025).<\/li>\n<\/ul>\n\n\n\n<div class=\"wp-block-uagb-container uagb-block-69dda057 alignfull uagb-is-root-container\"><div class=\"uagb-container-inner-blocks-wrap\">\n<div class=\"wp-block-uagb-container uagb-block-a7e96e72 alignfull uagb-is-root-container\"><div class=\"uagb-container-inner-blocks-wrap\">\n<div class=\"wp-block-uagb-container uagb-block-052c9d42\">\n<p class=\"has-ast-global-color-0-color has-text-color has-link-color has-medium-font-size wp-elements-c6d126282276acb90800b54f58dd9960\" style=\"padding-top:var(--wp--preset--spacing--20);padding-right:var(--wp--preset--spacing--20);padding-bottom:var(--wp--preset--spacing--20);padding-left:var(--wp--preset--spacing--20)\"><strong><em>Quais as poss\u00edveis consequ\u00eancias da intera\u00e7\u00e3o da cafe\u00edna com os antidepressivos?<\/em> <\/strong><\/p>\n\n\n\n<ul class=\"wp-block-list\">\n<li><strong>Aumento dos efeitos secund\u00e1rios dos medicamentos<\/strong> \u2013 como agita\u00e7\u00e3o, ansiedade e dist\u00farbios do sono. <\/li>\n\n\n\n<li><strong>Hipertens\u00e3o e palpita\u00e7\u00f5es card\u00edacas<\/strong>, particularmente em indiv\u00edduos que tomam inibidores da MAO. <\/li>\n\n\n\n<li><strong>Redu\u00e7\u00e3o da efic\u00e1cia do tratamento<\/strong> \u2013 se a cafe\u00edna acelerar o metabolismo do medicamento ou interferir com a sua a\u00e7\u00e3o. <\/li>\n\n\n\n<li><strong>Acumula\u00e7\u00e3o de cafe\u00edna no organismo <\/strong>\u2013 especialmente em doentes que tomam fluvoxamina ou antidepressivos tric\u00edclicos (Truong et al., 2025) <\/li>\n<\/ul>\n<\/div>\n\n\n\n<div class=\"wp-block-uagb-container uagb-block-adcace1a\"><\/div>\n<\/div><\/div>\n\n\n\n<div class=\"wp-block-uagb-container uagb-block-16fdae39 alignfull uagb-is-root-container\"><div class=\"uagb-container-inner-blocks-wrap\">\n<div class=\"wp-block-uagb-container uagb-block-a86235a0\"><\/div>\n\n\n\n<div class=\"wp-block-uagb-container uagb-block-3fdb98c3\">\n<p class=\"has-ast-global-color-0-color has-text-color has-link-color has-medium-font-size wp-elements-875efde0ba1d6348cfb89d3c39732547\" style=\"padding-top:var(--wp--preset--spacing--20);padding-right:var(--wp--preset--spacing--20);padding-bottom:var(--wp--preset--spacing--20);padding-left:var(--wp--preset--spacing--20)\"><strong><em>O que significa para o servi\u00e7o social?<\/em> <\/strong><\/p>\n\n\n\n<ol start=\"1\" class=\"wp-block-list\">\n<li><strong>Educar os doentes sobre as poss\u00edveis intera\u00e7\u00f5es medicamentosas<\/strong> \u2013 Muitas vezes, os doentes desconhecem que a cafe\u00edna pode afetar o tratamento. \u00c9 importante incentiv\u00e1-los a falar com o m\u00e9dico sobre o impacto da cafe\u00edna nos seus medicamentos.  <\/li>\n\n\n\n<li><strong>Recomenda-se precau\u00e7\u00e3o no consumo de cafe\u00edna<\/strong> \u2013 As pessoas que tomam antidepressivos devem monitorizar a ingest\u00e3o de caf\u00e9, ch\u00e1 e bebidas energ\u00e9ticas, especialmente se notarem efeitos negativos (por exemplo, ansiedade, ins\u00f3nia). <\/li>\n\n\n\n<li><strong>Abordagem individualizada para cada doente <\/strong>\u2013 Algumas pessoas podem tolerar bem a cafe\u00edna, mas, para outras, mesmo pequenas quantidades podem causar efeitos secund\u00e1rios intensificados. <\/li>\n\n\n\n<li><strong>Colabora\u00e7\u00e3o com m\u00e9dicos e farmac\u00eauticos<\/strong> \u2013 \u00c9 aconselh\u00e1vel incentivar os doentes a consultar o seu m\u00e9dico caso tenham d\u00favidas sobre a forma como a cafe\u00edna pode afetar o seu tratamento. <\/li>\n<\/ol>\n<\/div>\n<\/div><\/div>\n<\/div><\/div>\n\n\n\n<p><\/p>\n\n\n\n<div class=\"wp-block-group is-layout-constrained wp-block-group-is-layout-constrained\">\n<p class=\"has-text-align-center has-ast-global-color-1-color has-ast-global-color-5-background-color has-text-color has-background has-medium-font-size\" style=\"padding-top:var(--wp--preset--spacing--40);padding-bottom:var(--wp--preset--spacing--40)\"><strong><strong>ATIVIDADE INTERATIVA 32<\/strong><\/strong><\/p>\n\n\n<div class=\"h5p-iframe-wrapper\"><iframe id=\"h5p-iframe-643\" class=\"h5p-iframe\" data-content-id=\"643\" style=\"height:1px\" src=\"about:blank\" frameBorder=\"0\" scrolling=\"no\" title=\"EXERCICE 32-MODULE 3\"><\/iframe><\/div>\n\n\n\n<div class=\"wp-block-uagb-separator uagb-block-1cc1f655 wp-block-uagb-separator--icon\"><div class=\"wp-block-uagb-separator__inner\" style=\"--my-background-image:\"><div class=\"wp-block-uagb-separator-element\"><svg xmlns=\"https:\/\/www.w3.org\/2000\/svg\" viewBox=\"0 0 576 512\"><path d=\"M381.2 150.3L524.9 171.5C536.8 173.2 546.8 181.6 550.6 193.1C554.4 204.7 551.3 217.3 542.7 225.9L438.5 328.1L463.1 474.7C465.1 486.7 460.2 498.9 450.2 506C440.3 513.1 427.2 514 416.5 508.3L288.1 439.8L159.8 508.3C149 514 135.9 513.1 126 506C116.1 498.9 111.1 486.7 113.2 474.7L137.8 328.1L33.58 225.9C24.97 217.3 21.91 204.7 25.69 193.1C29.46 181.6 39.43 173.2 51.42 171.5L195 150.3L259.4 17.97C264.7 6.954 275.9-.0391 288.1-.0391C300.4-.0391 311.6 6.954 316.9 17.97L381.2 150.3z\"><\/path><\/svg><\/div><\/div><\/div>\n<\/div>\n\n\n<div class=\"sensei-block-wrapper\">\n<div class=\"wp-block-sensei-lms-lesson-actions\"><div class=\"sensei-buttons-container\"><\/div><\/div>\n<\/div>\n\n\n<figure class=\"wp-block-table is-style-stripes\"><table class=\"has-background has-border-color has-ast-global-color-4-border-color has-fixed-layout\" style=\"background-color:#e9f3d9;border-width:2px\"><tbody><tr><td><strong>Bibliografia<\/strong>  <\/td><\/tr><tr><td>Truong, J., Abu-Suriya, N., Tory, D., et al. (2025). Uma explora\u00e7\u00e3o da intera\u00e7\u00e3o entre a cafe\u00edna e os antidepressivos atrav\u00e9s da lente da farmacocin\u00e9tica e da farmacodin\u00e2mica. European Journal of Drug Metabolism and Pharmacokinetics, 50, 1\u201315. https:\/\/doi.org\/10.1007\/s13318-024-00928-x Hladun, O., Papaseit, E., Mart\u00edn, S., Barriocanal, A. M., Poyatos, L., Farr\u00e9, M., &amp; P\u00e9rez-Ma\u00f1\u00e1, C. (2021). Intera\u00e7\u00e3o das bebidas energ\u00e9ticas com medicamentos sujeitos a receita m\u00e9dica e drogas de abuso. Pharmaceutics, 13(10), 1532. https:\/\/doi.org\/10.3390\/pharmaceutics13101532 Costantino, A., Maiese, A., Lazzari, J., Casula, C., Turillazzi, E., Frati, P., &amp; Fineschi, V. (2023). O lado negro das bebidas energ\u00e9ticas: uma revis\u00e3o abrangente do seu impacto no corpo humano. Nutrientes, 15(18), 3922.         https:\/\/doi.org\/10.3390\/nu15183922\n <\/td><\/tr><\/tbody><\/table><\/figure>\n\n\n\n<p class=\"sensei-content-description has-text-color\" style=\"color:#e4493e;font-size:28px\"><strong> Falta de estrutura nas refei\u00e7\u00f5es<\/strong> <\/p>\n\n\n\n<p>H\u00e1bitos alimentares irregulares, como saltar refei\u00e7\u00f5es, comer \u00e0 noite ou seguir uma dieta desordenada, podem levar a n\u00edveis de energia inst\u00e1veis \u200b\u200be agravar os sintomas de perturba\u00e7\u00f5es de sa\u00fade mental. <\/p>\n\n\n\n<p>A falta de regularidade nas refei\u00e7\u00f5es \u2013 incluindo a redu\u00e7\u00e3o da frequ\u00eancia alimentar e a omiss\u00e3o de refei\u00e7\u00f5es principais \u2013 pode aumentar o risco de s\u00edndrome metab\u00f3lica (SM) e dos seus componentes. Um estudo realizado com 22.699 adultos coreanos verificou que os homens que faziam apenas duas refei\u00e7\u00f5es por dia apresentavam um maior risco de s\u00edndrome metab\u00f3lica em compara\u00e7\u00e3o com aqueles que faziam tr\u00eas refei\u00e7\u00f5es di\u00e1rias. Entre as mulheres que faziam duas refei\u00e7\u00f5es por dia, a omiss\u00e3o do pequeno-almo\u00e7o estava associada a n\u00edveis elevados de glicose em jejum e a um aumento dos triglic\u00e9ridos, o que pode elevar o risco de desenvolvimento de diabetes e doen\u00e7as cardiovasculares. Por outro lado, as mulheres que omitiam o jantar apresentaram menor risco de n\u00edveis elevados de glicose em jejum. Estes achados sugerem que tanto a frequ\u00eancia das refei\u00e7\u00f5es como a refei\u00e7\u00e3o omitida podem ter um impacto significativo na sa\u00fade metab\u00f3lica, e que o consumo regular do pequeno-almo\u00e7o pode desempenhar um papel fundamental na preven\u00e7\u00e3o da s\u00edndrome metab\u00f3lica (Park et al., 2023).     <\/p>\n\n\n\n<p>Saltar o pequeno-almo\u00e7o pode ter efeitos negativos n\u00e3o s\u00f3 no corpo, mas tamb\u00e9m na sa\u00fade mental e no desempenho cognitivo. Estudos mostram que os indiv\u00edduos que saltam o pequeno-almo\u00e7o regularmente t\u00eam maior risco de desenvolver PHDA e depress\u00e3o. Isto pode dever-se a n\u00edveis inst\u00e1veis \u200b\u200bde glicose no sangue e a disfun\u00e7\u00f5es nos neurotransmissores, que influenciam o humor, a concentra\u00e7\u00e3o e o bem-estar geral (Zhang, Tan &amp; Luo, 2024).   <\/p>\n\n\n\n<p>N\u00e3o tomar o pequeno-almo\u00e7o pode tamb\u00e9m prejudicar a capacidade de aprendizagem e de reten\u00e7\u00e3o de informa\u00e7\u00e3o, dificultando o bom desempenho escolar dos alunos. Al\u00e9m disso, as pessoas que saltam o pequeno-almo\u00e7o relatam mais frequentemente fraqueza f\u00edsica e falta de energia, o que pode afetar o seu funcionamento di\u00e1rio e os n\u00edveis de atividade (Zhang, Tan &amp; Luo, 2024).  <\/p>\n\n\n\n<p>Estudos envolvendo adolescentes demonstraram que saltar o pequeno-almo\u00e7o aumenta significativamente o risco de stress e humor depressivo. Al\u00e9m disso, quanto mais frequentemente os adolescentes saltam refei\u00e7\u00f5es ao longo do dia, maior \u00e9 o risco de experienciar stress e depress\u00e3o (Lee, Han &amp; Kim, 2017).  <\/p>\n\n\n\n<p>Curiosamente, os estudos n\u00e3o encontraram qualquer liga\u00e7\u00e3o entre saltar o pequeno-almo\u00e7o e a doen\u00e7a de Alzheimer, doen\u00e7a bipolar, narcolepsia ou ins\u00f3nia. No entanto, as descobertas destacam claramente que o consumo regular do pequeno-almo\u00e7o pode contribuir para a sa\u00fade mental, melhorar a concentra\u00e7\u00e3o e fortalecer o sistema imunit\u00e1rio. Por isso, vale a pena priorizar a refei\u00e7\u00e3o matinal para melhorar o bem-estar, a efici\u00eancia da aprendizagem e a capacidade de lidar com as tarefas di\u00e1rias (Zhang, Tan &amp; Luo, 2024).   <\/p>\n\n\n\n<p>Estudos observacionais sugerem que saltar o pequeno-almo\u00e7o e dist\u00farbios na microbiota intestinal podem aumentar o risco de depress\u00e3o. No entanto, at\u00e9 ent\u00e3o, n\u00e3o era claro se as altera\u00e7\u00f5es na composi\u00e7\u00e3o das bact\u00e9rias intestinais eram um dos mecanismos que ligavam estes dois fatores. Para investigar esta rela\u00e7\u00e3o, foi conduzida uma an\u00e1lise gen\u00e9tica utilizando dados de estudos envolvendo centenas de milhares de indiv\u00edduos. Os resultados mostraram que saltar o pequeno-almo\u00e7o estava associado a um risco aumentado de depress\u00e3o, mas a pr\u00f3pria depress\u00e3o n\u00e3o afetou a frequ\u00eancia do pequeno-almo\u00e7o. Curiosamente, a an\u00e1lise da microbiota intestinal n\u00e3o forneceu evid\u00eancias robustas de que as altera\u00e7\u00f5es na composi\u00e7\u00e3o bacteriana desempenhem um papel fundamental nesta rela\u00e7\u00e3o. A \u00fanica exce\u00e7\u00e3o foi o grupo Actinobacteria, onde n\u00edveis mais elevados estiveram associados a um menor risco de depress\u00e3o. Este estudo confirma que saltar o pequeno-almo\u00e7o pode aumentar o risco de depress\u00e3o, mas o papel da microbiota intestinal neste processo requer mais investiga\u00e7\u00e3o envolvendo popula\u00e7\u00f5es maiores (Guo et al., 2024).       <\/p>\n\n\n\n<div class=\"wp-block-group is-layout-constrained wp-block-group-is-layout-constrained\">\n<p class=\"has-text-align-center has-ast-global-color-1-color has-ast-global-color-5-background-color has-text-color has-background has-medium-font-size\" style=\"padding-top:var(--wp--preset--spacing--40);padding-bottom:var(--wp--preset--spacing--40)\"><strong><strong>ATIVIDADE INTERATIVA 33<\/strong><\/strong><\/p>\n\n\n<div class=\"h5p-iframe-wrapper\"><iframe id=\"h5p-iframe-644\" class=\"h5p-iframe\" data-content-id=\"644\" style=\"height:1px\" src=\"about:blank\" frameBorder=\"0\" scrolling=\"no\" title=\"EXERCICE 33-MODULE 3\"><\/iframe><\/div>\n\n\n\n<div class=\"wp-block-uagb-separator uagb-block-05a97c4a wp-block-uagb-separator--icon\"><div class=\"wp-block-uagb-separator__inner\" style=\"--my-background-image:\"><div class=\"wp-block-uagb-separator-element\"><svg xmlns=\"https:\/\/www.w3.org\/2000\/svg\" viewBox=\"0 0 576 512\"><path d=\"M381.2 150.3L524.9 171.5C536.8 173.2 546.8 181.6 550.6 193.1C554.4 204.7 551.3 217.3 542.7 225.9L438.5 328.1L463.1 474.7C465.1 486.7 460.2 498.9 450.2 506C440.3 513.1 427.2 514 416.5 508.3L288.1 439.8L159.8 508.3C149 514 135.9 513.1 126 506C116.1 498.9 111.1 486.7 113.2 474.7L137.8 328.1L33.58 225.9C24.97 217.3 21.91 204.7 25.69 193.1C29.46 181.6 39.43 173.2 51.42 171.5L195 150.3L259.4 17.97C264.7 6.954 275.9-.0391 288.1-.0391C300.4-.0391 311.6 6.954 316.9 17.97L381.2 150.3z\"><\/path><\/svg><\/div><\/div><\/div>\n<\/div>\n\n\n\n<figure class=\"wp-block-table is-style-stripes\"><table class=\"has-background has-border-color has-ast-global-color-4-border-color has-fixed-layout\" style=\"background-color:#e9f3d9;border-width:2px\"><tbody><tr><td><strong>Bibliografia<\/strong>  <\/td><\/tr><tr><td>Park, H., Shin, D., &amp; Lee, K. W. (2023). Association of main meal frequency and skipping with metabolic syndrome in Korean adults: A cross-sectional study. Nutrition Journal, 22(1), 24. https:\/\/doi.org\/10.1186\/s12937-023-00852-x Zhang, Z., Tan, J., &amp; Luo, Q. (2024). Associations between breakfast skipping and outcomes in neuropsychiatric disorders, cognitive performance, and frailty: A Mendelian randomization study. BMC Psychiatry, 24(1), 252. https:\/\/doi.org\/10.1186\/s12888-024-05723-1 Lee, G., Han, K., &amp; Kim, H. (2017). Risk of mental health problems in adolescents skipping meals: The Korean National Health and Nutrition Examination Survey 2010 to 2012. Nursing Outlook, 65(4), 411\u2013419. https:\/\/doi.org\/10.1016\/j.outlook.2017.01.007 Guo, X., Li, W., Hou, C., &amp; Li, R. (2024). Breakfast skipping is linked to a higher risk of major depressive disorder and the role of gut microbes: A Mendelian randomization study. Nutrition Journal, 23(1), 133.            https:\/\/doi.org\/10.1186\/s12937-024-01038-9\n <\/td><\/tr><\/tbody><\/table><\/figure>\n","protected":false},"excerpt":{"rendered":"","protected":false},"featured_media":1777,"comment_status":"open","ping_status":"closed","template":"","meta":{"_coblocks_attr":"","_coblocks_dimensions":"","_coblocks_responsive_height":"","_coblocks_accordion_ie_support":"","_uag_custom_page_level_css":"","_uf_show_specific_survey":0,"_uf_disable_surveys":false,"site-sidebar-layout":"default","site-content-layout":"","ast-site-content-layout":"default","site-content-style":"default","site-sidebar-style":"default","ast-global-header-display":"","ast-banner-title-visibility":"","ast-main-header-display":"","ast-hfb-above-header-display":"","ast-hfb-below-header-display":"","ast-hfb-mobile-header-display":"","site-post-title":"","ast-breadcrumbs-content":"","ast-featured-img":"","footer-sml-layout":"","theme-transparent-header-meta":"","adv-header-id-meta":"","stick-header-meta":"","header-above-stick-meta":"","header-main-stick-meta":"","header-below-stick-meta":"","astra-migrate-meta-layouts":"default","ast-page-background-enabled":"default","ast-page-background-meta":{"desktop":{"background-color":"var(--ast-global-color-5)","background-image":"","background-repeat":"repeat","background-position":"center center","background-size":"auto","background-attachment":"scroll","background-type":"","background-media":"","overlay-type":"","overlay-color":"","overlay-opacity":"","overlay-gradient":""},"tablet":{"background-color":"","background-image":"","background-repeat":"repeat","background-position":"center center","background-size":"auto","background-attachment":"scroll","background-type":"","background-media":"","overlay-type":"","overlay-color":"","overlay-opacity":"","overlay-gradient":""},"mobile":{"background-color":"","background-image":"","background-repeat":"repeat","background-position":"center center","background-size":"auto","background-attachment":"scroll","background-type":"","background-media":"","overlay-type":"","overlay-color":"","overlay-opacity":"","overlay-gradient":""}},"ast-content-background-meta":{"desktop":{"background-color":"var(--ast-global-color-4)","background-image":"","background-repeat":"repeat","background-position":"center center","background-size":"auto","background-attachment":"scroll","background-type":"","background-media":"","overlay-type":"","overlay-color":"","overlay-opacity":"","overlay-gradient":""},"tablet":{"background-color":"var(--ast-global-color-4)","background-image":"","background-repeat":"repeat","background-position":"center center","background-size":"auto","background-attachment":"scroll","background-type":"","background-media":"","overlay-type":"","overlay-color":"","overlay-opacity":"","overlay-gradient":""},"mobile":{"background-color":"var(--ast-global-color-4)","background-image":"","background-repeat":"repeat","background-position":"center center","background-size":"auto","background-attachment":"scroll","background-type":"","background-media":"","overlay-type":"","overlay-color":"","overlay-opacity":"","overlay-gradient":""}},"_initial_content":"","_new_post":false,"footnotes":"","_quiz_has_questions":false,"_lesson_complexity":"easy","_lesson_length":10,"_lesson_course":1233,"_lesson_preview":""},"lesson-tag":[],"class_list":["post-1257","lesson","type-lesson","status-publish","has-post-thumbnail","hentry","module-modulo-3","post"],"aioseo_notices":[],"yoast_head":"<!-- This site is optimized with the Yoast SEO plugin v27.3 - https:\/\/yoast.com\/product\/yoast-seo-wordpress\/ -->\n<title>4. Erros e desafios alimentares comuns -<\/title>\n<meta name=\"robots\" content=\"index, follow, max-snippet:-1, max-image-preview:large, max-video-preview:-1\" \/>\n<link rel=\"canonical\" href=\"https:\/\/www.moodbites.eu\/pt-pt\/lesson\/4-common-dietary-mistakes-and-challenges\/\" \/>\n<meta property=\"og:locale\" content=\"pt_PT\" \/>\n<meta property=\"og:type\" content=\"article\" \/>\n<meta property=\"og:title\" content=\"4. Erros e desafios alimentares comuns -\" \/>\n<meta property=\"og:description\" content=\"Uma alimenta\u00e7\u00e3o saud\u00e1vel desempenha um papel fundamental na manuten\u00e7\u00e3o da sa\u00fade mental. Numerosos estudos indicam que os h\u00e1bitos alimentares influenciam [&hellip;]\" \/>\n<meta property=\"og:url\" content=\"https:\/\/www.moodbites.eu\/pt-pt\/lesson\/4-common-dietary-mistakes-and-challenges\/\" \/>\n<meta property=\"article:modified_time\" content=\"2026-01-16T10:03:41+00:00\" \/>\n<meta property=\"og:image\" content=\"https:\/\/www.moodbites.eu\/wp-content\/uploads\/2025\/10\/scale-diet-fat-health-53404-53404.jpg\" \/>\n\t<meta property=\"og:image:width\" content=\"940\" \/>\n\t<meta property=\"og:image:height\" content=\"625\" \/>\n\t<meta property=\"og:image:type\" content=\"image\/jpeg\" \/>\n<meta name=\"twitter:card\" content=\"summary_large_image\" \/>\n<meta name=\"twitter:label1\" content=\"Tempo estimado de leitura\" \/>\n\t<meta name=\"twitter:data1\" content=\"23 minutos\" \/>\n<script type=\"application\/ld+json\" class=\"yoast-schema-graph\">{\"@context\":\"https:\\\/\\\/schema.org\",\"@graph\":[{\"@type\":\"WebPage\",\"@id\":\"https:\\\/\\\/www.moodbites.eu\\\/pt-pt\\\/lesson\\\/4-common-dietary-mistakes-and-challenges\\\/\",\"url\":\"https:\\\/\\\/www.moodbites.eu\\\/pt-pt\\\/lesson\\\/4-common-dietary-mistakes-and-challenges\\\/\",\"name\":\"4. Erros e desafios alimentares comuns -\",\"isPartOf\":{\"@id\":\"https:\\\/\\\/www.moodbites.eu\\\/pt-pt\\\/#website\"},\"primaryImageOfPage\":{\"@id\":\"https:\\\/\\\/www.moodbites.eu\\\/pt-pt\\\/lesson\\\/4-common-dietary-mistakes-and-challenges\\\/#primaryimage\"},\"image\":{\"@id\":\"https:\\\/\\\/www.moodbites.eu\\\/pt-pt\\\/lesson\\\/4-common-dietary-mistakes-and-challenges\\\/#primaryimage\"},\"thumbnailUrl\":\"https:\\\/\\\/www.moodbites.eu\\\/wp-content\\\/uploads\\\/2025\\\/10\\\/scale-diet-fat-health-53404-53404.jpg\",\"datePublished\":\"2025-10-08T08:52:06+00:00\",\"dateModified\":\"2026-01-16T10:03:41+00:00\",\"breadcrumb\":{\"@id\":\"https:\\\/\\\/www.moodbites.eu\\\/pt-pt\\\/lesson\\\/4-common-dietary-mistakes-and-challenges\\\/#breadcrumb\"},\"inLanguage\":\"pt-PT\",\"potentialAction\":[{\"@type\":\"ReadAction\",\"target\":[\"https:\\\/\\\/www.moodbites.eu\\\/pt-pt\\\/lesson\\\/4-common-dietary-mistakes-and-challenges\\\/\"]}]},{\"@type\":\"ImageObject\",\"inLanguage\":\"pt-PT\",\"@id\":\"https:\\\/\\\/www.moodbites.eu\\\/pt-pt\\\/lesson\\\/4-common-dietary-mistakes-and-challenges\\\/#primaryimage\",\"url\":\"https:\\\/\\\/www.moodbites.eu\\\/wp-content\\\/uploads\\\/2025\\\/10\\\/scale-diet-fat-health-53404-53404.jpg\",\"contentUrl\":\"https:\\\/\\\/www.moodbites.eu\\\/wp-content\\\/uploads\\\/2025\\\/10\\\/scale-diet-fat-health-53404-53404.jpg\",\"width\":940,\"height\":625,\"caption\":\"Uma balan\u00e7a digital de vidro com fita m\u00e9trica azul, simbolizando o controlo do peso.\"},{\"@type\":\"BreadcrumbList\",\"@id\":\"https:\\\/\\\/www.moodbites.eu\\\/pt-pt\\\/lesson\\\/4-common-dietary-mistakes-and-challenges\\\/#breadcrumb\",\"itemListElement\":[{\"@type\":\"ListItem\",\"position\":1,\"name\":\"Portada\",\"item\":\"https:\\\/\\\/www.moodbites.eu\\\/pt-pt\\\/\"},{\"@type\":\"ListItem\",\"position\":2,\"name\":\"4. Erros e desafios alimentares comuns\"}]},{\"@type\":\"WebSite\",\"@id\":\"https:\\\/\\\/www.moodbites.eu\\\/pt-pt\\\/#website\",\"url\":\"https:\\\/\\\/www.moodbites.eu\\\/pt-pt\\\/\",\"name\":\"Moodbites\",\"description\":\"Tailored training program that helps mental health professionals use nutrition to support the well-being of people with mental disorders.\",\"publisher\":{\"@id\":\"https:\\\/\\\/www.moodbites.eu\\\/pt-pt\\\/#organization\"},\"potentialAction\":[{\"@type\":\"SearchAction\",\"target\":{\"@type\":\"EntryPoint\",\"urlTemplate\":\"https:\\\/\\\/www.moodbites.eu\\\/pt-pt\\\/?s={search_term_string}\"},\"query-input\":{\"@type\":\"PropertyValueSpecification\",\"valueRequired\":true,\"valueName\":\"search_term_string\"}}],\"inLanguage\":\"pt-PT\"},{\"@type\":\"Organization\",\"@id\":\"https:\\\/\\\/www.moodbites.eu\\\/pt-pt\\\/#organization\",\"name\":\"Moodbites\",\"url\":\"https:\\\/\\\/www.moodbites.eu\\\/pt-pt\\\/\",\"logo\":{\"@type\":\"ImageObject\",\"inLanguage\":\"pt-PT\",\"@id\":\"https:\\\/\\\/www.moodbites.eu\\\/pt-pt\\\/#\\\/schema\\\/logo\\\/image\\\/\",\"url\":\"https:\\\/\\\/www.moodbites.eu\\\/wp-content\\\/uploads\\\/2025\\\/05\\\/logo.png\",\"contentUrl\":\"https:\\\/\\\/www.moodbites.eu\\\/wp-content\\\/uploads\\\/2025\\\/05\\\/logo.png\",\"width\":160,\"height\":68,\"caption\":\"Moodbites\"},\"image\":{\"@id\":\"https:\\\/\\\/www.moodbites.eu\\\/pt-pt\\\/#\\\/schema\\\/logo\\\/image\\\/\"}}]}<\/script>\n<!-- \/ Yoast SEO plugin. -->","yoast_head_json":{"title":"4. Erros e desafios alimentares comuns -","robots":{"index":"index","follow":"follow","max-snippet":"max-snippet:-1","max-image-preview":"max-image-preview:large","max-video-preview":"max-video-preview:-1"},"canonical":"https:\/\/www.moodbites.eu\/pt-pt\/lesson\/4-common-dietary-mistakes-and-challenges\/","og_locale":"pt_PT","og_type":"article","og_title":"4. Erros e desafios alimentares comuns -","og_description":"Uma alimenta\u00e7\u00e3o saud\u00e1vel desempenha um papel fundamental na manuten\u00e7\u00e3o da sa\u00fade mental. Numerosos estudos indicam que os h\u00e1bitos alimentares influenciam [&hellip;]","og_url":"https:\/\/www.moodbites.eu\/pt-pt\/lesson\/4-common-dietary-mistakes-and-challenges\/","article_modified_time":"2026-01-16T10:03:41+00:00","og_image":[{"width":940,"height":625,"url":"https:\/\/www.moodbites.eu\/wp-content\/uploads\/2025\/10\/scale-diet-fat-health-53404-53404.jpg","type":"image\/jpeg"}],"twitter_card":"summary_large_image","twitter_misc":{"Tempo estimado de leitura":"23 minutos"},"schema":{"@context":"https:\/\/schema.org","@graph":[{"@type":"WebPage","@id":"https:\/\/www.moodbites.eu\/pt-pt\/lesson\/4-common-dietary-mistakes-and-challenges\/","url":"https:\/\/www.moodbites.eu\/pt-pt\/lesson\/4-common-dietary-mistakes-and-challenges\/","name":"4. Erros e desafios alimentares comuns -","isPartOf":{"@id":"https:\/\/www.moodbites.eu\/pt-pt\/#website"},"primaryImageOfPage":{"@id":"https:\/\/www.moodbites.eu\/pt-pt\/lesson\/4-common-dietary-mistakes-and-challenges\/#primaryimage"},"image":{"@id":"https:\/\/www.moodbites.eu\/pt-pt\/lesson\/4-common-dietary-mistakes-and-challenges\/#primaryimage"},"thumbnailUrl":"https:\/\/www.moodbites.eu\/wp-content\/uploads\/2025\/10\/scale-diet-fat-health-53404-53404.jpg","datePublished":"2025-10-08T08:52:06+00:00","dateModified":"2026-01-16T10:03:41+00:00","breadcrumb":{"@id":"https:\/\/www.moodbites.eu\/pt-pt\/lesson\/4-common-dietary-mistakes-and-challenges\/#breadcrumb"},"inLanguage":"pt-PT","potentialAction":[{"@type":"ReadAction","target":["https:\/\/www.moodbites.eu\/pt-pt\/lesson\/4-common-dietary-mistakes-and-challenges\/"]}]},{"@type":"ImageObject","inLanguage":"pt-PT","@id":"https:\/\/www.moodbites.eu\/pt-pt\/lesson\/4-common-dietary-mistakes-and-challenges\/#primaryimage","url":"https:\/\/www.moodbites.eu\/wp-content\/uploads\/2025\/10\/scale-diet-fat-health-53404-53404.jpg","contentUrl":"https:\/\/www.moodbites.eu\/wp-content\/uploads\/2025\/10\/scale-diet-fat-health-53404-53404.jpg","width":940,"height":625,"caption":"Uma balan\u00e7a digital de vidro com fita m\u00e9trica azul, simbolizando o controlo do peso."},{"@type":"BreadcrumbList","@id":"https:\/\/www.moodbites.eu\/pt-pt\/lesson\/4-common-dietary-mistakes-and-challenges\/#breadcrumb","itemListElement":[{"@type":"ListItem","position":1,"name":"Portada","item":"https:\/\/www.moodbites.eu\/pt-pt\/"},{"@type":"ListItem","position":2,"name":"4. Erros e desafios alimentares comuns"}]},{"@type":"WebSite","@id":"https:\/\/www.moodbites.eu\/pt-pt\/#website","url":"https:\/\/www.moodbites.eu\/pt-pt\/","name":"Moodbites","description":"Tailored training program that helps mental health professionals use nutrition to support the well-being of people with mental disorders.","publisher":{"@id":"https:\/\/www.moodbites.eu\/pt-pt\/#organization"},"potentialAction":[{"@type":"SearchAction","target":{"@type":"EntryPoint","urlTemplate":"https:\/\/www.moodbites.eu\/pt-pt\/?s={search_term_string}"},"query-input":{"@type":"PropertyValueSpecification","valueRequired":true,"valueName":"search_term_string"}}],"inLanguage":"pt-PT"},{"@type":"Organization","@id":"https:\/\/www.moodbites.eu\/pt-pt\/#organization","name":"Moodbites","url":"https:\/\/www.moodbites.eu\/pt-pt\/","logo":{"@type":"ImageObject","inLanguage":"pt-PT","@id":"https:\/\/www.moodbites.eu\/pt-pt\/#\/schema\/logo\/image\/","url":"https:\/\/www.moodbites.eu\/wp-content\/uploads\/2025\/05\/logo.png","contentUrl":"https:\/\/www.moodbites.eu\/wp-content\/uploads\/2025\/05\/logo.png","width":160,"height":68,"caption":"Moodbites"},"image":{"@id":"https:\/\/www.moodbites.eu\/pt-pt\/#\/schema\/logo\/image\/"}}]}},"uagb_featured_image_src":{"full":["https:\/\/www.moodbites.eu\/wp-content\/uploads\/2025\/10\/scale-diet-fat-health-53404-53404.jpg",940,625,false],"thumbnail":["https:\/\/www.moodbites.eu\/wp-content\/uploads\/2025\/10\/scale-diet-fat-health-53404-53404-150x150.jpg",150,150,true],"medium":["https:\/\/www.moodbites.eu\/wp-content\/uploads\/2025\/10\/scale-diet-fat-health-53404-53404-300x199.jpg",300,199,true],"medium_large":["https:\/\/www.moodbites.eu\/wp-content\/uploads\/2025\/10\/scale-diet-fat-health-53404-53404-768x511.jpg",768,511,true],"large":["https:\/\/www.moodbites.eu\/wp-content\/uploads\/2025\/10\/scale-diet-fat-health-53404-53404.jpg",940,625,false],"course_archive_thumbnail":["https:\/\/www.moodbites.eu\/wp-content\/uploads\/2025\/10\/scale-diet-fat-health-53404-53404-100x66.jpg",100,66,true],"course_single_thumbnail":["https:\/\/www.moodbites.eu\/wp-content\/uploads\/2025\/10\/scale-diet-fat-health-53404-53404-100x66.jpg",100,66,true],"lesson_archive_thumbnail":["https:\/\/www.moodbites.eu\/wp-content\/uploads\/2025\/10\/scale-diet-fat-health-53404-53404-100x66.jpg",100,66,true],"lesson_single_thumbnail":["https:\/\/www.moodbites.eu\/wp-content\/uploads\/2025\/10\/scale-diet-fat-health-53404-53404-100x66.jpg",100,66,true],"1536x1536":["https:\/\/www.moodbites.eu\/wp-content\/uploads\/2025\/10\/scale-diet-fat-health-53404-53404.jpg",940,625,false],"2048x2048":["https:\/\/www.moodbites.eu\/wp-content\/uploads\/2025\/10\/scale-diet-fat-health-53404-53404.jpg",940,625,false]},"uagb_author_info":{"display_name":"juliacunyADMIN","author_link":"https:\/\/www.moodbites.eu\/pt-pt\/author\/"},"uagb_comment_info":0,"uagb_excerpt":"Uma alimenta\u00e7\u00e3o saud\u00e1vel desempenha um papel fundamental na manuten\u00e7\u00e3o da sa\u00fade mental. Numerosos estudos indicam que os h\u00e1bitos alimentares influenciam [&hellip;]","_links":{"self":[{"href":"https:\/\/www.moodbites.eu\/pt-pt\/wp-json\/wp\/v2\/lessons\/1257","targetHints":{"allow":["GET"]}}],"collection":[{"href":"https:\/\/www.moodbites.eu\/pt-pt\/wp-json\/wp\/v2\/lessons"}],"about":[{"href":"https:\/\/www.moodbites.eu\/pt-pt\/wp-json\/wp\/v2\/types\/lesson"}],"replies":[{"embeddable":true,"href":"https:\/\/www.moodbites.eu\/pt-pt\/wp-json\/wp\/v2\/comments?post=1257"}],"version-history":[{"count":13,"href":"https:\/\/www.moodbites.eu\/pt-pt\/wp-json\/wp\/v2\/lessons\/1257\/revisions"}],"predecessor-version":[{"id":2836,"href":"https:\/\/www.moodbites.eu\/pt-pt\/wp-json\/wp\/v2\/lessons\/1257\/revisions\/2836"}],"wp:featuredmedia":[{"embeddable":true,"href":"https:\/\/www.moodbites.eu\/pt-pt\/wp-json\/wp\/v2\/media\/1777"}],"wp:attachment":[{"href":"https:\/\/www.moodbites.eu\/pt-pt\/wp-json\/wp\/v2\/media?parent=1257"}],"wp:term":[{"taxonomy":"lesson-tag","embeddable":true,"href":"https:\/\/www.moodbites.eu\/pt-pt\/wp-json\/wp\/v2\/lesson-tag?post=1257"}],"curies":[{"name":"wp","href":"https:\/\/api.w.org\/{rel}","templated":true}]}}