{"id":1261,"date":"2025-10-17T12:46:14","date_gmt":"2025-10-17T10:46:14","guid":{"rendered":"https:\/\/www.moodbites.eu\/lesson\/1-identifydentify-the-stages-of-behavioural-change-analyse-ambivalence-and-use-communication\/"},"modified":"2026-01-19T12:24:15","modified_gmt":"2026-01-19T11:24:15","slug":"1-identifydentify-the-stages-of-behavioural-change-analyse-ambivalence-and-use-communication","status":"publish","type":"lesson","link":"https:\/\/www.moodbites.eu\/pt-pt\/lesson\/1-identifydentify-the-stages-of-behavioural-change-analyse-ambivalence-and-use-communication\/","title":{"rendered":"1.Identificar os est\u00e1dios da mudan\u00e7a comportamental, analisar a ambival\u00eancia e utilizar a comunica\u00e7\u00e3o."},"content":{"rendered":"\n<p class=\"sensei-content-description has-text-color has-link-color has-medium-font-size wp-elements-a72aca671d061f8ac561077154dd5e64\" style=\"color:#e4493e\">1.1 Modelos de mudan\u00e7a comportamental em Nutri\u00e7\u00e3o <\/p>\n\n\n\n<p>A mudan\u00e7a de h\u00e1bitos alimentares \u00e9 um processo complexo influenciado por in\u00fameros fatores psicol\u00f3gicos, sociais e cognitivos. A efic\u00e1cia das interven\u00e7\u00f5es diet\u00e9ticas n\u00e3o depende apenas da transmiss\u00e3o de conhecimentos sobre alimenta\u00e7\u00e3o saud\u00e1vel, mas requer a considera\u00e7\u00e3o da prontid\u00e3o do doente para a mudan\u00e7a e a adapta\u00e7\u00e3o dos m\u00e9todos de comunica\u00e7\u00e3o aos seus recursos e limita\u00e7\u00f5es individuais. Para tal, s\u00e3o utilizadas abordagens baseadas em teorias e modelos de mudan\u00e7a comportamental, permitindo a adequa\u00e7\u00e3o precisa das interven\u00e7\u00f5es \u00e0s necessidades de cada indiv\u00edduo.   <\/p>\n\n\n\n<p>Esta parte do m\u00f3dulo aborda principalmente o Modelo Transte\u00f3rico de Mudan\u00e7a (MTM) de Prochaska e DiClemente, que descreve o processo de mudan\u00e7a como uma sequ\u00eancia de etapas: pr\u00e9-contempla\u00e7\u00e3o, contempla\u00e7\u00e3o, prepara\u00e7\u00e3o, a\u00e7\u00e3o, manuten\u00e7\u00e3o e reca\u00edda. Compreender em que fase se encontra o doente permite um planeamento mais eficaz das atividades terap\u00eauticas e educativas.  <\/p>\n\n\n\n<p>Outra ferramenta fundamental abordada no m\u00f3dulo \u00e9 a Entrevista Motivacional (EM) \u2013 um m\u00e9todo de comunica\u00e7\u00e3o focado no fortalecimento da motiva\u00e7\u00e3o intr\u00ednseca do cliente atrav\u00e9s da escuta emp\u00e1tica, formula\u00e7\u00e3o de perguntas abertas, par\u00e1frase e resumo. As t\u00e9cnicas de EM, como o OARS, bem como os conceitos do DARNCATS, constituem a base para apoiar eficazmente a decis\u00e3o do doente\/cliente de mudar os seus h\u00e1bitos alimentares.  <\/p>\n\n\n\n<p>\u00c9 dada especial aten\u00e7\u00e3o \u00e0 adapta\u00e7\u00e3o do conte\u00fado educativo ao n\u00edvel cognitivo e motivacional do doente\/cliente, o que \u00e9 particularmente importante quando se trabalha com indiv\u00edduos que sofrem de perturba\u00e7\u00f5es de sa\u00fade mental. Abordar as barreiras emocionais e cognitivas no processo de aquisi\u00e7\u00e3o de conhecimentos sobre a alimenta\u00e7\u00e3o permite um planeamento de interven\u00e7\u00f5es mais realista e eficaz.  <\/p>\n\n\n\n<p>Uma abordagem modelo \u00e0 mudan\u00e7a comportamental, fundamentada na teoria, na motiva\u00e7\u00e3o e na comunica\u00e7\u00e3o individualizada, constitui a base de uma pr\u00e1tica diet\u00e9tica e psicodiet\u00e9tica eficaz. <\/p>\n\n\n\n<div class=\"wp-block-uagb-container uagb-block-aa5fffc1 alignfull uagb-is-root-container\"><div class=\"uagb-container-inner-blocks-wrap\">\n<p class=\"has-ast-global-color-0-color has-text-color has-link-color has-medium-font-size wp-elements-14ca4f1890c44fe067ee021521595492\"><strong><strong><em>Modelo transte\u00f3rico de Prochaska e DiClemente<\/em><\/strong><\/strong><\/p>\n\n\n\n<p><br>O Modelo Transte\u00f3rico de Mudan\u00e7a (MTM), desenvolvido pelos psic\u00f3logos James Prochaska e Carlo DiClemente, descreve o processo pelo qual os indiv\u00edduos passam ao implementar mudan\u00e7as no seu comportamento. Este modelo \u00e9 constitu\u00eddo por seis est\u00e1gios:  <\/p>\n\n\n\n<div class=\"wp-block-uagb-container uagb-block-db5826f2 alignfull uagb-is-root-container\"><div class=\"uagb-container-inner-blocks-wrap\">\n<div class=\"wp-block-uagb-container uagb-block-1f6a088d\">\n<p><strong>1.<\/strong> <strong>Pr\u00e9-contempla\u00e7\u00e3o<\/strong>: A pessoa desconhece o problema ou n\u00e3o o considera significativo. Ela n\u00e3o pretende mudar o seu comportamento num futuro pr\u00f3ximo.  <\/p>\n<\/div>\n\n\n\n<div class=\"wp-block-uagb-container uagb-block-0e6498ec\"><\/div>\n\n\n\n<div class=\"wp-block-uagb-container uagb-block-690d31a7\">\n<p><strong><em>Example of a patient: <\/em> <\/strong>: <strong>Jan, a 45-year-old man with depression, consumes large amounts of processed food and does not perceive any connection between his diet and his well-being. He is not considering changing his eating habits. <\/strong> <\/p>\n<\/div>\n<\/div><\/div>\n\n\n\n<div class=\"wp-block-uagb-container uagb-block-7b424414 alignfull uagb-is-root-container\"><div class=\"uagb-container-inner-blocks-wrap\">\n<div class=\"wp-block-uagb-container uagb-block-7bfad7b3\">\n<p><strong>2. Contemplation<\/strong>: The person begins to recognise the problem and considers making a change, but still hesitates, weighing the pros and cons. <\/p>\n<\/div>\n\n\n\n<div class=\"wp-block-uagb-container uagb-block-a737613a\"><\/div>\n\n\n\n<div class=\"wp-block-uagb-container uagb-block-cb8bab32\">\n<p><strong><em>Exemplo de paciente<\/em>: Anna, uma mulher de 30 anos com perturba\u00e7\u00f5es de ansiedade, percebeu que a sua dieta \u00e0 base de fast food pode estar a afetar o seu humor. Ela est\u00e1 a considerar mudar os seus h\u00e1bitos, mas teme que cozinhar de forma saud\u00e1vel seja demasiado demorado. <\/strong>  <\/p>\n<\/div>\n<\/div><\/div>\n\n\n\n<div class=\"wp-block-uagb-container uagb-block-b977f388 alignfull uagb-is-root-container\"><div class=\"uagb-container-inner-blocks-wrap\">\n<div class=\"wp-block-uagb-container uagb-block-44b0ba94\">\n<p>3.\u00ba Prepara\u00e7\u00e3o: A pessoa tomou a decis\u00e3o de mudar e come\u00e7a a planear a\u00e7\u00f5es espec\u00edficas a tomar num futuro pr\u00f3ximo.<\/p>\n<\/div>\n\n\n\n<div class=\"wp-block-uagb-container uagb-block-c805eccd\"><\/div>\n\n\n\n<div class=\"wp-block-uagb-container uagb-block-7fc5b493\">\n<p><strong><em>Exemplo de paciente<\/em>: Marek, um homem de 50 anos com doen\u00e7a bipolar, decidiu adotar uma dieta mais saud\u00e1vel. Ele est\u00e1 \u00e0 procura de receitas e planeia comprar alimentos saud\u00e1veis. <\/strong>  <\/p>\n<\/div>\n<\/div><\/div>\n\n\n\n<div class=\"wp-block-uagb-container uagb-block-c142a801 alignfull uagb-is-root-container\"><div class=\"uagb-container-inner-blocks-wrap\">\n<div class=\"wp-block-uagb-container uagb-block-361e5a55\">\n<p><strong>4. A\u00e7\u00e3o:<\/strong> A pessoa implementa ativamente mudan\u00e7as no seu comportamento, adotando novos h\u00e1bitos mais saud\u00e1veis. <\/p>\n<\/div>\n\n\n\n<div class=\"wp-block-uagb-container uagb-block-b500a3fb\"><\/div>\n\n\n\n<div class=\"wp-block-uagb-container uagb-block-6532fbf0\">\n<p><strong><em>Exemplo de doente:<\/em> Kasia, uma estudante de 25 anos com anorexia, come\u00e7ou a alimentar-se regularmente com refei\u00e7\u00f5es equilibradas e a evitar dietas restritivas.<\/strong>  <\/p>\n<\/div>\n<\/div><\/div>\n\n\n\n<div class=\"wp-block-uagb-container uagb-block-eccdfcec alignfull uagb-is-root-container\"><div class=\"uagb-container-inner-blocks-wrap\">\n<div class=\"wp-block-uagb-container uagb-block-2cefa03f\">\n<p><strong>5.\u00ba Manuten\u00e7\u00e3o<\/strong>: A pessoa continua com o novo comportamento durante um per\u00edodo prolongado, esfor\u00e7ando-se por evitar reca\u00eddas nos h\u00e1bitos antigos.<\/p>\n<\/div>\n\n\n\n<div class=\"wp-block-uagb-container uagb-block-73cbd213\"><\/div>\n\n\n\n<div class=\"wp-block-uagb-container uagb-block-5cd8f307\">\n<p><strong><em>Exemplo de paciente:<\/em><\/strong> <strong>Omek, um homem de 40 anos com perturba\u00e7\u00e3o obsessivo-compulsiva, mant\u00e9m uma dieta saud\u00e1vel h\u00e1 seis meses, apesar das situa\u00e7\u00f5es de stress no trabalho.<\/strong> <\/p>\n<\/div>\n<\/div><\/div>\n\n\n\n<div class=\"wp-block-uagb-container uagb-block-f7ab9a83 alignfull uagb-is-root-container\"><div class=\"uagb-container-inner-blocks-wrap\">\n<div class=\"wp-block-uagb-container uagb-block-377df1dd\">\n<p><strong>6.\u00ba Reca\u00edda<\/strong>: Regresso aos comportamentos prejudiciais anteriores. Esta \u00e9 uma parte comum do processo de mudan\u00e7a, ap\u00f3s o qual o indiv\u00edduo normalmente passa novamente pelas etapas anteriores. <\/p>\n<\/div>\n\n\n\n<div class=\"wp-block-uagb-container uagb-block-e6cd6776\"><\/div>\n\n\n\n<div class=\"wp-block-uagb-container uagb-block-547a5c73\">\n<p><strong><em>Exemplo de paciente: <\/em><\/strong>Ewa, uma mulher de 35 anos com depress\u00e3o, ap\u00f3s tr\u00eas meses de alimenta\u00e7\u00e3o saud\u00e1vel, voltou a consumir doces em excesso, principalmente durante per\u00edodos de baixo astral. <\/p>\n<\/div>\n<\/div><\/div>\n\n\n\n<p>The Transtheoretical Model of Change (TTM) emphasises that behaviour change is a process in which individuals may move through the various stages multiple times before achieving lasting change. Understanding these stages allows for better support of individuals in the change process by tailoring interventions to their current phase.  <\/p>\n\n\n\n<p><strong><em>O Modelo Transte\u00f3rico da Mudan\u00e7a na pr\u00e1tica<\/em><\/strong><br>Um assistente social pode utilizar o modelo de Prochaska e DiClemente (o Modelo Transte\u00f3rico de Mudan\u00e7a, MTM) como uma ferramenta pr\u00e1tica para apoiar os clientes com problemas de sa\u00fade mental no processo de mudan\u00e7a \u2013 por exemplo, adotando uma dieta saud\u00e1vel, melhorando a higiene do sono ou reduzindo o consumo de subst\u00e2ncias. Um aspeto fundamental deste modelo \u00e9 a abordagem individualizada \u2013 ou seja, adaptar as a\u00e7\u00f5es \u00e0 fase em que o cliente se encontra.  <\/p>\n\n\n\n<div class=\"wp-block-uagb-container uagb-block-f84303c8 alignfull uagb-is-root-container\"><div class=\"uagb-container-inner-blocks-wrap\">\n<div class=\"wp-block-uagb-container uagb-block-2378affa\">\n<p><strong>1. Pr\u00e9-contempla\u00e7\u00e3o<\/strong> \u2013 construir consci\u00eancia e confian\u00e7a.<br>Nesta fase, o cliente n\u00e3o v\u00ea uma liga\u00e7\u00e3o entre o seu comportamento e as dificuldades que est\u00e1 a enfrentar \u2013 por exemplo, pode n\u00e3o reconhecer o impacto da sua dieta na sua sa\u00fade mental. Pode tamb\u00e9m sentir-se desanimado, sobrecarregado ou sem confian\u00e7a de que a mudan\u00e7a possa trazer alguma melhoria.  <\/p>\n<\/div>\n\n\n\n<div class=\"wp-block-uagb-container uagb-block-209ca7cf\">\n<p>Tarefa do assistente social: <\/p>\n\n\n\n<ul class=\"wp-block-list\">\n<li>Construir uma rela\u00e7\u00e3o e uma sensa\u00e7\u00e3o de seguran\u00e7a. <\/li>\n\n\n\n<li>Explorando o tema com calma e sem press\u00e3o. <\/li>\n\n\n\n<li>Ampliar subtilmente a perspetiva do cliente. <\/li>\n\n\n\n<li>O objetivo n\u00e3o \u00e9 defender a mudan\u00e7a, mas sim construir rela\u00e7\u00f5es e confian\u00e7a, e desenvolver ambival\u00eancia. <\/li>\n<\/ul>\n\n\n\n<p>Evitar julgamentos e press\u00f5es \u2013 o objetivo n\u00e3o \u00e9 persuadir o cliente a mudar, mas sim plantar uma &#8220;semente de reflex\u00e3o&#8221;. <\/p>\n<\/div>\n<\/div><\/div>\n\n\n\n<div class=\"wp-block-uagb-container uagb-block-96bbe7f6\">\n<p><strong>Exemplo de di\u00e1logo<\/strong> <br><strong>Contexto: O cliente \u2013 Jan, 45 anos, enfrenta um quadro de depress\u00e3o. Durante a consulta, queixa-se de fadiga cr\u00f3nica e falta de energia. N\u00e3o refere altera\u00e7\u00f5es na alimenta\u00e7\u00e3o por iniciativa pr\u00f3pria.  <\/strong> <br><strong>Assistente Social: \u201cJan, hoje referiu sentir-se constantemente cansada e sem energia. Notou algum dia em que esse cansa\u00e7o diminuiu um pouco?\u201d<\/strong> <br><strong>Jan: \u201cRaramente. Acho que me sinto sempre da mesma forma \u2013 exausta. Tudo se resume \u00e0 depress\u00e3o.\u201d<\/strong> <br><strong>Assistente Social: \u201cClaro, isso \u00e9 totalmente compreens\u00edvel. A depress\u00e3o pode realmente ser muito desgastante. S\u00f3 por curiosidade, presta aten\u00e7\u00e3o ao que come ao longo do dia?\u201d<\/strong> <br><strong>Jan: \u201cNa verdade, n\u00e3o. De manh\u00e3, normalmente \u00e9 s\u00f3 caf\u00e9, depois algo r\u00e1pido como um p\u00e3ozinho ou um kebab. \u00c0 noite, batatas fritas ou algo do micro-ondas\u201d.<\/strong> <br><strong>Assistente Social: \u201cObrigada por partilhar isto. N\u00e3o estou a julgar, s\u00f3 estou a pensar&#8230; Por vezes, a alimenta\u00e7\u00e3o pode afetar os nossos n\u00edveis de energia e a forma como nos sentimos. J\u00e1 parou para pensar nesta rela\u00e7\u00e3o?\u201d<\/strong> <br><strong>Jan: \u201cSinceramente? N\u00e3o. Acho que n\u00e3o mudaria nada. Al\u00e9m disso, n\u00e3o tenho energia para cozinhar.\u201d<\/strong> <br><strong>Assistente Social: \u201cIsso tamb\u00e9m \u00e9 totalmente compreens\u00edvel \u2013 cozinhar exige energia, e \u00e9 exatamente isso que te est\u00e1 a faltar. Mas, por vezes, at\u00e9 pequenas mudan\u00e7as podem fazer uma pequena diferen\u00e7a. N\u00e3o precisamos de fazer nada imediatamente \u2013 podemos simplesmente explorar o assunto juntos, quando te sentires \u00e0 vontade.\u201d<\/strong> <\/p>\n<\/div>\n\n\n\n<div class=\"wp-block-uagb-container uagb-block-44f5054f alignfull uagb-is-root-container\"><div class=\"uagb-container-inner-blocks-wrap\">\n<div class=\"wp-block-uagb-container uagb-block-70b3fa4e\">\n<p><strong>2. Contempla\u00e7\u00e3o<\/strong> \u2013 apoio \u00e0 tomada de decis\u00f5es<br>Nesta fase, o cliente come\u00e7a a reconhecer a liga\u00e7\u00e3o entre o seu comportamento e os problemas que est\u00e1 a enfrentar. No entanto, continua hesitante \u2013 v\u00ea tanto os potenciais benef\u00edcios como os receios associados \u00e0 mudan\u00e7a. Esta \u00e9 uma fase de ambival\u00eancia, conflito interno e sensa\u00e7\u00e3o de estar \u201cpreso\u201d.   <\/p>\n<\/div>\n\n\n\n<div class=\"wp-block-uagb-container uagb-block-3661962a\">\n<p>Papel do assistente social: <\/p>\n\n\n\n<ul class=\"wp-block-list\">\n<li>Refor\u00e7ar a motiva\u00e7\u00e3o do cliente. <\/li>\n\n\n\n<li>Real\u00e7ar a ambival\u00eancia e reconhec\u00ea-la como parte natural do processo. <\/li>\n\n\n\n<li>Ajudar o cliente a explorar tanto os benef\u00edcios como os desafios da mudan\u00e7a. <\/li>\n<\/ul>\n\n\n\n<p>Criar oportunidades para o cliente refletir sobre as suas pr\u00f3prias compet\u00eancias e discutir detalhadamente os seus medos e preocupa\u00e7\u00f5es em conjunto. <\/p>\n<\/div>\n<\/div><\/div>\n\n\n\n<div class=\"wp-block-uagb-container uagb-block-46768bb1\">\n<p>Exemplo de di\u00e1logo<br>Contexto: Marek, 50 anos, com doen\u00e7a bipolar. Decidiu mudar de vida e est\u00e1 a procurar passos concretos:<br>Assistente Social: \u201cReferiu que gostaria de reduzir o consumo de bebidas a\u00e7ucaradas e tentar comer mais vegetais. Quando acha que gostaria de come\u00e7ar?\u201d<br>Marek: \u201cAcho que a partir de segunda-feira. Talvez compre um sumo natural e alface para o pequeno-almo\u00e7o.\u201d<br>Assistente Social: \u201c\u00d3timo plano! Precisa de alguma ajuda? Talvez possamos fazer uma lista de compras?\u201d<br>Marek: \u201cSeria \u00f3timo. \u00c0s vezes, ando a vaguear pelo supermercado e acabo por comprar as mesmas coisas de sempre.\u201d<br>Assistente Social: \u201cCom certeza! Tamb\u00e9m podemos planear 2 ou 3 receitas r\u00e1pidas que n\u00e3o exijam muita energia. A ideia \u00e9 que seja algo vi\u00e1vel, n\u00e3o perfeito.\u201d <\/p>\n<\/div>\n\n\n\n<p><strong><em>Coment\u00e1rio ao di\u00e1logo:<\/em><\/strong><br>Neste di\u00e1logo, o assistente social: <\/p>\n\n\n\n<ul class=\"wp-block-list\">\n<li>Explora e valida a ambival\u00eancia da cliente, ajudando-a a nome\u00e1-la \u2013 mostrando que \u00e9 poss\u00edvel desejar a mudan\u00e7a e tem\u00ea-la ao mesmo tempo. <\/li>\n<\/ul>\n\n\n\n<ul class=\"wp-block-list\">\n<li>reconhece o papel dos doces como mecanismo de coping, em vez de os enquadrar como algo &#8220;mau&#8221;. <\/li>\n<\/ul>\n\n\n\n<ul class=\"wp-block-list\">\n<li>Incentiva a procura de alternativas sem descartar as estrat\u00e9gias atuais do cliente. <\/li>\n<\/ul>\n\n\n\n<ul class=\"wp-block-list\">\n<li>Utiliza uma linguagem curiosa e acolhedora, criando espa\u00e7o para uma conversa cont\u00ednua sobre a mudan\u00e7a. <\/li>\n<\/ul>\n\n\n\n<p><strong><em>Ambiguidade \u2013 conflito interno em rela\u00e7\u00e3o \u00e0 mudan\u00e7a<\/em> <\/strong><\/p>\n\n\n\n<p>Um dos principais fen\u00f3menos psicol\u00f3gicos encontrados em trabalhos relacionados com a mudan\u00e7a de comportamentos em sa\u00fade \u2013 incluindo os h\u00e1bitos alimentares \u2013 \u00e9 a ambival\u00eancia. Trata-se de um estado natural de tens\u00e3o interna que surge quando uma pessoa se apercebe dos benef\u00edcios da mudan\u00e7a, mas ao mesmo tempo a teme ou reconhece dificuldades que a impedem de a adotar.  <br><br>Ambivalence is not a sign of a lack of motivation. On the contrary \u2013 it most often occurs in people who have already started to consider making a change, but are not yet ready to fully commit to it. It represents the tension between the desire to improve and attachment to existing habits. For example, an overweight patient may say they want to eat more healthily, but at the same time fear they won\u2019t cope with meal planning or giving up the pleasure of eating.   <br><br>A ambival\u00eancia surge quando um novo comportamento envolve incerteza, esfor\u00e7o ou a necessidade de abdicar de algo familiar. A nossa mente avalia automaticamente os riscos, o conforto, as emo\u00e7\u00f5es e as experi\u00eancias passadas. Pessoas com um historial de fracassos, baixa autoestima ou stress cr\u00f3nico podem experienciar ambival\u00eancia com mais intensidade e por per\u00edodos mais longos.   <br><br>Lidar com a ambival\u00eancia n\u00e3o significa \u201cquebr\u00e1-la\u201d \u00e0 for\u00e7a. Uma estrat\u00e9gia eficaz \u00e9 ajudar a explorar ambos os lados do conflito, respeitando as decis\u00f5es e o ritmo do doente. Ferramentas como a entrevista motivacional permitem o surgimento do chamado discurso de mudan\u00e7a \u2013 afirma\u00e7\u00f5es em que o doente expressa as suas pr\u00f3prias raz\u00f5es, desejos, necessidades e prontid\u00e3o para agir.   <br><br>O papel do profissional n\u00e3o \u00e9 &#8220;convencer&#8221; o doente, mas sim criar um espa\u00e7o de reflex\u00e3o \u2013 onde a pessoa possa reconhecer que, embora a mudan\u00e7a possa ser dif\u00edcil, pode tamb\u00e9m trazer um al\u00edvio real, melhor sa\u00fade ou um maior sentido de autonomia. Lidar com a ambival\u00eancia \u00e9, muitas vezes, o primeiro e mais importante passo para uma mudan\u00e7a duradoura e intencional.  <\/p>\n\n\n\n<div class=\"wp-block-uagb-container uagb-block-cc62175b alignfull uagb-is-root-container\"><div class=\"uagb-container-inner-blocks-wrap\">\n<div class=\"wp-block-uagb-container uagb-block-5926c826\">\n<p><em><strong>3. Prepara\u00e7\u00e3o <\/strong>\u2013 planeamento e refor\u00e7o de recursos<\/em><br>Nesta fase, o cliente j\u00e1 tomou a decis\u00e3o de mudar e come\u00e7a a preparar passos espec\u00edficos. Pode necessitar de apoio com o planeamento, a organiza\u00e7\u00e3o, a avalia\u00e7\u00e3o das suas compet\u00eancias e a identifica\u00e7\u00e3o dos recursos dispon\u00edveis.  <\/p>\n<\/div>\n\n\n\n<div class=\"wp-block-uagb-container uagb-block-7b7ffa06\">\n<p>Tarefa do assistente social: <\/p>\n\n\n\n<ul class=\"wp-block-list\">\n<li>Elaborar um plano de a\u00e7\u00e3o em conjunto. <\/li>\n\n\n\n<li>Fortalecer o sentido de autonomia do cliente. <\/li>\n\n\n\n<li>Ajudar a definir objetivos pequenos e realistas. <\/li>\n<\/ul>\n\n\n\n<p>Ligar o cliente a recursos adicionais (por exemplo, grupos de apoio, nutricionista). <\/p>\n<\/div>\n<\/div><\/div>\n\n\n\n<div class=\"wp-block-uagb-container uagb-block-467b2779\">\n<p><strong>Exemplo de di\u00e1logo:<\/strong> <\/p>\n\n\n\n<p><strong>Contexto: Marek, 50 anos, com doen\u00e7a bipolar. Decidiu mudar de vida e est\u00e1 a procurar passos concretos. <\/strong> <br><br><strong>Social Worker: \u201cYou mentioned that you\u2019d like to cut down on sugary drinks and try eating more vegetables. When do you think you\u2019d like to start?\u201d<\/strong> <br><br><strong>Marek: &#8220;Acho que a partir de segunda-feira. Talvez compre um sumo natural e alface para o pequeno-almo\u00e7o.&#8221;<\/strong> <br><br><strong>Assistente Social: \u201cQue grande plano! Precisa de alguma ajuda? Talvez possamos fazer uma lista de compras?\u201d<\/strong> <br><br><strong>Marek: \u201cIsso seria \u00f3timo. \u00c0s vezes, fico a vaguear pela loja e acabo por comprar as mesmas coisas de sempre.\u201d<\/strong><br><br><strong>Assistente Social: \u201cCom certeza! Tamb\u00e9m podemos planear 2 ou 3 receitas r\u00e1pidas que n\u00e3o exijam muita energia. A ideia \u00e9 que seja vi\u00e1vel, n\u00e3o perfeito.\u201d<\/strong> <\/p>\n<\/div>\n\n\n\n<p><strong><em>Coment\u00e1rio ao di\u00e1logo:<\/em><\/strong><br>Nesta fase, o assistente social: <\/p>\n\n\n\n<ul class=\"wp-block-list\">\n<li>Cria em conjunto com o cliente um plano concreto, baseado nas ideias e capacidades deste. <\/li>\n\n\n\n<li>refor\u00e7a a sensa\u00e7\u00e3o de autonomia do cliente (ex.: \u201cQue grande plano!\u201d), <\/li>\n\n\n\n<li>Oferece apoio pr\u00e1tico e realista \u2013 como uma lista de compras, que aborda poss\u00edveis dificuldades organizacionais ou cognitivas que o cliente possa enfrentar. <\/li>\n\n\n\n<li>Mant\u00e9m um tom colaborativo e que empodera o cliente \u2013 o profissional acompanha o ritmo do cliente. <\/li>\n<\/ul>\n\n\n\n<div class=\"wp-block-uagb-container uagb-block-093ee6c7 alignfull uagb-is-root-container\"><div class=\"uagb-container-inner-blocks-wrap\">\n<div class=\"wp-block-uagb-container uagb-block-a8f809dd\">\n<p><strong><em>a4. A\u00e7\u00e3o<\/em> \u2013<em> apoiar a mudan\u00e7a <\/em><\/strong>\u2013 O cliente est\u00e1 a implementar ativamente novos comportamentos. Esta \u00e9 uma fase de esfor\u00e7o intenso, frequentemente acompanhada por medo de julgamento, incerteza e tentativas de lidar com contratempos ou reca\u00eddas. <\/p>\n<\/div>\n\n\n\n<div class=\"wp-block-uagb-container uagb-block-c658ef2f\">\n<p>Papel do assistente social: <\/p>\n\n\n\n<ul class=\"wp-block-list\">\n<li>Acompanhar o progresso e oferecer apoio durante os desafios. <\/li>\n\n\n\n<li>Ajudar a desenvolver estrat\u00e9gias para ultrapassar obst\u00e1culos. <\/li>\n\n\n\n<li>Reconhecer e celebrar at\u00e9 as pequenas conquistas. <\/li>\n<\/ul>\n\n\n\n<p>Reconhecer e celebrar at\u00e9 as pequenas conquistas. <\/p>\n<\/div>\n<\/div><\/div>\n\n\n\n<div class=\"wp-block-uagb-container uagb-block-81e025fc\">\n<p><strong>Exemplo de di\u00e1logo:<\/strong><br><strong>Contexto: Kasia, de 25 anos, com anorexia. Ela est\u00e1 a seguir um plano de fazer tr\u00eas refei\u00e7\u00f5es por dia h\u00e1 duas semanas.<\/strong> <\/p>\n\n\n\n<p><strong>Assistente Social: \u201cKasia, vejo que est\u00e1 a seguir o plano. Como se sente em rela\u00e7\u00e3o a isso?\u201d<\/strong> <br><br><strong>Kasia: \u201cA bit strange. I do have more energy, but I constantly have this fear in my head that I\u2019ll gain weight. I\u2019m battling with myself every day.\u201d<\/strong> <br><br><strong>Assistente Social: \u201c\u00c9 um esfor\u00e7o enorme, e \u00e9 muito importante que esteja a falar sobre isso. H\u00e1 alguma altura espec\u00edfica do dia em que se sente mais dif\u00edcil?\u201d<\/strong> <br><br><strong>Kasia: \u201c\u00c0 noite. \u00c9 quando sinto mais culpa depois de comer.\u201d<\/strong> <br><br><strong>Assistente Social: &#8220;Talvez pud\u00e9ssemos tentar encontrar algo que pudesse ajudar nestes momentos \u2013 alguma forma de apoio ou uma forma de nos distrairmos dos pensamentos dif\u00edceis?&#8221;<\/strong> <\/p>\n<\/div>\n\n\n\n<p><strong><em>Coment\u00e1rio ao di\u00e1logo:<\/em><\/strong><br>Nesta fase, o assistente social: <\/p>\n\n\n\n<ul class=\"wp-block-list\">\n<li>reconhece o progresso do cliente, em vez de se concentrar nas dificuldades, <\/li>\n\n\n\n<li>Normaliza os sentimentos ambivalentes (medo, ansiedade), reconhecendo-os como parte natural desta fase. <\/li>\n\n\n\n<li>Mant\u00e9m um tom acolhedor e emp\u00e1tico, demonstrando que o lado emocional da mudan\u00e7a \u00e9 t\u00e3o importante como o lado pr\u00e1tico. <\/li>\n\n\n\n<li>mudan\u00e7as no sentido da explora\u00e7\u00e3o colaborativa de estrat\u00e9gias, em vez de oferecer conselhos prontos, <br><\/li>\n<\/ul>\n\n\n\n<div class=\"wp-block-uagb-container uagb-block-242ec7f3 alignfull uagb-is-root-container\"><div class=\"uagb-container-inner-blocks-wrap\">\n<div class=\"wp-block-uagb-container uagb-block-36b29880\">\n<p><em><strong>5. Manuten\u00e7\u00e3o<\/strong><\/em> <em><strong>\u2013<\/strong><\/em> <em><strong>apoio \u00e0 sustentabilidade da mudan\u00e7a: <\/strong><\/em>O cliente est\u00e1 a consolidar novos h\u00e1bitos e a aprender a lidar com as tenta\u00e7\u00f5es e os fatores de risco. O objetivo \u00e9 prevenir reca\u00eddas e fortalecer a durabilidade da mudan\u00e7a. <br> Papel do assistente social: <\/p>\n\n\n\n<ul class=\"wp-block-list\">\n<li>Identificar situa\u00e7\u00f5es que podem desencadear uma reca\u00edda. <\/li>\n\n\n\n<li>Refor\u00e7ar os resultados positivos da mudan\u00e7a. <\/li>\n<\/ul>\n\n\n\n<p>Auxiliar no desenvolvimento de planos de conting\u00eancia e estrat\u00e9gias adaptativas. <\/p>\n<\/div>\n\n\n\n<div class=\"wp-block-uagb-container uagb-block-85c71930\">\n<p><strong>Exemplo de di\u00e1logo:<br>Contexto: Tomek, 40 anos, com POC. Mant\u00e9m h\u00e1bitos alimentares saud\u00e1veis<br>h\u00e1 6 meses.  <br><br>Assistente Social: &#8220;Tomek, j\u00e1 passaram seis meses! Como se sente em rela\u00e7\u00e3o a esta conquista?&#8221; <br><br>Tomek: &#8220;\u00d3timo. At\u00e9 comecei a cozinhar para mim pr\u00f3prio. Mas tenho medo que, se algo correr mal no trabalho, volte aos velhos h\u00e1bitos.&#8221; <br><br>Assistente Social: &#8220;\u00c9 muito importante que esteja ciente disto. Gostaria que plane\u00e1ssemos em conjunto o que poderia fazer numa situa\u00e7\u00e3o de crise?&#8221;<br><br>Tomek: &#8220;Sim. Seria \u00f3timo ter algum tipo de &#8216;estrat\u00e9gia de emerg\u00eancia&#8217;.&#8221;<br>Assistente Social: &#8220;Excelente. Esta pode ser uma lista espec\u00edfica de coisas que pode fazer ou pessoas que pode contactar. Manter a mudan\u00e7a tamb\u00e9m significa saber como lidar com as situa\u00e7\u00f5es quando as coisas n\u00e3o est\u00e3o a correr na perfei\u00e7\u00e3o.&#8221; <\/strong><\/p>\n<\/div>\n<\/div><\/div>\n\n\n\n<p><strong><em>Coment\u00e1rio ao di\u00e1logo:<\/em><\/strong><br>Nesta fase, o assistente social: <\/p>\n\n\n\n<ul class=\"wp-block-list\">\n<li>Reconhece e celebra o sucesso do cliente, refor\u00e7ando a sua motiva\u00e7\u00e3o para continuar os seus esfor\u00e7os. <\/li>\n\n\n\n<li>transi\u00e7\u00f5es para a preven\u00e7\u00e3o de reca\u00eddas de forma natural, sem utilizar medo ou press\u00e3o, <\/li>\n\n\n\n<li>ajuda o cliente a antecipar potenciais riscos (por exemplo, \u201ce se houver stress?\u201d), <\/li>\n\n\n\n<li>Sugere-se a cria\u00e7\u00e3o de um plano de emerg\u00eancia, que fortalece o sentimento de controlo e prepara\u00e7\u00e3o do cliente para momentos mais desafiantes. <\/li>\n<\/ul>\n\n\n\n<div class=\"wp-block-uagb-container uagb-block-3e7ffe93 alignfull uagb-is-root-container\"><div class=\"uagb-container-inner-blocks-wrap\">\n<div class=\"wp-block-uagb-container uagb-block-07c20fb5\">\n<p><em><strong>6. Manuten\u00e7\u00e3o<\/strong><\/em> <em><strong>\u2013<\/strong><\/em><em><strong> apoiar a sustentabilidade da mudan\u00e7a<\/strong><\/em>: <em>O cliente regressa aos comportamentos anteriores. Uma reca\u00edda n\u00e3o \u00e9 um fracasso, mas uma parte natural do processo de mudan\u00e7a. O que mais importa \u00e9 uma abordagem baseada na empatia, na compreens\u00e3o e no incentivo para que o cliente continue a trabalhar em si pr\u00f3prio.<\/em><\/p>\n<\/div>\n\n\n\n<div class=\"wp-block-uagb-container uagb-block-4cae4110\">\n<p><strong>Papel do assistente social: <\/strong><\/p>\n\n\n\n<ul class=\"wp-block-list\">\n<li>Normalizar a reca\u00edda como parte do processo. <\/li>\n\n\n\n<li>Refor\u00e7ar as conquistas do cliente at\u00e9 \u00e0 data. <\/li>\n<\/ul>\n\n\n\n<p>Auxiliar na an\u00e1lise das causas da reca\u00edda e no planeamento dos pr\u00f3ximos passos. <\/p>\n<\/div>\n<\/div><\/div>\n<\/div><\/div>\n\n\n<div class=\"sensei-block-wrapper\">\n<div class=\"wp-block-sensei-lms-lesson-actions\"><div class=\"sensei-buttons-container\">\n\n\n\n\n\n\n\n<\/div><\/div>\n<\/div>\n\n\n<div class=\"wp-block-uagb-container uagb-block-bb89c6fb alignfull uagb-is-root-container\"><div class=\"uagb-container-inner-blocks-wrap\">\n<p><strong>Exemplo de di\u00e1logo:<\/strong><br><strong>Contexto: Ewa, de 35 anos, com depress\u00e3o. Passados \u200b\u200btr\u00eas meses, voltou a comer doces em excesso.<\/strong> <\/p>\n\n\n\n<p>Assistente Social: \u201cReferiu que alguns h\u00e1bitos antigos voltaram recentemente. Como se sente em rela\u00e7\u00e3o a isso?\u201d<br>Ewa: \u201cComo se tivesse falhado. Depois de todo o esfor\u00e7o, voltei ao mesmo ponto. Talvez simplesmente n\u00e3o seja capaz de mudar.\u201d<br>Assistente Social: \u201cEwa, isto n\u00e3o \u00e9 um fracasso \u2013 faz parte do processo. Muitas pessoas t\u00eam reca\u00eddas. O importante \u00e9 que tenhas percebido e vieste aqui falar sobre isto.\u201d<br>Ewa: \u201cMas sinto-me sem esperan\u00e7a.\u201d<br>Assistente Social: \u201cEste \u00e9 um sentimento muito humano. Talvez possamos tentar juntas perceber o que aconteceu e o que te pode ajudar a recome\u00e7ar? N\u00e3o precisamos de come\u00e7ar do zero \u2013 parte do trabalho j\u00e1 foi feito.\u201d <\/p>\n<\/div><\/div>\n\n\n\n<p><\/p>\n\n\n\n<p><em><strong>Coment\u00e1rio ao di\u00e1logo:<\/strong><\/em><br>Neste exemplo: <\/p>\n\n\n\n<ul class=\"wp-block-list\">\n<li>A reca\u00edda n\u00e3o \u00e9 tratada como um fracasso, mas como uma etapa normal do processo. <\/li>\n<\/ul>\n\n\n\n<ul class=\"wp-block-list\">\n<li>O assistente social utiliza uma linguagem emp\u00e1tica e normalizadora (por exemplo, &#8220;Faz parte do processo&#8221;), <\/li>\n<\/ul>\n\n\n\n<ul class=\"wp-block-list\">\n<li>muda o foco de &#8220;falhei novamente&#8221; para &#8220;o que j\u00e1 foi alcan\u00e7ado&#8221;, <\/li>\n<\/ul>\n\n\n\n<ul class=\"wp-block-list\">\n<li>Incentiva o regresso \u00e0 a\u00e7\u00e3o sem exigir mudan\u00e7as imediatas, criando espa\u00e7o para reconstruir a motiva\u00e7\u00e3o. <\/li>\n<\/ul>\n\n\n\n<p><em> O modelo Prochaska no trabalho com indiv\u00edduos com perturba\u00e7\u00f5es alimentares \u2013 o que diz a investiga\u00e7\u00e3o?<\/em> <\/p>\n\n\n\n<p>Quando se trabalha com indiv\u00edduos que sofrem de dist\u00farbios alimentares como a anorexia ou a bulimia, \u00e9 comum encontrar situa\u00e7\u00f5es em que o cliente n\u00e3o se sente preparado para o tratamento ou n\u00e3o reconhece o problema. Embora a doen\u00e7a tenha consequ\u00eancias graves para a sa\u00fade mental e f\u00edsica, muitos indiv\u00edduos n\u00e3o est\u00e3o dispostos ou n\u00e3o s\u00e3o capazes de iniciar a mudan\u00e7a. \u00c9 precisamente por isso que o Modelo Transte\u00f3rico de Mudan\u00e7a de Prochaska pode ser particularmente \u00fatil no trabalho social com este grupo (Hasler et al., 2004).   <\/p>\n\n\n\n<p>Um estudo realizado numa cl\u00ednica de dist\u00farbios alimentares envolveu 88 pacientes do sexo feminino diagnosticadas com anorexia, bulimia e outros dist\u00farbios alimentares. Foi avaliado o est\u00e1dio de prontid\u00e3o para a mudan\u00e7a de cada participante (por exemplo, pr\u00e9-contempla\u00e7\u00e3o \u2013 falta de consci\u00eancia do problema, contempla\u00e7\u00e3o \u2013 ambival\u00eancia, a\u00e7\u00e3o \u2013 tentativas ativas de mudan\u00e7a). Para tal, foi utilizada uma escala de autoavalia\u00e7\u00e3o espec\u00edfica (URICA). Al\u00e9m disso, o estudo avaliou se as doentes estavam a utilizar t\u00e9cnicas espec\u00edficas que apoiam a mudan\u00e7a, como o reconhecimento de emo\u00e7\u00f5es ou a ado\u00e7\u00e3o de novos comportamentos.    <\/p>\n\n\n\n<div class=\"wp-block-uagb-container uagb-block-0217192e alignfull uagb-is-root-container\"><div class=\"uagb-container-inner-blocks-wrap\">\n<div class=\"wp-block-uagb-container uagb-block-e48ae107\">\n<p><strong>O est\u00e1dio de mudan\u00e7a em que um doente se encontrava n\u00e3o dependia da sua idade, da dura\u00e7\u00e3o da doen\u00e7a ou do tratamento anterior. <br><br>O que realmente importava, no entanto, era se o indiv\u00edduo tinha procurado ajuda por iniciativa pr\u00f3pria \u2013 os doentes que o faziam voluntariamente estavam mais motivados para mudar.<br><br>Quanto mais envolvidos emocionalmente os doentes estivessem nas conversas sobre os seus problemas e quanto mais ativamente tentassem fazer mudan\u00e7as, maior seria a probabilidade de progredirem para fases posteriores e mais avan\u00e7adas de mudan\u00e7a.<br> <br>O tratamento pr\u00e9vio, por si s\u00f3, n\u00e3o melhorou a motiva\u00e7\u00e3o \u2013 o que real\u00e7a a import\u00e2ncia de trabalhar especificamente a motiva\u00e7\u00e3o em si, em vez de simplesmente oferecer apoio geral. (Hasler et al., 2004)  <\/strong><\/p>\n<\/div>\n\n\n\n<div class=\"wp-block-uagb-container uagb-block-ae60db6f\">\n<div class=\"wp-block-uagb-image uagb-block-fc2e6d64 wp-block-uagb-image--layout-default wp-block-uagb-image--effect-static wp-block-uagb-image--align-none\"><figure class=\"wp-block-uagb-image__figure\"><img decoding=\"async\" srcset=\"https:\/\/www.moodbites.eu\/wp-content\/uploads\/2025\/10\/pexels-photo-5699491-5699491.jpg ,https:\/\/www.moodbites.eu\/wp-content\/uploads\/2025\/10\/pexels-photo-5699491-5699491.jpg 780w, https:\/\/www.moodbites.eu\/wp-content\/uploads\/2025\/10\/pexels-photo-5699491-5699491.jpg 360w\" sizes=\"auto, (max-width: 480px) 150px\" src=\"https:\/\/www.moodbites.eu\/wp-content\/uploads\/2025\/10\/pexels-photo-5699491-5699491.jpg\" alt=\"Two diverse individuals having an empathetic conversation in a cozy indoor setting.\" class=\"uag-image-939\" width=\"940\" height=\"627\" title=\"pexels-photo-5699491-5699491\" loading=\"lazy\" role=\"img\"\/><\/figure><\/div>\n<\/div>\n<\/div><\/div>\n\n\n\n<p><\/p>\n\n\n\n<p><strong><em>O que significa para o assistente social?<\/em> <\/strong><\/p>\n\n\n\n<ol start=\"1\" class=\"wp-block-list\">\n<li>A motiva\u00e7\u00e3o para a mudan\u00e7a \u00e9 um tema \u00e0 parte que deve ser identificado e cultivado no cliente \u2013 independentemente de j\u00e1 ter feito terapia ou n\u00e3o. <\/li>\n<\/ol>\n\n\n\n<ol start=\"2\" class=\"wp-block-list\">\n<li>O assistente social deve observar o comportamento do cliente: Est\u00e1 a esfor\u00e7ar-se para mudar? Est\u00e1 a abrir-se emocionalmente? Est\u00e1 a procurar apoio ativamente?   <\/li>\n<\/ol>\n\n\n\n<ol start=\"3\" class=\"wp-block-list\">\n<li>\u00c9 ben\u00e9fico adaptar as conversas e interven\u00e7\u00f5es \u00e0 fase em que o cliente se encontra atualmente (de acordo com o modelo de Prochaska). <\/li>\n<\/ol>\n\n\n\n<ol start=\"4\" class=\"wp-block-list\">\n<li>Focar-se nas emo\u00e7\u00f5es relacionadas com a perturba\u00e7\u00e3o pode ajudar o doente a seguir em frente \u2013 o envolvimento emocional pode ser um passo fundamental para a mudan\u00e7a. <\/li>\n<\/ol>\n\n\n\n<p>O estudo demonstra que a mudan\u00e7a n\u00e3o come\u00e7a com a a\u00e7\u00e3o, mas sim com a <strong>prontid\u00e3o<\/strong>, que se desenvolve gradualmente atrav\u00e9s de etapas. Mesmo que o cliente ainda n\u00e3o esteja preparado, podemos apoi\u00e1-lo neste processo \u2013 atrav\u00e9s de conversas, planeamento conjunto e ajudando-o a lidar emocionalmente com as suas dificuldades.  <\/p>\n\n\n\n<div class=\"wp-block-group is-layout-constrained wp-block-group-is-layout-constrained\">\n<p class=\"has-text-align-center has-ast-global-color-1-color has-ast-global-color-5-background-color has-text-color has-background has-medium-font-size\" style=\"padding-top:var(--wp--preset--spacing--40);padding-bottom:var(--wp--preset--spacing--40)\"><strong><strong>ATIVIDADE INTERATIVA<\/strong> 43<\/strong><\/p>\n\n\n<div class=\"h5p-iframe-wrapper\"><iframe id=\"h5p-iframe-656\" class=\"h5p-iframe\" data-content-id=\"656\" style=\"height:1px\" src=\"about:blank\" frameBorder=\"0\" scrolling=\"no\" title=\"EXERC\u00cdCIO 43-Q1-M\u00d3DULO 5\"><\/iframe><\/div>\n\n\n\n<div class=\"wp-block-uagb-separator uagb-block-4f2c1236\"><div class=\"wp-block-uagb-separator__inner\" style=\"--my-background-image:\"><\/div><\/div>\n\n\n\n<div class=\"wp-block-group is-layout-constrained wp-block-group-is-layout-constrained\"><div class=\"h5p-iframe-wrapper\"><iframe id=\"h5p-iframe-657\" class=\"h5p-iframe\" data-content-id=\"657\" style=\"height:1px\" src=\"about:blank\" frameBorder=\"0\" scrolling=\"no\" title=\"EXERC\u00cdCIO 43-Q2-M\u00d3DULO 5\"><\/iframe><\/div>\n\n\n\n<div class=\"wp-block-uagb-separator uagb-block-76437c08\"><div class=\"wp-block-uagb-separator__inner\" style=\"--my-background-image:\"><\/div><\/div>\n<\/div>\n\n\n\n<div class=\"wp-block-group is-layout-constrained wp-block-group-is-layout-constrained\"><div class=\"h5p-iframe-wrapper\"><iframe id=\"h5p-iframe-658\" class=\"h5p-iframe\" data-content-id=\"658\" style=\"height:1px\" src=\"about:blank\" frameBorder=\"0\" scrolling=\"no\" title=\"EXERC\u00cdCIO 43-Q3-M\u00d3DULO 5\"><\/iframe><\/div>\n\n\n\n<div class=\"wp-block-uagb-separator uagb-block-52faac96\"><div class=\"wp-block-uagb-separator__inner\" style=\"--my-background-image:\"><\/div><\/div>\n\n\n<div class=\"h5p-iframe-wrapper\"><iframe id=\"h5p-iframe-660\" class=\"h5p-iframe\" data-content-id=\"660\" style=\"height:1px\" src=\"about:blank\" frameBorder=\"0\" scrolling=\"no\" title=\"EXERC\u00cdCIO 43-Q4-M\u00d3DULO 5\"><\/iframe><\/div>\n<\/div>\n<\/div>\n\n\n\n<figure class=\"wp-block-table is-style-stripes\"><table class=\"has-background has-border-color has-ast-global-color-4-border-color has-fixed-layout\" style=\"background-color:#e9f3d9;border-width:2px\"><tbody><tr><td><strong>Bibliography<\/strong>  <\/td><\/tr><tr><td>Prochaska, J. O., &amp; DiClemente, C. C. (1984). A abordagem transte\u00f3rica: cruzando as fronteiras tradicionais da terapia. Homewood, IL: Dow Jones-Irwin. Prochaska, J. O., DiClemente, C. C., &amp; Norcross, J. C. (1992). Em busca de como as pessoas mudam: aplica\u00e7\u00f5es aos comportamentos aditivos. American Psychologist, 47(9), 1102\u20131114. https:\/\/doi.org\/10.1037\/0003-066X.47.9.1102 Prochaska, J. O., &amp; Velicer, W. F. (1997). O modelo transte\u00f3rico de mudan\u00e7a de comportamento em sa\u00fade. American Journal of Health Promotion, 12(1), 38\u201348.        https:\/\/doi.org\/10.4278\/0890-1171-12.1.38\n <\/td><\/tr><\/tbody><\/table><\/figure>\n\n\n\n<p class=\"sensei-content-description has-text-color has-medium-font-size\" style=\"color:#e4493e;font-size:28px\"><strong>1.2. Conceito de entrevista motivacional<\/strong><\/p>\n\n\n\n<p>A Entrevista Motivacional (EM) \u00e9 uma abordagem conversacional que auxilia os indiv\u00edduos a mudar os seus h\u00e1bitos, principalmente os relacionados com a sa\u00fade. O seu objetivo \u00e9 fortalecer a motiva\u00e7\u00e3o intr\u00ednseca do paciente, incentivando-o a mudar de uma forma que o fa\u00e7a desejar a mudan\u00e7a por si pr\u00f3prio. Em vez de dizer \u00e0 pessoa o que deve fazer, o profissional que conduz a conversa ajuda-a a chegar \u00e0s suas pr\u00f3prias conclus\u00f5es (Miller, 2022; Miller &amp; Rollnick, 2013).   <\/p>\n\n\n\n<div class=\"wp-block-uagb-container uagb-block-37e75ca4 alignfull uagb-is-root-container\"><div class=\"uagb-container-inner-blocks-wrap\"><\/div><\/div>\n\n\n\n<p><\/p>\n\n\n\n<p>Este m\u00e9todo foi desenvolvido por William R. Miller na d\u00e9cada de 1980. Inicialmente, foi utilizado no trabalho com indiv\u00edduos viciados em \u00e1lcool, mas mais tarde, juntamente com Stephen Rollnick, Miller expandiu a abordagem para ajudar pessoas com outros problemas de sa\u00fade, como obesidade, hipertens\u00e3o, diabetes e inatividade f\u00edsica (Miller, 2022; Cole et al., 2023).  <\/p>\n\n\n\n<p>Nas conversas tradicionais sobre sa\u00fade, deparamo-nos frequentemente com afirma\u00e7\u00f5es instrutivas como: <br>a) \u201cPrecisa de parar de beber tantos energ\u00e9ticos \u2013 fazem-lhe mal.\u201d <br>b) \u201cDevia comer mais vegetais, ou ter\u00e1 problemas de sa\u00fade.\u201d <\/p>\n\n\n\n<p>Na entrevista motivacional, a abordagem \u00e9 diferente. Em vez de dar serm\u00f5es, o entrevistador ajuda o doente a chegar \u00e0 conclus\u00e3o, por si s\u00f3, de que a mudan\u00e7a \u00e9 ben\u00e9fica. Em vez do confronto, o foco est\u00e1 na compreens\u00e3o, na empatia e na colabora\u00e7\u00e3o (Miller, 2022; Cole et al., 2023).   <\/p>\n\n\n\n<div class=\"wp-block-uagb-container uagb-block-5b70e9b7 alignfull uagb-is-root-container\"><div class=\"uagb-container-inner-blocks-wrap\">\n<div class=\"wp-block-uagb-container uagb-block-f424b9f8\">\n<p>\u2705 \u2018O que pensa dos seus h\u00e1bitos alimentares? H\u00e1 algo que gostaria de mudar?\u2019<br>\u2705 \u2018Que benef\u00edcios acha que teria se consumisse menos bebidas energ\u00e9ticas?\u2019 <\/p>\n<\/div>\n<\/div><\/div>\n\n\n\n<p><\/p>\n\n\n\n<p>Gra\u00e7as a esta abordagem, o paciente n\u00e3o se sente for\u00e7ado a nada, mas chega \u00e0 conclus\u00e3o por si pr\u00f3prio de que vale a pena fazer uma mudan\u00e7a (Miller, 2022; Miller &amp; Rollnick, 2013). <\/p>\n\n\n\n<p class=\"has-ast-global-color-0-color has-text-color has-link-color has-medium-font-size wp-elements-f6578c1aad251f6e46f72d2cc9ca4c73\"><strong><em>Onde \u00e9 utilizada a entrevista motivacional?<\/em> <\/strong><\/p>\n\n\n\n<p>Embora inicialmente tenha sido aplicado principalmente na terapia da depend\u00eancia, hoje \u00e9 utilizado em muitas \u00e1reas, tais como: <\/p>\n\n\n\n<ul class=\"wp-block-list\">\n<li><strong>Medicina do estilo de vida<\/strong> \u2013 por exemplo, incentivar mudan\u00e7as na dieta e na atividade f\u00edsica. <\/li>\n<\/ul>\n\n\n\n<ul class=\"wp-block-list\">\n<li><strong>Psicologia cl\u00ednica<\/strong> \u2013 por exemplo, na terapia para indiv\u00edduos com depress\u00e3o ou perturba\u00e7\u00f5es de ansiedade. <\/li>\n<\/ul>\n\n\n\n<ul class=\"wp-block-list\">\n<li><strong>Diet\u00e9tica <\/strong>\u2013 ajudar as pessoas a adotar h\u00e1bitos alimentares mais saud\u00e1veis. <\/li>\n<\/ul>\n\n\n\n<ul class=\"wp-block-list\">\n<li><strong>Reabilita\u00e7\u00e3o card\u00edaca <\/strong>\u2013 apoio aos doentes p\u00f3s-enfarte na mudan\u00e7a de estilo de vida. <\/li>\n<\/ul>\n\n\n\n<p>Devido \u00e0 sua efic\u00e1cia, este m\u00e9todo \u00e9 recomendado por v\u00e1rias organiza\u00e7\u00f5es de sa\u00fade como uma abordagem eficaz para ajudar as pessoas a mudarem os seus h\u00e1bitos (Cole et al., 2023). <\/p>\n\n\n\n<p><strong>Quatro processos de entrevista motivacional<\/strong><\/p>\n\n\n\n<div class=\"wp-block-uagb-container uagb-block-040ae871 alignfull uagb-is-root-container\"><div class=\"uagb-container-inner-blocks-wrap\">\n<div class=\"wp-block-uagb-container uagb-block-24792299\"><\/div>\n\n\n\n<div class=\"wp-block-uagb-container uagb-block-23f3c012\">\n<div class=\"wp-block-uagb-image alignwide uagb-block-9ef575d7 wp-block-uagb-image--layout-default wp-block-uagb-image--effect-static wp-block-uagb-image--align-wide\"><figure class=\"wp-block-uagb-image__figure\"><img decoding=\"async\" srcset=\"https:\/\/www.moodbites.eu\/wp-content\/uploads\/2025\/10\/FIGURA-1.png ,https:\/\/www.moodbites.eu\/wp-content\/uploads\/2025\/10\/FIGURA-1.png 780w, https:\/\/www.moodbites.eu\/wp-content\/uploads\/2025\/10\/FIGURA-1.png 360w\" sizes=\"auto, (max-width: 480px) 150px\" src=\"https:\/\/www.moodbites.eu\/wp-content\/uploads\/2025\/10\/FIGURA-1.png\" alt=\"\" class=\"uag-image-953\" width=\"570\" height=\"352\" title=\"FIGURA-1\" loading=\"lazy\" role=\"img\"\/><\/figure><\/div>\n<\/div>\n\n\n\n<div class=\"wp-block-uagb-container uagb-block-350676a2\"><\/div>\n<\/div><\/div>\n\n\n\n<p><\/p>\n\n\n\n<p><\/p>\n\n\n\n<p class=\"sensei-content-description has-text-color has-medium-font-size\" style=\"color:#e4493e;font-size:28px\"><strong>1.2.1 Envolvimento<\/strong><\/p>\n\n\n\n<p>O primeiro passo na Entrevista Motivacional (EM) \u00e9 o engagement \u2013 \u200b\u200bestabelecer uma rela\u00e7\u00e3o forte e de confian\u00e7a com a pessoa que queremos apoiar. O objetivo \u00e9 fazer com que o paciente sinta que pode confiar em n\u00f3s e que n\u00e3o estamos ali para o julgar ou pressionar. S\u00f3 quando algu\u00e9m se sente compreendido e aceite \u00e9 que se torna mais propenso a abrir-se a uma conversa sobre a mudan\u00e7a dos seus h\u00e1bitos. Tr\u00eas t\u00e9cnicas-chave que ajudam a envolver o doente s\u00e3o:    <\/p>\n\n\n\n<ol start=\"1\" class=\"wp-block-list\">\n<li>Escuta ativa \u2013 demonstrar interesse genu\u00edno pelos sentimentos e pensamentos da outra pessoa. <\/li>\n<\/ol>\n\n\n\n<ol start=\"2\" class=\"wp-block-list\">\n<li>Comunica\u00e7\u00e3o aberta \u2013 evitar perguntas fechadas que apenas permitem respostas de \u201csim\u201d ou \u201cn\u00e3o\u201d. <\/li>\n<\/ol>\n\n\n\n<ol start=\"3\" class=\"wp-block-list\">\n<li>As ferramentas OARS s\u00e3o um conjunto de t\u00e9cnicas de comunica\u00e7\u00e3o que apoiam a conex\u00e3o e a motiva\u00e7\u00e3o. <\/li>\n<\/ol>\n\n\n\n<p><strong>Escuta ativa: como demonstrar que est\u00e1 realmente a ouvir.<\/strong> <\/p>\n\n\n\n<p>A escuta ativa significa dar total aten\u00e7\u00e3o \u00e0 pessoa com quem se est\u00e1 a falar. N\u00e3o se trata apenas de ouvir as palavras, mas de compreender o que ela realmente quer expressar. Demonstrar empatia tamb\u00e9m \u00e9 essencial \u2013 mostrar que compreende os sentimentos dela sem os julgar.   <\/p>\n\n\n\n<p>O que proporciona a escuta ativa? <\/p>\n\n\n\n<p>\u2714\ufe0f Ajuda a construir confian\u00e7a e uma sensa\u00e7\u00e3o de seguran\u00e7a. <\/p>\n\n\n\n<p>\u2714\ufe0f Mostra \u00e0 outra pessoa que ela \u00e9 importante para n\u00f3s. <\/p>\n\n\n\n<p>\u2714\ufe0f Faz com que o doente se sinta ouvido, em vez de receber uma palestra. <\/p>\n\n\n\n<div class=\"wp-block-uagb-container uagb-block-b99858a4 alignfull uagb-is-root-container\"><div class=\"uagb-container-inner-blocks-wrap\">\n<p>\ud83d\udd39<strong> Se algu\u00e9m disser que n\u00e3o consegue manter uma alimenta\u00e7\u00e3o saud\u00e1vel:<\/strong><br>\u2705<strong> \u201cPercebo que isto \u00e9 realmente dif\u00edcil para si<\/strong>.<strong>Gostaria de compreender melhor como se sente agora.\u201d<\/strong> <\/p>\n\n\n\n<p>\ud83d\udd39 Se o paciente sentir que j\u00e1 tentou de tudo, mas nada resulta:<br>\u2705 <strong>\u201cPercebo que se esteja a sentir muito frustrado(a) <\/strong><strong>\u2013<\/strong> <strong>j\u00e1 tentou diferentes abordagens e ainda \u00e9 dif\u00edcil manter uma dieta saud\u00e1vel.\u201d<\/strong> <\/p>\n\n\n\n<p>\ud83d\udd39 <strong>Se algu\u00e9m sente que perdeu o controlo sobre a alimenta\u00e7\u00e3o:<\/strong><br>\u2705<strong> \u201cEstou a compreender corretamente que sente<\/strong> <strong>que est\u00e1 a perder<\/strong> <strong>o controlo sobre a alimenta\u00e7\u00e3o?\u201d<\/strong> <\/p>\n\n\n\n<p>\ud83d\udd39<strong> Se o doente partilhar as suas dificuldades:<\/strong><br>\u2705 <strong>\u201cAgrade\u00e7o-lhe muito por falar abertamente sobre isto.<\/strong><strong> \u00c9 muito importante e<\/strong> <strong>exige coragem falar sobre o assunto.\u201d<\/strong> <\/p>\n\n\n\n<p>\ud83d\udd39 Se algu\u00e9m disser que a depress\u00e3o lhe tira a motiva\u00e7\u00e3o para mudar:<br>\u2705 <strong>\u201cSei que mudar h\u00e1bitos pode ser dif\u00edcil, especialmente quando a depress\u00e3o nos faz sentir sem energia.\u201d<\/strong> <\/p>\n\n\n\n<p>\ud83d\udd39<strong> Se algu\u00e9m disser que se sente sobrecarregado(a):<\/strong><br>\u2705<strong> \u201cObrigado(a) por partilhar isto comigo<\/strong>.<strong> Deve ser muito dif\u00edcil,<\/strong> <strong>e eu compreendo porque \u00e9 que se est\u00e1 a sentir t\u00e3o emocionado(a).\u201d<\/strong> <\/p>\n<\/div><\/div>\n\n\n\n<p><\/p>\n\n\n\n<p>\u00c9 importante lembrar que o engagement \u00e9 o primeiro passo para uma conversa eficaz \u2013 o doente precisa de sentir que pode confiar em n\u00f3s. Atrav\u00e9s da escuta ativa, podemos demonstrar ao doente que o compreendemos, o que o incentiva a continuar a falar. As respostas de apoio demonstram ao doente que os seus sentimentos s\u00e3o importantes e que n\u00e3o est\u00e1 a ser julgado.   <\/p>\n\n\n\n<div class=\"wp-block-uagb-container uagb-block-159ff17e alignfull uagb-is-root-container\"><div class=\"uagb-container-inner-blocks-wrap\">\n<div class=\"wp-block-uagb-container uagb-block-2aed7f69\">\n<p><strong>Comunica\u00e7\u00e3o aberta \u2013 como fazer boas perguntas?<\/strong> <\/p>\n\n\n\n<p>A comunica\u00e7\u00e3o aberta \u00e9 uma forma de conduzir uma conversa que encoraja a outra pessoa a falar mais livremente sobre as suas experi\u00eancias e sentimentos. O elemento-chave s\u00e3o as perguntas abertas \u2013 aquelas que n\u00e3o podem ser respondidas apenas com \u201csim\u201d ou \u201cn\u00e3o\u201d. Estas quest\u00f5es convidam o cliente a refletir e a falar sobre o que \u00e9 importante para si.   <br><br>Como resultado, o doente: <br>a) can speak openly about their difficulties, <br>b) come\u00e7a a refletir sobre os seus h\u00e1bitos, <br>c) feels that their opinions and emotions are important. <br><br>Atrav\u00e9s de perguntas abertas, o doente come\u00e7a a refletir sobre a sua situa\u00e7\u00e3o e, muitas vezes, encontra por si pr\u00f3prio os primeiros passos para a mudan\u00e7a. As perguntas abertas s\u00e3o consideradas uma forma eficaz de aprofundar a compreens\u00e3o do problema e ajudar a identificar poss\u00edveis solu\u00e7\u00f5es.  <\/p>\n<\/div>\n\n\n\n<div class=\"wp-block-uagb-container uagb-block-147fd2a3\">\n<div class=\"wp-block-uagb-image uagb-block-b0b3ce9f wp-block-uagb-image--layout-default wp-block-uagb-image--effect-static wp-block-uagb-image--align-none\"><figure class=\"wp-block-uagb-image__figure\"><img decoding=\"async\" srcset=\"https:\/\/www.moodbites.eu\/wp-content\/uploads\/2025\/10\/g8c24e31ec35f34f71ff4889d2fc9f0d76f5d9ad0406b7c6740114a1a00d5b6570d256263270f6e002bc57ed5bdea1b33_640-6027028.jpg ,https:\/\/www.moodbites.eu\/wp-content\/uploads\/2025\/10\/g8c24e31ec35f34f71ff4889d2fc9f0d76f5d9ad0406b7c6740114a1a00d5b6570d256263270f6e002bc57ed5bdea1b33_640-6027028.jpg 780w, https:\/\/www.moodbites.eu\/wp-content\/uploads\/2025\/10\/g8c24e31ec35f34f71ff4889d2fc9f0d76f5d9ad0406b7c6740114a1a00d5b6570d256263270f6e002bc57ed5bdea1b33_640-6027028.jpg 360w\" sizes=\"auto, (max-width: 480px) 150px\" src=\"https:\/\/www.moodbites.eu\/wp-content\/uploads\/2025\/10\/g8c24e31ec35f34f71ff4889d2fc9f0d76f5d9ad0406b7c6740114a1a00d5b6570d256263270f6e002bc57ed5bdea1b33_640-6027028.jpg\" alt=\"people, students, university, campus, classmates, friends, discuss, discussing, group work, groupmates, nature, grass, field, friendship day\" class=\"uag-image-957\" width=\"640\" height=\"427\" title=\"g8c24e31ec35f34f71ff4889d2fc9f0d76f5d9ad0406b7c6740114a1a00d5b6570d256263270f6e002bc57ed5bdea1b33_640-6027028\" loading=\"lazy\" role=\"img\"\/><\/figure><\/div>\n<\/div>\n<\/div><\/div>\n\n\n\n<div class=\"wp-block-uagb-container uagb-block-cb60eb5a alignfull uagb-is-root-container\"><div class=\"uagb-container-inner-blocks-wrap\">\n<p><strong>Que quest\u00f5es ajudam os doentes a refletir sobre a mudan\u00e7a?<\/strong> <\/p>\n\n\n\n<p>\ud83d\udd39 Em vez de: \u201cTem problemas com a alimenta\u00e7\u00e3o quando est\u00e1 stressado?\u201d<br>\u2705 <strong>\u00c9 melhor perguntar: \u201cQue tipos de situa\u00e7\u00f5es o levam a ir buscar comida, mesmo quando n\u00e3o tem fome?\u201d<\/strong> <\/p>\n\n\n\n<p>\ud83d\udd39<strong> Em vez de: \u201cToma o pequeno-almo\u00e7o?\u201d<\/strong><br>\u2705 <strong>Melhor perguntar: \u201cComo costuma ser a sua manh\u00e3? Tem tempo para comer?\u201d<\/strong> <\/p>\n\n\n\n<p>\ud83d\udd39 Em vez de: \u201cQuer beber menos bebidas energ\u00e9ticas?\u201d<br>\u2705 \u00c9 melhor perguntar: \u201cO que acha da quantidade de bebidas energ\u00e9ticas que costuma consumir?\u201d <\/p>\n\n\n\n<p>\ud83d\udd39<strong> Em vez de: \u201cJ\u00e1 pensou em mudar a sua alimenta\u00e7\u00e3o?\u201d<\/strong><br>\u2705 Melhor perguntar: \u201cO que o poder\u00e1 ajudar a comer de forma mais saud\u00e1vel?\u201d <\/p>\n<\/div><\/div>\n\n\n\n<p><\/p>\n\n\n\n<p>Segue-se uma compara\u00e7\u00e3o entre quest\u00f5es <strong>abertas e fechadas, apresentada em formato de tabela:<\/strong> <\/p>\n\n\n\n<figure class=\"wp-block-table is-style-stripes\"><table class=\"has-background has-border-color has-ast-global-color-4-border-color has-fixed-layout\" style=\"background-color:#ddeaca;border-width:3px\"><thead><tr><th>Pergunta aberta <\/th><th>Pergunta fechada <\/th><th>Explica\u00e7\u00e3o (informa\u00e7\u00f5es adicionais obtidas) <\/th><\/tr><\/thead><tbody><tr><td>Como \u00e9 um dia normal para si em termos de alimenta\u00e7\u00e3o? <\/td><td>Faz refei\u00e7\u00f5es regulares? <\/td><td>Permite ao doente descrever o seu ritmo di\u00e1rio, identificar os per\u00edodos de fome e os h\u00e1bitos alimentares, proporcionando uma vis\u00e3o mais completa do seu estilo de vida. <\/td><\/tr><tr><td>Como se sente depois das refei\u00e7\u00f5es? <\/td><td>Comer afeta o seu humor? <\/td><td>Oferece uma vis\u00e3o sobre as rea\u00e7\u00f5es emocionais e f\u00edsicas aos alimentos e revela liga\u00e7\u00f5es inconscientes entre as emo\u00e7\u00f5es e a alimenta\u00e7\u00e3o. <\/td><\/tr><tr><td>O que te ajuda a manter h\u00e1bitos saud\u00e1veis \u200b\u200be o que torna isso mais dif\u00edcil? <\/td><td>Tem dificuldade em manter h\u00e1bitos saud\u00e1veis? <\/td><td>Ajuda o doente a identificar os seus pontos fortes e as suas dificuldades, bem como o que o apoia ou impede de manter comportamentos saud\u00e1veis. <\/td><\/tr><tr><td>Quais foram as suas experi\u00eancias anteriores ao tentar mudar a sua dieta? <\/td><td>J\u00e1 tentou mudar a sua dieta no passado? <\/td><td>Abre espa\u00e7o para analisar tentativas anteriores, raz\u00f5es para contratempos e potenciais fatores de sucesso para esfor\u00e7os futuros. <\/td><\/tr><tr><td>O que acontece quando sente uma forte vontade de comer em momentos de stress? <\/td><td>Come quando est\u00e1 stressado? <\/td><td>Oferece uma compreens\u00e3o mais profunda dos padr\u00f5es alimentares relacionados com o stress e identifica os gatilhos e as estrat\u00e9gias alternativas de coping. <\/td><\/tr><tr><td>Que emo\u00e7\u00f5es sente ao comer sozinho, em compara\u00e7\u00e3o com quando come com outras pessoas? <\/td><td>Prefere comer sozinho ou acompanhado? <\/td><td>Ajuda a desvendar como o contexto social influencia os h\u00e1bitos alimentares e que respostas emocionais est\u00e3o ligadas a diferentes situa\u00e7\u00f5es. <\/td><\/tr><tr><td>Quais s\u00e3o, na sua opini\u00e3o, os maiores obst\u00e1culos para mudar os seus h\u00e1bitos alimentares? <\/td><td>Tem alguma dificuldade em mudar os seus h\u00e1bitos alimentares? <\/td><td>D\u00e1 ao paciente espa\u00e7o para explorar e articular desafios espec\u00edficos e considerar as suas pr\u00f3prias solu\u00e7\u00f5es. <\/td><\/tr><tr><td>O que torna uns dias mais f\u00e1ceis e outros mais dif\u00edceis em termos de alimenta\u00e7\u00e3o? <\/td><td>H\u00e1 dias em que \u00e9 dif\u00edcil manter uma alimenta\u00e7\u00e3o saud\u00e1vel? <\/td><td>Fomenta a reflex\u00e3o sobre os desafios di\u00e1rios e ajuda a identificar os fatores que influenciam a facilidade ou dificuldade de manter uma alimenta\u00e7\u00e3o saud\u00e1vel. <\/td><\/tr><tr><td>O que acha que o poderia ajudar a alimentar-se com mais regularidade? <\/td><td>Sabe o que poderia fazer para se alimentar com mais regularidade? <\/td><td>Convida o doente a considerar estrat\u00e9gias realistas e pessoais para melhorar a regularidade das refei\u00e7\u00f5es, em vez de fornecer uma resposta r\u00e1pida ou superficial. <\/td><\/tr><\/tbody><\/table><\/figure>\n\n\n\n<div class=\"wp-block-uagb-container uagb-block-7bb5ad02 alignfull uagb-is-root-container\"><div class=\"uagb-container-inner-blocks-wrap\">\n<div class=\"wp-block-uagb-container uagb-block-8f68deef\">\n<p><strong>Utilizar as ferramentas OARS \u2013 como comunicar eficazmente e apoiar a mudan\u00e7a<\/strong><br>O OARS \u00e9 um conjunto de quatro compet\u00eancias essenciais utilizadas na Entrevista Motivacional. Podem ser consideradas ferramentas que ajudam a &#8220;extrair&#8221; os pensamentos, sentimentos e motiva\u00e7\u00e3o de uma pessoa para agir. Estas t\u00e9cnicas orientam a conversa de uma forma que faz com que a outra pessoa se sinta ouvida, compreendida e mais motivada para mudar.   <\/p>\n<\/div>\n\n\n\n<div class=\"wp-block-uagb-container uagb-block-aec85a46\">\n<p class=\"has-ast-global-color-4-color has-text-color has-link-color wp-elements-1831436b6be2f1e5d8b0ebf2940afd99\"><strong>O OARS consiste em:<br>\u2705 O \u2013 Perguntas abertas<br>\u2705 A \u2013 Afirma\u00e7\u00f5es<br>\u2705 R \u2013 Reflex\u00f5es<br>\u2705 S \u2013 Resumos<\/strong> <\/p>\n<\/div>\n<\/div><\/div>\n\n\n\n<div class=\"wp-block-uagb-container uagb-block-121577dd alignfull uagb-is-root-container\"><div class=\"uagb-container-inner-blocks-wrap\">\n<div class=\"wp-block-uagb-container uagb-block-b3fe04d2\">\n<p class=\"has-ast-global-color-4-color has-text-color has-link-color wp-elements-373389692758ff9fce6a32978b9af6e6\"><strong>Exemplo:<\/strong> <\/p>\n\n\n\n<p class=\"has-ast-global-color-4-color has-text-color has-link-color wp-elements-ae21519a2050abb2e87cc5407e276337\">\u274c Quest\u00e3o fechada: \u201cAlimenta-se de forma saud\u00e1vel?\u201d<br>\u27a1\ufe0f Resposta: \u201cSim\u201d ou \u201cN\u00e3o\u201d \u2013 fornece poucos ou nenhuns detalhes.<br>\u2705 Quest\u00e3o aberta: \u201cO que pensa dos seus h\u00e1bitos alimentares?\u201d<br>\u27a1\ufe0f Poss\u00edvel resposta: \u201cPor vezes tento comer de forma saud\u00e1vel, mas acabo por comer fast food porque n\u00e3o tenho tempo para cozinhar.\u201d <\/p>\n<\/div>\n\n\n\n<div class=\"wp-block-uagb-container uagb-block-fc068174\">\n<p><strong>O \u2013 Perguntas abertas<\/strong><br>Como j\u00e1 foi referido anteriormente, as perguntas abertas s\u00e3o aquelas que n\u00e3o podem ser respondidas apenas com \u201csim\u201d ou \u201cn\u00e3o\u201d. Incentivam a pessoa a refletir sobre os seus h\u00e1bitos, sentimentos e decis\u00f5es.  <br>Estes tipos de perguntas estimulam uma reflex\u00e3o mais profunda e permitem ao indiv\u00edduo explorar a sua pr\u00f3pria situa\u00e7\u00e3o, em vez de simplesmente responder a perguntas ou instru\u00e7\u00f5es predefinidas. <\/p>\n<\/div>\n<\/div><\/div>\n\n\n\n<p><\/p>\n\n\n\n<div class=\"wp-block-uagb-container uagb-block-ea81aa17 alignfull uagb-is-root-container\"><div class=\"uagb-container-inner-blocks-wrap\">\n<div class=\"wp-block-uagb-container uagb-block-7ced35fe\">\n<p> <strong>A \u2013 Afirma\u00e7\u00f5es (refor\u00e7o positivo\/valida\u00e7\u00e3o)<\/strong><br>As afirma\u00e7\u00f5es s\u00e3o coment\u00e1rios curtos e positivos que ajudam a fortalecer a confian\u00e7a e a autoestima da pessoa. Em vez de criticar ou apontar erros, focamo-nos em destacar o esfor\u00e7o, os pontos fortes e os valores que a outra pessoa demonstra.  <\/p>\n<\/div>\n\n\n\n<div class=\"wp-block-uagb-container uagb-block-b009959d\">\n<p class=\"has-text-color has-link-color wp-elements-8b23b36a82a5d4558103d4492db5c891\" style=\"color:#2f1e15\"><strong>Exemplos de afirma\u00e7\u00f5es:<\/strong><br>\u2705 <strong>\u201cVejo que se est\u00e1 a esfor\u00e7ar para se alimentar de forma mais saud\u00e1vel \u2013 isso \u00e9 um grande passo!\u201d<br>\u2705 \u201cAprecio a sua honestidade ao falar das suas dificuldades. Isso exige coragem.\u201d<br>\u2705 \u201c\u00c9 realmente impressionante que, apesar de lidar com a depress\u00e3o, tenha conseguido preparar algumas refei\u00e7\u00f5es saud\u00e1veis \u200b\u200brecentemente.\u201d<\/strong> <\/p>\n<\/div>\n\n\n\n<div class=\"wp-block-uagb-container uagb-block-2a61d3d5\">\n<p><strong>Aplicando esta t\u00e9cnica: <\/strong><\/p>\n\n\n\n<ul class=\"wp-block-list\">\n<li>Proporciona \u00e0 pessoa a motiva\u00e7\u00e3o necess\u00e1ria para continuar a trabalhar em prol da mudan\u00e7a. <\/li>\n\n\n\n<li>Mostra que at\u00e9 os pequenos passos s\u00e3o significativos e valorizados. <\/li>\n\n\n\n<li>Aumenta o envolvimento no processo de mudan\u00e7a, refor\u00e7ando o esfor\u00e7o e o progresso. <\/li>\n<\/ul>\n<\/div>\n<\/div><\/div>\n\n\n\n<hr class=\"wp-block-coblocks-dynamic-separator has-background has-ast-global-color-1-color is-style-fullwidth\" style=\"height:50px\"\/>\n\n\n\n<div class=\"wp-block-uagb-container uagb-block-80723452 alignfull uagb-is-root-container\"><div class=\"uagb-container-inner-blocks-wrap\">\n<div class=\"wp-block-uagb-container uagb-block-0d946deb\">\n<p><strong>R \u2013 Reflex\u00f5es \/ Par\u00e1frases<\/strong><br>As reflex\u00f5es passam por repetir o que o interlocutor disse, mas com palavras ligeiramente diferentes, para demonstrar compreens\u00e3o e clarificar o significado. Esta t\u00e9cnica ajuda o paciente a sentir-se ouvido e compreendido. Por vezes, ouvir os seus pr\u00f3prios pensamentos expressos de forma diferente permite que a pessoa reconhe\u00e7a perce\u00e7\u00f5es ou padr\u00f5es que n\u00e3o tinha notado antes.   <\/p>\n<\/div>\n\n\n\n<div class=\"wp-block-uagb-container uagb-block-5a9fd3ab\">\n<p class=\"has-text-color has-link-color wp-elements-8b23b36a82a5d4558103d4492db5c891\" style=\"color:#2f1e15\"><strong>Exemplos de afirma\u00e7\u00f5es:<\/strong><br>\u2705 <strong>\u201cVejo que se est\u00e1 a esfor\u00e7ar para se alimentar de forma mais saud\u00e1vel \u2013 isso \u00e9 um grande passo!\u201d<br>\u2705 \u201cAprecio a sua honestidade ao falar das suas dificuldades. Isso exige coragem.\u201d<br>\u2705 \u201c\u00c9 realmente impressionante que, apesar de lidar com a depress\u00e3o, tenha conseguido preparar algumas refei\u00e7\u00f5es saud\u00e1veis \u200b\u200brecentemente.\u201d<\/strong> <\/p>\n<\/div>\n\n\n\n<div class=\"wp-block-uagb-container uagb-block-8d9e39c8\">\n<p><strong>Utilizando esta t\u00e9cnica: <\/strong><\/p>\n\n\n\n<ul class=\"wp-block-list\">\n<li>Mostra ao interlocutor que est\u00e1 realmente a ouvir. <\/li>\n\n\n\n<li>Ajuda-os a compreender melhor os seus pr\u00f3prios pensamentos e sentimentos. <\/li>\n<\/ul>\n\n\n\n<p>Facilita a identifica\u00e7\u00e3o de poss\u00edveis solu\u00e7\u00f5es para o problema. <\/p>\n<\/div>\n<\/div><\/div>\n\n\n\n<hr class=\"wp-block-coblocks-dynamic-separator has-background has-ast-global-color-1-color is-style-fullwidth\" style=\"height:50px\"\/>\n\n\n\n<div class=\"wp-block-uagb-container uagb-block-ba7a3a7b alignfull uagb-is-root-container\"><div class=\"uagb-container-inner-blocks-wrap\">\n<div class=\"wp-block-uagb-container uagb-block-b782c44a\">\n<p> S \u2013 Resumos<br>Resumir significa reunir os pontos mais importantes da conversa e apresent\u00e1-los de forma breve e clara. Isto ajuda o interlocutor a perceber o que j\u00e1 foi acordado e o que pode ser feito a seguir.  <\/p>\n<\/div>\n\n\n\n<div class=\"wp-block-uagb-container uagb-block-de6b7505\">\n<p class=\"has-text-color has-link-color wp-elements-77708d326fa7e36cbe0feb803d60e425\" style=\"color:#2f1e15\"><strong>Exemplos de resumos:<\/strong> <\/p>\n\n\n\n<p>\ud83d\udde3\ufe0f Doente: \u201cN\u00e3o tenho tempo para cozinhar, como \u00e0 pressa e costumo recorrer aos doces porque me fazem sentir melhor.\u201d<br>\u2705 Resumo: \u201cEnt\u00e3o est\u00e1 a dizer que a falta de tempo faz com que escolha snacks r\u00e1pidos, e os doces d\u00e3o-lhe uma melhoria tempor\u00e1ria do humor. Talvez valha a pena procurar alternativas r\u00e1pidas, mas mais saud\u00e1veis?\u201d<br>\ud83d\udde3\ufe0f Doente: \u201cSei que devia comer mais legumes, mas n\u00e3o gosto do sabor e n\u00e3o sei como os preparar.\u201d<br>\u2705 Resumo: \u201cEnt\u00e3o, preocupa-se em ter uma alimenta\u00e7\u00e3o mais saud\u00e1vel, mas o sabor dos vegetais e o facto de n\u00e3o saber cozinh\u00e1-los s\u00e3o obst\u00e1culos. Talvez possamos encontrar juntos algumas receitas que ache mais apelativas?\u201d  <\/p>\n<\/div>\n\n\n\n<div class=\"wp-block-uagb-container uagb-block-a6940741\">\n<p>Utilizando esta t\u00e9cnica: <\/p>\n\n\n\n<ul class=\"wp-block-list\">\n<li>Ajuda a organizar a conversa e a focar os pontos principais. <\/li>\n\n\n\n<li>Mostra ao doente que foi claramente compreendido. <\/li>\n<\/ul>\n\n\n\n<p>Pode servir como ponto de partida para discuss\u00f5es adicionais sobre poss\u00edveis solu\u00e7\u00f5es. <\/p>\n<\/div>\n<\/div><\/div>\n\n\n\n<p><\/p>\n\n\n\n<p><strong>Resumo \u2013 porque \u00e9 que o PARR \u00e9 eficaz?<\/strong> <\/p>\n\n\n\n<figure class=\"wp-block-table is-style-stripes\"><table class=\"has-background has-border-color has-ast-global-color-4-border-color has-fixed-layout\" style=\"background-color:#ddeaca;border-width:3px\"><thead><tr><th>T\u00e9cnica <\/th><th>O que \u00e9? <\/th><th>Exemplo <\/th><\/tr><\/thead><tbody><tr><td>P \u2013 Perguntas abertas <\/td><td>Quest\u00f5es que exigem uma resposta mais longa. <\/td><td>\u201cO que pensa dos seus h\u00e1bitos alimentares?\u201d <\/td><\/tr><tr><td>A \u2013 Afirma\u00e7\u00f5es <\/td><td>Coment\u00e1rios positivos que fortalecem a motiva\u00e7\u00e3o <\/td><td>\u201cQue bom que se est\u00e1 a esfor\u00e7ar para comer mais vegetais!\u201d <\/td><\/tr><tr><td>R \u2013 Reflex\u00f5es <\/td><td>Repetir o que algu\u00e9m disse com palavras diferentes. <\/td><td>\u201cN\u00e3o tem muito tempo, por isso recorre muitas vezes a comida pronta.\u201d <\/td><\/tr><tr><td>R \u2013 Resumos <\/td><td>Recolher e organizar informa\u00e7\u00f5es importantes <\/td><td>&#8220;Pelo que est\u00e1 a dizer, parece que quer comer de forma mais saud\u00e1vel, mas cozinhar \u00e9 um desafio para si.&#8221; <\/td><\/tr><\/tbody><\/table><\/figure>\n\n\n\n<div class=\"wp-block-uagb-container uagb-block-19168265 alignfull uagb-is-root-container\"><div class=\"uagb-container-inner-blocks-wrap\">\n<div class=\"wp-block-uagb-container uagb-block-93e78f48\">\n<p>Ao utilizar estas t\u00e9cnicas, o cliente n\u00e3o s\u00f3 se sente mais compreendido, como tamb\u00e9m come\u00e7a a reconhecer solu\u00e7\u00f5es que pode implementar por si pr\u00f3prio.<br>As t\u00e9cnicas PARR s\u00e3o muito \u00fateis n\u00e3o s\u00f3 no trabalho com clientes, mas tamb\u00e9m nas conversas do dia-a-dia. Podem ser usadas ao interagir com:<br>\u2714\ufe0f Familiares \u2013 para ouvir com mais aten\u00e7\u00e3o os entes queridos e apoi\u00e1-los em situa\u00e7\u00f5es dif\u00edceis.<br>\u2714\ufe0f Amigos \u2013 para compreender melhor as suas emo\u00e7\u00f5es sem impor conselhos.<br>\u2714\ufe0f Professores ou colegas de turma \u2013 para tornar as conversas mais abertas e honestas.  <\/p>\n<\/div>\n\n\n\n<div class=\"wp-block-uagb-container uagb-block-213ee3b5\">\n<div class=\"wp-block-uagb-image uagb-block-d047f096 wp-block-uagb-image--layout-default wp-block-uagb-image--effect-static wp-block-uagb-image--align-none\"><figure class=\"wp-block-uagb-image__figure\"><img decoding=\"async\" srcset=\"https:\/\/www.moodbites.eu\/wp-content\/uploads\/2025\/10\/pexels-photo-7176230-7176230.jpg ,https:\/\/www.moodbites.eu\/wp-content\/uploads\/2025\/10\/pexels-photo-7176230-7176230.jpg 780w, https:\/\/www.moodbites.eu\/wp-content\/uploads\/2025\/10\/pexels-photo-7176230-7176230.jpg 360w\" sizes=\"auto, (max-width: 480px) 150px\" src=\"https:\/\/www.moodbites.eu\/wp-content\/uploads\/2025\/10\/pexels-photo-7176230-7176230.jpg\" alt=\"Concentrated woman talking and touching shoulder of pensive male in light room in daytime\" class=\"uag-image-968\" width=\"525\" height=\"350\" title=\"pexels-photo-7176230-7176230\" loading=\"lazy\" role=\"img\"\/><\/figure><\/div>\n<\/div>\n<\/div><\/div>\n\n\n\n<p><\/p>\n\n\n\n<div class=\"wp-block-uagb-container uagb-block-b0d0325e alignfull uagb-is-root-container\"><div class=\"uagb-container-inner-blocks-wrap\">\n<p><strong>Exemplos de utiliza\u00e7\u00e3o do OARS no dia a dia:<\/strong> <\/p>\n\n\n\n<p>\ud83d\udde3\ufe0f <strong>Em vez de: \u201cPorque est\u00e1s t\u00e3o triste?\u201d<\/strong><br>\u2705 <strong>Melhor: <\/strong><strong>\u201cPercebo que algo o est\u00e1 a preocupar.<\/strong> <strong>Gostaria de falar sobre isso?\u201d<\/strong><br><strong>(Quest\u00e3o aberta + escuta ativa)<\/strong> <\/p>\n\n\n\n<p>\ud83d\udde3\ufe0f <strong>Em vez de: \u201cN\u00e3o se preocupe, vai correr tudo bem.\u201d<\/strong><br>\u2705 <strong>Melhor: \u201cIsto deve ser muito dif\u00edcil para ti. Agrade\u00e7o-te por partilhares isto comigo.\u201d<br><em>(Afirma\u00e7\u00e3o + empatia)<\/em><br><\/strong> <\/p>\n\n\n\n<p>\ud83d\udde3\ufe0f<strong> Em vez de: \u201cS\u00f3 precisas de estudar mais.\u201d<\/strong><br>\u2705 <strong>Melhor: \u201cPercebi corretamente que se sente sobrecarregado(a) pela quantidade de conte\u00fado?\u201d<br>(Reflex\u00e3o \/ Par\u00e1frase)<br> <\/strong> <\/p>\n\n\n\n<p>\ud83d\udde3\ufe0f <strong>Em vez de: \u201cEnt\u00e3o, o que vais fazer agora?\u201d<\/strong><br>\u2705 <strong>Melhor: \u201cPelo que disseste, parece que o stress escolar te est\u00e1 a afetar bastante. Que medidas poderias tomar para lidar melhor com isso?\u201d<br>(Resumo + incentivo \u00e0 resolu\u00e7\u00e3o de problemas)<br> <\/strong> <\/p>\n<\/div><\/div>\n\n\n\n<p><\/p>\n\n\n\n<p>Gra\u00e7as \u00e0 utiliza\u00e7\u00e3o do PARR, as conversas tornam-se mais naturais e a outra pessoa sente-se verdadeiramente ouvida e compreendida. Vale a pena utilizar estas t\u00e9cnicas n\u00e3o s\u00f3 em ambientes profissionais, mas tamb\u00e9m em rela\u00e7\u00f5es quotidianas, pois todos desejam sentir que as suas emo\u00e7\u00f5es e pensamentos s\u00e3o importantes.  <\/p>\n\n\n\n<hr class=\"wp-block-coblocks-dynamic-separator has-background has-ast-global-color-1-color is-style-fullwidth\" style=\"height:50px\"\/>\n\n\n\n<p class=\"sensei-content-description has-text-color has-medium-font-size\" style=\"color:#e4493e;font-size:28px\"><strong>1.2.2. Focusing<\/strong><\/p>\n\n\n\n<p>Nesta fase da conversa, \u00e9 importante ajudar o doente a decidir em que se quer focar. O objetivo n\u00e3o \u00e9 dizer-lhe o que deve fazer, mas sim perguntar-lhe o que \u00e9 mais importante para ele.  <\/p>\n\n\n\n<p>Esta etapa \u00e9 muito importante porque: <\/p>\n\n\n\n<ul class=\"wp-block-list\">\n<li>O cliente escolhe o tema da conversa, o que aumenta o seu envolvimento. <\/li>\n<\/ul>\n\n\n\n<ul class=\"wp-block-list\">\n<li>N\u00e3o impomos mudan\u00e7as, mas ajudamos a identificar a \u00e1rea que mais necessita de aten\u00e7\u00e3o. <\/li>\n<\/ul>\n\n\n\n<ul class=\"wp-block-list\">\n<li>N\u00e3o corrigimos nem criticamos o cliente, mas trabalhamos em conjunto para encontrar o melhor caminho para a mudan\u00e7a. <\/li>\n<\/ul>\n\n\n\n<p>\u00c9 importante evitar o &#8220;reflexo de corre\u00e7\u00e3o&#8221;. Muitas vezes, quando vemos algu\u00e9m a fazer algo prejudicial \u00e0 sa\u00fade, sentimos a necessidade de apontar imediatamente o erro e dizer como a pessoa deve agir de forma diferente. No entanto, esta abordagem pode fazer com que a outra pessoa se sinta julgada, levando-a a ficar na defensiva.   <\/p>\n\n\n\n<div class=\"wp-block-uagb-container uagb-block-e9be59eb alignfull uagb-is-root-container\"><div class=\"uagb-container-inner-blocks-wrap\">\n<div class=\"wp-block-uagb-container uagb-block-ba3b9426\">\n<p>\u274c <strong>Mau exemplo: \u201cDevia comer mais vegetais porque a sua dieta n\u00e3o \u00e9 suficientemente nutritiva.\u201d<\/strong><br>\u2705 <strong>Melhor abordagem: \u201cComo se sente em rela\u00e7\u00e3o \u00e0 sua dieta? H\u00e1 algum alimento que gostaria de comer com mais frequ\u00eancia?\u201d<\/strong> <\/p>\n<\/div>\n\n\n\n<div class=\"wp-block-uagb-container uagb-block-8b1b8087\">\n<p>Nesta etapa, \u00e9 importante a forma como formulamos as quest\u00f5es que ajudam a definir um objetivo. A tabela abaixo apresenta exemplos de quest\u00f5es que auxiliam os clientes a definir um objetivo alinhado com o problema nutricional reportado.  <\/p>\n<\/div>\n\n\n\n<div class=\"wp-block-uagb-container uagb-block-a85725b4\">\n<p>\ud83d\udd39 <strong>Se o doente tiver problemas com o apetite:<\/strong><br>\u2705<strong> &#8220;Pelo que est\u00e1 a dizer, compreendo que tem dias em que n\u00e3o tem apetite e outros em que come bastante.<\/strong> <strong>Sobre que aspeto da sua alimenta\u00e7\u00e3o gostaria de falar primeiro?&#8221;<\/strong> <\/p>\n\n\n\n<p>\ud83d\udd39<strong>Se o doente tiver v\u00e1rias dificuldades diferentes:<\/strong><br>\u2705 <strong>&#8220;Est\u00e1 a enfrentar v\u00e1rios desafios relacionados com a alimenta\u00e7\u00e3o. Prefere concentrar-se na regularidade das refei\u00e7\u00f5es ou talvez em melhorar a qualidade do que come?&#8221;<\/strong> <\/p>\n\n\n\n<p>\ud83d\udd39 <strong>Se o doente estiver com dificuldades em lidar com a ansiedade:<\/strong><br>\u2705<strong> \u201cExistem situa\u00e7\u00f5es espec\u00edficas que lhe dificultam a alimenta\u00e7\u00e3o saud\u00e1vel, como quando os sintomas de ansiedade se agravam?\u201d<\/strong> <\/p>\n<\/div>\n<\/div><\/div>\n\n\n\n<p><\/p>\n\n\n\n<hr class=\"wp-block-coblocks-dynamic-separator has-background has-ast-global-color-1-color is-style-fullwidth\" style=\"height:50px\"\/>\n\n\n\n<p class=\"sensei-content-description has-text-color has-medium-font-size\" style=\"color:#e4493e;font-size:28px\"><strong>1.2.3. Evoking<\/strong><\/p>\n\n\n\n<div class=\"wp-block-uagb-container uagb-block-f7793609 alignfull uagb-is-root-container\"><div class=\"uagb-container-inner-blocks-wrap\">\n<div class=\"wp-block-uagb-container uagb-block-098c645f\">\n<p>Evocar a motiva\u00e7\u00e3o \u00e9 uma das etapas mais importantes da entrevista motivacional. O objetivo \u00e9 ajudar a pessoa a encontrar as suas pr\u00f3prias raz\u00f5es para a mudan\u00e7a, em vez de a for\u00e7ar a mudar. Quando algu\u00e9m reconhece por si pr\u00f3prio porque \u00e9 que pode valer a pena melhorar algo na sua vida, \u00e9 mais prov\u00e1vel que se sinta genuinamente motivado para agir.   <\/p>\n\n\n\n<p><strong>Nesta etapa, s\u00e3o utilizadas duas t\u00e9cnicas:<\/strong><br>\u2705 Refor\u00e7ar o discurso de mudan\u00e7a \u2013 afirma\u00e7\u00f5es que expressam o desejo ou a inten\u00e7\u00e3o de melhorar.<br>\u274c Reduzir o discurso de manuten\u00e7\u00e3o \u2013 afirma\u00e7\u00f5es que justificam a manuten\u00e7\u00e3o da situa\u00e7\u00e3o atual ou evitam a mudan\u00e7a. <br><br><strong>Discurso de mudan\u00e7a versus discurso de sustenta\u00e7\u00e3o \u2013 o que significa? <\/strong><br>A linguagem da mudan\u00e7a refere-se a quaisquer afirma\u00e7\u00f5es que demonstrem que o doente est\u00e1 a pensar em mudar ou deseja fazer algo de forma diferente. Estes tipos de afirma\u00e7\u00f5es devem ser refor\u00e7ados e encorajados para ajudar o doente a explor\u00e1-los mais a fundo.  <\/p>\n<\/div>\n\n\n\n<div class=\"wp-block-uagb-container uagb-block-a08c430f\"><\/div>\n<\/div><\/div>\n\n\n\n<p><\/p>\n\n\n\n<div class=\"wp-block-uagb-container uagb-block-d101a625 alignfull uagb-is-root-container\"><div class=\"uagb-container-inner-blocks-wrap\">\n<div class=\"wp-block-uagb-container uagb-block-cb0697ac\">\n<p>\u2705 <strong>Exemplos de discurso sobre a mudan\u00e7a <em>(disposi\u00e7\u00e3o para agir)<\/em><\/strong><br>\ud83d\udde3\ufe0f <strong>\u201cGostava de emagrecer porque acho que me sentiria melhor.\u201d<\/strong><br>\ud83d\udde3\ufe0f \u201cA<strong>cho que se comesse menos \u00e0 noite, teria mais energia de manh\u00e3.\u201d<\/strong><br>\ud83d\udde3\ufe0f \u201c<strong>Preciso de fazer algumas mudan\u00e7as na minha alimenta\u00e7\u00e3o porque est\u00e1 a come\u00e7ar a afetar-me.\u201d<\/strong> <\/p>\n\n\n\n<p>\ud83c\udfaf<strong>Como refor\u00e7ar a conversa sobre a mudan\u00e7a:<\/strong><br>\u2705 <strong>&#8220;Isto parece-lhe um passo importante. O que o motiva a mudar?&#8221;<br>\u2705 &#8220;O que achas que te poder\u00e1 ajudar a colocar essa mudan\u00e7a em pr\u00e1tica?&#8221;<\/strong> <\/p>\n<\/div>\n<\/div><\/div>\n\n\n\n<p><\/p>\n\n\n\n<div class=\"wp-block-uagb-container uagb-block-35d1c93b alignfull uagb-is-root-container\"><div class=\"uagb-container-inner-blocks-wrap\">\n<div class=\"wp-block-uagb-container uagb-block-d97c1c4b\">\n<p>\u274c<strong> Exemplos de di\u00e1logo sobre sustentabilidade (ades\u00e3o aos h\u00e1bitos existentes):<\/strong><\/p>\n\n\n\n<p><br>\ud83d\udde3\ufe0f<strong> \u201cJanto sempre \u00e0 noite, \u00e9 a melhor forma de relaxar.\u201d<\/strong><br>\ud83d\udde3\ufe0f <strong>\u201cN\u00e3o tenho tempo para cozinhar refei\u00e7\u00f5es saud\u00e1veis.\u201d<\/strong><br>\ud83d\udde3\ufe0f<strong> \u201cSei que n\u00e3o sou saud\u00e1vel, mas adoro doze e n\u00e3o quero abdicar deles.\u201d<\/strong> <\/p>\n\n\n\n<p><strong>\ud83c\udfaf Como suavizar uma conversa construtiva sem cr\u00edticas:<\/strong> <\/p>\n\n\n\n<p><br>\u2705 \u201cPercebo que jantar \u00e0 noite lhe traz uma sensa\u00e7\u00e3o de conforto. Acha que existem outras formas de obter um efeito semelhante?\u201d<br>\u2705 \u201cTem pouco tempo para cozinhar \u2013 isso \u00e9 totalmente compreens\u00edvel. O que pensa da ideia de preparar as refei\u00e7\u00f5es com anteced\u00eancia para alguns dias?\u201d <\/p>\n<\/div>\n\n\n\n<div class=\"wp-block-uagb-container uagb-block-ab910aa4\"><\/div>\n<\/div><\/div>\n\n\n\n<p><\/p>\n\n\n\n<p><strong>Como fazer perguntas que fortale\u00e7am a comunica\u00e7\u00e3o sobre as mudan\u00e7as.<\/strong> <\/p>\n\n\n\n<p>\ud83d\udccc Em vez de: \u201cSabia que os doces n\u00e3o s\u00e3o saud\u00e1veis?\u201d<br>\u2705 \u00c9 melhor perguntar: \u201cO que ganharia se reduzisse a quantidade de doces na sua dieta?\u201d <\/p>\n\n\n\n<p>\ud83d\udccc Em vez de: \u201cDevias comer menos fast food.\u201d<br>\u2705 Melhor perguntar: \u201cComo se sente depois de comer fast food? H\u00e1 alguma coisa que gostaria de mudar?\u201d <\/p>\n\n\n\n<p>\ud83d\udccc Em vez de: \u201cPorque \u00e9 que n\u00e3o cozinhas em casa?\u201d<br>\u2705 Melhor perguntar: \u201cO que poder\u00e1 facilitar a prepara\u00e7\u00e3o das refei\u00e7\u00f5es em casa para si?\u201d <\/p>\n\n\n\n<p><\/p>\n\n\n\n<p><strong>Incitando conversas sobre mudan\u00e7a<\/strong> <\/p>\n\n\n\n<p>Miller e Rollnick (2013) identificaram sete categorias de discurso de mudan\u00e7a, que podem ser recordadas atrav\u00e9s do acr\u00f3nimo DARNCATS. Estas categorias est\u00e3o detalhadas na tabela abaixo.  <\/p>\n\n\n\n<figure class=\"wp-block-table is-style-stripes\"><table class=\"has-background has-border-color has-ast-global-color-4-border-color has-fixed-layout\" style=\"background-color:#ddeaca;border-width:3px\"><thead><tr><th>Categoria <\/th><th>Description <\/th><th>Exemplo de declara\u00e7\u00e3o do doente <\/th><\/tr><\/thead><tbody><tr><td>D \u2013 Desire <\/td><td>Desejo de mudar <\/td><td>&#8216;Gostaria de me alimentar melhor.&#8217; <\/td><\/tr><tr><td>A \u2013 Habilidade <\/td><td>Capacidade de mudar, sentir que \u00e9 poss\u00edvel. <\/td><td>&#8220;Acho que, se me esfor\u00e7ar, consigo alimentar-me de forma mais saud\u00e1vel.&#8221; <\/td><\/tr><tr><td>R \u2013 Raz\u00f5es <\/td><td>Raz\u00f5es para mudar <\/td><td>&#8220;Se emagrecer, sentir-me-ei mais confiante com o meu corpo.&#8221; <\/td><\/tr><tr><td>N \u2013 Necessidade <\/td><td>Necessidade de mudan\u00e7a, demonstrando que \u00e9 importante. <\/td><td>&#8216;Preciso de mudar a minha dieta porque o meu n\u00edvel de a\u00e7\u00facar no sangue est\u00e1 elevado&#8217;. <\/td><\/tr><tr><td>C \u2013 Compromisso <\/td><td>Compromisso com a mudan\u00e7a, declara\u00e7\u00e3o aberta <\/td><td>&#8216;A partir de hoje, vou planear as minhas refei\u00e7\u00f5es para a semana inteira&#8217;. <\/td><\/tr><tr><td>A \u2013 Ativa\u00e7\u00e3o <\/td><td>Disposi\u00e7\u00e3o para mudar <\/td><td>&#8216;Sinto que estou pronto para come\u00e7ar a fazer refei\u00e7\u00f5es regulares&#8217;. <\/td><\/tr><tr><td>T \u2013 Dando passos <\/td><td>Dando passos rumo \u00e0 mudan\u00e7a <\/td><td>&#8216;Ontem fui \u00e0s compras e comprei alimentos saud\u00e1veis&#8217;. <\/td><\/tr><\/tbody><\/table><\/figure>\n\n\n\n<p>Para incentivar o cliente a expressar a mudan\u00e7a de mentalidade, pode utilizar perguntas inspiradas na estrutura DARNCATS.<br><strong>Exemplos de perguntas para o doente:<\/strong> <\/p>\n\n\n\n<ul class=\"wp-block-list\">\n<li>Desejo: \u201cComo gostaria que estivesse a sua dieta daqui a alguns meses?\u201d <\/li>\n<\/ul>\n\n\n\n<ul class=\"wp-block-list\">\n<li>Capacidade: \u201cO que o poder\u00e1 ajudar a fazer pequenas mudan\u00e7as nos seus h\u00e1bitos alimentares?\u201d <\/li>\n<\/ul>\n\n\n\n<ul class=\"wp-block-list\">\n<li>Motivos: &#8220;O que ganharia ao reduzir o consumo de doces?&#8221; <\/li>\n<\/ul>\n\n\n\n<ul class=\"wp-block-list\">\n<li>Pergunta necess\u00e1ria: \u201cQue riscos para a sa\u00fade o est\u00e3o a fazer pensar em mudar?\u201d <\/li>\n<\/ul>\n\n\n\n<ul class=\"wp-block-list\">\n<li>Compromisso: \u201cO que poderia fazer hoje para come\u00e7ar a melhorar a sua alimenta\u00e7\u00e3o?\u201d <\/li>\n<\/ul>\n\n\n\n<ul class=\"wp-block-list\">\n<li>Ativa\u00e7\u00e3o (Prontid\u00e3o): \u201cNuma escala de 1 a 10, qu\u00e3o pronto est\u00e1 para fazer uma mudan\u00e7a?\u201d <\/li>\n<\/ul>\n\n\n\n<ul class=\"wp-block-list\">\n<li>Tomar medidas: &#8220;J\u00e1 fez alguma coisa para melhorar os seus h\u00e1bitos alimentares?&#8221; <\/li>\n<\/ul>\n\n\n\n<p>Estrat\u00e9gias para refor\u00e7ar o discurso sobre a mudan\u00e7a.<br><strong>Depois de ouvir um discurso sobre mudan\u00e7as, \u00e9 \u00fatil utilizar t\u00e9cnicas que o fortale\u00e7am:<\/strong> <\/p>\n\n\n\n<ul class=\"wp-block-list\">\n<li>Destacando os aspetos positivos: &#8220;\u00c9 \u00f3timo que esteja a pensar em planear as suas refei\u00e7\u00f5es. O que mais poderia fazer?&#8221; <\/li>\n<\/ul>\n\n\n\n<ul class=\"wp-block-list\">\n<li>Reflex\u00e3o aprofundada: &#8220;O que torna esta mudan\u00e7a importante para si?&#8221; <\/li>\n<\/ul>\n\n\n\n<ul class=\"wp-block-list\">\n<li>Resumindo a afirma\u00e7\u00e3o do doente: &#8220;Ent\u00e3o, est\u00e1 a dizer que gostaria de se alimentar de forma mais saud\u00e1vel porque teria mais energia e sentir-se-ia de melhor humor?&#8221; <\/li>\n<\/ul>\n\n\n\n<div class=\"wp-block-uagb-container uagb-block-3954ce41 alignfull uagb-is-root-container\"><div class=\"uagb-container-inner-blocks-wrap\">\n<div class=\"wp-block-uagb-container uagb-block-68023b45\">\n<p><strong>Uma forma \u00fatil de avaliar a prontid\u00e3o de um doente para a mudan\u00e7a \u00e9 utilizando uma quest\u00e3o de escala. Por exemplo: \u201cNuma escala de 0 a 10, qual \u00e9 o seu n\u00edvel de motiva\u00e7\u00e3o para come\u00e7ar a fazer exerc\u00edcio?\u201d <\/strong> <\/p>\n\n\n\n<p><strong>Ap\u00f3s a resposta do doente, pode perguntar de seguida: \u201cPorque escolheu o 6 e n\u00e3o o 3?\u201d<\/strong> <\/p>\n<\/div>\n\n\n\n<div class=\"wp-block-uagb-container uagb-block-93da22c7\"><\/div>\n<\/div><\/div>\n\n\n\n<p><\/p>\n\n\n\n<p>Compara\u00e7\u00e3o entre escalas eficazes e ineficazes na avalia\u00e7\u00e3o da prontid\u00e3o do doente para a mudan\u00e7a. <\/p>\n\n\n\n<figure class=\"wp-block-table is-style-stripes\"><table class=\"has-background has-border-color has-ast-global-color-4-border-color has-fixed-layout\" style=\"background-color:#ddeaca;border-width:3px\"><thead><tr><th>Tipo de escala <\/th><th>Exemplo de pergunta <\/th><th>Porque funciona ou n\u00e3o funciona <\/th><\/tr><\/thead><tbody><tr><td>\u2705 Boa escalabilidade <\/td><td>\u201cNuma escala de 0 a 10, em que 0 significa que n\u00e3o est\u00e1 nada pronto e 10 significa que est\u00e1 totalmente pronto para mudar, como avaliaria a sua prontid\u00e3o para reduzir o consumo de bebidas energ\u00e9ticas?\u201d <\/td><td>Esta quest\u00e3o permite ao doente avaliar a sua pr\u00f3pria prontid\u00e3o, estimula a reflex\u00e3o e evita a press\u00e3o. <\/td><\/tr><tr><td>\u274c Escalabilidade inadequada <\/td><td>&#8220;Est\u00e1 pronto para mudar, certo? Talvez por volta das 8 ou 9?&#8221; <\/td><td>Sugerir um n\u00famero elevado pode desencadear uma rea\u00e7\u00e3o defensiva e desencorajar uma resposta honesta. <\/td><\/tr><tr><td>\u2705 Boa escalabilidade <\/td><td>\u201cCerto, disse que o seu n\u00edvel de prontid\u00e3o \u00e9 5. O que faz com que seja 5 e n\u00e3o 3 ou 4?\u201d <\/td><td>Ajuda o doente a reconhecer os aspetos positivos da sua motiva\u00e7\u00e3o e refor\u00e7a a conversa sobre a mudan\u00e7a. <\/td><\/tr><tr><td>\u274c Escalabilidade inadequada <\/td><td>&#8220;Porqu\u00ea apenas 5? Devia querer mais mudan\u00e7as do que isso.&#8221; <\/td><td>Isto provoca culpa e pode levar \u00e0 resist\u00eancia \u00e0 mudan\u00e7a. <\/td><\/tr><tr><td>\u2705 Boa escalabilidade <\/td><td>O que o poderia ajudar a aumentar a sua pontua\u00e7\u00e3o em um ou dois pontos? <\/td><td>Incentiva o paciente a explorar as suas pr\u00f3prias solu\u00e7\u00f5es e a planear os pr\u00f3ximos passos de forma realista. <\/td><\/tr><tr><td>\u274c Escalabilidade inadequada <\/td><td>&#8220;Porque \u00e9 que n\u00e3o est\u00e1 \u00e0s 10? Isso \u00e9 importante para a sua sa\u00fade.&#8221; <\/td><td>Cria press\u00e3o e emo\u00e7\u00f5es negativas, o que pode impedir uma comunica\u00e7\u00e3o aberta e honesta. <\/td><\/tr><\/tbody><\/table><\/figure>\n\n\n\n<p class=\"has-ast-global-color-0-color has-text-color has-link-color has-medium-font-size wp-elements-9b7a1170dfbf887321c4e04084c29566\"><em><strong>Simula\u00e7\u00e3o de uma conversa: DARNCATS na pr\u00e1tica<\/strong> <\/em><\/p>\n\n\n\n<div class=\"wp-block-uagb-container uagb-block-a28a756e alignfull uagb-is-root-container\"><div class=\"uagb-container-inner-blocks-wrap\">\n<p><strong>Contexto:<\/strong><br>Uma assistente social est\u00e1 a conversar com uma jovem (Karolina, 23 anos) que est\u00e1 a lutar contra a depress\u00e3o e consome grandes quantidades de bebidas energ\u00e9ticas. O objetivo da conversa \u00e9 apoi\u00e1-la na mudan\u00e7a dos seus h\u00e1bitos alimentares atrav\u00e9s de entrevistas motivacionais baseadas nas t\u00e9cnicas DARNCATS. <img decoding=\"async\" src=\"blob:https:\/\/www.moodbites.eu\/15772be0-46fa-48be-8ffe-f37135a1ad3f\" alt=\"Forma\"> <\/p>\n<\/div><\/div>\n\n\n\n<p><\/p>\n\n\n\n<p>\ud83d\udd39<strong> D \u2013 <\/strong><strong>Desejo \u2013 Express\u00e3o da vontade de mudar<\/strong><br><strong>Assistente Social: &#8220;Karolina, referiu que bebe bastante energ\u00e9tico. J\u00e1 pensou como seria a sua vida se bebesse menos?&#8221;<\/strong> <\/p>\n\n\n\n<p><strong>Karolina: &#8220;Sim&#8230; \u00c0s vezes penso que seria bom n\u00e3o precisar deles todos os dias. Talvez me sentisse menos cansada durante o dia.&#8221;<\/strong> <\/p>\n\n\n\n<p>\ud83c\udfaf <strong>T\u00e9cnica:<\/strong> <strong>A assistente social ajuda a Karolina a reconhecer o seu desejo interno de mudan\u00e7a.<\/strong> <\/p>\n\n\n\n<p>\ud83d\udd39 A \u2013 Capacidade \u2013 Cren\u00e7a de que a mudan\u00e7a \u00e9 poss\u00edvel<br>Assistente Social: \u201cReferiu que gostaria de reduzir o consumo de bebidas energ\u00e9ticas. O que acha que o poderia ajudar nisso?\u201d <\/p>\n\n\n\n<p><strong>Karolina: &#8220;Acho que poderia tentar beber mais \u00e1gua ou encontrar outras formas de me sentir mais desperta&#8230; Mas n\u00e3o tenho a certeza se consigo, porque \u00e9 um h\u00e1bito que tenho h\u00e1 muito tempo.&#8221;<\/strong> <\/p>\n\n\n\n<p><strong>Assistente Social: \u201cIsto parece um desafio, mas reparei que j\u00e1 tem algumas ideias alternativas. Isto \u00e9 muito importante! O que o poder\u00e1 ajudar a p\u00f4r este plano em pr\u00e1tica?\u201d<\/strong> <\/p>\n\n\n\n<p>\ud83c\udfaf T\u00e9cnica: A assistente social fortalece a cren\u00e7a de Karolina nas suas capacidades, destacando as suas pr\u00f3prias ideias. <\/p>\n\n\n\n<figure class=\"wp-block-image size-full\"><img loading=\"lazy\" decoding=\"async\" width=\"1\" height=\"1\" src=\"https:\/\/www.moodbites.eu\/wp-content\/uploads\/2025\/10\/image-8.png\" alt=\"\" class=\"wp-image-987\"\/><\/figure>\n\n\n\n<p>\ud83d\udd39 R \u2013 Raz\u00f5es \u2013 Raz\u00f5es espec\u00edficas para a mudan\u00e7a<br>Assistente Social: \u201cE o que acha que ganharia ao reduzir o consumo de bebidas energ\u00e9ticas?\u201d <\/p>\n\n\n\n<p><strong>Karolina: &#8220;Provavelmente dormiria melhor, n\u00e3o teria estas quebras repentinas de energia&#8230; Al\u00e9m disso, sei que estas bebidas n\u00e3o s\u00e3o saud\u00e1veis \u200b\u200be o meu corpo j\u00e1 est\u00e1 debilitado.&#8221;<\/strong> <\/p>\n\n\n\n<p>\ud83c\udfaf <strong>T\u00e9cnica: <\/strong><strong>Karolina enumera as suas pr\u00f3prias raz\u00f5es para a mudan\u00e7a, o que fortalece a sua motiva\u00e7\u00e3o.<\/strong> <\/p>\n\n\n\n<figure class=\"wp-block-image size-full\"><img loading=\"lazy\" decoding=\"async\" width=\"1\" height=\"1\" src=\"https:\/\/www.moodbites.eu\/wp-content\/uploads\/2025\/10\/image-9.png\" alt=\"\" class=\"wp-image-988\"\/><\/figure>\n\n\n\n<p>\ud83d\udd39<strong> N \u2013 Necessidade \u2013 Real\u00e7ando a import\u00e2ncia da mudan\u00e7a<\/strong><br><strong>Assistente Social: &#8220;Est\u00e1 a dizer que o seu corpo est\u00e1 debilitado e que estas bebidas n\u00e3o o fazem sentir-se bem.<\/strong> <strong>Qu\u00e3o importante \u00e9 para si fazer algo a esse respeito?&#8221;<\/strong> <\/p>\n\n\n\n<p><strong>Karolina: &#8220;Acho que \u00e9 muito importante&#8230; O m\u00e9dico disse-me que tenho uma defici\u00eancia de vitaminas e que o caf\u00e9 e as bebidas energ\u00e9ticas podem estar a piorar a situa\u00e7\u00e3o. Por vezes sinto que devia fazer alguma coisa em rela\u00e7\u00e3o a isso, mas falta-me a motiva\u00e7\u00e3o.&#8221;<\/strong> <\/p>\n\n\n\n<p>\ud83c\udfaf T\u00e9cnica: A assistente social ajuda a Karolina a reconhecer a import\u00e2ncia desta mudan\u00e7a para si. <\/p>\n\n\n\n<figure class=\"wp-block-image size-full\"><img loading=\"lazy\" decoding=\"async\" width=\"1\" height=\"1\" src=\"https:\/\/www.moodbites.eu\/wp-content\/uploads\/2025\/10\/image-10.png\" alt=\"\" class=\"wp-image-989\"\/><\/figure>\n\n\n\n<p>\ud83d\udd39<strong> C \u2013 Compromisso \u2013 Declara\u00e7\u00e3o clara de atua\u00e7\u00e3o<\/strong><br><strong>Assistente Social: <\/strong><strong>\u201cSe acha isso importante, qual seria o seu primeiro passo para essa mudan\u00e7a?\u201d<\/strong> <\/p>\n\n\n\n<p><strong>Karolina: &#8220;Talvez tente tomar menos uma bebida energ\u00e9tica por dia e substitu\u00ed-la por \u00e1gua ou ch\u00e1 de lim\u00e3o?&#8221;<\/strong> <\/p>\n\n\n\n<p>\ud83c\udfaf <strong>T\u00e9cnica:<\/strong> <strong>Karolina define ela pr\u00f3pria uma etapa espec\u00edfica, o que aumenta a sua sensa\u00e7\u00e3o de controlo sobre a mudan\u00e7a.<\/strong> <\/p>\n\n\n\n<figure class=\"wp-block-image size-full\"><img loading=\"lazy\" decoding=\"async\" width=\"1\" height=\"1\" src=\"https:\/\/www.moodbites.eu\/wp-content\/uploads\/2025\/10\/image-13.png\" alt=\"\" class=\"wp-image-992\"\/><\/figure>\n\n\n\n<p><strong>\ud83d\udd39 A \u2013 Ativa\u00e7\u00e3o (Prontid\u00e3o para a A\u00e7\u00e3o) \u2013 Expressando prontid\u00e3o para a mudan\u00e7a<\/strong><br><strong>Assistente Social: &#8220;Parece um bom plano! Numa escala de 1 a 10, em que 1 significa que n\u00e3o est\u00e1 nada pronto e 10<\/strong> <strong>significa que est\u00e1 totalmente pronto para agir, como avaliaria a sua prontid\u00e3o para esta mudan\u00e7a?&#8221;<\/strong> <\/p>\n\n\n\n<p><strong>Karolina: \u201cTalvez um 6. Gostava de o fazer, mas receio que n\u00e3o consiga.\u201d<\/strong> <\/p>\n\n\n\n<p>\ud83c\udfaf <strong>T\u00e9cnica: <\/strong><strong>A assistente social verifica a prontid\u00e3o da Karolina para a mudan\u00e7a e pode incentiv\u00e1-la a refletir sobre o que poder\u00e1 aumentar a sua motiva\u00e7\u00e3o.<\/strong> <\/p>\n\n\n\n<figure class=\"wp-block-image size-full\"><img loading=\"lazy\" decoding=\"async\" width=\"1\" height=\"1\" src=\"https:\/\/www.moodbites.eu\/wp-content\/uploads\/2025\/10\/image-12.png\" alt=\"\" class=\"wp-image-991\"\/><\/figure>\n\n\n\n<p>\ud83d\udd39 <strong>T<\/strong> \u2013 <strong>Dar os Primeiros Passos \u2013 Agir em dire\u00e7\u00e3o \u00e0 mudan\u00e7a<\/strong><br><strong>Assistente Social: &#8220;Que bom que est\u00e1s no n\u00edvel 6! O que te poder\u00e1 ajudar a subir para o n\u00edvel 7 ou 8?&#8221;<\/strong> <\/p>\n\n\n\n<p><strong>Karolina: &#8220;Talvez se tivesse um plano claro e lembretes no telem\u00f3vel&#8230; ou se algu\u00e9m me apoiasse.&#8221;<\/strong> <\/p>\n\n\n\n<p><strong>Assistente Social: &#8220;Parece uma excelente ideia! Talvez, para come\u00e7ar, possa anotar quantas bebidas energ\u00e9ticas consome por dia e veremos como fica ao longo da semana?&#8221;<\/strong> <\/p>\n\n\n\n<p><strong>Karolina: &#8220;Sim, podia fazer isso. Vou tentar come\u00e7ar amanh\u00e3!&#8221;<\/strong> <\/p>\n\n\n\n<p>\ud83c\udfaf <strong>T\u00e9cnica: <\/strong><strong>Karolina come\u00e7a claramente a agir, o que aumenta as suas hip\u00f3teses de sucesso.<\/strong> <\/p>\n\n\n\n<div class=\"wp-block-uagb-container uagb-block-ccb6b272 alignfull uagb-is-root-container\"><div class=\"uagb-container-inner-blocks-wrap\">\n<div class=\"wp-block-uagb-container uagb-block-b42860b2\">\n<p><strong>Resumo da simula\u00e7\u00e3o:<br>A conversa utilizou todas as sete categorias de DARNCATS: <\/strong><\/p>\n\n\n\n<p>\u2705 Desejo \u2013 Karolina gostaria de consumir menos bebidas energ\u00e9ticas. <br>\u2705 Habilidade \u2013 Reflete sobre o que a poder\u00e1 ajudar a alcan\u00e7ar esse objetivo. <br>\u2705 Motivos \u2013 Ela reconhece que reduzir o consumo de alimentos pode melhorar o seu sono e a sua sa\u00fade. <br>\u2705 Necessidade \u2013 Ela percebe que a mudan\u00e7a \u00e9 importante para o seu corpo. <br>\u2705 Compromisso \u2013 Ela declara que vai tentar reduzir o seu consumo. <br>\u2705 Ativa\u00e7\u00e3o \u2013 Avalia a sua prontid\u00e3o para a mudan\u00e7a. <br>\u2705 Tomar medidas \u2013 Ela age (monitorizando a sua ingest\u00e3o). <\/p>\n\n\n\n<p><strong>Porque \u00e9 que a estrat\u00e9gia DARNCATS funciona no caso de Karolina? <\/strong><\/p>\n\n\n\n<ol start=\"1\" class=\"wp-block-list\">\n<li>Sem press\u00e3o \u2013 A assistente social n\u00e3o obriga Karolina a mudar, mas permite que ela chegue \u00e0 decis\u00e3o por conta pr\u00f3pria. <\/li>\n<\/ol>\n\n\n\n<ol start=\"2\" class=\"wp-block-list\">\n<li>Karolina sente-se controlada \u2013 Ela pr\u00f3pria define os primeiros passos, o que aumenta o seu envolvimento. <\/li>\n<\/ol>\n\n\n\n<ol start=\"3\" class=\"wp-block-list\">\n<li>Construir motiva\u00e7\u00e3o \u2013 O refor\u00e7o da comunica\u00e7\u00e3o sobre a mudan\u00e7a leva a um envolvimento gradual no processo. <\/li>\n<\/ol>\n<\/div>\n\n\n\n<div class=\"wp-block-uagb-container uagb-block-279f705a\"><\/div>\n<\/div><\/div>\n\n\n\n<figure class=\"wp-block-image size-full is-resized\"><img loading=\"lazy\" decoding=\"async\" width=\"1\" height=\"1\" src=\"https:\/\/www.moodbites.eu\/wp-content\/uploads\/2025\/10\/image-11.png\" alt=\"\" class=\"wp-image-990\" style=\"width:20px;height:auto\"\/><\/figure>\n\n\n\n<hr class=\"wp-block-coblocks-dynamic-separator has-background has-ast-global-color-1-color is-style-fullwidth\" style=\"height:50px\"\/>\n\n\n\n<p class=\"sensei-content-description has-text-color has-medium-font-size\" style=\"color:#e4493e;font-size:28px\"><strong>1.2.3. Planejamento<\/strong><\/p>\n\n\n\n<div class=\"wp-block-uagb-container uagb-block-107b71ea alignfull uagb-is-root-container\"><div class=\"uagb-container-inner-blocks-wrap\">\n<div class=\"wp-block-uagb-container uagb-block-fbeda3cf\">\n<p><strong>O planeamento para a mudan\u00e7a <\/strong>\u00e9 a etapa final da entrevista motivacional, na qual o cliente passa da reflex\u00e3o sobre a sua situa\u00e7\u00e3o para a tomada de a\u00e7\u00f5es concretas. Nesta fase, \u00e9 crucial transformar a motiva\u00e7\u00e3o em passos realistas, exequ\u00edveis e adequados \u00e0s capacidades do doente.  <\/p>\n<\/div>\n\n\n\n<div class=\"wp-block-uagb-container uagb-block-d7e643a3\"><\/div>\n\n\n\n<div class=\"wp-block-uagb-container uagb-block-e5160c3b\">\n<p><strong>O planeamento eficaz para a mudan\u00e7a baseia-se no princ\u00edpio SMART, que significa definir metas que sejam:<\/strong><br><strong>\u2705 E &#8211; Espec\u00edficas<\/strong><br><strong>\u2705 M &#8211; Mensur\u00e1veis<\/strong><br><strong>\u2705 A &#8211; Ating\u00edveis<\/strong><br><strong>\u2705 R &#8211; Relevantes<\/strong><br><strong>\u2705 T &#8211; Temporais<\/strong> <\/p>\n<\/div>\n<\/div><\/div>\n\n\n\n<p><\/p>\n\n\n\n<p class=\"is-style-success\">Para facilitar a transi\u00e7\u00e3o do cliente do pensamento para a a\u00e7\u00e3o, \u00e9 utilizado o <strong>Planeamento Breve da A\u00e7\u00e3o (BAP, na sigla em ingl\u00eas)<\/strong> \u2013 um m\u00e9todo de planeamento baseado em quatro quest\u00f5es b\u00e1sicas: <\/p>\n\n\n\n<div class=\"wp-block-uagb-container uagb-block-e1319a2b alignfull uagb-is-root-container\"><div class=\"uagb-container-inner-blocks-wrap\">\n<p><strong>Etapas do Planeamento Breve de A\u00e7\u00e3o (BAP)<\/strong> <\/p>\n\n\n\n<div class=\"wp-block-uagb-container uagb-block-2568a343\">\n<ul start=\"1\" class=\"wp-block-list\">\n<li><strong>Passo 1: Definir um objetivo \u2013 \u201cH\u00e1 algo que gostaria de fazer pela sua sa\u00fade?\u201d<\/strong> <\/li>\n<\/ul>\n\n\n\n<p><strong>Objectivo<\/strong>: O paciente\/cliente escolhe uma \u00e1rea espec\u00edfica na qual pretende trabalhar.<br><br>Se a pessoa n\u00e3o tiver ideia por onde come\u00e7ar, o especialista pode oferecer um &#8220;menu de op\u00e7\u00f5es&#8221;, por exemplo:<br>&#8220;Algumas pessoas decidem reduzir o a\u00e7\u00facar na dieta, outras come\u00e7am a planear refei\u00e7\u00f5es regulares. Alguma destas op\u00e7\u00f5es lhe interessa?&#8221;<br><br><br>Exemplo de conversa:<br>Terapeuta: &#8220;H\u00e1 algo que gostaria de mudar nos seus h\u00e1bitos alimentares nas pr\u00f3ximas semanas?&#8221;<br>Doente: &#8220;Sim, gostaria de diminuir o consumo de bebidas energ\u00e9ticas.&#8221; <\/p>\n<\/div>\n\n\n\n<div class=\"wp-block-uagb-container uagb-block-7613e0df\">\n<ul start=\"2\" class=\"wp-block-list\">\n<li><strong>Passo 2: Obter compromisso \u2013 \u201cConsegue repetir o que quer fazer?\u201d<\/strong> <\/li>\n<\/ul>\n\n\n\n<p><strong>Objectivo<\/strong>: O cliente expressa o seu plano em voz alta, o que aumenta a probabilidade de o cumprir. <\/p>\n\n\n\n<p><strong>Exemplo de conversa:<br>Terapeuta: &#8220;Excelente! Pode dizer-me exatamente o que pretende fazer?&#8221;<br>Cliente: &#8220;Quero reduzir a quantidade de bebidas energ\u00e9ticas que consumo diariamente.&#8221;<br> <\/strong><\/p>\n<\/div>\n\n\n\n<div class=\"wp-block-uagb-container uagb-block-f2c7be6c\">\n<ul start=\"3\" class=\"wp-block-list\">\n<li><strong>Etapa 3: Avalia\u00e7\u00e3o da confian\u00e7a \u2013 \u201cQu\u00e3o confiante est\u00e1 de que consegue fazer isto?\u201d<\/strong> <\/li>\n<\/ul>\n\n\n\n<p><strong>Objectivo<\/strong>: O cliente avalia a sua confian\u00e7a numa escala de 0 a 10.<br>Se a resposta for inferior a 7, o terapeuta ajuda a modificar o plano para o tornar mais alcan\u00e7\u00e1vel.<br><br>Exemplo de conversa:<br>Terapeuta: \u201cNuma escala de 0 a 10, em que 0 significa nenhuma confian\u00e7a e 10 significa confian\u00e7a total, qual \u00e9 o seu n\u00edvel de confian\u00e7a de que consegue fazer isso?\u201d<br>Cliente: \u201cAcho que 5.\u201d<br>Terapeuta: \u201cO que o poder\u00e1 ajudar a aumentar essa confian\u00e7a para 7 ou 8?\u201d<br>Cliente: \u201cTalvez se substitu\u00edsse uma bebida energ\u00e9tica por ch\u00e1 de hortel\u00e3 ou \u00e1gua com lim\u00e3o, fosse mais f\u00e1cil.\u201d<br>Terapeuta: \u201cBoa ideia! Talvez, para come\u00e7ar, possa tentar substituir apenas uma bebida energ\u00e9tica por dia?\u201d<\/p>\n<\/div>\n\n\n\n<div class=\"wp-block-uagb-container uagb-block-26e8d5ff\">\n<ul start=\"4\" class=\"wp-block-list\">\n<li><strong>Passo 4: Oferecer apoio e agendar o acompanhamento \u2013 \u201cGostaria de agendar uma consulta de acompanhamento?\u201d<\/strong> <\/li>\n<\/ul>\n\n\n\n<p><strong>Objectivo<\/strong>: O cliente escolhe como monitorizar o seu progresso \u2013 por exemplo, escrevendo num di\u00e1rio, utilizando uma aplica\u00e7\u00e3o m\u00f3vel ou numa conversa de acompanhament<br>Exemplo de conversa:<br>Terapeuta: \u201cGostaria de monitorizar o seu progresso de alguma forma? Podemos agendar outra consulta ou pode anotar quantas bebidas energ\u00e9ticas est\u00e1 a consumir diariamente.\u201d<br>Cliente: \u201cAcho que vou escrever num caderno e na pr\u00f3xima semana posso contar como correu.\u201d<br>Terapeuta: \u201c\u00d3timo! Vamos encontrar-nos daqui a uma semana para falar sobre o que funcionou bem\u201d.<br>. <\/p>\n<\/div>\n<\/div><\/div>\n\n\n\n<p><\/p>\n\n\n\n<div class=\"wp-block-columns is-layout-flex wp-container-core-columns-is-layout-28f84493 wp-block-columns-is-layout-flex\">\n<div class=\"wp-block-column is-layout-flow wp-block-column-is-layout-flow\" style=\"flex-basis:10%\"><\/div>\n\n\n\n<div class=\"wp-block-column has-background is-layout-flow wp-block-column-is-layout-flow\" style=\"border-style:none;border-width:0px;background-color:#d8edb4;padding-top:var(--wp--preset--spacing--40);padding-right:var(--wp--preset--spacing--40);padding-bottom:var(--wp--preset--spacing--40);padding-left:var(--wp--preset--spacing--40);flex-basis:80%\">\n<p><strong>Estudo de caso \u2013 Exemplo de caso <\/strong><\/p>\n\n\n\n<p><strong> Situa\u00e7\u00e3o inicial: <\/strong><\/p>\n\n\n\n<p>Anna, de 24 anos, estudante universit\u00e1ria, sofre de depress\u00e3o e fadiga cr\u00f3nica. Consome tr\u00eas a quatro bebidas energ\u00e9ticas por dia, acreditando que a ajudam a concentrar-se e a manter a energia. O seu m\u00e9dico observou que isso poderia agravar os seus problemas de sono e aumentar a ansiedade. A Anna quer mudar os seus h\u00e1bitos, mas n\u00e3o sabe por onde come\u00e7ar.    <\/p>\n\n\n\n<p><strong>Processo de Planeamento Breve de A\u00e7\u00f5es (BAP):<\/strong><\/p>\n\n\n\n<p>\ud83d\udd38 <strong>Passo 1:<\/strong> Definir a meta<br>Terapeuta: \u201cH\u00e1 algo que gostaria de mudar nos seus h\u00e1bitos alimentares?\u201d<br>Anna: &#8220;Sim, quero reduzir o meu consumo de bebidas energ\u00e9ticas.&#8221;<br><br> <\/p>\n\n\n\n<p>\ud83d\udd38 <strong>Passo 2<\/strong>: Obtendo o compromisso<br>Terapeuta: \u201c\u00d3timo! Como gostaria exatamente de o fazer?\u201d<br>Anna: \u201cEm vez de 3 a 4 latas por dia, vou limitar-me a 2, no m\u00e1ximo.\u201d <\/p>\n\n\n\n<p>\ud83d\udd38<strong>Etapa 3<\/strong>: Avalia\u00e7\u00e3o da confian\u00e7a<br>Terapeuta: \u201cQu\u00e3o confiante est\u00e1 de que consegue fazer isto? 0 significa nenhuma confian\u00e7a, 10 significa confian\u00e7a total.\u201d<br>Ana: \u201cTalvez 6\u2026 Tenho medo de ficar cansada.\u201d<br>Terapeuta: \u201cO que poder\u00e1 ajudar a aumentar essa confian\u00e7a?\u201d<br>Anna: \u201cPodia tentar beber mais \u00e1gua e substituir uma bebida energ\u00e9tica por ch\u00e1 verde.\u201d<br>Terapeuta: \u201c\u00d3tima ideia! Aceitava fazer esta mudan\u00e7a durante uma semana?\u201d<br>Ana: \u201cSim, posso tentar.\u201d <\/p>\n\n\n\n<p>\ud83d\udd38<strong>Step 4: <\/strong>Monitoring and support <br>Therapist: \u201cHow would you like to track your progress?\u201d <br>Anna: \u201cI\u2019ll write down how many drinks I have each day.\u201d <br>Therapist: \u201cSounds like a good plan. Let\u2019s meet again in a week to talk about how it went.\u201d <\/p>\n<\/div>\n\n\n\n<div class=\"wp-block-column is-layout-flow wp-block-column-is-layout-flow\" style=\"flex-basis:10%\"><\/div>\n<\/div>\n\n\n\n<div class=\"wp-block-group is-layout-constrained wp-block-group-is-layout-constrained\">\n<p class=\"has-text-align-center has-ast-global-color-1-color has-ast-global-color-5-background-color has-text-color has-background has-medium-font-size\" style=\"padding-top:var(--wp--preset--spacing--40);padding-bottom:var(--wp--preset--spacing--40)\"><strong><strong>INTERACTIVE ACTIVITY<\/strong> 44<\/strong><\/p>\n\n\n<div class=\"h5p-iframe-wrapper\"><iframe id=\"h5p-iframe-661\" class=\"h5p-iframe\" data-content-id=\"661\" style=\"height:1px\" src=\"about:blank\" frameBorder=\"0\" scrolling=\"no\" title=\"EXERC\u00cdCIO 44-Q1-M\u00d3DULO 5\"><\/iframe><\/div>\n\n\n\n<div class=\"wp-block-uagb-separator uagb-block-09cd7a71\"><div class=\"wp-block-uagb-separator__inner\" style=\"--my-background-image:\"><\/div><\/div>\n\n\n\n<div class=\"wp-block-group is-layout-constrained wp-block-group-is-layout-constrained\"><div class=\"h5p-iframe-wrapper\"><iframe id=\"h5p-iframe-662\" class=\"h5p-iframe\" data-content-id=\"662\" style=\"height:1px\" src=\"about:blank\" frameBorder=\"0\" scrolling=\"no\" title=\"EXERC\u00cdCIO 44-Q2-M\u00d3DULO 5\"><\/iframe><\/div>\n\n\n\n<div class=\"wp-block-uagb-separator uagb-block-4a486644\"><div class=\"wp-block-uagb-separator__inner\" style=\"--my-background-image:\"><\/div><\/div>\n<\/div>\n\n\n\n<div class=\"wp-block-group is-layout-constrained wp-block-group-is-layout-constrained\"><div class=\"h5p-iframe-wrapper\"><iframe id=\"h5p-iframe-663\" class=\"h5p-iframe\" data-content-id=\"663\" style=\"height:1px\" src=\"about:blank\" frameBorder=\"0\" scrolling=\"no\" title=\"EXERC\u00cdCIO 44-Q3-M\u00d3DULO 5\"><\/iframe><\/div>\n\n\n\n<div class=\"wp-block-uagb-separator uagb-block-88900dae\"><div class=\"wp-block-uagb-separator__inner\" style=\"--my-background-image:\"><\/div><\/div>\n\n\n<div class=\"h5p-iframe-wrapper\"><iframe id=\"h5p-iframe-664\" class=\"h5p-iframe\" data-content-id=\"664\" style=\"height:1px\" src=\"about:blank\" frameBorder=\"0\" scrolling=\"no\" title=\"EXERC\u00cdCIO 44-Q4-M\u00d3DULO 5\"><\/iframe><\/div>\n<\/div>\n<\/div>\n\n\n\n<figure class=\"wp-block-table is-style-stripes\"><table class=\"has-background has-border-color has-ast-global-color-4-border-color has-fixed-layout\" style=\"background-color:#ddeaca;border-width:3px\"><tbody><tr><td><strong>Bibliography<\/strong>  <\/td><\/tr><tr><td>Miller, W. R. (julho de 2022). Entrevista motivacional: Evolu\u00e7\u00e3o e novos desenvolvimentos [Webinar]. Palestra plen\u00e1ria apresentada na Escola de Servi\u00e7o Social da Universidade de Columbia. Miller, W. R., &amp; Rollnick, S. (2013). Entrevista motivacional: Ajudar as pessoas a mudar (3\u00aa ed.). The Guilford Press. Cole, S. A., Sannidhi, D., Jadotte, Y. T., &amp; Rozanski, A. (2023). Recorrendo \u00e0 entrevista motivacional e ao planeamento breve de a\u00e7\u00f5es para a ado\u00e7\u00e3o e manuten\u00e7\u00e3o de comportamentos de sa\u00fade positivos. Progresso em Doen\u00e7as Cardiovasculares, 77, 86\u201394.         https:\/\/doi.org\/10.1016\/j.pcad.2023.02.003\n <strong><\/strong> <\/td><\/tr><\/tbody><\/table><\/figure>\n\n\n\n<p class=\"sensei-content-description has-text-color has-medium-font-size\" style=\"color:#e4493e;font-size:28px\"><strong>1.3.  <strong>Adaptar a comunica\u00e7\u00e3o ao n\u00edvel cognitivo e motivacional do cliente.<\/strong><\/strong><\/p>\n\n\n\n<p><strong>O n\u00edvel de funcionamento cognitivo<\/strong> \u2013 ou seja, a forma como o cliente perceciona a realidade que o rodeia, se recorda e processa a informa\u00e7\u00e3o \u2013 afeta diretamente a forma como compreende as suas dificuldades e como avalia a sua capacidade de implementar mudan\u00e7as. Em alguns casos, uma avalia\u00e7\u00e3o realista tanto da sua situa\u00e7\u00e3o como da sua capacidade de fazer as mudan\u00e7as necess\u00e1rias n\u00e3o \u00e9 totalmente poss\u00edvel.  <\/p>\n\n\n\n<p>Muitas pessoas com doen\u00e7as mentais (por exemplo, esquizofrenia, depress\u00e3o, doen\u00e7a bipolar, perturba\u00e7\u00f5es de ansiedade) podem apresentar d\u00e9fices cognitivos \u2013 mesmo que estes n\u00e3o sejam imediatamente vis\u00edveis &#8220;\u00e0 primeira vista&#8221;. <\/p>\n\n\n\n<p>No contexto da mudan\u00e7a de h\u00e1bitos alimentares, isto tem uma import\u00e2ncia crucial porque: <\/p>\n\n\n\n<ul class=\"wp-block-list\">\n<li>O cliente pode n\u00e3o compreender as recomenda\u00e7\u00f5es sobre uma dieta saud\u00e1vel. <\/li>\n<\/ul>\n\n\n\n<ul class=\"wp-block-list\">\n<li>Podem esquecer-se do que deveriam comer ou quando, <\/li>\n<\/ul>\n\n\n\n<ul class=\"wp-block-list\">\n<li>Podem n\u00e3o se aperceber da liga\u00e7\u00e3o entre a alimenta\u00e7\u00e3o e o seu bem-estar. <\/li>\n<\/ul>\n\n\n\n<ul class=\"wp-block-list\">\n<li>Podem sentir-se sobrecarregados com o excesso de informa\u00e7\u00f5es. <\/li>\n<\/ul>\n\n\n\n<p><strong>Adaptar a linguagem e a forma como a informa\u00e7\u00e3o \u00e9 transmitida<\/strong> aumenta a probabilidade de o cliente a compreender e conseguir dar o primeiro passo para a mudan\u00e7a. <\/p>\n\n\n\n<p><strong>Dicas pr\u00e1ticas \u2013 como ajustar a comunica\u00e7\u00e3o<\/strong> <\/p>\n\n\n\n<ol start=\"1\" class=\"wp-block-list\">\n<li><strong>Garanta um bom ambiente e condi\u00e7\u00f5es para a conversa e ajuste o ritmo do seu discurso \u00e0s compet\u00eancias do cliente.<\/strong><br>\ud83d\udd38 <em>Exemplo<\/em>: Se o cliente se distrair facilmente, desligue o telefone, feche a porta, fale mais devagar e observe se est\u00e1 a acompanhar a sua mensagem. <\/li>\n<\/ol>\n\n\n\n<ol start=\"2\" class=\"wp-block-list\">\n<li><strong>Utilize uma linguagem simples e quotidiana<\/strong><br>\ud83d\udd38 Em vez de: \u201cPor favor, aumente a sua ingest\u00e3o de fibra\u201d<br>\ud83d\udd38 Diga: \u201cExperimente comer uma ma\u00e7\u00e3 ou uma fatia de p\u00e3o integral todos os dias \u2013 ajuda na digest\u00e3o e no humor.\u201d <\/li>\n<\/ol>\n\n\n\n<ol start=\"3\" class=\"wp-block-list\">\n<li><strong>Divida a informa\u00e7\u00e3o em pequenas partes e repita-a.<\/strong><br>\ud83d\udd38 <em>Exemplo:<\/em> N\u00e3o reveja todo o plano alimentar di\u00e1rio numa \u00fanica sess\u00e3o \u2013 comece pelo pequeno-almo\u00e7o.<br>\ud83d\udd38 Diga: \u201cVamos concentrar-nos apenas no pequeno-almo\u00e7o por enquanto \u2013 amanh\u00e3 de manh\u00e3, tente comer algo quente, como papas de aveia.\u201d <\/li>\n<\/ol>\n\n\n\n<ol start=\"4\" class=\"wp-block-list\">\n<li><strong>Utilize anota\u00e7\u00f5es escritas ou recursos visuais simples.<\/strong><br>\ud83d\udd38 Exemplo: Crie um bilhete com o cliente onde constam tr\u00eas ideias de almo\u00e7os saud\u00e1veis \u200b\u200be cole-o no frigor\u00edfico. <\/li>\n<\/ol>\n\n\n\n<ol start=\"5\" class=\"wp-block-list\">\n<li><strong>Fa\u00e7a perguntas de verifica\u00e7\u00e3o para garantir a compreens\u00e3o \u2013 sem julgamentos<\/strong><br>\ud83d\udd38 <em>Exemplo<\/em>: \u201cGostarias de repetir o que combin\u00e1mos?\u201d, \u201cComo \u00e9 que percebeste isso?\u201d, \u201cO que te lembras desta conversa?\u201d <\/li>\n<\/ol>\n\n\n\n<ol start=\"6\" class=\"wp-block-list\">\n<li><strong>Ofere\u00e7a op\u00e7\u00f5es e fortale\u00e7a a sensa\u00e7\u00e3o de controlo \u2013 n\u00e3o diga \u201cdeve\u201d<\/strong><br>\ud83d\udd38 <em>Exemplo<\/em>: \u201cPode experimentar \u00e1gua em vez de refrigerante hoje \u2013 o que acha, pode experimentar uma vez por dia?\u201d <\/li>\n<\/ol>\n\n\n\n<ol start=\"7\" class=\"wp-block-list\">\n<li><strong>Reforce e valorize pequenas conquistas<\/strong><br>\ud83d\udd38<em> Exemplo<\/em>: &#8220;Ainda bem que comprou ma\u00e7\u00e3s \u2013 este \u00e9 um passo importante. Fico feliz por ter conseguido!&#8221; <\/li>\n<\/ol>\n\n\n\n<div class=\"wp-block-uagb-container uagb-block-7fb7b921 alignfull uagb-is-root-container\"><div class=\"uagb-container-inner-blocks-wrap\">\n<p><strong>Exemplos de dificuldades cognitivas comuns e a sua import\u00e2ncia no trabalho com um doente\/cliente: <\/strong><\/p>\n\n\n\n<div class=\"wp-block-uagb-container uagb-block-1abcf5a4\">\n<p><strong>LISTA DE VERIFICA\u00c7\u00c3O PARA O ASSISTENTE SOCIAL<\/strong><br>Como reconhecer as capacidades cognitivas do cliente e ajustar a comunica\u00e7\u00e3o?<br>(Especialmente no contexto da mudan\u00e7a de h\u00e1bitos de sa\u00fade e alimenta\u00e7\u00e3o)<img decoding=\"async\" src=\"blob:https:\/\/www.moodbites.eu\/d3ea8032-5735-4799-bd42-edba607b7834\" alt=\"Forma\"> <\/p>\n\n\n\n<p>\ud83d\udd0d <strong>I. OBSERVAR<\/strong> \u2013 o cliente\u2026 <\/p>\n\n\n\n<p>\u2610 Distraem-se facilmente ou \u201cdesligam-se durante a conversa\u201d \u2013 ou seja, perdem o interesse pela discuss\u00e3o? <br>\u2610 Precisa de mais tempo para responder \u00e0s suas quest\u00f5es? <br>\u2610 Costuma pedir esclarecimentos ou solicitar que a informa\u00e7\u00e3o seja repetida? <br>\u2610 Fa\u00e7a perguntas que demonstrem uma compreens\u00e3o literal das suas palavras? <br>\u2610 Sente-se sobrecarregado(a) ao discutir v\u00e1rios assuntos ao mesmo tempo? <br>\u2610 Parece que se esquece de informa\u00e7\u00f5es ou acordos previamente combinados? <\/p>\n\n\n\n<p>\ud83e\udde0<strong> II. ADAPTE-SE<\/strong> \u2013 adapte o seu estilo de comunica\u00e7\u00e3o \u00e0s compet\u00eancias do cliente<br>\u2733\ufe0f Linguagem:<br>\u2610 Utilize palavras simples e frases curtas<br>\u2610 Evite o jarg\u00e3o m\u00e9dico e os termos complexos<br>\u2610 Explique qualquer termo que possa n\u00e3o ser claro <\/p>\n\n\n\n<p>\u2733\ufe0f Forma de comunica\u00e7\u00e3o:<br>\u2610 Divida a informa\u00e7\u00e3o em partes mais pequenas<br>\u2610 Discuta uma mudan\u00e7a alimentar de cada vez (ex.: apenas o pequeno-almo\u00e7o)<br>\u2610 Se necess\u00e1rio, utilize papel, desenhos ou materiais visuais j\u00e1 prontos<br>\u2610 Sugira formas de facilitar as compras ao cliente (ex.: lista de compras, lista de ingredientes para uma refei\u00e7\u00e3o planeada) <\/p>\n\n\n\n<p>\u2733\ufe0f Ritmo e estilo:<br>\u2610 Fale devagar, com pausas<br>\u2610 Certifique-se de que o cliente est\u00e1 a acompanhar \u2013 mas n\u00e3o o \u201cteste\u201d<br>\u2610 D\u00ea espa\u00e7o para que ele fa\u00e7a perguntas livremente <\/p>\n\n\n\n<p>\ud83d\udcac <strong>III. VERIFICAR O ENTENDIMENTO<\/strong><br>\u2610 Fa\u00e7a perguntas como:<br>\u2013 \u201cO que se recorda da nossa conversa\/acordos?\u201d<br>\u2013 \u201cComo \u00e9 que entende o que combinamos?\u201d<br>\u2013 \u201cGostava que eu anotasse isto?\u201d <\/p>\n\n\n\n<p>\u2610 Observe a linguagem corporal \u2013 o cliente acena com a cabe\u00e7a, mas parece confuso?<br>\u2610 Evite perguntar \u201cEst\u00e1 tudo claro?\u201d \u2013 o cliente pode responder que sim por educa\u00e7\u00e3o.<br>\u2610 Incentive o cliente a colocar quest\u00f5es \u2013 por exemplo: \u201cGostaria de me perguntar alguma coisa?\u201d <\/p>\n\n\n\n<p>\ud83e\udd1d <strong>IV. REFOR\u00c7AR E CONSTRUIR A MOTIVA\u00c7\u00c3O<\/strong><br>\u2610 Reconhe\u00e7a cada progresso, mesmo os mais pequenos (por exemplo, \u00abHoje tentaste algo novo \u2013 isso \u00e9 importante!\u00bb).<br>\u2610 Ofere\u00e7a op\u00e7\u00f5es \u2013 n\u00e3o imponha solu\u00e7\u00f5es prontas<br>\u2610 Pergunte: \u00abPor onde gostaria de come\u00e7ar?\u00bb, \u00abO que seria mais f\u00e1cil para si come\u00e7ar?\u00bb LEMBRE-SE:<br>Adaptar a comunica\u00e7\u00e3o n\u00e3o significa \u00abfacilitar as coisas\u00bb ou fornecer solu\u00e7\u00f5es prontas, mas \u00e9 a chave para uma compreens\u00e3o genu\u00edna e um apoio eficaz. Ao trabalhar com pessoas com doen\u00e7as mentais, uma comunica\u00e7\u00e3o clara, calma e emp\u00e1tica pode ser crucial para o seu envolvimento e disposi\u00e7\u00e3o para a mudan\u00e7a. <\/p>\n<\/div>\n<\/div><\/div>\n\n\n\n<p class=\"is-style-default\"><\/p>\n\n\n\n<div class=\"wp-block-uagb-container uagb-block-b074dd08 alignfull uagb-is-root-container\"><div class=\"uagb-container-inner-blocks-wrap\">\n<div class=\"wp-block-uagb-container uagb-block-8fbe4d05\">\n<p>A prontid\u00e3o de um cliente para a mudan\u00e7a pode ser avaliada atrav\u00e9s do Modelo Transte\u00f3rico de Mudan\u00e7a de Prochaska e DiClemente, que foi discutido em detalhe na primeira parte deste m\u00f3dulo. Este modelo ajuda a compreender em que fase do processo de mudan\u00e7a se encontra o cliente \u2013 se est\u00e1 apenas a come\u00e7ar a reconhecer o problema ou se j\u00e1 est\u00e1 pronto para agir. Como resultado, o assistente social pode adaptar melhor o seu estilo de comunica\u00e7\u00e3o e o tipo de apoio oferecido ao n\u00edvel atual de motiva\u00e7\u00e3o do cliente, o que aumenta significativamente as hip\u00f3teses de implementar mudan\u00e7as de forma eficaz \u2013 por exemplo, melhorar os h\u00e1bitos alimentares, aumentar a regularidade das refei\u00e7\u00f5es ou reduzir comportamentos prejudiciais.   <\/p>\n<\/div>\n\n\n\n<div class=\"wp-block-uagb-container uagb-block-e74ca8dc\">\n<p><\/p>\n<\/div>\n<\/div><\/div>\n\n\n\n<div class=\"wp-block-uagb-container uagb-block-3f890ea0 alignfull uagb-is-root-container\"><div class=\"uagb-container-inner-blocks-wrap\">\n<div class=\"wp-block-uagb-container uagb-block-dfb1cc9f\">\n<figure class=\"wp-block-table\"><table class=\"has-fixed-layout\"><tbody><tr><td><strong>Caso 1<\/strong>: Cliente com depress\u00e3o e baixa motiva\u00e7\u00e3o (est\u00e1dio de pr\u00e9-contempla\u00e7\u00e3o)<br>Marek: 54 anos, sofre de depress\u00e3o h\u00e1 v\u00e1rios anos. Tem pouca energia, evita falar de sa\u00fade e n\u00e3o v\u00ea sentido em mudar a sua alimenta\u00e7\u00e3o. A sua dieta consiste principalmente em doces e alimentos instant\u00e2neos. N\u00e3o v\u00ea isso como um problema \u2013 \u201cn\u00e3o interessa mesmo\u201d. Mensagem adaptada:<br>\u201cMarek, compreendo que n\u00e3o tem muita energia para cozinhar e que passou por um momento dif\u00edcil. Por vezes, pequenas mudan\u00e7as \u2013 como beber um copo de \u00e1gua em vez de uma bebida a\u00e7ucarada \u2013 podem melhorar um pouco a forma como se sente. O que pensa disso?\u201d Porque funciona: A mensagem \u00e9 simples e espec\u00edfica, evitando frases vagas como \u201c\u00e9 preciso comer de forma saud\u00e1vel\u201d. N\u00e3o exerce press\u00e3o \u2013 em vez de for\u00e7ar a mudan\u00e7a, o profissional incentiva a reflex\u00e3o. Tem em conta a baixa motiva\u00e7\u00e3o e o n\u00edvel cognitivo \u2013 a mudan\u00e7a proposta \u00e9 pequena e realista. A experi\u00eancia do cliente \u00e9 reconhecida, o que ajuda a construir confian\u00e7a.         <\/td><\/tr><tr><td><strong>Caso 2<\/strong>: Cliente com perturba\u00e7\u00f5es de ansiedade (est\u00e1dio de contempla\u00e7\u00e3o)<br>Joana: 30 anos, sofre de perturba\u00e7\u00f5es de ansiedade. Sabe que a sua alimenta\u00e7\u00e3o afeta o seu humor, mas tem medo de fazer mudan\u00e7as \u2013 teme o fracasso e preocupa-se em \u201cn\u00e3o conseguir\u201d. Gosta de informa\u00e7\u00f5es concretas, mas sente-se facilmente sobrecarregada. Mensagem adaptada:<br>\u201cJoanna, referiu que de manh\u00e3 costuma sentir-se exausta e distra\u00edda. Algumas pessoas descobrem que comer algo de manh\u00e3 \u2013 por exemplo, uma fatia de p\u00e3o com queijo ou uma papa \u2013 as ajuda a sentirem-se melhor. Estaria disposta a experimentar isso durante dois dias e ver como se sente?\u201d Porque funciona: O profissional refere emo\u00e7\u00f5es e sintomas que a cliente j\u00e1 reconhece (fadiga, distra\u00e7\u00e3o). A mensagem \u00e9 espec\u00edfica, sem sobrecarga de informa\u00e7\u00e3o, e inclui um exemplo claro de uma refei\u00e7\u00e3o. D\u00e1 uma sensa\u00e7\u00e3o de controlo e escolha \u2013 a sugest\u00e3o de \u201cexperimentar\u201d reduz o medo de falhar. A mensagem \u00e9 adequada ao est\u00e1dio de contempla\u00e7\u00e3o \u2013 n\u00e3o imp\u00f5e uma mudan\u00e7a, mas oferece uma experi\u00eancia.        <\/td><\/tr><\/tbody><\/table><\/figure>\n<\/div>\n<\/div><\/div>\n\n\n\n<p class=\"sensei-content-description has-text-color has-medium-font-size\" style=\"color:#e4493e;font-size:28px\"><strong><strong>1.4. Barreiras cognitivas e emocionais na aquisi\u00e7\u00e3o de conhecimentos nutricionais.<\/strong> <\/strong><\/p>\n\n\n\n<div class=\"wp-block-uagb-container uagb-block-cadd78a8 alignfull uagb-is-root-container\"><div class=\"uagb-container-inner-blocks-wrap\">\n<div class=\"wp-block-uagb-container uagb-block-40320f72\">\n<p><strong>Imagine que est\u00e1 a trabalhar com Ela<\/strong>, uma mulher de 48 anos com um longo historial de depress\u00e3o. Durante a conversa, refere que ultimamente &#8220;quase n\u00e3o come nada&#8221; e que se est\u00e1 a &#8220;sentir novamente esgotada&#8221;. Quando sugere planear uma refei\u00e7\u00e3o saud\u00e1vel em conjunto, Ela acena com a cabe\u00e7a, mas depois pergunta: &#8220;Ent\u00e3o&#8230; o que devo comprar? N\u00e3o sei o que \u00e9 considerado saud\u00e1vel hoje em dia.&#8221; Parece sobrecarregada e confusa. Isto n\u00e3o \u00e9 falta de vontade. \u00c9 uma barreira \u2014 cognitiva ou emocional \u2014 que dificulta a absor\u00e7\u00e3o at\u00e9 da informa\u00e7\u00e3o nutricional mais simples.      <br><br>Quando se trabalha com pessoas com perturba\u00e7\u00f5es mentais, simplesmente \u201cfornecer conhecimento\u201d n\u00e3o \u00e9 suficiente \u2013 \u00e9 essencial compreender o que pode estar a dificultar a assimila\u00e7\u00e3o da informa\u00e7\u00e3o e, em seguida, adaptar o estilo da conversa, o ritmo e o tipo de apoio em conformidade. Este m\u00f3dulo ir\u00e1 ajud\u00e1-lo a reconhecer estes obst\u00e1culos e a escolher estrat\u00e9gias eficazes.  <br><br>As barreiras cognitivas referem-se a dificuldades em pensar, recordar, concentrar-se, compreender e processar a informa\u00e7\u00e3o. S\u00e3o frequentemente encontradas em pessoas com doen\u00e7a mental \u2013 por vezes de forma permanente, por vezes tempor\u00e1ria (por exemplo, durante um epis\u00f3dio depressivo ou psic\u00f3tico). Mesmo com uma boa motiva\u00e7\u00e3o, um doente pode ser incapaz de compreender, reter ou aplicar informa\u00e7\u00e3o sobre alimenta\u00e7\u00e3o saud\u00e1vel.   <\/p>\n<\/div>\n\n\n\n<div class=\"wp-block-uagb-container uagb-block-5b0905b3\"><\/div>\n<\/div><\/div>\n\n\n\n<p><\/p>\n\n\n\n<p><strong>Lembrar-se:<\/strong> <\/p>\n\n\n\n<ul class=\"wp-block-list\">\n<li><strong>O cliente pode compreender menos do que parece \u2013 acenar com a cabe\u00e7a nem sempre significa compreens\u00e3o.<\/strong> <\/li>\n<\/ul>\n\n\n\n<ul class=\"wp-block-list\">\n<li><strong>Verifique sempre se entendeu \u2013 por exemplo: \u201cPode dizer-me o que se lembra da nossa conversa?\u201d<\/strong> <\/li>\n<\/ul>\n\n\n\n<ul class=\"wp-block-list\">\n<li><strong>Menos \u00e9 mais \u2013 \u00e9 melhor comunicar uma coisa de forma eficaz do que cinco coisas de forma ca\u00f3tica.<\/strong> <\/li>\n<\/ul>\n\n\n\n<p><\/p>\n\n\n\n<div class=\"wp-block-uagb-container uagb-block-0b7da50c alignfull uagb-is-root-container\"><div class=\"uagb-container-inner-blocks-wrap\">\n<div class=\"wp-block-uagb-container uagb-block-c26c832c\">\n<p><strong>Barreiras emocionais \u00e0 assimila\u00e7\u00e3o de conhecimentos nutricionais<\/strong> <\/p>\n\n\n\n<p><strong>Imagine o Artur,<\/strong> de 35 anos, com v\u00e1rios internamentos psiqui\u00e1tricos e um diagn\u00f3stico de doen\u00e7a bipolar. Numa consulta, mostra-se disposto a falar sobre alimenta\u00e7\u00e3o saud\u00e1vel e diz que \u201c\u00e9 preciso mudar alguma coisa\u201d, mas uma semana depois evita o assunto, suspira e diz: \u201cN\u00e3o adianta, n\u00e3o vou mesmo mudar\u201d. Este comportamento n\u00e3o \u00e9 um capricho \u2013 decorre de uma barreira emocional que afeta a sua disposi\u00e7\u00e3o para agir.   <br><br>As pessoas com doen\u00e7as mentais lutam frequentemente contra emo\u00e7\u00f5es intensas, por vezes extremas \u2013 como ansiedade, vergonha, impot\u00eancia ou frustra\u00e7\u00e3o \u2013 o que lhes torna dif\u00edcil absorver novas informa\u00e7\u00f5es e tomar decis\u00f5es, especialmente sobre um assunto t\u00e3o pessoal como a alimenta\u00e7\u00e3o. <\/p>\n<\/div>\n\n\n\n<div class=\"wp-block-uagb-container uagb-block-7ade0894\"><\/div>\n<\/div><\/div>\n\n\n\n<p><\/p>\n\n\n\n<p><strong>As barreiras emocionais mais comuns e o que pode fazer para as ultrapassar.<\/strong> <\/p>\n\n\n\n<div class=\"wp-block-uagb-container uagb-block-db420a24 alignfull uagb-is-root-container\"><div class=\"uagb-container-inner-blocks-wrap\">\n<p><strong>Etapas do Planeamento Breve de A\u00e7\u00e3o (BAP)<\/strong> <\/p>\n\n\n\n<div class=\"wp-block-uagb-container uagb-block-0b105cf9\">\n<p><strong>1. Medo da mudan\u00e7a<\/strong><br>O cliente tem medo de n\u00e3o conseguir lidar com a situa\u00e7\u00e3o, de que algo corra mal ou de que a mudan\u00e7a seja muito dif\u00edcil. Ele pode evitar falar sobre a sua dieta ou reagir com tens\u00e3o \u00e0s sugest\u00f5es.<br><br>O que pode fazer:<br>\u2022 Reconhecer\/normalizar a emo\u00e7\u00e3o: \u201c\u00c9 natural sentir medo \u2013 at\u00e9 pequenas mudan\u00e7as podem causar ansiedade na maioria das pessoas.\u201d<br>\u2022 Reduzir a press\u00e3o: \u201cEsta \u00e9 apenas uma sugest\u00e3o \u2013 n\u00e3o precisamos de falar sobre isto nem de come\u00e7ar hoje.\u201d<br>\u2022 Oferecer uma experi\u00eancia: \u201cPode experimentar apenas por um dia e ver como se sente.\u201d <\/p>\n<\/div>\n\n\n\n<div class=\"wp-block-uagb-container uagb-block-46bd108b\">\n<p><strong>2. Baixa autoestima e cren\u00e7as como: \u201cN\u00e3o consigo\u201d<\/strong><br>O cliente n\u00e3o acredita que possa fazer qualquer mudan\u00e7a \u2013 pode dizer coisas como: \u201cNunca consegui\u201d, \u201cN\u00e3o sei cozinhar\u201d ou \u201cSimplesmente n\u00e3o tenho voca\u00e7\u00e3o para isto\u201d.<br>Como apoiar:<br>\u2022 Destaque pequenas conquistas: \u201cConseguiu fazer as compras \u2013 isto j\u00e1 \u00e9 um passo!\u201d<br>\u2022 Evite ler \u2013 fale de forma encorajadora: \u201cConhe\u00e7o muitas pessoas que se sentiram assim e mesmo assim tentaram.\u201d<br>\u2022 Sugira fazer coisas em conjunto: \u201cGostarias que te mostrasse como fazer uma salada simples e saud\u00e1vel?\u201d<\/p>\n<\/div>\n\n\n\n<div class=\"wp-block-uagb-container uagb-block-d213aca1\">\n<p><strong>3. Vergonha e medo de julgamento<\/strong><br>O cliente pode sentir vergonha dos seus h\u00e1bitos alimentares, peso ou rotina. A vergonha pode bloquear a abertura e levar ao isolamento.<br>Como ajudar:<br>\u2022 Nunca julgue ou comente a apar\u00eancia, o peso ou o comportamento.<br>\u2022 Utilize uma linguagem neutra e emp\u00e1tica: \u201cAinda bem que est\u00e1 a falar sobre isto \u2013 muitas pessoas enfrentam dificuldades semelhantes.\u201d<br>\u2022 Garanta a privacidade \u2013 certifique-se de que a conversa decorre num ambiente calmo e seguro.  <\/p>\n<\/div>\n\n\n\n<div class=\"wp-block-uagb-container uagb-block-d3d1575a\">\n<p><strong>4. Depress\u00e3o, apatia, falta de energia<\/strong><br>O cliente <em>\u201cquer mudar alguma coisa\u201d, mas diz \u201cN\u00e3o tenho energia\u201d, \u201cN\u00e3o vejo sentido\u201d, \u201cN\u00e3o estou motivado\u201d<\/em>. Ele pode desistir antes mesmo de come\u00e7ar.<br>Como ajudar:<br>\u2022 Ajuste o ritmo: \u201cVamos come\u00e7ar por uma coisa \u2013 por exemplo, tente fazer uma refei\u00e7\u00e3o quente hoje.\u201d<br>\u2022 Pergunte o que parece mais f\u00e1cil para o cliente \u2013 construa a partir da\u00ed.<br>\u2022 Tranquilize-o, dizendo que os pequenos passos contam: \u201cN\u00e3o precisa de mudar tudo de uma vez \u2013 cada pequena coisa faz a diferen\u00e7a.\u201d<\/p>\n<\/div>\n\n\n\n<div class=\"wp-block-uagb-container uagb-block-beb35f07\">\n<p><strong>5. Raiva ou frustra\u00e7\u00e3o<\/strong><br>Por vezes, o tema da dieta pode desencadear raiva: <em>\u201cPorque \u00e9 que estamos a falar disto?\u201d \u201c<\/em>N\u00e3o tenho tempo para isso\u201d, \u201cJ\u00e1 tentei tantas vezes!\u201d Isto pode indicar que o cliente se sente incompreendido, pressionado ou sobrecarregado.<br>Como responder:<br>\u2022 N\u00e3o discuta \u2013 d\u00ea espa\u00e7o \u00e0s emo\u00e7\u00f5es: \u201cPercebo que este assunto est\u00e1 a causar muita tens\u00e3o \u2013 podemos falar sobre isto com calma mais tarde.\u201d<br>\u2022 N\u00e3o pressione \u2013 sugira adiar: \u201cPrefere falar de outra coisa hoje?\u201d<br>\u2022 Certifique-se de que volta ao assunto quando as emo\u00e7\u00f5es acalmarem. <\/p>\n<\/div>\n<\/div><\/div>\n\n\n\n<p><strong>Lembrar-se:<\/strong> <br><strong><\/strong> <\/p>\n\n\n\n<ul class=\"wp-block-list\">\n<li><strong>As emo\u00e7\u00f5es s\u00e3o a chave para a mudan\u00e7a, n\u00e3o um obst\u00e1culo. Se as compreender, ajudar\u00e1 de forma mais eficaz do que qualquer guia. <\/strong> <\/li>\n<\/ul>\n\n\n\n<ul class=\"wp-block-list\">\n<li><strong>Reconhecer as emo\u00e7\u00f5es do cliente \u00e9 o primeiro passo para construir confian\u00e7a e vontade de cooperar.<\/strong> <\/li>\n<\/ul>\n\n\n\n<ul class=\"wp-block-list\">\n<li><strong>A mudan\u00e7a de h\u00e1bitos alimentares \u00e9 uma quest\u00e3o muito pessoal \u2013 deve ser abordada com muita sensibilidade.<\/strong> <\/li>\n<\/ul>\n\n\n\n<div class=\"wp-block-group is-layout-constrained wp-block-group-is-layout-constrained\">\n<p class=\"has-text-align-center has-ast-global-color-1-color has-ast-global-color-5-background-color has-text-color has-background has-medium-font-size\" style=\"padding-top:var(--wp--preset--spacing--40);padding-bottom:var(--wp--preset--spacing--40)\"><strong><strong>ATIVIDADE INTERATIVA<\/strong> 45<\/strong><\/p>\n\n\n<div class=\"h5p-iframe-wrapper\"><iframe id=\"h5p-iframe-665\" class=\"h5p-iframe\" data-content-id=\"665\" style=\"height:1px\" src=\"about:blank\" frameBorder=\"0\" scrolling=\"no\" title=\"EXERC\u00cdCIO 45-Q1-M\u00d3DULO 5\"><\/iframe><\/div>\n\n\n\n<div class=\"wp-block-uagb-separator uagb-block-f9576ee6\"><div class=\"wp-block-uagb-separator__inner\" style=\"--my-background-image:\"><\/div><\/div>\n\n\n\n<div class=\"wp-block-group is-layout-constrained wp-block-group-is-layout-constrained\"><div class=\"h5p-iframe-wrapper\"><iframe id=\"h5p-iframe-666\" class=\"h5p-iframe\" data-content-id=\"666\" style=\"height:1px\" src=\"about:blank\" frameBorder=\"0\" scrolling=\"no\" title=\"EXERC\u00cdCIO 45-Q2-M\u00d3DULO 5\"><\/iframe><\/div>\n<\/div>\n\n\n\n<div class=\"wp-block-uagb-separator uagb-block-f643d187 wp-block-uagb-separator--icon\"><div class=\"wp-block-uagb-separator__inner\" style=\"--my-background-image:\"><div class=\"wp-block-uagb-separator-element\"><svg xmlns=\"https:\/\/www.w3.org\/2000\/svg\" viewBox=\"0 0 576 512\"><path d=\"M381.2 150.3L524.9 171.5C536.8 173.2 546.8 181.6 550.6 193.1C554.4 204.7 551.3 217.3 542.7 225.9L438.5 328.1L463.1 474.7C465.1 486.7 460.2 498.9 450.2 506C440.3 513.1 427.2 514 416.5 508.3L288.1 439.8L159.8 508.3C149 514 135.9 513.1 126 506C116.1 498.9 111.1 486.7 113.2 474.7L137.8 328.1L33.58 225.9C24.97 217.3 21.91 204.7 25.69 193.1C29.46 181.6 39.43 173.2 51.42 171.5L195 150.3L259.4 17.97C264.7 6.954 275.9-.0391 288.1-.0391C300.4-.0391 311.6 6.954 316.9 17.97L381.2 150.3z\"><\/path><\/svg><\/div><\/div><\/div>\n<\/div>\n\n\n\n<p><\/p>\n","protected":false},"excerpt":{"rendered":"","protected":false},"featured_media":0,"comment_status":"open","ping_status":"closed","template":"","meta":{"_coblocks_attr":"","_coblocks_dimensions":"","_coblocks_responsive_height":"","_coblocks_accordion_ie_support":"","_uag_custom_page_level_css":"","_uf_show_specific_survey":0,"_uf_disable_surveys":false,"site-sidebar-layout":"default","site-content-layout":"","ast-site-content-layout":"default","site-content-style":"default","site-sidebar-style":"default","ast-global-header-display":"","ast-banner-title-visibility":"","ast-main-header-display":"","ast-hfb-above-header-display":"","ast-hfb-below-header-display":"","ast-hfb-mobile-header-display":"","site-post-title":"","ast-breadcrumbs-content":"","ast-featured-img":"","footer-sml-layout":"","theme-transparent-header-meta":"","adv-header-id-meta":"","stick-header-meta":"","header-above-stick-meta":"","header-main-stick-meta":"","header-below-stick-meta":"","astra-migrate-meta-layouts":"default","ast-page-background-enabled":"default","ast-page-background-meta":{"desktop":{"background-color":"var(--ast-global-color-5)","background-image":"","background-repeat":"repeat","background-position":"center center","background-size":"auto","background-attachment":"scroll","background-type":"","background-media":"","overlay-type":"","overlay-color":"","overlay-opacity":"","overlay-gradient":""},"tablet":{"background-color":"","background-image":"","background-repeat":"repeat","background-position":"center center","background-size":"auto","background-attachment":"scroll","background-type":"","background-media":"","overlay-type":"","overlay-color":"","overlay-opacity":"","overlay-gradient":""},"mobile":{"background-color":"","background-image":"","background-repeat":"repeat","background-position":"center center","background-size":"auto","background-attachment":"scroll","background-type":"","background-media":"","overlay-type":"","overlay-color":"","overlay-opacity":"","overlay-gradient":""}},"ast-content-background-meta":{"desktop":{"background-color":"var(--ast-global-color-4)","background-image":"","background-repeat":"repeat","background-position":"center center","background-size":"auto","background-attachment":"scroll","background-type":"","background-media":"","overlay-type":"","overlay-color":"","overlay-opacity":"","overlay-gradient":""},"tablet":{"background-color":"var(--ast-global-color-4)","background-image":"","background-repeat":"repeat","background-position":"center center","background-size":"auto","background-attachment":"scroll","background-type":"","background-media":"","overlay-type":"","overlay-color":"","overlay-opacity":"","overlay-gradient":""},"mobile":{"background-color":"var(--ast-global-color-4)","background-image":"","background-repeat":"repeat","background-position":"center center","background-size":"auto","background-attachment":"scroll","background-type":"","background-media":"","overlay-type":"","overlay-color":"","overlay-opacity":"","overlay-gradient":""}},"_initial_content":"","_new_post":false,"footnotes":"","_quiz_has_questions":false,"_lesson_complexity":"easy","_lesson_length":10,"_lesson_course":1233,"_lesson_preview":""},"lesson-tag":[],"class_list":["post-1261","lesson","type-lesson","status-publish","hentry","module-modulo-5","post"],"aioseo_notices":[],"yoast_head":"<!-- This site is optimized with the Yoast SEO plugin v27.3 - https:\/\/yoast.com\/product\/yoast-seo-wordpress\/ -->\n<title>1.Identificar os est\u00e1dios da mudan\u00e7a comportamental, analisar a ambival\u00eancia e utilizar a comunica\u00e7\u00e3o. -<\/title>\n<meta name=\"description\" content=\"In this lesson we will Identifydentify the stages of behavioural change, analyse ambivalence, and use communication\" \/>\n<meta name=\"robots\" content=\"index, follow, max-snippet:-1, max-image-preview:large, max-video-preview:-1\" \/>\n<link rel=\"canonical\" href=\"https:\/\/www.moodbites.eu\/pt-pt\/lesson\/1-identifydentify-the-stages-of-behavioural-change-analyse-ambivalence-and-use-communication\/\" \/>\n<meta property=\"og:locale\" content=\"pt_PT\" \/>\n<meta property=\"og:type\" content=\"article\" \/>\n<meta property=\"og:title\" content=\"1.Identificar os est\u00e1dios da mudan\u00e7a comportamental, analisar a ambival\u00eancia e utilizar a comunica\u00e7\u00e3o. -\" \/>\n<meta property=\"og:description\" content=\"In this lesson we will Identifydentify the stages of behavioural change, analyse ambivalence, and use communication\" \/>\n<meta property=\"og:url\" content=\"https:\/\/www.moodbites.eu\/pt-pt\/lesson\/1-identifydentify-the-stages-of-behavioural-change-analyse-ambivalence-and-use-communication\/\" \/>\n<meta property=\"article:modified_time\" content=\"2026-01-19T11:24:15+00:00\" \/>\n<meta property=\"og:image\" content=\"https:\/\/www.moodbites.eu\/wp-content\/uploads\/2025\/10\/pexels-photo-5699491-5699491.jpg\" \/>\n<meta name=\"twitter:card\" content=\"summary_large_image\" \/>\n<meta name=\"twitter:label1\" content=\"Tempo estimado de leitura\" \/>\n\t<meta name=\"twitter:data1\" content=\"51 minutos\" \/>\n<script type=\"application\/ld+json\" class=\"yoast-schema-graph\">{\"@context\":\"https:\\\/\\\/schema.org\",\"@graph\":[{\"@type\":\"WebPage\",\"@id\":\"https:\\\/\\\/www.moodbites.eu\\\/pt-pt\\\/lesson\\\/1-identifydentify-the-stages-of-behavioural-change-analyse-ambivalence-and-use-communication\\\/\",\"url\":\"https:\\\/\\\/www.moodbites.eu\\\/pt-pt\\\/lesson\\\/1-identifydentify-the-stages-of-behavioural-change-analyse-ambivalence-and-use-communication\\\/\",\"name\":\"1.Identificar os est\u00e1dios da mudan\u00e7a comportamental, analisar a ambival\u00eancia e utilizar a comunica\u00e7\u00e3o. -\",\"isPartOf\":{\"@id\":\"https:\\\/\\\/www.moodbites.eu\\\/pt-pt\\\/#website\"},\"primaryImageOfPage\":{\"@id\":\"https:\\\/\\\/www.moodbites.eu\\\/pt-pt\\\/lesson\\\/1-identifydentify-the-stages-of-behavioural-change-analyse-ambivalence-and-use-communication\\\/#primaryimage\"},\"image\":{\"@id\":\"https:\\\/\\\/www.moodbites.eu\\\/pt-pt\\\/lesson\\\/1-identifydentify-the-stages-of-behavioural-change-analyse-ambivalence-and-use-communication\\\/#primaryimage\"},\"thumbnailUrl\":\"https:\\\/\\\/www.moodbites.eu\\\/wp-content\\\/uploads\\\/2025\\\/10\\\/pexels-photo-5699491-5699491.jpg\",\"datePublished\":\"2025-10-17T10:46:14+00:00\",\"dateModified\":\"2026-01-19T11:24:15+00:00\",\"description\":\"In this lesson we will Identifydentify the stages of behavioural change, analyse ambivalence, and use communication\",\"breadcrumb\":{\"@id\":\"https:\\\/\\\/www.moodbites.eu\\\/pt-pt\\\/lesson\\\/1-identifydentify-the-stages-of-behavioural-change-analyse-ambivalence-and-use-communication\\\/#breadcrumb\"},\"inLanguage\":\"pt-PT\",\"potentialAction\":[{\"@type\":\"ReadAction\",\"target\":[\"https:\\\/\\\/www.moodbites.eu\\\/pt-pt\\\/lesson\\\/1-identifydentify-the-stages-of-behavioural-change-analyse-ambivalence-and-use-communication\\\/\"]}]},{\"@type\":\"ImageObject\",\"inLanguage\":\"pt-PT\",\"@id\":\"https:\\\/\\\/www.moodbites.eu\\\/pt-pt\\\/lesson\\\/1-identifydentify-the-stages-of-behavioural-change-analyse-ambivalence-and-use-communication\\\/#primaryimage\",\"url\":\"https:\\\/\\\/www.moodbites.eu\\\/wp-content\\\/uploads\\\/2025\\\/10\\\/pexels-photo-5699491-5699491.jpg\",\"contentUrl\":\"https:\\\/\\\/www.moodbites.eu\\\/wp-content\\\/uploads\\\/2025\\\/10\\\/pexels-photo-5699491-5699491.jpg\"},{\"@type\":\"BreadcrumbList\",\"@id\":\"https:\\\/\\\/www.moodbites.eu\\\/pt-pt\\\/lesson\\\/1-identifydentify-the-stages-of-behavioural-change-analyse-ambivalence-and-use-communication\\\/#breadcrumb\",\"itemListElement\":[{\"@type\":\"ListItem\",\"position\":1,\"name\":\"Portada\",\"item\":\"https:\\\/\\\/www.moodbites.eu\\\/pt-pt\\\/\"},{\"@type\":\"ListItem\",\"position\":2,\"name\":\"1.Identificar os est\u00e1dios da mudan\u00e7a comportamental, analisar a ambival\u00eancia e utilizar a comunica\u00e7\u00e3o.\"}]},{\"@type\":\"WebSite\",\"@id\":\"https:\\\/\\\/www.moodbites.eu\\\/pt-pt\\\/#website\",\"url\":\"https:\\\/\\\/www.moodbites.eu\\\/pt-pt\\\/\",\"name\":\"Moodbites\",\"description\":\"Tailored training program that helps mental health professionals use nutrition to support the well-being of people with mental disorders.\",\"publisher\":{\"@id\":\"https:\\\/\\\/www.moodbites.eu\\\/pt-pt\\\/#organization\"},\"potentialAction\":[{\"@type\":\"SearchAction\",\"target\":{\"@type\":\"EntryPoint\",\"urlTemplate\":\"https:\\\/\\\/www.moodbites.eu\\\/pt-pt\\\/?s={search_term_string}\"},\"query-input\":{\"@type\":\"PropertyValueSpecification\",\"valueRequired\":true,\"valueName\":\"search_term_string\"}}],\"inLanguage\":\"pt-PT\"},{\"@type\":\"Organization\",\"@id\":\"https:\\\/\\\/www.moodbites.eu\\\/pt-pt\\\/#organization\",\"name\":\"Moodbites\",\"url\":\"https:\\\/\\\/www.moodbites.eu\\\/pt-pt\\\/\",\"logo\":{\"@type\":\"ImageObject\",\"inLanguage\":\"pt-PT\",\"@id\":\"https:\\\/\\\/www.moodbites.eu\\\/pt-pt\\\/#\\\/schema\\\/logo\\\/image\\\/\",\"url\":\"https:\\\/\\\/www.moodbites.eu\\\/wp-content\\\/uploads\\\/2025\\\/05\\\/logo.png\",\"contentUrl\":\"https:\\\/\\\/www.moodbites.eu\\\/wp-content\\\/uploads\\\/2025\\\/05\\\/logo.png\",\"width\":160,\"height\":68,\"caption\":\"Moodbites\"},\"image\":{\"@id\":\"https:\\\/\\\/www.moodbites.eu\\\/pt-pt\\\/#\\\/schema\\\/logo\\\/image\\\/\"}}]}<\/script>\n<!-- \/ Yoast SEO plugin. -->","yoast_head_json":{"title":"1.Identificar os est\u00e1dios da mudan\u00e7a comportamental, analisar a ambival\u00eancia e utilizar a comunica\u00e7\u00e3o. -","description":"In this lesson we will Identifydentify the stages of behavioural change, analyse ambivalence, and use communication","robots":{"index":"index","follow":"follow","max-snippet":"max-snippet:-1","max-image-preview":"max-image-preview:large","max-video-preview":"max-video-preview:-1"},"canonical":"https:\/\/www.moodbites.eu\/pt-pt\/lesson\/1-identifydentify-the-stages-of-behavioural-change-analyse-ambivalence-and-use-communication\/","og_locale":"pt_PT","og_type":"article","og_title":"1.Identificar os est\u00e1dios da mudan\u00e7a comportamental, analisar a ambival\u00eancia e utilizar a comunica\u00e7\u00e3o. -","og_description":"In this lesson we will Identifydentify the stages of behavioural change, analyse ambivalence, and use communication","og_url":"https:\/\/www.moodbites.eu\/pt-pt\/lesson\/1-identifydentify-the-stages-of-behavioural-change-analyse-ambivalence-and-use-communication\/","article_modified_time":"2026-01-19T11:24:15+00:00","og_image":[{"url":"https:\/\/www.moodbites.eu\/wp-content\/uploads\/2025\/10\/pexels-photo-5699491-5699491.jpg","type":"","width":"","height":""}],"twitter_card":"summary_large_image","twitter_misc":{"Tempo estimado de leitura":"51 minutos"},"schema":{"@context":"https:\/\/schema.org","@graph":[{"@type":"WebPage","@id":"https:\/\/www.moodbites.eu\/pt-pt\/lesson\/1-identifydentify-the-stages-of-behavioural-change-analyse-ambivalence-and-use-communication\/","url":"https:\/\/www.moodbites.eu\/pt-pt\/lesson\/1-identifydentify-the-stages-of-behavioural-change-analyse-ambivalence-and-use-communication\/","name":"1.Identificar os est\u00e1dios da mudan\u00e7a comportamental, analisar a ambival\u00eancia e utilizar a comunica\u00e7\u00e3o. -","isPartOf":{"@id":"https:\/\/www.moodbites.eu\/pt-pt\/#website"},"primaryImageOfPage":{"@id":"https:\/\/www.moodbites.eu\/pt-pt\/lesson\/1-identifydentify-the-stages-of-behavioural-change-analyse-ambivalence-and-use-communication\/#primaryimage"},"image":{"@id":"https:\/\/www.moodbites.eu\/pt-pt\/lesson\/1-identifydentify-the-stages-of-behavioural-change-analyse-ambivalence-and-use-communication\/#primaryimage"},"thumbnailUrl":"https:\/\/www.moodbites.eu\/wp-content\/uploads\/2025\/10\/pexels-photo-5699491-5699491.jpg","datePublished":"2025-10-17T10:46:14+00:00","dateModified":"2026-01-19T11:24:15+00:00","description":"In this lesson we will Identifydentify the stages of behavioural change, analyse ambivalence, and use communication","breadcrumb":{"@id":"https:\/\/www.moodbites.eu\/pt-pt\/lesson\/1-identifydentify-the-stages-of-behavioural-change-analyse-ambivalence-and-use-communication\/#breadcrumb"},"inLanguage":"pt-PT","potentialAction":[{"@type":"ReadAction","target":["https:\/\/www.moodbites.eu\/pt-pt\/lesson\/1-identifydentify-the-stages-of-behavioural-change-analyse-ambivalence-and-use-communication\/"]}]},{"@type":"ImageObject","inLanguage":"pt-PT","@id":"https:\/\/www.moodbites.eu\/pt-pt\/lesson\/1-identifydentify-the-stages-of-behavioural-change-analyse-ambivalence-and-use-communication\/#primaryimage","url":"https:\/\/www.moodbites.eu\/wp-content\/uploads\/2025\/10\/pexels-photo-5699491-5699491.jpg","contentUrl":"https:\/\/www.moodbites.eu\/wp-content\/uploads\/2025\/10\/pexels-photo-5699491-5699491.jpg"},{"@type":"BreadcrumbList","@id":"https:\/\/www.moodbites.eu\/pt-pt\/lesson\/1-identifydentify-the-stages-of-behavioural-change-analyse-ambivalence-and-use-communication\/#breadcrumb","itemListElement":[{"@type":"ListItem","position":1,"name":"Portada","item":"https:\/\/www.moodbites.eu\/pt-pt\/"},{"@type":"ListItem","position":2,"name":"1.Identificar os est\u00e1dios da mudan\u00e7a comportamental, analisar a ambival\u00eancia e utilizar a comunica\u00e7\u00e3o."}]},{"@type":"WebSite","@id":"https:\/\/www.moodbites.eu\/pt-pt\/#website","url":"https:\/\/www.moodbites.eu\/pt-pt\/","name":"Moodbites","description":"Tailored training program that helps mental health professionals use nutrition to support the well-being of people with mental disorders.","publisher":{"@id":"https:\/\/www.moodbites.eu\/pt-pt\/#organization"},"potentialAction":[{"@type":"SearchAction","target":{"@type":"EntryPoint","urlTemplate":"https:\/\/www.moodbites.eu\/pt-pt\/?s={search_term_string}"},"query-input":{"@type":"PropertyValueSpecification","valueRequired":true,"valueName":"search_term_string"}}],"inLanguage":"pt-PT"},{"@type":"Organization","@id":"https:\/\/www.moodbites.eu\/pt-pt\/#organization","name":"Moodbites","url":"https:\/\/www.moodbites.eu\/pt-pt\/","logo":{"@type":"ImageObject","inLanguage":"pt-PT","@id":"https:\/\/www.moodbites.eu\/pt-pt\/#\/schema\/logo\/image\/","url":"https:\/\/www.moodbites.eu\/wp-content\/uploads\/2025\/05\/logo.png","contentUrl":"https:\/\/www.moodbites.eu\/wp-content\/uploads\/2025\/05\/logo.png","width":160,"height":68,"caption":"Moodbites"},"image":{"@id":"https:\/\/www.moodbites.eu\/pt-pt\/#\/schema\/logo\/image\/"}}]}},"uagb_featured_image_src":{"full":false,"thumbnail":false,"medium":false,"medium_large":false,"large":false,"course_archive_thumbnail":false,"course_single_thumbnail":false,"lesson_archive_thumbnail":false,"lesson_single_thumbnail":false,"1536x1536":false,"2048x2048":false},"uagb_author_info":{"display_name":"juliacunyADMIN","author_link":"https:\/\/www.moodbites.eu\/pt-pt\/author\/"},"uagb_comment_info":0,"uagb_excerpt":"1.1 Modelos de mudan\u00e7a comportamental em Nutri\u00e7\u00e3o A mudan\u00e7a de h\u00e1bitos alimentares \u00e9 um processo complexo influenciado por in\u00fameros fatores [&hellip;]","_links":{"self":[{"href":"https:\/\/www.moodbites.eu\/pt-pt\/wp-json\/wp\/v2\/lessons\/1261","targetHints":{"allow":["GET"]}}],"collection":[{"href":"https:\/\/www.moodbites.eu\/pt-pt\/wp-json\/wp\/v2\/lessons"}],"about":[{"href":"https:\/\/www.moodbites.eu\/pt-pt\/wp-json\/wp\/v2\/types\/lesson"}],"replies":[{"embeddable":true,"href":"https:\/\/www.moodbites.eu\/pt-pt\/wp-json\/wp\/v2\/comments?post=1261"}],"version-history":[{"count":4,"href":"https:\/\/www.moodbites.eu\/pt-pt\/wp-json\/wp\/v2\/lessons\/1261\/revisions"}],"predecessor-version":[{"id":2852,"href":"https:\/\/www.moodbites.eu\/pt-pt\/wp-json\/wp\/v2\/lessons\/1261\/revisions\/2852"}],"wp:attachment":[{"href":"https:\/\/www.moodbites.eu\/pt-pt\/wp-json\/wp\/v2\/media?parent=1261"}],"wp:term":[{"taxonomy":"lesson-tag","embeddable":true,"href":"https:\/\/www.moodbites.eu\/pt-pt\/wp-json\/wp\/v2\/lesson-tag?post=1261"}],"curies":[{"name":"wp","href":"https:\/\/api.w.org\/{rel}","templated":true}]}}